{"id":5953,"date":"2017-08-14T20:25:01","date_gmt":"2017-08-14T18:25:01","guid":{"rendered":"http:\/\/mojateporlavida.org\/?page_id=5953"},"modified":"2017-08-14T20:25:01","modified_gmt":"2017-08-14T18:25:01","slug":"luis-visiedo-lorente-tesorero-del-cd-turaniana","status":"publish","type":"page","link":"https:\/\/mojateporlavida.org\/?page_id=5953","title":{"rendered":"Luis Visiedo Lorente. Tesorero del CD TurAniAnA."},"content":{"rendered":"<section id=\"bt_section69f0be3ca6204\"  class=\"boldSection gutter\" ><div class=\"port\"><div class=\"boldCell\"><div class=\"boldCellInner\"><\/div><\/div><\/div><\/section><section id=\"bt_section69f0be3ca6508\" data-parallax=\"0\" data-parallax-offset=\"0\" class=\"boldSection topSpaced bottomSemiSpaced btDarkSkin gutter inherit btParallax wBackground cover btBackgroundOverlay btSolidDarkBackground\" style=\"background-image:url('https:\/\/mojateporlavida.org\/wp-content\/uploads\/2017\/08\/lvisiedo3.jpg');\"><div class=\"port\"><div class=\"boldCell\"><div class=\"boldCellInner\"><div class=\"boldRow \" ><div class=\"boldRowInner\"><div class=\"rowItem col-md-4 col-ms-12 btTextLeft animate animate-fadein animate-moveup btMiddleVertical\"  data-width=\"4\"><div class=\"rowItemContent\" ><div class=\"bpgPhoto  btRoundedImage\" ><div class = \"btImage\"><img src=\"https:\/\/mojateporlavida.org\/wp-content\/uploads\/2017\/08\/lvisiedo3-copia.jpg\" alt=\"\" title=\"Luis Visiedo\"><\/div><\/div><a href=\"mailto:luisvisiedo@gmail.com\" class=\"btBtn btBtn btnOutlineStyle btndefaultColor btnSmall btnFullWidth btnRightPosition btnIco\" ><span class=\"btnInnerText\">CONTACTO<\/span><span class=\"btIco \"><span  data-ico-fa=\"&#xf003;\" class=\"btIcoHolder\"><\/span><\/span><\/a><div class=\"btClear btSeparator bottomSemiSpaced noBorder\" ><hr><\/div><\/div><\/div><div class=\"rowItem col-md-8 col-ms-12 btTextLeft animate animate-fadein animate-moveup btMiddleVertical\"  data-width=\"8\"><div class=\"rowItemContent\" ><header class=\"header btClear large  btHeaderAccent3\" ><div class=\"btSuperTitle\"><span>ORGANIZACI\u00d3N<\/span><\/div><div class=\"dash\"><h2><span class=\"headline\">LUIS VISIEDO<\/span><\/h2><\/div><\/header><div class=\"btText\" ><p>Luis es\u00a0 una persona normal y sencilla, si eso tan complicado de encontrar hoy en d\u00eda. Pero si hay algo que se pueda decir de \u00e9l es que no le gusta defraudar a nadie, pero siendo claro en sus actitudes y opiniones. Es un ejemplo constante de adaptaci\u00f3n y de optimismo. Siempre intenta que todo el mundo a su alrededor pueda estar c\u00f3modo, que nadie se quede atr\u00e1s. Y como como se define \u00e9l: \u00ab<strong><em>simplemente soy un padre, marido, hijo, hermano y sobre todo amigo de las personas que me rodean. Alguien que da las gracias todos los d\u00edas por lo afortunado que soy al tener un d\u00eda m\u00e1s, nunca un d\u00eda menos. Alguien que ha aprendido que hasta de lo malo se puede sacar algo positivo.<\/em><\/strong>\u00bb<\/p>\n<p>Luis, prefiere la mayor\u00eda de las veces, o hasta que no le quede m\u00e1s remedio, estar a la sombra para, como dec\u00eda Hannibal del Equipo A, los planes salgan bien. Desde luego es una garant\u00eda tenerlo en un equipo. Sin estridencias, colaborar\u00e1 y mejorar\u00e1 cualquier proyecto en el que est\u00e9.<\/p>\n<\/div><div class=\"btIconImageRow\" style=\"padding: 1em 0;\"><span class=\"btIco btIcoFilledType btIcoSmallSize btAccent1Icon\"><a href=\"https:\/\/www.facebook.com\/luisguillermo.visiedolorente\"  target=\"no_target\" data-ico-fa=\"&#xf09a;\" class=\"btIcoHolder\"><\/a><\/span><\/div><div class=\"btClear btSeparator bottomSemiSpaced noBorder\" ><hr><\/div><\/div><\/div><\/div><\/div><\/div><\/div><\/div><\/section><section id=\"bt_section69f0be3ca70a0\"  class=\"boldSection gutter\" ><div class=\"port\"><div class=\"boldCell\"><div class=\"boldCellInner\"><\/div><\/div><\/div><\/section><section id=\"bt_section69f0be3ca70f9\"  class=\"boldSection topSpaced bottomSpaced gutter inherit\" ><div class=\"port\"><div class=\"boldCell\"><div class=\"boldCellInner\"><div class=\"boldRow \" ><div class=\"boldRowInner\"><div class=\"rowItem btRightBorder col-md-12 col-ms-12  btTextLeft animate animate-fadein btTopVertical\"  data-width=\"12\"><div class=\"rowItemContent\" ><header class=\"header btClear large  btHeaderAccent4\" ><div class=\"dash\"><h2><span class=\"headline\">BIOGRAF\u00cdA<\/span><\/h2><\/div><\/header><div class=\"btText\" ><p>Nacido en V\u00e9lez Rubio, frente a las imponentes cumbres de la Sierra de Mar\u00eda, desde peque\u00f1o siempre busc\u00f3 el contacto con la naturaleza. Con el Cabo de Gata por testigo, a temprana edad encontr\u00f3 all\u00ed el primer campo de juegos y de aventuras.<\/p>\n<p>Luis nos cuenta:<\/p>\n<p>\u00ab<em>Casado con una maravillosa y much\u00edsimas veces comprensiva mujer, somos padres de una ni\u00f1a que es el pilar fundamental de nuestra felicidad. Tengo la suerte de estar rodeado de grandes amigos, muchos de ellos despu\u00e9s de muchos a\u00f1os, y cuya amistad sigue intacta pese al paso del tiempo. La familia es otro de los valores fundamentales donde se cimenta mi vida.\u00bb<\/em><\/p>\n<\/div><div class=\"bpgPhoto \" ><div class = \"btImage\"><img src=\"https:\/\/mojateporlavida.org\/wp-content\/uploads\/2017\/08\/lvisiedo2.jpg\" alt=\"\" title=\"\"><\/div><\/div><div class=\"btText\" ><p>En mi periplo estudiantil en Granada, pude enamorarme de Sierra Nevada, haciendo algunas incursiones en sus rutas m\u00e1s emblem\u00e1ticas, as\u00ed como en la cercana Sierra de Hu\u00e9tor.<\/p>\n<p>Pero fue a ra\u00edz de acabar la carrera cuando la llamada de la monta\u00f1a fue cada m\u00e1s fuerte. Unas botas y una mochila eran suficientes para llegar con unos amigos al techo de nuestra provincia, El Chullo. Coronado despu\u00e9s en m\u00e1s de 25 ocasiones y en diversas condiciones, es la cima que personalmente m\u00e1s me cautiva, sin ser gran cosa a nivel monta\u00f1ero. Pero para m\u00ed, siempre que pueda, seguir\u00e9 subiendo mientras se presente la ocasi\u00f3n.<\/p>\n<p>El paso a la Alta Monta\u00f1a ha sido de forma progresiva, sobre todo en Sierra Nevada, haciendo cumbre en varios de los tresmiles m\u00e1s significativos de esta cordillera, como el Mulhac\u00e9n, Alcazaba, Pic\u00f3n de J\u00e9rez, Cerro Pelao, Los Machos o el Veleta, sobre todo en \u00e9poca invernal y usando las t\u00e9cnicas adecuadas. Y siempre con la humildad que debe acompa\u00f1ar cada ascensi\u00f3n.<\/p>\n<p>No tengo grandes proezas deportivas, tampoco las he pretendido, pero siempre que hago algo en el medio natural intento disfrutar y llevarme esa sensaci\u00f3n a casa. Y que quienes me acompa\u00f1an as\u00ed lo hagan igual. He participado en diversas carreras populares, bastantes, destacando entre ellas el Trail de Cabo de Gata, como senderista, en todas sus ediciones salvo en 2. En nieve, varios corredores, como el del Almirez y Los Machos, ambos en varias ocasiones y el del Veleta. El Camino de Santiago desde O Cebreiro ha sido una de las experiencias m\u00e1s incre\u00edbles y gratificantes que he podido experimentar nunca.<\/p>\n<p>El respeto hacia las monta\u00f1as es igual de grande que las ganas de subir a ellas.<\/p>\n<p>El senderismo, correr por la monta\u00f1a, v\u00edas ferratas, barranquismo, espeleolog\u00eda y sobre todo la escalada en roca llenan mi tiempo libre. Y si es posible, hacerlo en familia.<\/p>\n<p>Cuando se nos present\u00f3 el Proyecto de M\u00f3jate por la Vida, no pude de ninguna manera decir que no. El c\u00e1ncer lamentablemente nos afecta a todos muy de cerca de una u otra manera, y si mi granito de arena iba a servir para dar un paso m\u00e1s en dar calidad de vida, en este caso, a los ni\u00f1os con esta enfermedad, mi aportaci\u00f3n deb\u00eda ser del 200%. As\u00ed que, una persona m\u00e1s de secano que de agua, como es mi caso, deb\u00eda esta vez mojarse.<\/p>\n<p style=\"text-align: center;\"><em><strong>#YoSoyTurAniAnA.<\/strong><\/em><\/p>\n<h3 style=\"text-align: center;\"><strong><em>Yo me mojo por la vida, y T\u00fa?<\/em><\/strong><\/h3>\n<\/div><div class=\"btClear btSeparator topSmallSpaced bottomSmallSpaced noBorder\" ><hr><\/div><div class=\"servicesItem  btServicesAccent4 btIcoLargeSizeIcon \"><div class=\"sIcon\"><span class=\"btIco btIcoLargeSize btIcoDefaultType btAccent4Icon\"><span  data-ico-od=\"&#xe9be;\" class=\"btIcoHolder\"><\/span><\/span><\/div><div class=\"sTxt\"><header class=\"header btClear small\" ><div class=\"dash\"><h4><span class=\"headline\">AFICIONES<\/span><\/h4><\/div><div class=\"btSubTitle\">Luis es amante de la monta\u00f1a, pero tambi\u00e9n de la m\u00fasica, su otra gran pasi\u00f3n, as\u00ed como todo lo que destile creatividad, desde la lectura a la pintura. Seguro que necesitar\u00eda varias vidas para desarrollar todas sus aficiones.<\/div><\/header><\/div><\/div><div class=\"btClear btSeparator topSmallSpaced bottomSmallSpaced noBorder\" ><hr><\/div><div class=\"btTabs tabsHorizontal\"><ul class=\"tabsHeader\"><li><span>FORMACI\u00d3N<\/span><\/li><li><span>CC DEPORTIVO<\/span><\/li><li><span>TRABAJO<\/span><\/li><\/ul><div class=\"tabPanes tabPanesTabs\"><div class=\"tabPane\">\n\t\t\t<div class=\"tabAccordionContent\"><div class=\"btText\" ><ul>\n<li>Licenciado en Derecho por la Universidad de Granada.<\/li>\n<li>M\u00e1ster en Gesti\u00f3n y Conservaci\u00f3n de la Naturaleza por la Universidad de C\u00e1diz.<\/li>\n<li>M\u00e1ster en Derecho y Administraci\u00f3n Local por la Universidad de Almer\u00eda.<\/li>\n<li>Certificado de Aptitud Pedag\u00f3gica por la Universidad de Almer\u00eda.<\/li>\n<li>Curso de Contabilidad Fiscal impartido por la Junta de Andaluc\u00eda.<\/li>\n<\/ul>\n<p>Curso de Iniciaci\u00f3n al Alpinismo impartido por la Federaci\u00f3n Andaluza de Monta\u00f1ismo.<\/p>\n<\/div><\/div>\n\t\t<\/div><div class=\"tabPane\">\n\t\t\t<div class=\"tabAccordionContent\"><div class=\"btText\" ><ul>\n<li>Escalador de v\u00edas deportivas de dificultad de 7a.<\/li>\n<li>Ascensi\u00f3n a los picos m\u00e1s importantes de Sierra Nevada en invernal y por su cara Norte. (Corredor central del Mulhacen, corredor del Veleta)<\/li>\n<li>Escalada en Hielo.<\/li>\n<li>Escalada cl\u00e1sica.<\/li>\n<li>Carreras de Monta\u00f1a.<\/li>\n<li>Rutas en BTT.<\/li>\n<li>Participante del Triatl\u00f3n del Sol en Roquetas de Mar.<\/li>\n<li>Participante en la traves\u00eda a nado de las 100 Horas de Roquetas de mar.<\/li>\n<\/ul>\n<\/div><\/div>\n\t\t<\/div><div class=\"tabPane\">\n\t\t\t<div class=\"tabAccordionContent\"><div class=\"btText\" ><p>Contable en diversas empresas, durante m\u00e1s de 17 a\u00f1os, realizando labores de contabilidad, fiscal, n\u00f3minas y prevenci\u00f3n en riesgos laborales. Mi h\u00e1bitat laboral ha sido muy distinto a lo que m\u00e1s me atrae, los espacios abiertos.<\/p>\n<\/div><\/div>\n\t\t<\/div><\/div><\/div><div class=\"btClear btSeparator topSemiSpaced noBorder\" ><hr><\/div><\/div><\/div><\/div><\/div><\/div><\/div><\/div><\/section><section id=\"bt_section69f0be3ca7c99\"  class=\"boldSection gutter\" ><div class=\"port\"><div class=\"boldCell\"><div class=\"boldCellInner\"><\/div><\/div><\/div><\/section><section id=\"bt_section69f0be3ca7ce8\"  class=\"boldSection bottomSpaced gutter inherit\" style=\"background-color:#f1f1f1;\"><div class=\"port\"><div class=\"boldCell\"><div class=\"boldCellInner\"><div class=\"boldRow \" style=\"margin-top: -40px;\"><div class=\"boldRowInner\"><div class=\"rowItem col-md-12 col-ms-12  btTextCenter animate animate-fadein animate-moveup inherit\"  data-width=\"12\"><div class=\"rowItemContent\" ><div class=\"btIconImageRow\" ><span class=\"btIco btIcoFilledType btIcoLargeSize btAccent1Icon\"><span  data-ico-od=\"&#xe9d6;\" class=\"btIcoHolder\"><\/span><\/span><\/div><div class=\"btClear btSeparator topSpaced noBorder\" ><hr><\/div><\/div><\/div><\/div><\/div><\/div><\/div><\/div><\/section><section id=\"bt_section69f0be3ca7f40\"  class=\"boldSection gutter\" ><div class=\"port\"><div class=\"boldCell\"><div class=\"boldCellInner\"><div class=\"boldRow \" ><div class=\"boldRowInner\"><div class=\"rowItem col-md-6 col-sm-12 btTextLeft\"  data-width=\"6\"><div class=\"rowItemContent\" ><div class=\"bpgPhoto \" ><div class = \"btImage\"><img src=\"https:\/\/mojateporlavida.org\/wp-content\/uploads\/2017\/08\/lvisiedo1.jpg\" alt=\"\" title=\"\"><\/div><\/div><div class=\"btClear btSeparator topSemiSpaced bottomSemiSpaced noBorder\" ><hr><\/div><\/div><\/div><div class=\"rowItem col-md-6 col-sm-12 btTextLeft\"  data-width=\"6\"><div class=\"rowItemContent\" ><div class=\"bpgPhoto \" ><div class = \"btImage\"><img src=\"https:\/\/mojateporlavida.org\/wp-content\/uploads\/2017\/08\/Luis-y-Mariluz.jpg\" alt=\"\" title=\"\"><\/div><\/div><div class=\"btClear btSeparator topSemiSpaced bottomSemiSpaced noBorder\" ><hr><\/div><\/div><\/div><\/div><\/div><div class=\"boldRow \" ><div class=\"boldRowInner\"><div class=\"rowItem col-md-12 col-ms-12  btTextLeft\"  data-width=\"12\"><div class=\"rowItemContent\" ><div class=\"bpgPhoto \" ><div class = \"btImage\"><img src=\"https:\/\/mojateporlavida.org\/wp-content\/uploads\/2017\/03\/Teruel-Serafin-y-Luis.jpg\" alt=\"\" title=\"\"><\/div><\/div><\/div><\/div><\/div><\/div><\/div><\/div><\/div><\/section><section id=\"bt_section69f0be3ca8970\"  class=\"boldSection gutter\" ><div class=\"port\"><div class=\"boldCell\"><div class=\"boldCellInner\"><div class=\"boldRow \" ><div class=\"boldRowInner\"><div class=\"rowItem col-md-12 col-ms-12  btTextLeft animate animate-fadein inherit\"  data-width=\"12\"><div class=\"rowItemContent\" ><header class=\"header btClear large  btHeaderAccent3\" ><div class=\"dash\"><h2><span class=\"headline\">Noticias en las que aparece Luis<\/span><\/h2><\/div><\/header><div class=\"btClear btSeparator bottomSmallSpaced noBorder\" ><hr><\/div><div class=\"btLatestPostsContainer verticalPosts \" >\n\t\t\t\t<div class=\"btSingleLatestPost col-sm-12 col-ms-12  inherit\"><div class=\"btSingleLatestPostImage btTextCenter\"><div class=\"bpgPhoto \" > \r\n\t\t\t\t\t<a href=\"https:\/\/mojateporlavida.org\/?p=5989\" target=\"_self\" title=\"\"><\/a>\r\n\t\t\t\t\t<div class=\"boldPhotoBox\"><div class=\"bpbItem\"><div class = \"btImage\"><img src=\"https:\/\/mojateporlavida.org\/wp-content\/uploads\/2017\/08\/salida-320x240.jpg\" alt=\"\" title=\"\"><\/div><\/div><\/div>\r\n\t\t\t\t\t<div class=\"captionPane btDarkSkin btTextCenter\">\r\n\t\t\t\t\t\t<div class=\"captionTable\">\r\n\t\t\t\t\t\t\t<div class=\"captionCell\">\r\n\t\t\t\t\t\t\t\t<div class=\"captionTxt\"><\/div>\r\n\t\t\t\t\t\t\t<\/div>\r\n\t\t\t\t\t\t<\/div>\r\n\t\t\t\t\t<\/div><\/div><\/div><div class = \"btSingleLatestPostContent\">\n\t\t\t\t\t\t<header class=\"header btClear small\" ><div class=\"dash\"><h4><span class=\"headline\"><a href=\"https:\/\/mojateporlavida.org\/?p=5989\" target=\"_self\">Primera etapa de la Traves\u00eda por la Investigaci\u00f3n contra el c\u00e1ncer infantil<\/a><\/span><\/h4><\/div><div class=\"btSubTitle\"><span class=\"btArticleDate\">22 agosto, 2017<\/span><a href=\"https:\/\/mojateporlavida.org\/?author=1\" class=\"btArticleAuthor\">by A70siete-<\/a><\/div><\/header>\n\t\t\t\t<p class=\"btLatestPostContent\">1\u00aa Etapa de la traves\u00eda. Carboneras-Agua Amarga<\/p>\n\t\t\t\t\t<\/div>\n\t\t\t\t<\/div>\n\t\t\t\t<div class=\"btSingleLatestPost col-sm-12 col-ms-12  inherit\"><div class=\"btSingleLatestPostImage btTextCenter\"><div class=\"bpgPhoto \" > \r\n\t\t\t\t\t<a href=\"https:\/\/mojateporlavida.org\/?p=5971\" target=\"_self\" title=\"\"><\/a>\r\n\t\t\t\t\t<div class=\"boldPhotoBox\"><div class=\"bpbItem\"><div class = \"btImage\"><img src=\"https:\/\/mojateporlavida.org\/wp-content\/uploads\/2017\/08\/lvisiedo3-copia-320x240.jpg\" alt=\"\" title=\"\"><\/div><\/div><\/div>\r\n\t\t\t\t\t<div class=\"captionPane btDarkSkin btTextCenter\">\r\n\t\t\t\t\t\t<div class=\"captionTable\">\r\n\t\t\t\t\t\t\t<div class=\"captionCell\">\r\n\t\t\t\t\t\t\t\t<div class=\"captionTxt\"><\/div>\r\n\t\t\t\t\t\t\t<\/div>\r\n\t\t\t\t\t\t<\/div>\r\n\t\t\t\t\t<\/div><\/div><\/div><div class = \"btSingleLatestPostContent\">\n\t\t\t\t\t\t<header class=\"header btClear small\" ><div class=\"dash\"><h4><span class=\"headline\"><a href=\"https:\/\/mojateporlavida.org\/?p=5971\" target=\"_self\">Luis Visiedo Lorente. Tesorero del CD TurAniAnA.<\/a><\/span><\/h4><\/div><div class=\"btSubTitle\"><span class=\"btArticleDate\">16 agosto, 2017<\/span><a href=\"https:\/\/mojateporlavida.org\/?author=1\" class=\"btArticleAuthor\">by A70siete-<\/a><\/div><\/header>\n\t\t\t\t<p class=\"btLatestPostContent\"><\/p>\n\t\t\t\t\t<\/div>\n\t\t\t\t<\/div><\/div><div class=\"btClear btSeparator topExtraSpaced bottomExtraSpaced noBorder\" ><hr><\/div><\/div><\/div><\/div><\/div><\/div><\/div><\/div><\/section>","protected":false},"excerpt":{"rendered":"","protected":false},"author":1,"featured_media":5958,"parent":1997,"menu_order":0,"comment_status":"closed","ping_status":"closed","template":"","meta":[],"_links":{"self":[{"href":"https:\/\/mojateporlavida.org\/index.php?rest_route=\/wp\/v2\/pages\/5953"}],"collection":[{"href":"https:\/\/mojateporlavida.org\/index.php?rest_route=\/wp\/v2\/pages"}],"about":[{"href":"https:\/\/mojateporlavida.org\/index.php?rest_route=\/wp\/v2\/types\/page"}],"author":[{"embeddable":true,"href":"https:\/\/mojateporlavida.org\/index.php?rest_route=\/wp\/v2\/users\/1"}],"replies":[{"embeddable":true,"href":"https:\/\/mojateporlavida.org\/index.php?rest_route=%2Fwp%2Fv2%2Fcomments&post=5953"}],"version-history":[{"count":12,"href":"https:\/\/mojateporlavida.org\/index.php?rest_route=\/wp\/v2\/pages\/5953\/revisions"}],"predecessor-version":[{"id":5970,"href":"https:\/\/mojateporlavida.org\/index.php?rest_route=\/wp\/v2\/pages\/5953\/revisions\/5970"}],"up":[{"embeddable":true,"href":"https:\/\/mojateporlavida.org\/index.php?rest_route=\/wp\/v2\/pages\/1997"}],"wp:featuredmedia":[{"embeddable":true,"href":"https:\/\/mojateporlavida.org\/index.php?rest_route=\/wp\/v2\/media\/5958"}],"wp:attachment":[{"href":"https:\/\/mojateporlavida.org\/index.php?rest_route=%2Fwp%2Fv2%2Fmedia&parent=5953"}],"curies":[{"name":"wp","href":"https:\/\/api.w.org\/{rel}","templated":true}]}}