{"id":5873,"date":"2017-07-26T12:45:04","date_gmt":"2017-07-26T10:45:04","guid":{"rendered":"http:\/\/mojateporlavida.org\/?page_id=5873"},"modified":"2017-07-26T12:55:07","modified_gmt":"2017-07-26T10:55:07","slug":"serafin-jimenez-presidente-del-cd-turaniana","status":"publish","type":"page","link":"https:\/\/mojateporlavida.org\/?page_id=5873","title":{"rendered":"Seraf\u00edn Jim\u00e9nez. Presidente del CD TurAniAnA."},"content":{"rendered":"<section id=\"bt_section69f1bfa430092\"  class=\"boldSection gutter\" ><div class=\"port\"><div class=\"boldCell\"><div class=\"boldCellInner\"><\/div><\/div><\/div><\/section><section id=\"bt_section69f1bfa43034a\" data-parallax=\"0\" data-parallax-offset=\"0\" class=\"boldSection topSpaced bottomSemiSpaced btDarkSkin gutter inherit btParallax wBackground cover btBackgroundOverlay btSolidDarkBackground\" style=\"background-image:url('https:\/\/mojateporlavida.org\/wp-content\/uploads\/2017\/07\/serafin-escalando.jpg');\"><div class=\"port\"><div class=\"boldCell\"><div class=\"boldCellInner\"><div class=\"boldRow \" ><div class=\"boldRowInner\"><div class=\"rowItem col-md-3 col-sm-6 col-ms-12 btTextLeft animate animate-fadein animate-moveup btMiddleVertical\"  data-width=\"3\"><div class=\"rowItemContent\" ><div class=\"bpgPhoto  btRoundedImage\" ><div class = \"btImage\"><img src=\"https:\/\/mojateporlavida.org\/wp-content\/uploads\/2017\/07\/serafin.jpg\" alt=\"\" title=\"Seraf\u00edn Jim\u00e9nez\"><\/div><\/div><div class=\"btClear btSeparator bottomSemiSpaced noBorder\" ><hr><\/div><\/div><\/div><div class=\"rowItem col-md-6 col-sm-12 btTextLeft animate animate-fadein animate-moveup btMiddleVertical\"  data-width=\"6\"><div class=\"rowItemContent\" ><header class=\"header btClear large  btHeaderAccent3\" ><div class=\"btSuperTitle\"><span>ORGANIZACI\u00d3N<\/span><\/div><div class=\"dash\"><h2><span class=\"headline\">SERAF\u00cdN JIM\u00c9NEZ<\/span><\/h2><\/div><\/header><div class=\"btText\" ><p>Seraf\u00edn, persona seria, responsable y apasionada con lo que hace. No hay persona que tenga m\u00e1s ideas y empe\u00f1os en su cabeza, aunque lo pasa mal por el cargo de su responsabilidad y como es.<\/p>\n<p>Es un gran amigo, sensato y capaz de hacer el agua cerveza para dar una alegr\u00eda a un amigo<\/p>\n<\/div><div class=\"btIconImageRow\" style=\"padding: 1em 0;\"><span class=\"btIco btIcoFilledType btIcoSmallSize btAccent1Icon\"><a href=\"https:\/\/www.facebook.com\/escalada.seron\"  target=\"no_target\" data-ico-fa=\"&#xf09a;\" class=\"btIcoHolder\"><\/a><\/span><\/div><div class=\"btClear btSeparator bottomSemiSpaced noBorder\" ><hr><\/div><\/div><\/div><div class=\"rowItem col-md-3 col-sm-6 col-ms-12 btTextLeft animate animate-fadein animate-moveup btMiddleVertical btDoublePadding\"  data-width=\"3\"><div class=\"rowItemContent\" ><div class=\"btClear btSeparator bottomSemiSpaced noBorder\" ><hr><\/div><a href=\"mailto:seraescalada@gmail.com\" class=\"btBtn btBtn btnOutlineStyle btndefaultColor btnSmall btnFullWidth btnRightPosition btnIco\" ><span class=\"btnInnerText\">CONTACTO<\/span><span class=\"btIco \"><span  data-ico-fa=\"&#xf003;\" class=\"btIcoHolder\"><\/span><\/span><\/a><div class=\"btClear btSeparator topSmallSpaced noBorder\" ><hr><\/div><\/div><\/div><\/div><\/div><\/div><\/div><\/div><\/section><section id=\"bt_section69f1bfa430f0a\"  class=\"boldSection gutter\" ><div class=\"port\"><div class=\"boldCell\"><div class=\"boldCellInner\"><\/div><\/div><\/div><\/section><section id=\"bt_section69f1bfa430f5f\"  class=\"boldSection topSpaced bottomSpaced gutter inherit\" ><div class=\"port\"><div class=\"boldCell\"><div class=\"boldCellInner\"><div class=\"boldRow \" ><div class=\"boldRowInner\"><div class=\"rowItem btRightBorder col-md-12 col-ms-12  btTextLeft animate animate-fadein btTopVertical\"  data-width=\"12\"><div class=\"rowItemContent\" ><header class=\"header btClear large  btHeaderAccent4\" ><div class=\"dash\"><h2><span class=\"headline\">BIOGRAF\u00cdA<\/span><\/h2><\/div><\/header><div class=\"btText\" ><p>Nos comentaron este apasionante proyecto y desde el principio pens\u00e9 en mi\u00a0 hijo y en los padres que tienen sus hijos ingresados a la espera\u00a0 de un tratamiento que derrote al maldito.<\/p>\n<p>Ayudar de alguna forma a estos investigadores, a que puedan desarrollar su trabajo concentrados en lo importante, la investigaci\u00f3n del c\u00e1ncer en edades tempranas. En mi entorno social son muchas las personas y variados los tipos de c\u00e1ncer que padecen y han padecido. Como parte de la directiva del <em><strong>Club Deportivo TurAniAnA<\/strong><\/em> la decisi\u00f3n fue un\u00e1nime desde el principio, todos\u00a0 apoyamos el Proyecto Cabo de Gata-Nijar Swim Project , Juntos en la misma direcci\u00f3n en busca de una peque\u00f1a aportaci\u00f3n.<\/p>\n<p style=\"text-align: center;\"><em><strong>#YoSoyTurAniAnA.<\/strong><\/em><\/p>\n<h3 style=\"text-align: center;\"><strong><em>Yo me mojo por la vida, y T\u00fa?<\/em><\/strong><\/h3>\n<\/div><div class=\"btClear btSeparator topSmallSpaced bottomSmallSpaced noBorder\" ><hr><\/div><div class=\"servicesItem  btServicesAccent4 btIcoLargeSizeIcon \"><div class=\"sIcon\"><span class=\"btIco btIcoLargeSize btIcoDefaultType btAccent4Icon\"><span  data-ico-od=\"&#xe9be;\" class=\"btIcoHolder\"><\/span><\/span><\/div><div class=\"sTxt\"><header class=\"header btClear small\" ><div class=\"dash\"><h4><span class=\"headline\">AFICIONES<\/span><\/h4><\/div><div class=\"btSubTitle\">A Seraf\u00edn le gusta la Escalada, Alpinismo, Descenso de Barrancos, BTT, CXM, Nataci\u00f3n.<\/div><\/header><\/div><\/div><div class=\"btClear btSeparator topSmallSpaced bottomSmallSpaced noBorder\" ><hr><\/div><div class=\"btTabs tabsHorizontal\"><ul class=\"tabsHeader\"><li><span>FORMACI\u00d3N<\/span><\/li><li><span>CC DEPORTIVO<\/span><\/li><li><span>TRABAJO<\/span><\/li><\/ul><div class=\"tabPanes tabPanesTabs\"><div class=\"tabPane\">\n\t\t\t<div class=\"tabAccordionContent\"><div class=\"btText\" ><p><strong>GRADO MEDIO CONDUCCI\u00d3N DE ACTIVIDADES F\u00cdSICO-DEPORTIVAS EN EL MEDIO NATURAL.<\/strong><\/p>\n<ul>\n<li>Monitor Gu\u00eda de Monta\u00f1a.<\/li>\n<li>Monitor Gu\u00eda de BTT.<\/li>\n<li>Monitor\u00a0 Gu\u00eda Ecuestre.<\/li>\n<li>Monitor de Escalada.<\/li>\n<li>Socorrista Acu\u00e1tico.<\/li>\n<li>Buceo Recreativo.<\/li>\n<\/ul>\n<p><strong>TECNICO ESPECIALISTA EN DELINEACI\u00d3N.<\/strong><\/p>\n<ul>\n<li>Delineante con Arqueolog\u00eda\u00a0 T\u00e9cnica y Urbana. Cinco A\u00f1os.<\/li>\n<li>Delineante con G y S Arquitectos. Cuatro A\u00f1os.<\/li>\n<\/ul>\n<p><strong>MILITAR PROFESIONAL.<\/strong><\/p>\n<ul>\n<li>Regulares 52 Melilla.<\/li>\n<\/ul>\n<\/div><\/div>\n\t\t<\/div><div class=\"tabPane\">\n\t\t\t<div class=\"tabAccordionContent\"><div class=\"btText\" ><ul>\n<li>Escalador de v\u00edas deportivas de dificultad de 7a.<\/li>\n<li>Ascensi\u00f3n a los picos m\u00e1s importantes de Sierra Nevada en invernal y por su cara Norte. (Corredor central del Mulhacen, corredor del Veleta)<\/li>\n<li>Escalada en Hielo.<\/li>\n<li>Escalada cl\u00e1sica.<\/li>\n<li>Carreras de Monta\u00f1a.<\/li>\n<li>Rutas en BTT.<\/li>\n<li>Participante del Triatl\u00f3n del Sol en Roquetas de Mar.<\/li>\n<li>Participante en la traves\u00eda a nado de las 100 Horas de Roquetas de mar.<\/li>\n<\/ul>\n<\/div><\/div>\n\t\t<\/div><div class=\"tabPane\">\n\t\t\t<div class=\"tabAccordionContent\"><div class=\"btText\" ><ul>\n<li>Monitor de Nataci\u00f3n en el <strong>CDU Juan Gonz\u00e1lez Fern\u00e1ndez.<\/strong><\/li>\n<li>En mi tiempo libre colaboro con el <strong>CD TurAniAnA<\/strong>, elaborando y guiando rutas de senderismo y desarrollando el proyecto \u201cDescubriendo la Escalada\u201d<\/li>\n<\/ul>\n<\/div><\/div>\n\t\t<\/div><\/div><\/div><div class=\"btClear btSeparator topSemiSpaced noBorder\" ><hr><\/div><\/div><\/div><\/div><\/div><\/div><\/div><\/div><\/section><section id=\"bt_section69f1bfa431840\"  class=\"boldSection gutter\" ><div class=\"port\"><div class=\"boldCell\"><div class=\"boldCellInner\"><\/div><\/div><\/div><\/section><section id=\"bt_section69f1bfa43188e\"  class=\"boldSection bottomSpaced gutter inherit\" style=\"background-color:#f1f1f1;\"><div class=\"port\"><div class=\"boldCell\"><div class=\"boldCellInner\"><div class=\"boldRow \" style=\"margin-top: -40px;\"><div class=\"boldRowInner\"><div class=\"rowItem col-md-12 col-ms-12  btTextCenter animate animate-fadein animate-moveup inherit\"  data-width=\"12\"><div class=\"rowItemContent\" ><div class=\"btIconImageRow\" ><span class=\"btIco btIcoFilledType btIcoLargeSize btAccent1Icon\"><span  data-ico-od=\"&#xe9d6;\" class=\"btIcoHolder\"><\/span><\/span><\/div><div class=\"btClear btSeparator topSpaced noBorder\" ><hr><\/div><\/div><\/div><\/div><\/div><\/div><\/div><\/div><\/section><section id=\"bt_section69f1bfa431aec\"  class=\"boldSection gutter\" ><div class=\"port\"><div class=\"boldCell\"><div class=\"boldCellInner\"><div class=\"boldRow \" ><div class=\"boldRowInner\"><div class=\"rowItem col-md-6 col-sm-12 btTextLeft\"  data-width=\"6\"><div class=\"rowItemContent\" ><div class=\"bpgPhoto \" ><div class = \"btImage\"><img src=\"https:\/\/mojateporlavida.org\/wp-content\/uploads\/2017\/07\/Serfai\u0301n-senderismo.jpg\" alt=\"\" title=\"OLYMPUS DIGITAL CAMERA\"><\/div><\/div><div class=\"btClear btSeparator topSemiSpaced bottomSemiSpaced noBorder\" ><hr><\/div><\/div><\/div><div class=\"rowItem col-md-6 col-sm-12 btTextLeft\"  data-width=\"6\"><div class=\"rowItemContent\" ><div class=\"bpgPhoto \" ><div class = \"btImage\"><img src=\"https:\/\/mojateporlavida.org\/wp-content\/uploads\/2017\/07\/Serafin-y-adria\u0301n.jpg\" alt=\"\" title=\"\"><\/div><\/div><div class=\"btClear btSeparator topSemiSpaced bottomSemiSpaced noBorder\" ><hr><\/div><\/div><\/div><\/div><\/div><div class=\"boldRow \" ><div class=\"boldRowInner\"><div class=\"rowItem col-md-12 col-ms-12  btTextLeft\"  data-width=\"12\"><div class=\"rowItemContent\" ><div class=\"bpgPhoto \" ><div class = \"btImage\"><img src=\"https:\/\/mojateporlavida.org\/wp-content\/uploads\/2017\/03\/Teruel-Serafin-y-Luis.jpg\" alt=\"\" title=\"\"><\/div><\/div><\/div><\/div><\/div><\/div><\/div><\/div><\/div><\/section><section id=\"bt_section69f1bfa43251b\"  class=\"boldSection gutter\" ><div class=\"port\"><div class=\"boldCell\"><div class=\"boldCellInner\"><div class=\"boldRow \" ><div class=\"boldRowInner\"><div class=\"rowItem col-md-12 col-ms-12  btTextLeft animate animate-fadein inherit\"  data-width=\"12\"><div class=\"rowItemContent\" ><header class=\"header btClear large  btHeaderAccent3\" ><div class=\"dash\"><h2><span class=\"headline\">Noticias en las que aparece Seraf\u00edn<\/span><\/h2><\/div><\/header><div class=\"btClear btSeparator bottomSmallSpaced noBorder\" ><hr><\/div><div class=\"btLatestPostsContainer verticalPosts \" >\n\t\t\t\t<div class=\"btSingleLatestPost col-sm-12 col-ms-12  inherit\"><div class=\"btSingleLatestPostImage btTextCenter\"><div class=\"bpgPhoto \" > \r\n\t\t\t\t\t<a href=\"https:\/\/mojateporlavida.org\/?p=5989\" target=\"_self\" title=\"\"><\/a>\r\n\t\t\t\t\t<div class=\"boldPhotoBox\"><div class=\"bpbItem\"><div class = \"btImage\"><img src=\"https:\/\/mojateporlavida.org\/wp-content\/uploads\/2017\/08\/salida-320x240.jpg\" alt=\"\" title=\"\"><\/div><\/div><\/div>\r\n\t\t\t\t\t<div class=\"captionPane btDarkSkin btTextCenter\">\r\n\t\t\t\t\t\t<div class=\"captionTable\">\r\n\t\t\t\t\t\t\t<div class=\"captionCell\">\r\n\t\t\t\t\t\t\t\t<div class=\"captionTxt\"><\/div>\r\n\t\t\t\t\t\t\t<\/div>\r\n\t\t\t\t\t\t<\/div>\r\n\t\t\t\t\t<\/div><\/div><\/div><div class = \"btSingleLatestPostContent\">\n\t\t\t\t\t\t<header class=\"header btClear small\" ><div class=\"dash\"><h4><span class=\"headline\"><a href=\"https:\/\/mojateporlavida.org\/?p=5989\" target=\"_self\">Primera etapa de la Traves\u00eda por la Investigaci\u00f3n contra el c\u00e1ncer infantil<\/a><\/span><\/h4><\/div><div class=\"btSubTitle\"><span class=\"btArticleDate\">22 agosto, 2017<\/span><a href=\"https:\/\/mojateporlavida.org\/?author=2\" class=\"btArticleAuthor\">by Agust\u00edn Ram\u00edrez<\/a><\/div><\/header>\n\t\t\t\t<p class=\"btLatestPostContent\">1\u00aa Etapa de la traves\u00eda. Carboneras-Agua Amarga<\/p>\n\t\t\t\t\t<\/div>\n\t\t\t\t<\/div>\n\t\t\t\t<div class=\"btSingleLatestPost col-sm-12 col-ms-12  inherit\"><div class=\"btSingleLatestPostImage btTextCenter\"><div class=\"bpgPhoto \" > \r\n\t\t\t\t\t<a href=\"https:\/\/mojateporlavida.org\/?p=5888\" target=\"_self\" title=\"\"><\/a>\r\n\t\t\t\t\t<div class=\"boldPhotoBox\"><div class=\"bpbItem\"><div class = \"btImage\"><img src=\"https:\/\/mojateporlavida.org\/wp-content\/uploads\/2017\/07\/serafin-320x240.jpg\" alt=\"\" title=\"\"><\/div><\/div><\/div>\r\n\t\t\t\t\t<div class=\"captionPane btDarkSkin btTextCenter\">\r\n\t\t\t\t\t\t<div class=\"captionTable\">\r\n\t\t\t\t\t\t\t<div class=\"captionCell\">\r\n\t\t\t\t\t\t\t\t<div class=\"captionTxt\"><\/div>\r\n\t\t\t\t\t\t\t<\/div>\r\n\t\t\t\t\t\t<\/div>\r\n\t\t\t\t\t<\/div><\/div><\/div><div class = \"btSingleLatestPostContent\">\n\t\t\t\t\t\t<header class=\"header btClear small\" ><div class=\"dash\"><h4><span class=\"headline\"><a href=\"https:\/\/mojateporlavida.org\/?p=5888\" target=\"_self\">Seraf\u00edn Jim\u00e9nez. Presidente del CD TurAniAnA<\/a><\/span><\/h4><\/div><div class=\"btSubTitle\"><span class=\"btArticleDate\">27 julio, 2017<\/span><a href=\"https:\/\/mojateporlavida.org\/?author=2\" class=\"btArticleAuthor\">by Agust\u00edn Ram\u00edrez<\/a><\/div><\/header>\n\t\t\t\t<p class=\"btLatestPostContent\">Os presentamos al Presidente del Club Deportivo TurAniAnA. Seraf\u00edn Jim\u00e9nez.<\/p>\n\t\t\t\t\t<\/div>\n\t\t\t\t<\/div>\n\t\t\t\t<div class=\"btSingleLatestPost col-sm-12 col-ms-12  inherit\"><div class=\"btSingleLatestPostImage btTextCenter\"><div class=\"bpgPhoto \" > \r\n\t\t\t\t\t<a href=\"https:\/\/mojateporlavida.org\/?p=5701\" target=\"_self\" title=\"\"><\/a>\r\n\t\t\t\t\t<div class=\"boldPhotoBox\"><div class=\"bpbItem\"><div class = \"btImage\"><img src=\"https:\/\/mojateporlavida.org\/wp-content\/uploads\/2017\/06\/Logo-Bahia-320x240.jpg\" alt=\"\" title=\"\"><\/div><\/div><\/div>\r\n\t\t\t\t\t<div class=\"captionPane btDarkSkin btTextCenter\">\r\n\t\t\t\t\t\t<div class=\"captionTable\">\r\n\t\t\t\t\t\t\t<div class=\"captionCell\">\r\n\t\t\t\t\t\t\t\t<div class=\"captionTxt\"><\/div>\r\n\t\t\t\t\t\t\t<\/div>\r\n\t\t\t\t\t\t<\/div>\r\n\t\t\t\t\t<\/div><\/div><\/div><div class = \"btSingleLatestPostContent\">\n\t\t\t\t\t\t<header class=\"header btClear small\" ><div class=\"dash\"><h4><span class=\"headline\"><a href=\"https:\/\/mojateporlavida.org\/?p=5701\" target=\"_self\">CD TurAniAnA y CN M\u00e1ster Bah\u00eda de Almer\u00eda unidos contra el c\u00e1ncer infantil<\/a><\/span><\/h4><\/div><div class=\"btSubTitle\"><span class=\"btArticleDate\">10 julio, 2017<\/span><a href=\"https:\/\/mojateporlavida.org\/?author=2\" class=\"btArticleAuthor\">by Agust\u00edn Ram\u00edrez<\/a><\/div><\/header>\n\t\t\t\t<p class=\"btLatestPostContent\">7 de sus nadadores y nadadoras del Club compartir\u00e1n brazadas con nuestros compa\u00f1eros\/as, os los presentamos:<\/p>\n\t\t\t\t\t<\/div>\n\t\t\t\t<\/div>\n\t\t\t\t<div class=\"btSingleLatestPost col-sm-12 col-ms-12  inherit\"><div class=\"btSingleLatestPostImage btTextCenter\"><div class=\"bpgPhoto \" > \r\n\t\t\t\t\t<a href=\"https:\/\/mojateporlavida.org\/?p=5639\" target=\"_self\" title=\"\"><\/a>\r\n\t\t\t\t\t<div class=\"boldPhotoBox\"><div class=\"bpbItem\"><div class = \"btImage\"><img src=\"https:\/\/mojateporlavida.org\/wp-content\/uploads\/2017\/07\/uda-320x240.jpg\" alt=\"\" title=\"\"><\/div><\/div><\/div>\r\n\t\t\t\t\t<div class=\"captionPane btDarkSkin btTextCenter\">\r\n\t\t\t\t\t\t<div class=\"captionTable\">\r\n\t\t\t\t\t\t\t<div class=\"captionCell\">\r\n\t\t\t\t\t\t\t\t<div class=\"captionTxt\"><\/div>\r\n\t\t\t\t\t\t\t<\/div>\r\n\t\t\t\t\t\t<\/div>\r\n\t\t\t\t\t<\/div><\/div><\/div><div class = \"btSingleLatestPostContent\">\n\t\t\t\t\t\t<header class=\"header btClear small\" ><div class=\"dash\"><h4><span class=\"headline\"><a href=\"https:\/\/mojateporlavida.org\/?p=5639\" target=\"_self\">La UD Almeria se moja por la vida, y t\u00fa?<\/a><\/span><\/h4><\/div><div class=\"btSubTitle\"><span class=\"btArticleDate\">5 julio, 2017<\/span><a href=\"https:\/\/mojateporlavida.org\/?author=2\" class=\"btArticleAuthor\">by Agust\u00edn Ram\u00edrez<\/a><\/div><\/header>\n\t\t\t\t<p class=\"btLatestPostContent\">La Uni\u00f3n Deportiva Almer\u00eda se moja por la vida. Desde el principio nos han acogido con gran cari\u00f1o y se han implicado de forma activa en el mismo. La UD Almer\u00eda se muestra como un Club solidario y comprometido con la sociedad. Entra para ver detalles de su colaboraci\u00f3n. #UDAlmer\u00eda<\/p>\n\t\t\t\t\t<\/div>\n\t\t\t\t<\/div><\/div><div class=\"btClear btSeparator topExtraSpaced bottomExtraSpaced noBorder\" ><hr><\/div><\/div><\/div><\/div><\/div><\/div><\/div><\/div><\/section>","protected":false},"excerpt":{"rendered":"<p>Seraf\u00edn Jim\u00e9nez es el Presidente del CD TurAniAnA. Aqu\u00ed os lo presentamos.<\/p>\n","protected":false},"author":2,"featured_media":5876,"parent":1997,"menu_order":0,"comment_status":"closed","ping_status":"closed","template":"","meta":[],"_links":{"self":[{"href":"https:\/\/mojateporlavida.org\/index.php?rest_route=\/wp\/v2\/pages\/5873"}],"collection":[{"href":"https:\/\/mojateporlavida.org\/index.php?rest_route=\/wp\/v2\/pages"}],"about":[{"href":"https:\/\/mojateporlavida.org\/index.php?rest_route=\/wp\/v2\/types\/page"}],"author":[{"embeddable":true,"href":"https:\/\/mojateporlavida.org\/index.php?rest_route=\/wp\/v2\/users\/2"}],"replies":[{"embeddable":true,"href":"https:\/\/mojateporlavida.org\/index.php?rest_route=%2Fwp%2Fv2%2Fcomments&post=5873"}],"version-history":[{"count":13,"href":"https:\/\/mojateporlavida.org\/index.php?rest_route=\/wp\/v2\/pages\/5873\/revisions"}],"predecessor-version":[{"id":5897,"href":"https:\/\/mojateporlavida.org\/index.php?rest_route=\/wp\/v2\/pages\/5873\/revisions\/5897"}],"up":[{"embeddable":true,"href":"https:\/\/mojateporlavida.org\/index.php?rest_route=\/wp\/v2\/pages\/1997"}],"wp:featuredmedia":[{"embeddable":true,"href":"https:\/\/mojateporlavida.org\/index.php?rest_route=\/wp\/v2\/media\/5876"}],"wp:attachment":[{"href":"https:\/\/mojateporlavida.org\/index.php?rest_route=%2Fwp%2Fv2%2Fmedia&parent=5873"}],"curies":[{"name":"wp","href":"https:\/\/api.w.org\/{rel}","templated":true}]}}