{"id":5609,"date":"2017-06-25T18:04:24","date_gmt":"2017-06-25T16:04:24","guid":{"rendered":"http:\/\/mojateporlavida.org\/?page_id=5609"},"modified":"2017-06-25T18:04:24","modified_gmt":"2017-06-25T16:04:24","slug":"miguel-angel-navarro-mofli-nadador-invitado-por-almeria","status":"publish","type":"page","link":"https:\/\/mojateporlavida.org\/?page_id=5609","title":{"rendered":"Miguel \u00c1ngel Navarro \u00abMofli\u00bb. Nadador invitado por Almer\u00eda."},"content":{"rendered":"<section id=\"bt_section69ef7adf7f4a3\" data-parallax=\"0\" data-parallax-offset=\"0\" class=\"boldSection topSpaced bottomSemiSpaced btDarkSkin gutter inherit btParallax wBackground cover btBackgroundOverlay btSolidDarkBackground\" style=\"background-image:url('https:\/\/mojateporlavida.org\/wp-content\/uploads\/2017\/06\/mofliagua.jpg');\"><div class=\"port\"><div class=\"boldCell\"><div class=\"boldCellInner\"><div class=\"boldRow \" ><div class=\"boldRowInner\"><div class=\"rowItem col-md-6 col-sm-12 btTextLeft animate animate-fadein animate-moveup btMiddleVertical\"  data-width=\"6\"><div class=\"rowItemContent\" ><div class=\"bpgPhoto  btRoundedImage\" ><div class = \"btImage\"><img src=\"https:\/\/mojateporlavida.org\/wp-content\/uploads\/2017\/06\/mofligorro1.jpg\" alt=\"\" title=\"\"><\/div><\/div><div class=\"btClear btSeparator bottomSemiSpaced noBorder\" ><hr><\/div><\/div><\/div><div class=\"rowItem col-md-6 col-sm-12 btTextLeft animate animate-fadein animate-moveup btMiddleVertical\"  data-width=\"6\"><div class=\"rowItemContent\" ><header class=\"header btClear large  btHeaderAccent3\" ><div class=\"btSuperTitle\"><span>NADADOR INVITADO POR ALMER\u00cdA<\/span><\/div><div class=\"dash\"><h2><span class=\"headline\">Miguel \u00c1ngel Navarro<\/span><\/h2><\/div><\/header><div class=\"btText\" ><div dir=\"auto\">\n<div dir=\"auto\">\n<p>Miguel \u00c1ngel Navarro Mart\u00ednez, Mofli para los amigos, nadador desde joven, Almeriense.<\/p>\n<p>Miguel es de aquellas personas que transmiten buenas sensaciones nada m\u00e1s conocerlas. Alegre por naturaleza siempre camina all\u00e1 d\u00f3nde vaya con una gran sonrisa y buen humor. Trabajador, perseverante, organizado, con mucho talento. Es capaz de encontrar un hueco en su incesante d\u00eda para nadar. Debido a su trabajo y a su afici\u00f3n conoce la mayor\u00eda de las piscinas de este pa\u00eds dejando huella y buenos amigos por donde pasa.<\/p>\n<p>Adicto al agua y en especial a las traves\u00edas por mar, su car\u00e1cter luchador le confiere seguridad para afrontar cualquier prueba \u00a0que se le ponga por delante.<\/p>\n<\/div>\n<div dir=\"auto\">Su gran pasi\u00f3n por la nataci\u00f3n le viene pr\u00e1cticamente desde la cuna, siendo nadador desde muy peque\u00f1ito del club natacion Almeria y que ha llevado a otro nivel al poder realizarla en el mar, al que procesa un gran respeto, amor, y al que ha querido homenajear llamando a su hija Marina.<\/div>\n<div dir=\"auto\">Su gran motivaci\u00f3n es la superaci\u00f3n personal basada en la cultura del esfuerzo y sacrificio que son valores en los que se fundamenta la nataci\u00f3n.\u00bb<\/div>\n<\/div>\n<p style=\"text-align: center;\"><strong><em>Miguel \u00c1ngel se moja por la Vida. Y t\u00fa?<\/em><\/strong><\/p>\n<\/div><div class=\"btIconImageRow\" style=\"padding: 1em 0;\"><span class=\"btIco btIcoFilledType btIcoSmallSize btAccent1Icon\"><a href=\"https:\/\/www.facebook.com\/Mofli\"  target=\"no_target\" data-ico-fa=\"&#xf09a;\" class=\"btIcoHolder\"><\/a><\/span><span class=\"btIco btIcoDefaultType btIcoSmallSize btAccent3Icon\"><a href=\"https:\/\/www.instagram.com\/moflipando\/?hl=es\"  target=\"no_target\" data-ico-fa=\"&#xf16d;\" class=\"btIcoHolder\"><\/a><\/span><\/div><div class=\"btClear btSeparator bottomSemiSpaced noBorder\" ><hr><\/div><a href=\"mailto:miguelnavarroaudiovisuales@gmail.com\" class=\"btBtn btBtn btnOutlineStyle btndefaultColor btnSmall btnFullWidth btnRightPosition btnIco\" ><span class=\"btnInnerText\">CONTACT<\/span><span class=\"btIco \"><span  data-ico-fa=\"&#xf003;\" class=\"btIcoHolder\"><\/span><\/span><\/a><\/div><\/div><\/div><\/div><\/div><\/div><\/div><\/section><section id=\"bt_section69ef7adf7ffd4\"  class=\"boldSection topSpaced bottomSpaced gutter inherit\" ><div class=\"port\"><div class=\"boldCell\"><div class=\"boldCellInner\"><div class=\"boldRow \" ><div class=\"boldRowInner\"><div class=\"rowItem btRightBorder col-md-12 col-ms-12  btTextLeft animate animate-fadein btTopVertical\"  data-width=\"12\"><div class=\"rowItemContent\" ><header class=\"header btClear large  btHeaderAccent4\" ><div class=\"dash\"><h2><span class=\"headline\">BIOGRAF\u00cdA<\/span><\/h2><\/div><\/header><div class=\"btText\" ><p dir=\"ltr\">Motivaci\u00f3n:<\/p>\n<div dir=\"auto\">Hay ciertos \u00a0aspectos que me motivan a ser part\u00edcipe de este reto: mi amor incondicional por el Parque Natural Cabo de Gata- N\u00edjar y sus aguas que hace que sea una serie de traves\u00edas irrepetibles. El car\u00e1cter solidario de ella, que es para sentirse orgulloso por poder poner un granito de arena para tan bonito proyecto. Y el poder compartirlo con tan buena compa\u00f1\u00eda y nadadores tan experimentados.<\/div>\n<div dir=\"auto\">He sido padre hace tres meses y toca mucho la fibra el saber que todo ir\u00e1 destinado a otros peques que no tienen ninguna culpa de sufrir lo que les ha tocado, ya que hay que revertir los recortes en investigaci\u00f3n, por lo que es\u00a0 muy loable que\u00a0 grupos como vosotros se centren en proyectos que sumen para tal fin, \u00a1chapeau!<\/div>\n<\/div><div class=\"btClear btSeparator topSmallSpaced bottomSmallSpaced noBorder\" ><hr><\/div><div class=\"tilesWall btGridGallery tiled  btGridGap-5 lightbox\" data-col=\"3\"><div class=\"gridSizer\"><\/div><div class=\"gridItem btGhostSliderThumb bt11\" data-order-num=\"-1\"><div class=\"btTileBox\"><div class=\"bpgPhoto \" > \r\n\t\t\t\t\t<a href=\"https:\/\/mojateporlavida.org\/wp-content\/uploads\/2017\/06\/mofli.jpg\" class=\"lightbox\" data-title=\"\"><\/a>\r\n\t\t\t\t\t<div class=\"boldPhotoBox\"><div class=\"bpbItem\"><div class = \"btImage\"><img src=\"https:\/\/mojateporlavida.org\/wp-content\/uploads\/2017\/06\/mofli-640x600.jpg\" alt=\"\" title=\"\"><\/div><\/div><\/div>\r\n\t\t\t\t\t<div class=\"captionPane btDarkSkin btTextCenter\">\r\n\t\t\t\t\t\t<div class=\"captionTable\">\r\n\t\t\t\t\t\t\t<div class=\"captionCell\">\r\n\t\t\t\t\t\t\t\t<div class=\"captionTxt\"><\/div>\r\n\t\t\t\t\t\t\t<\/div>\r\n\t\t\t\t\t\t<\/div>\r\n\t\t\t\t\t<\/div><\/div><\/div><\/div><div class=\"gridItem btGhostSliderThumb bt11\" data-order-num=\"0\"><div class=\"btTileBox\"><div class=\"bpgPhoto \" > \r\n\t\t\t\t\t<a href=\"https:\/\/mojateporlavida.org\/wp-content\/uploads\/2017\/06\/mofliagua.jpg\" class=\"lightbox\" data-title=\"\"><\/a>\r\n\t\t\t\t\t<div class=\"boldPhotoBox\"><div class=\"bpbItem\"><div class = \"btImage\"><img src=\"https:\/\/mojateporlavida.org\/wp-content\/uploads\/2017\/06\/mofliagua-640x534.jpg\" alt=\"\" title=\"\"><\/div><\/div><\/div>\r\n\t\t\t\t\t<div class=\"captionPane btDarkSkin btTextCenter\">\r\n\t\t\t\t\t\t<div class=\"captionTable\">\r\n\t\t\t\t\t\t\t<div class=\"captionCell\">\r\n\t\t\t\t\t\t\t\t<div class=\"captionTxt\"><\/div>\r\n\t\t\t\t\t\t\t<\/div>\r\n\t\t\t\t\t\t<\/div>\r\n\t\t\t\t\t<\/div><\/div><\/div><\/div><div class=\"gridItem btGhostSliderThumb bt11\" data-order-num=\"1\"><div class=\"btTileBox\"><div class=\"bpgPhoto \" > \r\n\t\t\t\t\t<a href=\"https:\/\/mojateporlavida.org\/wp-content\/uploads\/2017\/06\/mofligorro1.jpg\" class=\"lightbox\" data-title=\"\"><\/a>\r\n\t\t\t\t\t<div class=\"boldPhotoBox\"><div class=\"bpbItem\"><div class = \"btImage\"><img src=\"https:\/\/mojateporlavida.org\/wp-content\/uploads\/2017\/06\/mofligorro1-640x640.jpg\" alt=\"\" title=\"\"><\/div><\/div><\/div>\r\n\t\t\t\t\t<div class=\"captionPane btDarkSkin btTextCenter\">\r\n\t\t\t\t\t\t<div class=\"captionTable\">\r\n\t\t\t\t\t\t\t<div class=\"captionCell\">\r\n\t\t\t\t\t\t\t\t<div class=\"captionTxt\"><\/div>\r\n\t\t\t\t\t\t\t<\/div>\r\n\t\t\t\t\t\t<\/div>\r\n\t\t\t\t\t<\/div><\/div><\/div><\/div><div class=\"gridItem btGhostSliderThumb bt11\" data-order-num=\"2\"><div class=\"btTileBox\"><div class=\"bpgPhoto \" > \r\n\t\t\t\t\t<a href=\"https:\/\/mojateporlavida.org\/wp-content\/uploads\/2017\/06\/mofligorro2.jpg\" class=\"lightbox\" data-title=\"\"><\/a>\r\n\t\t\t\t\t<div class=\"boldPhotoBox\"><div class=\"bpbItem\"><div class = \"btImage\"><img src=\"https:\/\/mojateporlavida.org\/wp-content\/uploads\/2017\/06\/mofligorro2-640x640.jpg\" alt=\"\" title=\"\"><\/div><\/div><\/div>\r\n\t\t\t\t\t<div class=\"captionPane btDarkSkin btTextCenter\">\r\n\t\t\t\t\t\t<div class=\"captionTable\">\r\n\t\t\t\t\t\t\t<div class=\"captionCell\">\r\n\t\t\t\t\t\t\t\t<div class=\"captionTxt\"><\/div>\r\n\t\t\t\t\t\t\t<\/div>\r\n\t\t\t\t\t\t<\/div>\r\n\t\t\t\t\t<\/div><\/div><\/div><\/div><div class=\"gridItem btGhostSliderThumb bt11\" data-order-num=\"3\"><div class=\"btTileBox\"><div class=\"bpgPhoto \" > \r\n\t\t\t\t\t<a href=\"https:\/\/mojateporlavida.org\/wp-content\/uploads\/2017\/06\/mofli3.jpg\" class=\"lightbox\" data-title=\"\"><\/a>\r\n\t\t\t\t\t<div class=\"boldPhotoBox\"><div class=\"bpbItem\"><div class = \"btImage\"><img src=\"https:\/\/mojateporlavida.org\/wp-content\/uploads\/2017\/06\/mofli3-640x640.jpg\" alt=\"\" title=\"\"><\/div><\/div><\/div>\r\n\t\t\t\t\t<div class=\"captionPane btDarkSkin btTextCenter\">\r\n\t\t\t\t\t\t<div class=\"captionTable\">\r\n\t\t\t\t\t\t\t<div class=\"captionCell\">\r\n\t\t\t\t\t\t\t\t<div class=\"captionTxt\"><\/div>\r\n\t\t\t\t\t\t\t<\/div>\r\n\t\t\t\t\t\t<\/div>\r\n\t\t\t\t\t<\/div><\/div><\/div><\/div><div class=\"gridItem btGhostSliderThumb bt11\" data-order-num=\"4\"><div class=\"btTileBox\"><div class=\"bpgPhoto \" > \r\n\t\t\t\t\t<a href=\"https:\/\/mojateporlavida.org\/wp-content\/uploads\/2017\/06\/moflicies.jpg\" class=\"lightbox\" data-title=\"\"><\/a>\r\n\t\t\t\t\t<div class=\"boldPhotoBox\"><div class=\"bpbItem\"><div class = \"btImage\"><img src=\"https:\/\/mojateporlavida.org\/wp-content\/uploads\/2017\/06\/moflicies-640x640.jpg\" alt=\"\" title=\"\"><\/div><\/div><\/div>\r\n\t\t\t\t\t<div class=\"captionPane btDarkSkin btTextCenter\">\r\n\t\t\t\t\t\t<div class=\"captionTable\">\r\n\t\t\t\t\t\t\t<div class=\"captionCell\">\r\n\t\t\t\t\t\t\t\t<div class=\"captionTxt\"><\/div>\r\n\t\t\t\t\t\t\t<\/div>\r\n\t\t\t\t\t\t<\/div>\r\n\t\t\t\t\t<\/div><\/div><\/div><\/div><div class=\"gridItem btGhostSliderThumb bt11\" data-order-num=\"5\"><div class=\"btTileBox\"><div class=\"bpgPhoto \" > \r\n\t\t\t\t\t<a href=\"https:\/\/mojateporlavida.org\/wp-content\/uploads\/2017\/06\/moflicies2.jpg\" class=\"lightbox\" data-title=\"\"><\/a>\r\n\t\t\t\t\t<div class=\"boldPhotoBox\"><div class=\"bpbItem\"><div class = \"btImage\"><img src=\"https:\/\/mojateporlavida.org\/wp-content\/uploads\/2017\/06\/moflicies2-640x640.jpg\" alt=\"\" title=\"\"><\/div><\/div><\/div>\r\n\t\t\t\t\t<div class=\"captionPane btDarkSkin btTextCenter\">\r\n\t\t\t\t\t\t<div class=\"captionTable\">\r\n\t\t\t\t\t\t\t<div class=\"captionCell\">\r\n\t\t\t\t\t\t\t\t<div class=\"captionTxt\"><\/div>\r\n\t\t\t\t\t\t\t<\/div>\r\n\t\t\t\t\t\t<\/div>\r\n\t\t\t\t\t<\/div><\/div><\/div><\/div><\/div><div class=\"btClear btSeparator topSmallSpaced bottomSmallSpaced noBorder\" ><hr><\/div><\/div><\/div><\/div><\/div><\/div><\/div><\/div><\/section><section id=\"bt_section69ef7adf81338\"  class=\"boldSection gutter\" ><div class=\"port\"><div class=\"boldCell\"><div class=\"boldCellInner\"><div class=\"boldRow \" ><div class=\"boldRowInner\"><div class=\"rowItem col-md-12 col-ms-12  btTextLeft\"  data-width=\"12\"><div class=\"rowItemContent\" ><div class=\"btTabs tabsHorizontal\"><ul class=\"tabsHeader\"><li><span>CC DEPORTIVO<\/span><\/li><li><span>TRABAJO<\/span><\/li><\/ul><div class=\"tabPanes tabPanesTabs\"><div class=\"tabPane\">\n\t\t\t<div class=\"tabAccordionContent\"><div class=\"btText\" ><div dir=\"auto\">Participaci\u00f3n en la Triple Corona de las islas Atl\u00e1nticas que este a\u00f1o concluye con la tercera etapa de Salvora a Villagarcia de Arosa, habiendo ya cumplido las dos primeras etapas (Ons-Sanxenxo y Cies- Baiona).<\/div>\n<div dir=\"auto\">-4\u00ba puesto en la final open de Oceanman Benidorm de 2016 (9,5k)<\/div>\n<div dir=\"auto\">-5\u00ba puesto en la Mediterranean coast challenge de Altea 2016 (10k)<\/div>\n<div dir=\"auto\">-Participaci\u00f3n en oceanman Altea 2016 (10k)<\/div>\n<div dir=\"auto\">-Dos primeros puestos en mi categor\u00eda en Almeriswim Almerimar (2015\/2016)(10k)<\/div>\n<div dir=\"auto\">En Categor\u00eda infantil fue campe\u00f3n de Andaluc\u00eda varios a\u00f1os en 100 y 200 braza, adem\u00e1s de\u00a0 podiums en 200 y 400 estilos o victorias infantiles en la traves\u00eda del puerto de Almer\u00eda, creemos que\u00a0 aun ostenta el r\u00e9cord de precocidad nad\u00e1ndola con 6 a\u00f1os.<\/div>\n<\/div><\/div>\n\t\t<\/div><div class=\"tabPane\">\n\t\t\t<div class=\"tabAccordionContent\"><div class=\"btText\" ><div dir=\"auto\">Nacido y de coraz\u00f3n de Almer\u00eda a pesar de llevar ya 15 a\u00f1os trabajando y viviendo en Madrid. Trabajo como t\u00e9cnico de sonido,operador de c\u00e1mara de video, realizador, dj y t\u00e9cnico de video en eventos, conciertos, conferencia<wbr \/>s, etc&#8230;<\/div>\n<p><span class=\"_2yep\"><span id=\"m_4630211585177291352gmail-docs-internal-guid-71cfdf46-8a81-720a-80c7-fdca7acb57f7\"><br \/>\n<\/span><\/span><\/p>\n<\/div><\/div>\n\t\t<\/div><\/div><\/div><\/div><\/div><\/div><\/div><\/div><\/div><\/div><\/section><section id=\"bt_section69ef7adf81870\"  class=\"boldSection gutter\" ><div class=\"port\"><div class=\"boldCell\"><div class=\"boldCellInner\"><div class=\"boldRow \" ><div class=\"boldRowInner\"><div class=\"rowItem col-md-12 col-ms-12  btTextLeft\"  data-width=\"12\"><div class=\"rowItemContent\" ><div class=\"btClear btSeparator topSmallSpaced bottomSmallSpaced noBorder\" ><hr><\/div><\/div><\/div><\/div><\/div><\/div><\/div><\/div><\/section>","protected":false},"excerpt":{"rendered":"","protected":false},"author":1,"featured_media":0,"parent":0,"menu_order":0,"comment_status":"closed","ping_status":"closed","template":"","meta":[],"_links":{"self":[{"href":"https:\/\/mojateporlavida.org\/index.php?rest_route=\/wp\/v2\/pages\/5609"}],"collection":[{"href":"https:\/\/mojateporlavida.org\/index.php?rest_route=\/wp\/v2\/pages"}],"about":[{"href":"https:\/\/mojateporlavida.org\/index.php?rest_route=\/wp\/v2\/types\/page"}],"author":[{"embeddable":true,"href":"https:\/\/mojateporlavida.org\/index.php?rest_route=\/wp\/v2\/users\/1"}],"replies":[{"embeddable":true,"href":"https:\/\/mojateporlavida.org\/index.php?rest_route=%2Fwp%2Fv2%2Fcomments&post=5609"}],"version-history":[{"count":10,"href":"https:\/\/mojateporlavida.org\/index.php?rest_route=\/wp\/v2\/pages\/5609\/revisions"}],"predecessor-version":[{"id":5627,"href":"https:\/\/mojateporlavida.org\/index.php?rest_route=\/wp\/v2\/pages\/5609\/revisions\/5627"}],"wp:attachment":[{"href":"https:\/\/mojateporlavida.org\/index.php?rest_route=%2Fwp%2Fv2%2Fmedia&parent=5609"}],"curies":[{"name":"wp","href":"https:\/\/api.w.org\/{rel}","templated":true}]}}