{"id":3779,"date":"2017-01-28T23:35:13","date_gmt":"2017-01-28T22:35:13","guid":{"rendered":"http:\/\/mojateporlavida.org\/?page_id=3779"},"modified":"2018-05-13T20:45:28","modified_gmt":"2018-05-13T18:45:28","slug":"actividades","status":"publish","type":"page","link":"https:\/\/mojateporlavida.org\/?page_id=3779","title":{"rendered":"Actividades"},"content":{"rendered":"<section id=\"bt_section69f0cdd386f8c\"  class=\"boldSection topLargeSpaced bottomSpaced gutter inherit\" ><div class=\"port\"><div class=\"boldCell\"><div class=\"boldCellInner\"><div class=\"boldRow \" ><div class=\"boldRowInner\"><div class=\"rowItem col-md-9 col-ms-12  btTextLeft animate animate-fadein inherit\"  data-width=\"9\"><div class=\"rowItemContent\" ><header class=\"header btClear large  btHeaderAccent3\" ><div class=\"btSuperTitle\"><span>\u00a1NOS MOJAMOS POR LA VIDA!<\/span><\/div><div class=\"dash\"><h2><span class=\"headline\">ACTIVIDADES<\/span><\/h2><\/div><div class=\"btSubTitle\">Estas son las actividades que vamos a realizar para conseguir fondos en apoyo al proyecto de la Fundaci\u00f3n Cris contra el c\u00e1ncer. <\/div><\/header><\/div><\/div><div class=\"rowItem col-md-3 col-sm-6 col-ms-12 btTextLeft\"  data-width=\"3\"><div class=\"rowItemContent\" ><\/div><\/div><\/div><\/div><div class=\"boldRow \" ><div class=\"boldRowInner\"><div class=\"rowItem col-md-12 col-ms-12  btTextLeft\"  data-width=\"12\"><div class=\"rowItemContent\" ><div class=\"btClear btSeparator topSemiSpaced bottomSmallSpaced noBorder\" ><hr><\/div><\/div><\/div><\/div><\/div><div class=\"boldRow \" ><div class=\"boldRowInner\"><div class=\"rowItem col-md-3 col-sm-6 col-ms-12 btTextLeft animate animate-fadein animate-moveup btTopVertical\"  data-width=\"3\"><div class=\"rowItemContent\" ><div class=\"btIconImageRow\" ><span class=\"btIco btIcoFilledType btIcoLargeSize btAccent1Icon\"><a href=\"http:\/\/mojateporlavida.org\/121-horas\/\"  target=\"no_target\" data-ico-fs=\"&#xe989;\" class=\"btIcoHolder\"><\/a><\/span><\/div><div class=\"btClear btSeparator topSemiSpaced noBorder\" ><hr><\/div><header class=\"header btClear medium\" ><div class=\"dash\"><h3><span class=\"headline\">12+1 H NATACI\u00d3N<\/span><\/h3><\/div><\/header><div class=\"btText\" ><p>12+1 Horas de nataci\u00f3n . En Roquetas de Mar, celebraremos un encuentro solidario, con unas 12+1 horas de nataci\u00f3n en piscina y m\u00faltiples actividades paralelas. El Complejo Deportivo Urbano Juan Fern\u00e1dez Gonz\u00e1lez ser\u00e1 el centro de un encuentro deportivo solidario ilusionante. Ya puedes inscribirte e informarte de todas las actividades.<\/p>\n<\/div><div class=\"btClear btSeparator topSpaced bottomSmallSpaced noBorder\" ><hr><\/div><\/div><\/div><div class=\"rowItem col-md-3 col-sm-6 col-ms-12 btTextLeft animate animate-fadein animate-moveup btTopVertical\"  data-width=\"3\"><div class=\"rowItemContent\" ><div class=\"btIconImageRow\" ><span class=\"btIco btIcoFilledType btIcoLargeSize btAccent2Icon\"><a href=\"http:\/\/mojateporlavida.org\/?p=4907\"  target=\"no_target\" data-ico-es=\"&#xe9cc;\" class=\"btIcoHolder\"><\/a><\/span><\/div><div class=\"btClear btSeparator topSemiSpaced noBorder\" ><hr><\/div><header class=\"header btClear medium\" ><div class=\"dash\"><h3><span class=\"headline\">FESTIVAL DE M\u00daSICA<\/span><\/h3><\/div><\/header><div class=\"btText\" ><p>Organizado por Bandas locales, disfrutaremos de un estupendo concierto solidario.<\/p>\n<p>Pulsa en el icono para mayor informaci\u00f3n.<\/p>\n<\/div><div class=\"btClear btSeparator topSpaced bottomSmallSpaced noBorder\" ><hr><\/div><\/div><\/div><div class=\"rowItem col-md-3 col-sm-6 col-ms-12 btTextLeft animate animate-fadein animate-moveup btTopVertical\"  data-width=\"3\"><div class=\"rowItemContent\" ><div class=\"btIconImageRow\" ><span class=\"btIco btIcoFilledType btIcoLargeSize btAccent3Icon\"><a href=\"http:\/\/mojateporlavida.org\/?page_id=6482\"  target=\"no_target\" data-ico-fa=\"&#xf1ae;\" class=\"btIcoHolder\"><\/a><\/span><\/div><div class=\"btClear btSeparator topSemiSpaced noBorder\" ><hr><\/div><header class=\"header btClear medium\" ><div class=\"dash\"><h3><span class=\"headline\">OWS. CABO DE GATA<\/span><\/h3><\/div><\/header><div class=\"btText\" ><p>Nuestro gran reto y elemento central de nuestro proyecto solidario. 10 nadadores y nadadoras de varios puntos de la geograf\u00eda Espa\u00f1ola, recorer\u00e1n los 60 klm de costa del Parque Natural de Cabo de Gata-N\u00edjar, en 5 preciosas etapas. Conoce m\u00e1s pulsando en el icono.<\/p>\n<\/div><div class=\"btClear btSeparator topSpaced bottomSmallSpaced noBorder\" ><hr><\/div><\/div><\/div><div class=\"rowItem col-md-3 col-sm-6 col-ms-12 btTextLeft animate animate-fadein animate-moveup btTopVertical\"  data-width=\"3\"><div class=\"rowItemContent\" ><div class=\"btIconImageRow\" ><span class=\"btIco btIcoFilledType btIcoLargeSize btAccent4Icon\"><a href=\"http:\/\/mojateporlavida.org\/?p=6304\"  target=\"no_target\" data-ico-fa=\"&#xf0c0;\" class=\"btIcoHolder\"><\/a><\/span><\/div><div class=\"btClear btSeparator topSemiSpaced noBorder\" ><hr><\/div><header class=\"header btClear medium\" ><div class=\"dash\"><h3><span class=\"headline\">CENA DE GALA<\/span><\/h3><\/div><\/header><div class=\"btText\" ><p>En octubre de este a\u00f1o, nos reuniremos en una gran Cena de Gala solidaria, para agradecer a todos los implicados con nuestro proyecto solidario, mostrar los resultados de todo este trabajo y recaudar las \u00faltimas aportaciones.<\/p>\n<\/div><div class=\"btClear btSeparator topSpaced bottomSmallSpaced noBorder\" ><hr><\/div><\/div><\/div><\/div><\/div><\/div><\/div><\/div><\/section><section id=\"bt_section69f0cdd387cde\"  class=\"boldSection btDarkSkin inherit\" style=\"background-color: transparent;\"><div class=\"port\"><div class=\"boldCell\"><div class=\"boldCellInner\"><div class=\"boldRow \" ><div class=\"boldRowInner\"><div class=\"rowItem col-md-3 col-sm-6 col-ms-12 btTextCenter animate animate-fadein btMiddleVertical btTextIndent\" style=\"background-color: rgba(73, 213, 116, 0.4); \" data-width=\"3\"><div class=\"rowItemContent\" ><div class=\"btClear btSeparator topSpaced bottomLargeSpaced noBorder\" ><hr><\/div><div class=\"bpgPhoto  btHasTitles\" > \r\n\t\t\t\t\t<a href=\"http:\/\/mojateporlavida.org\/121-horas\/\" target=\"_self\" title=\"Nataci\u00f3n y mucho m\u00e1s\"><\/a>\r\n\t\t\t\t\t<div class=\"boldPhotoBox\"><div class=\"bpbItem\"><div class = \"btImage\"><img src=\"https:\/\/mojateporlavida.org\/wp-content\/uploads\/2017\/01\/cartel-121-500.jpg\" alt=\"\" title=\"Nataci\u00f3n y mucho m\u00e1s\"><\/div><\/div><\/div>\r\n\t\t\t\t\t<div class=\"captionPane btDarkSkin btTextCenter\">\r\n\t\t\t\t\t\t<div class=\"captionTable\">\r\n\t\t\t\t\t\t\t<div class=\"captionCell\">\r\n\t\t\t\t\t\t\t\t<div class=\"captionTxt\"><header class=\"header btClear extrasmall\" ><div class=\"btSuperTitle\"><span>12+1 Horas<\/span><\/div><div class=\"dash\"><h4><span class=\"headline\">Nataci\u00f3n y mucho m\u00e1s<\/span><\/h4><\/div><\/header><\/div>\r\n\t\t\t\t\t\t\t<\/div>\r\n\t\t\t\t\t\t<\/div>\r\n\t\t\t\t\t<\/div>\r\n\t\t\t\t\t\t<div class=\"btShowTitle\">\r\n\t\t\t\t\t\t\t<div class=\"btShowTitleCaptionTxt\"><header class=\"header btClear small\" ><div class=\"btSuperTitle\"><span>12+1 Horas<\/span><\/div><div class=\"dash\"><h4><span class=\"headline\">Nataci\u00f3n y mucho m\u00e1s<\/span><\/h4><\/div><\/header><\/div>\r\n\t\t\t\t\t\t<\/div><\/div><header class=\"header btClear extralarge  btHeaderAccent3\" ><div class=\"dash\"><h1><span class=\"headline\">12+1 Horas<\/span><\/h1><\/div><\/header><div class=\"btClear btSeparator bottomSemiSpaced border\" ><hr><\/div><div class=\"btText\" ><p><span style=\"color: #000000;\">12+1 horas solidaras de nataci\u00f3n en piscina, con los clubes de la provincia y participaciones especiales.\u00a0 Calle cero, para aportaciones y m\u00faltiples actividades paralelas en una gran fiesta deportivo-solidaria.<\/span><\/p>\n<\/div><div class=\"btClear btSeparator topSmallSpaced bottomSemiSpaced noBorder\" ><hr><\/div><a href=\"https:\/\/goo.gl\/forms\/jqGW2DaKUIBb8Ab22\" class=\"btBtn btBtn btnFilledStyle btndefaultColor btnMedium btnNormalWidth btnRightPosition btnIco\" ><span class=\"btnInnerText\">INSCRIPCIONES<\/span><span class=\"btIco \"><span  data-ico-fa=\"&#xf105;\" class=\"btIcoHolder\"><\/span><\/span><\/a><div class=\"btClear btSeparator bottomSpaced noBorder\" ><hr><\/div><\/div><\/div><div class=\"rowItem col-md-3 col-sm-6 col-ms-12 btTextCenter animate animate-fadein animate-moveup btMiddleVertical btTextIndent wBackground cover\" style=\"background-image: url(https:\/\/mojateporlavida.org\/wp-content\/uploads\/2017\/01\/OLD-SOUL.jpg);background-color: rgba(253, 177, 87, 1); \" data-width=\"3\"><div class=\"rowItemContent\" ><div class=\"btClear btSeparator topSpaced bottomLargeSpaced noBorder\" ><hr><\/div><header class=\"header btClear extralarge\" ><div class=\"dash\"><h1><span class=\"headline\">FESTIVAL DE M\u00daSICA<\/span><\/h1><\/div><\/header><div class=\"btClear btSeparator bottomSemiSpaced border\" ><hr><\/div><div class=\"btText\" ><p>Varios grupos musicales de Roquetas de Mar, han querido colaborar con nosotros en nuestro proyecto para ayudar a CRIS contra el c\u00e1ncer.<\/p>\n<\/div><div class=\"btClear btSeparator topSmallSpaced bottomSemiSpaced noBorder\" ><hr><\/div><a href=\"#\" class=\"btBtn btBtn btnFilledStyle btndefaultColor btnMedium btnNormalWidth btnRightPosition btnIco\" ><span class=\"btnInnerText\">M\u00c1S INFORMACI\u00d3N<\/span><span class=\"btIco \"><span  data-ico-fa=\"&#xf105;\" class=\"btIcoHolder\"><\/span><\/span><\/a><div class=\"btClear btSeparator bottomSpaced noBorder\" ><hr><\/div><\/div><\/div><div class=\"rowItem col-md-3 col-sm-6 col-ms-12 btTextCenter animate animate-fadein animate-moveup btMiddleVertical btTextIndent wBackground cover\" style=\"background-image: url(https:\/\/mojateporlavida.org\/wp-content\/uploads\/2017\/01\/arocaseaman51.jpg);background-color: rgba(91, 168, 253, 1); \" data-width=\"3\"><div class=\"rowItemContent\" ><div class=\"btClear btSeparator topSpaced bottomLargeSpaced noBorder\" ><hr><\/div><header class=\"header btClear extralarge\" ><div class=\"btSuperTitle\"><span>CABO DE GATA<\/span><\/div><div class=\"dash\"><h1><span class=\"headline\">OWS <\/span><\/h1><\/div><\/header><div class=\"btClear btSeparator bottomSemiSpaced border\" ><hr><\/div><div class=\"btText\" ><\/div><div class=\"btClear btSeparator topSmallSpaced bottomSemiSpaced noBorder\" ><hr><\/div><a href=\"#\" class=\"btBtn btBtn btnFilledStyle btndefaultColor btnMedium btnNormalWidth btnRightPosition btnIco\" ><span class=\"btnInnerText\">M\u00c1S INFORMACI\u00d3N<\/span><span class=\"btIco \"><span  data-ico-fa=\"&#xf105;\" class=\"btIcoHolder\"><\/span><\/span><\/a><div class=\"btClear btSeparator bottomSpaced noBorder\" ><hr><\/div><\/div><\/div><div class=\"rowItem col-md-3 col-sm-6 col-ms-12 btTextCenter animate animate-fadein animate-moveup btMiddleVertical btTextIndent wBackground cover\" style=\"background-image: url(https:\/\/mojateporlavida.org\/wp-content\/uploads\/2017\/01\/CENA-DE-GALA.png);background-color: rgba(255, 107, 109, 1); \" data-width=\"3\"><div class=\"rowItemContent\" ><div class=\"btClear btSeparator topSpaced bottomLargeSpaced noBorder\" ><hr><\/div><header class=\"header btClear extralarge\" ><div class=\"dash\"><h1><span class=\"headline\">CENA DE GALA<\/span><\/h1><\/div><\/header><div class=\"btClear btSeparator bottomSemiSpaced border\" ><hr><\/div><div class=\"btText\" ><\/div><div class=\"btClear btSeparator topSmallSpaced bottomSemiSpaced noBorder\" ><hr><\/div><a href=\"#\" class=\"btBtn btBtn btnFilledStyle btndefaultColor btnMedium btnNormalWidth btnRightPosition btnIco\" ><span class=\"btnInnerText\">M\u00c1S INFORMACI\u00d3N<\/span><span class=\"btIco \"><span  data-ico-fa=\"&#xf105;\" class=\"btIcoHolder\"><\/span><\/span><\/a><div class=\"btClear btSeparator bottomSpaced noBorder\" ><hr><\/div><\/div><\/div><\/div><\/div><div class=\"boldRow \" ><div class=\"boldRowInner\"><\/div><\/div><\/div><\/div><\/div><\/section><section id=\"bt_section69f0cdd388fe9\"  class=\"boldSection topLargeSpaced bottomSpaced gutter inherit\" ><div class=\"port\"><div class=\"boldCell\"><div class=\"boldCellInner\"><div class=\"boldRow \" ><div class=\"boldRowInner\"><div class=\"rowItem col-md-9 col-ms-12  btTextLeft animate animate-fadein inherit\"  data-width=\"9\"><div class=\"rowItemContent\" ><header class=\"header btClear large  btHeaderAccent2\" ><div class=\"btSuperTitle\"><span>ACTIVIDADES SOLIDARIAS<\/span><\/div><div class=\"dash\"><h2><span class=\"headline\">\u00bfQUI\u00c9N ORGANIZA TODO ESTO?<\/span><\/h2><\/div><div class=\"btSubTitle\">Somos un grupo de personas normales, que nos gusta el deporte y hemos decidido \u00abmojarnos\u00ab para ayudar a la Fundaci\u00f3n CRIS. Aqu\u00ed puedes saber algo m\u00e1s de nosotros. \u00bfQuieres ayudarnos? Necesitamos voluntarios y voluntarias para alguan de estas actividades.<\/div><\/header><\/div><\/div><div class=\"rowItem col-md-3 col-sm-6 col-ms-12 btTextLeft\"  data-width=\"3\"><div class=\"rowItemContent\" ><\/div><\/div><\/div><\/div><div class=\"boldRow \" ><div class=\"boldRowInner\"><div class=\"rowItem col-md-12 col-ms-12  btTextLeft\"  data-width=\"12\"><div class=\"rowItemContent\" ><div class=\"btClear btSeparator topSemiSpaced bottomSmallSpaced noBorder\" ><hr><\/div><\/div><\/div><\/div><\/div><div class=\"boldRow \" ><div class=\"boldRowInner\"><div class=\"rowItem col-md-4 col-ms-12 btTextLeft animate animate-fadein inherit\"  data-width=\"4\"><div class=\"rowItemContent\" ><div class=\"bpgPhoto  btHasTitles btHasComplexContent\" > \r\n\t\t\t\t\t<a href=\"http:\/\/cdturaniana.blogspot.com.es\/\" target=\"_self\" title=\"TURANIANA\"><\/a>\r\n\t\t\t\t\t<div class=\"boldPhotoBox\"><div class=\"bpbItem\"><div class = \"btImage\"><img src=\"https:\/\/mojateporlavida.org\/wp-content\/uploads\/2017\/01\/LOGO-TURANIANA-LUIS-640x640.jpg\" alt=\"\" title=\"TURANIANA\"><\/div><\/div><\/div>\r\n\t\t\t\t\t<div class=\"captionPane btDarkSkin btTextCenter\">\r\n\t\t\t\t\t\t<div class=\"captionTable\">\r\n\t\t\t\t\t\t\t<div class=\"captionCell\">\r\n\t\t\t\t\t\t\t\t<div class=\"captionTxt\"><header class=\"header btClear medium\" ><div class=\"btSuperTitle\"><span>CLUB DEPORTIVO<\/span><\/div><div class=\"dash\"><h3><span class=\"headline\">TURANIANA<\/span><\/h3><\/div><\/header><\/div>\r\n\t\t\t\t\t\t\t<\/div>\r\n\t\t\t\t\t\t<\/div>\r\n\t\t\t\t\t<\/div>\r\n\t\t\t\t\t\t<div class=\"btShowTitle\">\r\n\t\t\t\t\t\t\t<div class=\"btShowTitleCaptionTxt\"><header class=\"header btClear small\" ><div class=\"btSuperTitle\"><span>CLUB DEPORTIVO <\/span><\/div><div class=\"dash\"><h4><span class=\"headline\">TURANIANA<\/span><\/h4><\/div><\/header><\/div>\r\n\t\t\t\t\t\t<\/div><\/div><div class=\"btClear btSeparator topSemiSpaced bottomSmallSpaced noBorder\" ><hr><\/div><\/div><\/div><div class=\"rowItem col-md-4 col-ms-12 btTextLeft animate animate-fadein inherit\"  data-width=\"4\"><div class=\"rowItemContent\" ><div class=\"bpgPhoto  btHasTitles btHasComplexContent\" > \r\n\t\t\t\t\t<a href=\"http:\/\/criscancer.org\/es\/\" target=\"_self\" title=\"CRIS\"><\/a>\r\n\t\t\t\t\t<div class=\"boldPhotoBox\"><div class=\"bpbItem\"><div class = \"btImage\"><img src=\"https:\/\/mojateporlavida.org\/wp-content\/uploads\/2017\/01\/Captura-de-pantalla-2017-01-04-a-las-19.53.19.png\" alt=\"\" title=\"CRIS\"><\/div><\/div><\/div>\r\n\t\t\t\t\t<div class=\"captionPane btDarkSkin btTextCenter\">\r\n\t\t\t\t\t\t<div class=\"captionTable\">\r\n\t\t\t\t\t\t\t<div class=\"captionCell\">\r\n\t\t\t\t\t\t\t\t<div class=\"captionTxt\"><header class=\"header btClear medium\" ><div class=\"btSuperTitle\"><span>FUNDACI\u00d3N CONTRA EL C\u00c1NCER<\/span><\/div><div class=\"dash\"><h3><span class=\"headline\">CRIS<\/span><\/h3><\/div><\/header><\/div>\r\n\t\t\t\t\t\t\t<\/div>\r\n\t\t\t\t\t\t<\/div>\r\n\t\t\t\t\t<\/div>\r\n\t\t\t\t\t\t<div class=\"btShowTitle\">\r\n\t\t\t\t\t\t\t<div class=\"btShowTitleCaptionTxt\"><header class=\"header btClear small\" ><div class=\"btSuperTitle\"><span>FUNDACI\u00d3N CONTRA EL CANCER<\/span><\/div><div class=\"dash\"><h4><span class=\"headline\">CRIS<\/span><\/h4><\/div><\/header><\/div>\r\n\t\t\t\t\t\t<\/div><\/div><div class=\"btClear btSeparator topSemiSpaced bottomSmallSpaced noBorder\" ><hr><\/div><\/div><\/div><div class=\"rowItem col-md-4 col-ms-12 btTextLeft animate animate-fadein inherit\"  data-width=\"4\"><div class=\"rowItemContent\" ><div class=\"bpgPhoto  btHasTitles btHasComplexContent\" > \r\n\t\t\t\t\t<a href=\"http:\/\/mojateporlavida.org\/\" target=\"_self\" title=\"NADADORES OWS\"><\/a>\r\n\t\t\t\t\t<div class=\"boldPhotoBox\"><div class=\"bpbItem\"><div class = \"btImage\"><img src=\"https:\/\/mojateporlavida.org\/wp-content\/uploads\/2017\/01\/Ainhoa-y-Gines-los-puertos-640x640.jpg\" alt=\"\" title=\"NADADORES OWS\"><\/div><\/div><\/div>\r\n\t\t\t\t\t<div class=\"captionPane btDarkSkin btTextCenter\">\r\n\t\t\t\t\t\t<div class=\"captionTable\">\r\n\t\t\t\t\t\t\t<div class=\"captionCell\">\r\n\t\t\t\t\t\t\t\t<div class=\"captionTxt\"><header class=\"header btClear medium\" ><div class=\"btSuperTitle\"><span>OWS<\/span><\/div><div class=\"dash\"><h3><span class=\"headline\">NADADORES<\/span><\/h3><\/div><\/header><\/div>\r\n\t\t\t\t\t\t\t<\/div>\r\n\t\t\t\t\t\t<\/div>\r\n\t\t\t\t\t<\/div>\r\n\t\t\t\t\t\t<div class=\"btShowTitle\">\r\n\t\t\t\t\t\t\t<div class=\"btShowTitleCaptionTxt\"><header class=\"header btClear small\" ><div class=\"btSuperTitle\"><span>NUESTROS PROTAGONISTAS<\/span><\/div><div class=\"dash\"><h4><span class=\"headline\">NADADORES OWS<\/span><\/h4><\/div><\/header><\/div>\r\n\t\t\t\t\t\t<\/div><\/div><div class=\"btClear btSeparator topSemiSpaced bottomSmallSpaced noBorder\" ><hr><\/div><\/div><\/div><\/div><\/div><div class=\"boldRow \" ><div class=\"boldRowInner\"><div class=\"rowItem col-md-12 col-ms-12  btTextLeft animate animate-fadein inherit\"  data-width=\"12\"><div class=\"rowItemContent\" ><div class=\"bpgPhoto  btHasTitles btHasComplexContent\" > \r\n\t\t\t\t\t<a href=\"http:\/\/mojateporlavida.org\/about-us\/contact\/\" target=\"_self\" title=\"VOLUNTARIOS\"><\/a>\r\n\t\t\t\t\t<div class=\"boldPhotoBox\"><div class=\"bpbItem\"><div class = \"btImage\"><img src=\"https:\/\/mojateporlavida.org\/wp-content\/uploads\/2017\/01\/voluntarios-640x640.jpg\" alt=\"\" title=\"VOLUNTARIOS\"><\/div><\/div><\/div>\r\n\t\t\t\t\t<div class=\"captionPane btDarkSkin btTextCenter\">\r\n\t\t\t\t\t\t<div class=\"captionTable\">\r\n\t\t\t\t\t\t\t<div class=\"captionCell\">\r\n\t\t\t\t\t\t\t\t<div class=\"captionTxt\"><header class=\"header btClear medium\" ><div class=\"btSuperTitle\"><span>\u00bfQUIERES SER VOLUNTARIO?<\/span><\/div><div class=\"dash\"><h3><span class=\"headline\">VOLUNTARIOS<\/span><\/h3><\/div><div class=\"btSubTitle\">CONTACTA<\/div><\/header><\/div>\r\n\t\t\t\t\t\t\t<\/div>\r\n\t\t\t\t\t\t<\/div>\r\n\t\t\t\t\t<\/div>\r\n\t\t\t\t\t\t<div class=\"btShowTitle\">\r\n\t\t\t\t\t\t\t<div class=\"btShowTitleCaptionTxt\"><header class=\"header btClear small\" ><div class=\"btSuperTitle\"><span>\u00bfQUIERES SER VOLUNTARIO?<\/span><\/div><div class=\"dash\"><h4><span class=\"headline\">VOLUNTARIOS<\/span><\/h4><\/div><\/header><\/div>\r\n\t\t\t\t\t\t<\/div><\/div><div class=\"btClear btSeparator topSemiSpaced bottomSmallSpaced noBorder\" ><hr><\/div><\/div><\/div><\/div><\/div><\/div><\/div><\/div><\/section>","protected":false},"excerpt":{"rendered":"","protected":false},"author":1,"featured_media":0,"parent":0,"menu_order":0,"comment_status":"closed","ping_status":"closed","template":"","meta":[],"_links":{"self":[{"href":"https:\/\/mojateporlavida.org\/index.php?rest_route=\/wp\/v2\/pages\/3779"}],"collection":[{"href":"https:\/\/mojateporlavida.org\/index.php?rest_route=\/wp\/v2\/pages"}],"about":[{"href":"https:\/\/mojateporlavida.org\/index.php?rest_route=\/wp\/v2\/types\/page"}],"author":[{"embeddable":true,"href":"https:\/\/mojateporlavida.org\/index.php?rest_route=\/wp\/v2\/users\/1"}],"replies":[{"embeddable":true,"href":"https:\/\/mojateporlavida.org\/index.php?rest_route=%2Fwp%2Fv2%2Fcomments&post=3779"}],"version-history":[{"count":42,"href":"https:\/\/mojateporlavida.org\/index.php?rest_route=\/wp\/v2\/pages\/3779\/revisions"}],"predecessor-version":[{"id":6488,"href":"https:\/\/mojateporlavida.org\/index.php?rest_route=\/wp\/v2\/pages\/3779\/revisions\/6488"}],"wp:attachment":[{"href":"https:\/\/mojateporlavida.org\/index.php?rest_route=%2Fwp%2Fv2%2Fmedia&parent=3779"}],"curies":[{"name":"wp","href":"https:\/\/api.w.org\/{rel}","templated":true}]}}