{"id":2422,"date":"2016-11-16T14:23:11","date_gmt":"2016-11-16T13:23:11","guid":{"rendered":"http:\/\/kids-club.omnicom-dev.com\/main-demo\/?page_id=2422"},"modified":"2023-07-19T19:08:32","modified_gmt":"2023-07-19T17:08:32","slug":"ainhoaruiz","status":"publish","type":"page","link":"https:\/\/mojateporlavida.org\/?page_id=2422","title":{"rendered":"Ainhoa Ruiz De Larramendi Fern\u00e1ndez"},"content":{"rendered":"<section id=\"bt_section69ef7b1876eb1\" data-parallax=\"0\" data-parallax-offset=\"0\" class=\"boldSection topSpaced bottomSemiSpaced btDarkSkin gutter inherit btParallax wBackground cover btBackgroundOverlay btSolidDarkBackground\" style=\"background-image:url('https:\/\/mojateporlavida.org\/wp-content\/uploads\/2016\/11\/ainhoamar.jpg');\"><div class=\"port\"><div class=\"boldCell\"><div class=\"boldCellInner\"><div class=\"boldRow \" ><div class=\"boldRowInner\"><div class=\"rowItem col-md-3 col-sm-6 col-ms-12 btTextLeft animate animate-fadein animate-moveup btMiddleVertical\"  data-width=\"3\"><div class=\"rowItemContent\" ><div class=\"bpgPhoto  btRoundedImage\" ><div class = \"btImage\"><img src=\"https:\/\/mojateporlavida.org\/wp-content\/uploads\/2016\/11\/ainhoa.jpg\" alt=\"\" title=\"\"><\/div><\/div><div class=\"btClear btSeparator bottomSemiSpaced noBorder\" ><hr><\/div><\/div><\/div><div class=\"rowItem col-md-6 col-sm-12 btTextLeft animate animate-fadein animate-moveup btMiddleVertical\"  data-width=\"6\"><div class=\"rowItemContent\" ><header class=\"header btClear large  btHeaderAccent3\" ><div class=\"btSuperTitle\"><span>NADADORA<\/span><\/div><div class=\"dash\"><h2><span class=\"headline\">Ainhoa Ruiz De Larramendi<\/span><\/h2><\/div><\/header><div class=\"btText\" ><p>Una mujer con una capacidad de trabajo aplastante. Cuando se compromete con algo, no le pongas l\u00edmites, porque puede ser que te atropelle. Tiene un sentimiento de justicia y solidaridad tan fuerte como el amor por su familia. Sus hijos y su compa\u00f1ero le acompa\u00f1an en todas sus andanzas y este luce con orgullo y cari\u00f1o a su lado. La nataci\u00f3n es su v\u00eda de escape de la rutina y el estr\u00e9s del d\u00eda a d\u00eda. Es tan exigente consigo misma que sufre cuando no alcanza sus retos en nataci\u00f3n como ella imaginaba. Intr\u00e9pida en el mar, no le teme a las olas, pero s\u00ed al fr\u00edo, aunque su capacidad de sacrificio es asombrosa.<\/p>\n<\/div><div class=\"btIconImageRow\" style=\"padding: 1em 0;\"><span class=\"btIco btIcoFilledType btIcoSmallSize btAccent1Icon\"><a href=\"https:\/\/www.facebook.com\/ainhoa.ruizdelarramendi\"  target=\"no_target\" data-ico-fa=\"&#xf09a;\" class=\"btIcoHolder\"><\/a><\/span><span class=\"btIco btIcoFilledType btIcoSmallSize btAccent2Icon\"><a href=\"http:\/\/www.twitter.com\/ainhoardl\"  target=\"no_target\" data-ico-fa=\"&#xf099;\" class=\"btIcoHolder\"><\/a><\/span><span class=\"btIco btIcoFilledType btIcoSmallSize btAccent3Icon\"><a href=\"http:\/\/www.instagram.com\"  target=\"no_target\" data-ico-fa=\"&#xf16d;\" class=\"btIcoHolder\"><\/a><\/span><\/div><div class=\"btClear btSeparator bottomSemiSpaced noBorder\" ><hr><\/div><\/div><\/div><div class=\"rowItem col-md-3 col-sm-6 col-ms-12 btTextLeft animate animate-fadein animate-moveup btMiddleVertical btDoublePadding\"  data-width=\"3\"><div class=\"rowItemContent\" ><div class=\"btClear btSeparator bottomSemiSpaced noBorder\" ><hr><\/div><a href=\"mailto:ainhoa@mojateporlavida.org\" class=\"btBtn btBtn btnOutlineStyle btndefaultColor btnSmall btnFullWidth btnRightPosition btnIco\" ><span class=\"btnInnerText\">CONTACT<\/span><span class=\"btIco \"><span  data-ico-fa=\"&#xf003;\" class=\"btIcoHolder\"><\/span><\/span><\/a><div class=\"btClear btSeparator topSmallSpaced noBorder\" ><hr><\/div><a href=\"https:\/\/solidarios.criscancer.org\/fundraisers\/cabo-de-gata-swim-project-mojate-por-la-vida\" class=\"btBtn btBtn btnOutlineStyle btndefaultColor btnMedium btnFullWidth btnRightPosition btnIco\" ><span class=\"btnInnerText\">METROS AINHOA<\/span><span class=\"btIco \"><span  data-ico-fa=\"&#xf016;\" class=\"btIcoHolder\"><\/span><\/span><\/a><\/div><\/div><\/div><\/div><\/div><\/div><\/div><\/section><section id=\"bt_section69ef7b1877c88\"  class=\"boldSection topSpaced bottomSpaced gutter inherit\" ><div class=\"port\"><div class=\"boldCell\"><div class=\"boldCellInner\"><div class=\"boldRow \" ><div class=\"boldRowInner\"><div class=\"rowItem btRightBorder col-md-9 col-ms-12  btTextLeft animate animate-fadein btTopVertical\"  data-width=\"9\"><div class=\"rowItemContent\" ><header class=\"header btClear large  btHeaderAccent4\" ><div class=\"dash\"><h2><span class=\"headline\">BIOGRAF\u00cdA<\/span><\/h2><\/div><\/header><div class=\"btText\" ><p>En 8\u00ba de EGB a una de mis mejores amigas le diagnosticaron leucemia. Para m\u00ed fue un palo tremendo, no entend\u00eda como a una ni\u00f1a que quer\u00eda tanto le pod\u00eda estar ocurriendo eso. Es verdad que mis abuelos y mi abuela nos dejaron por esta maldita enfermedad. Pero mi amiga me marc\u00f3. Estuve a su lado durante un a\u00f1o dur\u00edsimo para ella, su familia y amigos. Gracias a su hermano que le hizo un trasplante de medula y a los grandes profesionales, Nerea venci\u00f3 esa lucha. Creo que ning\u00fan ni\u00f1o deber\u00eda morir siendo ni\u00f1o. Nerea me contaba lo mal que lo pasaba cada vez que un ni\u00f1o del hospital les dejaba. Es por esto que es tan importante la investigaci\u00f3n. Para detectar precozmente y poner tratamientos eficaces.<\/p>\n<p>A mi abuela materna le salvaron la vida hace 30 a\u00f1os gracias a una buena detecci\u00f3n y a un\u00a0 tratamiento experimental. Por eso hay que invertir en investigaci\u00f3n, para salvar vidas.<\/p>\n<p>Cuando estuvimos buscando a qui\u00e9n se iba ayudar, y vimos esta posibilidad me dio un vuelco el coraz\u00f3n. La primera persona que me vino a la mente fue Nerea, y todos esos ni\u00f1os y ni\u00f1as que ve\u00eda en el hospital de Pamplona cada vez que iba a verla. Pens\u00e9 en las familias, en los profesionales que muchas veces son payasos, amigos, cantantes,\u2026 Decimos elegir esta fundaci\u00f3n porque est\u00e1 muy extendida por toda Espa\u00f1a: C\u00f3rdoba, Madrid, Albacete, M\u00e1laga\u2026 Y al ser 10 nadadores de varios puntos de la pen\u00ednsula (Navarra, Almer\u00eda, Madrid, C\u00f3rdoba y\u00a0 Albacete ), era un proyecto que nos englobaba a todos.<\/p>\n<p>Para mi nadar es una liberaci\u00f3n, es superaci\u00f3n, es valores, es compromiso, es motivaci\u00f3n&#8230; Todo lo que das al deporte luego se reporta en la sociedad, y en tu familia. Una de las cosas de las que m\u00e1s orgullosa es de estar en este proyecto es el ejemplo que estoy dando a mis hijos. Muchas veces me dicen\u2026 \u201cMam\u00e1 y tu nadas para ayudar a los ni\u00f1os contra el c\u00e1ncer\u201d. Para ellos lo m\u00e1s importante no es si gano o no. Lo m\u00e1s importante para ellos es ver c\u00f3mo a trav\u00e9s de todo esto se puede ayudar a que ni\u00f1os como ellos sean felices. Me preguntan \u00bfQu\u00e9 es el c\u00e1ncer? \u00bfY se mueren los ni\u00f1os? Aunque sea duro para ellos les cuento la realidad porque as\u00ed podr\u00e1n sentir empat\u00eda por quien lo sufre. Aprender a incluir los valores del deporte en la sociedad es importante que lo aprendan mis hijos, para ser buenas personas. Esos valores que parecen que est\u00e1n tan perdidos en la sociedad, pues te sorprendes, porque los voluntarios y monitores se han volcado con \u00a0el <a href=\"http:\/\/cdturaniana.blogspot.com.es\/\">Club TurAniAnA<\/a> para \u00a0poder llevar a cabo este \u201cM\u00f3jate por la vida 12+1\u201d y nuestro gran reto para el verano \u00abCabo de Gata swim-Project\u00bb<\/p>\n<p>S\u00e9 que mi padre estar\u00e1 muy orgulloso de todo esto que estamos haciendo, para \u00e9l la investigaci\u00f3n no lleg\u00f3 a tiempo, pero ya se encarg\u00f3 en vida, de demostrarme lo que es la solidaridad, el sacrificio, la amistad y la justicia.<\/p>\n<p><img decoding=\"async\" loading=\"lazy\" class=\"aligncenter size-full wp-image-4713\" src=\"http:\/\/mojateporlavida.org\/wp-content\/uploads\/2016\/11\/alfredo-padre.jpg\" alt=\"\" width=\"448\" height=\"328\" srcset=\"https:\/\/mojateporlavida.org\/wp-content\/uploads\/2016\/11\/alfredo-padre.jpg 448w, https:\/\/mojateporlavida.org\/wp-content\/uploads\/2016\/11\/alfredo-padre-320x234.jpg 320w\" sizes=\"(max-width: 448px) 100vw, 448px\" \/><\/p>\n<p style=\"text-align: center;\"><cite>Por todo esto y m\u00e1s, yo \u00ab<span style=\"color: #00ccff;\">me mojo<\/span>\u00ab<\/cite><\/p>\n<\/div><div class=\"btClear btSeparator topSmallSpaced bottomSmallSpaced noBorder\" ><hr><\/div><div class=\"bpgPhoto  btHasTitles\" ><div class = \"btImage\"><img src=\"https:\/\/mojateporlavida.org\/wp-content\/uploads\/2017\/03\/Captura-de-pantalla-2017-03-21-a-las-16.09.18.png\" alt=\"\" title=\"#memojoconainhoa\"><\/div><\/div><div class=\"btClear btSeparator topSemiSpaced noBorder\" ><hr><\/div><div class=\"bpgPhoto  btHasTitles\" ><div class = \"btImage\"><img src=\"https:\/\/mojateporlavida.org\/wp-content\/uploads\/2017\/12\/hermanassantander.jpg\" alt=\"\" title=\"Traves\u00eda en Santander\"><\/div><\/div><div class=\"btClear btSeparator topSemiSpaced noBorder\" ><hr><\/div><\/div><\/div><div class=\"rowItem col-md-3 col-sm-6 col-ms-12 btTextLeft animate animate-fadein btTopVertical\"  data-width=\"3\"><div class=\"rowItemContent\" ><div class=\"btClear btSeparator topSemiSpaced noBorder\" ><hr><\/div><header class=\"header btClear medium  btHeaderAccent1\" ><div class=\"dash\"><h3><span class=\"headline\">AFICIONES<\/span><\/h3><\/div><\/header><div class=\"btClear btSeparator topSemiSpaced noBorder\" ><hr><\/div><div class=\"servicesItem  btServicesAccent3 btIcoBigSizeIcon \"><div class=\"sIcon\"><span class=\"btIco btIcoBigSize btIcoDefaultType btAccent3Icon\"><span  data-ico-od=\"&#xe9d4;\" class=\"btIcoHolder\"><\/span><\/span><\/div><div class=\"sTxt\"><header class=\"header btClear small\" ><div class=\"dash\"><h4><span class=\"headline\">CAMPAMENTOS<\/span><\/h4><\/div><div class=\"btSubTitle\">Monitora en diversos campamentos de verano <\/div><\/header><\/div><\/div><div class=\"btClear btSeparator topSmallSpaced noBorder\" ><hr><\/div><div class=\"servicesItem  btServicesAccent4 btIcoBigSizeIcon \"><div class=\"sIcon\"><span class=\"btIco btIcoBigSize btIcoDefaultType btAccent4Icon\"><span  data-ico-fa=\"&#xf001;\" class=\"btIcoHolder\"><\/span><\/span><\/div><div class=\"sTxt\"><header class=\"header btClear small\" ><div class=\"dash\"><h4><span class=\"headline\">M\u00daSICA<\/span><\/h4><\/div><div class=\"btSubTitle\">TROMPA Y CLARINETE EN LA BANDA DE ESTELLA-LIZARRA<\/div><\/header><\/div><\/div><div class=\"bpgPhoto \" ><div class = \"btImage\"><img src=\"https:\/\/mojateporlavida.org\/wp-content\/uploads\/2017\/03\/Captura-de-pantalla-2017-03-21-a-las-16.07.54.png\" alt=\"\" title=\"\"><\/div><\/div><div class=\"btClear btSeparator topSmallSpaced noBorder\" ><hr><\/div><div class=\"bpgPhoto \" ><div class = \"btImage\"><img src=\"https:\/\/mojateporlavida.org\/wp-content\/uploads\/2016\/11\/Ainhoa-Clarinete.png\" alt=\"\" title=\"\"><\/div><\/div><div class=\"btClear btSeparator topSmallSpaced noBorder\" ><hr><\/div><div class=\"servicesItem  btServicesAccent2 btIcoBigSizeIcon \"><div class=\"sIcon\"><span class=\"btIco btIcoBigSize btIcoDefaultType btAccent2Icon\"><span  data-ico-od=\"&#xe9e4;\" class=\"btIcoHolder\"><\/span><\/span><\/div><div class=\"sTxt\"><header class=\"header btClear small\" ><div class=\"dash\"><h4><span class=\"headline\">AMANTE DE LA NATURALEZA<\/span><\/h4><\/div><div class=\"btSubTitle\">La Monta\u00f1a y la bici en familia son otras de sus pasiones<\/div><\/header><\/div><\/div><div class=\"btClear btSeparator topSemiSpaced noBorder\" ><hr><\/div><\/div><\/div><\/div><\/div><\/div><\/div><\/div><\/section><section id=\"bt_section69ef7b1878de6\"  class=\"boldSection gutter\" ><div class=\"port\"><div class=\"boldCell\"><div class=\"boldCellInner\"><div class=\"boldRow \" ><div class=\"boldRowInner\"><div class=\"rowItem col-md-12 col-ms-12  btTextLeft\"  data-width=\"12\"><div class=\"rowItemContent\" ><div class=\"btTabs tabsHorizontal\"><ul class=\"tabsHeader\"><li><span>FORMACI\u00d3N<\/span><\/li><li><span>CC DEPORTIVO<\/span><\/li><li><span>TRABAJO<\/span><\/li><\/ul><div class=\"tabPanes tabPanesTabs\"><div class=\"tabPane\">\n\t\t\t<div class=\"tabAccordionContent\"><div class=\"btText\" ><ul>\n<li>Maestra Especialista en Educaci\u00f3n F\u00edsica por la Universidad de Segovia.<\/li>\n<li>Experto Universitario en Educaci\u00f3n Infantil UNED.<\/li>\n<li>M\u00e1ster en Gesti\u00f3n y Direcci\u00f3n de Instalaciones Deportivas por la Universidad de Granada.<\/li>\n<li>Monitora de Ocio y Tiempo Libre.<\/li>\n<li>Entrenadora Auxiliar de Nataci\u00f3n. Rfen.<\/li>\n<li>Entrenadora Auxiliar de Waterpolo. Rfen.<\/li>\n<li>Socorrismo Acu\u00e1tico.<\/li>\n<li>Nivel Avanzado de franc\u00e9s B2 Franc\u00e9s EOI Almer\u00eda.<\/li>\n<li>Nivel Avanzado de franc\u00e9s DELF B2 Institut Fran\u00e7ais de Madrid.<\/li>\n<li>Grado Elemental de m\u00fasica con la especialidad de clarinete.<\/li>\n<\/ul>\n<\/div><\/div>\n\t\t<\/div><div class=\"tabPane\">\n\t\t\t<div class=\"tabAccordionContent\"><div class=\"btText\" ><h3>Pruebas Realizadas en Piscina:<\/h3>\n<h3>Temporada 2016\/17:<\/h3>\n<ul>\n<li>XII CAMPEONATO DE ANDALUC\u00cdA M\u00c1STER INVIERNO 16-18\/12\/2014\n<ul>\n<li>4\u00aa en 800 metros libres.<\/li>\n<li>2\u00aa en 400 metros libres.<\/li>\n<li>3\u00aa en 200 metros libres.<\/li>\n<li>2\u00aa en 100 metros libres.<\/li>\n<li>4\u00aa en 50 metros espalda.<\/li>\n<li>9\u00ba 4&#215;50 Estilos +160.<\/li>\n<li>5\u00ba 4&#215;50 Libres +160.<\/li>\n<\/ul>\n<\/li>\n<li>FAN 12-11-2016\u00a0DOS HERMANAS- Sevilla. Fase del Circuito Andaluc\u00eda.\n<ul>\n<li>2\u00aa en 50 metros libres.<\/li>\n<li>2\u00aa en 400 metros libres.<\/li>\n<li>2\u00aa en 50 metros libres.<\/li>\n<\/ul>\n<\/li>\n<li>FAN 22-10-2016\u00a0AIRA SPORT- C\u00f3rdoba. Fase del Circuito Andaluc\u00eda.\n<ul>\n<li>1\u00aa en 800 metros libres.<\/li>\n<li>3\u00aa en 50 metros mariposa.<\/li>\n<li>2\u00aa en 100 metros libres.<\/li>\n<\/ul>\n<\/li>\n<\/ul>\n<h2>Pruebas \/ Traves\u00edas Realizadas en Mar Abierto:<\/h2>\n<h3>Temporada 2015\/16:<\/h3>\n<ul>\n<li>Traves\u00eda 3,5 km III Timoncap \u2013 Cabo Palos \u2013 Cartagena &#8211; Murcia. Tiempo 1:11 horas sin neopreno. Fecha 09\/10\/2016. Puesto 119\u00aa de la general y 7\u00aa en mi categor\u00eda.<\/li>\n<li>Traves\u00eda 8 Km I Los Puert8s \u2013 Roquetas de Mar \u2013 Aguadulce &#8211; Almer\u00eda. Tiempo 2:36 horas sin neopreno. Fecha 04\/09\/2016. Puesto 42\u00aa de la general y 3\u00aa en mi categor\u00eda.<\/li>\n<li>Traves\u00eda 3 Km 19\u00aa Traves\u00eda A Nado La Isla \u2013 San Sebasti\u00e1n \u2013 Pa\u00eds Vasco \u2013 Tiempo 50:03 minutos sin neopreno. Fecha 28\/08\/2016. Puesto 144\u00aa de la general y 9\u00aa en mi categor\u00eda.<\/li>\n<li>Traves\u00eda 3 Km I Itzurun Arrampla \u2013 Zumaia \u2013 Pa\u00eds Vasco \u2013 Tiempo 38:27 minutos sin neopreno. Fecha 20\/08\/2016. Puesto 90\u00aa de la general y 3\u00aa en mi categor\u00eda.<\/li>\n<li>Traves\u00eda 3 Km 48 \u00aa Traves\u00eda A Nado Paseo Nuevo \u2013 San Sebasti\u00e1n \u2013 Pa\u00eds Vasco \u2013 Tiempo 48:31 minutos sin neopreno. Fecha 15\/08\/2016. Puesto 180\u00aa de la general y 7\u00aa en mi categor\u00eda.<\/li>\n<li>Traves\u00eda 2,6 Km XIII Txingudi\u00a0 \u2013 San Sebasti\u00e1n \u2013 Pa\u00eds Vasco \u2013 Tiempo 47:13 minutos sin neopreno. Fecha 06\/08\/2016. Puesto 130\u00aa de la general y 10\u00aa en mi categor\u00eda.<\/li>\n<li>Traves\u00eda 2,8 Km XLVI Traves\u00eda Getaria-Zarautz \u2013 San Sebasti\u00e1n \u2013 Pa\u00eds Vasco \u2013 Tiempo 49:42 minutos sin neopreno. Fecha 31\/07\/2016. Puesto 597\u00aa de la general y 189\u00aa en mi categor\u00eda.<\/li>\n<li>Traves\u00eda 5 km Almerimar \u2013 El Ejido \u2013 Almer\u00eda. Tiempo: 1:25 horas sin neopreno. Fecha: 10\/07\/2016. Puesto 25\u00aa general y 2\u00aa de mi categor\u00eda.<\/li>\n<li>Traves\u00eda Campeonato de Andaluc\u00eda M\u00e1ster de Aguas Abiertas 3 Km \u2013 Sevilla \u2013 Andaluc\u00eda \u2013 Tiempo 54:02 minutos sin neopreno. Fecha 11\/06\/2016. Puesto 3\u00aa en mi categor\u00eda.<\/li>\n<li>Traves\u00eda 6 km Cabo Palos \u2013 Playa Levante \u2013 Murcia. Tiempo: 1:37 horas con neopreno. Fecha: 05\/06\/2016. Puesto 2\u00aa general y 8\u00ba Categor\u00eda.<\/li>\n<li>Traves\u00eda 5,5 Km Mediterranean Coast Challenge \u2013 Altea \u2013 Murcia. Tiempo: 1:52 horas con neopreno. Fecha: 15\/05\/2016. Puesto 85\u00aa general y 8\u00aa de mi categor\u00eda.<\/li>\n<li>Traves\u00eda 10 km Isla Grosa \u2013 Murcia. Tiempo: 2:39 horas con neopreno. Fecha: 22\/05\/2016. Puesto 19\u00ba general y 15\u00ba Categor\u00eda.<\/li>\n<li>\n<h2>Pruebas Realizadas en Piscina:<\/h2>\n<h3>Temporada 2015\/16:<\/h3>\n<\/li>\n<li>XII CAMPEONATO DE ANDALUC\u00cdA M\u00c1STER VERANO 26\/06\/2015\n<ul>\n<li>2\u00aa en 1500 metros libres.<\/li>\n<li>1\u00aa en 400 metros libres.<\/li>\n<li>3\u00aa en 100 metros espalda.<\/li>\n<li>1\u00aa en 200 metros libres.<\/li>\n<li>4\u00aa en 50 metros espalda.<\/li>\n<\/ul>\n<\/li>\n<\/ul>\n<ul>\n<li>JJDDMM Campeonato Juegos Deportivos Municipales con el CDNW. Roquetas de Mar.\u00a0 30-04-2016 Almer\u00eda. Pruebas disputadas:\n<ul>\n<li>1\u00aa en 200 metros estilos.<\/li>\n<li>2\u00aa en 100 metros mariposa.<\/li>\n<li>1\u00aa en 100 metros espalda<\/li>\n<\/ul>\n<\/li>\n<li>FAN 12-03-2016\u00a0INACUA- M\u00e1laga. Fase del Circuito Andaluc\u00eda.<\/li>\n<li>3\u00aa en 100 metros espalda.<\/li>\n<li>5\u00aa en 800 metros libres.<br \/>\n<h2>Pruebas \/ Traves\u00edas Realizadas en Mar Abierto:<\/h2>\n<h3>Temporada 2012\/13:<\/h3>\n<\/li>\n<li>Traves\u00eda 2,8 Km XLII Traves\u00eda Getaria-Zarautz \u2013 San Sebasti\u00e1n \u2013 Pa\u00eds Vasco \u2013 Tiempo 1:07 horas sin neopreno. Fecha 29\/07\/2012. Puesto 1057\u00aa de la general masculina y 133\u00aa en la categor\u00eda masculina .<\/li>\n<li>Traves\u00eda 1,5 km Almerimar &#8211; Almer\u00eda &#8211;\u00a0 Tiempo: 33 minutos. sin neopreno. Fecha: 14\/07\/2013. Puesto 3\u00aa en mi categor\u00eda.<\/li>\n<\/ul>\n<\/div><\/div>\n\t\t<\/div><div class=\"tabPane\">\n\t\t\t<div class=\"tabAccordionContent\"><div class=\"btText\" ><p>En la Actualidad Ainhoa Trabaja de maestra en el \u00c1ula Temporal de Adaptaci\u00f3n Lig\u00fc\u00edstica en la zona del Poniente Almeri\u00e9nse. En los Colegios CEIP Almerimar y CEIP Miguel Servet (Balerma) y en el IES Mar Azul (Balerma) e IES Murgi (El Ejido)<\/p>\n<p>Ha trabajado en el CEIP Almad\u00e9n de Ja\u00e9n y en el CEIP Reyes Cat\u00f3licos de C\u00e1diz.<\/p>\n<p>Tambi\u00e9n ha trabajado durante 10 a\u00f1os de Monitora de nataci\u00f3n y de diversas especialidades en el CDU Juan Gonz\u00e1lez Fern\u00e1ndez de El Parador Roquetas de Mar.<\/p>\n<p>Amplia experiencia como monitora y entrenadora en varios Campus y Campamentos de Verano. (Baloncesto, Ocio y naturaleza, nataci\u00f3n, etc.)<\/p>\n<p>Variada experiencia de Voluntaria de diversas asociaciones en Navarra y Roquetas de Mar.<\/p>\n<\/div><\/div>\n\t\t<\/div><\/div><\/div><\/div><\/div><\/div><\/div><\/div><\/div><\/div><\/section><section id=\"bt_section69ef7b1879b22\"  class=\"boldSection gutter\" ><div class=\"port\"><div class=\"boldCell\"><div class=\"boldCellInner\"><div class=\"boldRow \" ><div class=\"boldRowInner\"><div class=\"rowItem col-md-12 col-ms-12  btTextLeft\"  data-width=\"12\"><div class=\"rowItemContent\" ><div class=\"btClear btSeparator topSmallSpaced bottomSmallSpaced noBorder\" ><hr><\/div><\/div><\/div><\/div><\/div><\/div><\/div><\/div><\/section><section id=\"bt_section69ef7b1879d37\"  class=\"boldSection gutter\" ><div class=\"port\"><div class=\"boldCell\"><div class=\"boldCellInner\"><div class=\"boldRow \" ><div class=\"boldRowInner\"><div class=\"rowItem col-md-8 col-ms-12 btTextLeft\"  data-width=\"8\"><div class=\"rowItemContent\" ><div class=\"btTabs tabsHorizontal\"><ul class=\"tabsHeader\"><li><span>Metros para Ainhoa<\/span><\/li><\/ul><div class=\"tabPanes tabPanesTabs\"><div class=\"tabPane\">\n\t\t\t<div class=\"tabAccordionContent\"><div class=\"btText\" ><p>Cada nadador y nadadora recorrer\u00e1 un m\u00ednimo de 60 km en su recorrido a nado por la costa de Cabo de Gata-N\u00edjar en agosto. Como el objetivo principal del reto deportivo, es recaudar fondos para la Unidad Cris del Hospital de la Paz, han decidido que todo el que quiera apoyarles personalmente en su reto, puede colaborar con 1\u20ac cada 10 metros. Esta es una forma de demostrarles, que todos nos mojamos por su causa, y que aunque sean ellas las que est\u00e1n en el agua, todos nos salpicamos de solidaridad. M\u00e1ndale mensajes de apoyo en las redes sociales, con el <span style=\"color: #00ccff;\">#<\/span>mojateporlavida y <span style=\"color: #00ccff;\">#<span style=\"color: #000000;\">memojoconainhoa<\/span><\/span><\/p>\n<p>Busca a tu nadadora y ap\u00f3yale con metros solidarios.<\/p>\n<\/div><\/div>\n\t\t<\/div><\/div><\/div><div class=\"btClear btSeparator topSpaced bottomSpaced noBorder\" ><hr><\/div><\/div><\/div><div class=\"rowItem col-md-4 col-ms-12 btTextLeft\"  data-width=\"4\"><div class=\"rowItemContent\" ><div class=\"bpgPhoto  btHasTitles\" > \r\n\t\t\t\t\t<a href=\"https:\/\/solidarios.criscancer.org\/fundraisers\/cabo-de-gata-swim-project-mojate-por-la-vida\" target=\"_self\" title=\"Ayuda a Ainhoa\"><\/a>\r\n\t\t\t\t\t<div class=\"boldPhotoBox\"><div class=\"bpbItem\"><div class = \"btImage\"><img src=\"https:\/\/mojateporlavida.org\/wp-content\/uploads\/2017\/03\/metros-ainhoa.png\" alt=\"\" title=\"Ayuda a Ainhoa\"><\/div><\/div><\/div>\r\n\t\t\t\t\t<div class=\"captionPane btDarkSkin btTextCenter\">\r\n\t\t\t\t\t\t<div class=\"captionTable\">\r\n\t\t\t\t\t\t\t<div class=\"captionCell\">\r\n\t\t\t\t\t\t\t\t<div class=\"captionTxt\"><header class=\"header btClear extrasmall\" ><div class=\"btSuperTitle\"><span>metros solidarios<\/span><\/div><div class=\"dash\"><h4><span class=\"headline\">Ayuda a Ainhoa<\/span><\/h4><\/div><\/header><\/div>\r\n\t\t\t\t\t\t\t<\/div>\r\n\t\t\t\t\t\t<\/div>\r\n\t\t\t\t\t<\/div>\r\n\t\t\t\t\t\t<div class=\"btShowTitle\">\r\n\t\t\t\t\t\t\t<div class=\"btShowTitleCaptionTxt\"><header class=\"header btClear small\" ><div class=\"btSuperTitle\"><span>metros solidarios<\/span><\/div><div class=\"dash\"><h4><span class=\"headline\">Ayuda a Ainhoa<\/span><\/h4><\/div><\/header><\/div>\r\n\t\t\t\t\t\t<\/div><\/div><div class=\"btClear btSeparator topSmallSpaced bottomSmallSpaced noBorder\" ><hr><\/div><div class=\"btText\" ><p>Metros solidarios conseguidos por Ainhoa<\/p>\n<\/div><div class=\"btCounterHolder  btCounterLargeSize\"><span class=\"btCounter animate\" data-digit-length=\"5\"><span class=\"onedigit p5 d5\" data-digit=\"5\"><span class=\"n0\">0<\/span><span class=\"n1\">1<\/span><span class=\"n2\">2<\/span><span class=\"n3\">3<\/span><span class=\"n4\">4<\/span><span class=\"n5\">5<\/span><span class=\"n6\">6<\/span><span class=\"n7\">7<\/span><span class=\"n8\">8<\/span><span class=\"n9\">9<\/span><span class=\"n0\">0<\/span><\/span><span class=\"onedigit p4 d3\" data-digit=\"3\"><span class=\"n0\">0<\/span><span class=\"n1\">1<\/span><span class=\"n2\">2<\/span><span class=\"n3\">3<\/span><span class=\"n4\">4<\/span><span class=\"n5\">5<\/span><span class=\"n6\">6<\/span><span class=\"n7\">7<\/span><span class=\"n8\">8<\/span><span class=\"n9\">9<\/span><span class=\"n0\">0<\/span><\/span><span class=\"onedigit p3 d0\" data-digit=\"0\"><span class=\"n0\">0<\/span><span class=\"n1\">1<\/span><span class=\"n2\">2<\/span><span class=\"n3\">3<\/span><span class=\"n4\">4<\/span><span class=\"n5\">5<\/span><span class=\"n6\">6<\/span><span class=\"n7\">7<\/span><span class=\"n8\">8<\/span><span class=\"n9\">9<\/span><span class=\"n0\">0<\/span><\/span><span class=\"onedigit p2 d3\" data-digit=\"3\"><span class=\"n0\">0<\/span><span class=\"n1\">1<\/span><span class=\"n2\">2<\/span><span class=\"n3\">3<\/span><span class=\"n4\">4<\/span><span class=\"n5\">5<\/span><span class=\"n6\">6<\/span><span class=\"n7\">7<\/span><span class=\"n8\">8<\/span><span class=\"n9\">9<\/span><span class=\"n0\">0<\/span><\/span><span class=\"onedigit p1 d0\" data-digit=\"0\"><span class=\"n0\">0<\/span><span class=\"n1\">1<\/span><span class=\"n2\">2<\/span><span class=\"n3\">3<\/span><span class=\"n4\">4<\/span><span class=\"n5\">5<\/span><span class=\"n6\">6<\/span><span class=\"n7\">7<\/span><span class=\"n8\">8<\/span><span class=\"n9\">9<\/span><span class=\"n0\">0<\/span><\/span><\/span><\/div><div class=\"btText\" ><p><strong><cite>5303 \u20ac<\/cite><\/strong><\/p>\n<\/div><\/div><\/div><\/div><\/div><div class=\"boldRow \" ><div class=\"boldRowInner\"><div class=\"rowItem col-md-12 col-ms-12  btTextLeft\"  data-width=\"12\"><div class=\"rowItemContent\" ><header class=\"header btClear medium\" ><div class=\"dash\"><h3><span class=\"headline\">#yomemojoconAinhoa<\/span><\/h3><\/div><div class=\"btSubTitle\">Lista de v\u00eddeos en Apoyo a Ainhoa<\/div><\/header><div class=\"btText\" ><p><iframe loading=\"lazy\" src=\"https:\/\/www.youtube.com\/embed\/videoseries?list=PLRbGn0VLYydt5ZTlEYu5gWX20ZtL44IGA\" width=\"560\" height=\"315\" frameborder=\"0\" allowfullscreen=\"allowfullscreen\"><\/iframe><\/p>\n<\/div><\/div><\/div><\/div><\/div><div class=\"boldRow \" ><div class=\"boldRowInner\"><div class=\"rowItem col-md-12 col-ms-12  btTextLeft animate animate-fadein inherit\"  data-width=\"12\"><div class=\"rowItemContent\" ><header class=\"header btClear large  btHeaderAccent3\" ><div class=\"dash\"><h2><span class=\"headline\">Noticias en las que aparece Ainhoa<\/span><\/h2><\/div><\/header><div class=\"btClear btSeparator bottomSmallSpaced noBorder\" ><hr><\/div><div class=\"btLatestPostsContainer verticalPosts \" >\n\t\t\t\t<div class=\"btSingleLatestPost col-sm-12 col-ms-12  inherit\"><div class=\"btSingleLatestPostImage btTextCenter\"><div class=\"bpgPhoto \" > \r\n\t\t\t\t\t<a href=\"https:\/\/mojateporlavida.org\/?p=6709\" target=\"_self\" title=\"\"><\/a>\r\n\t\t\t\t\t<div class=\"boldPhotoBox\"><div class=\"bpbItem\"><div class = \"btImage\"><img src=\"https:\/\/mojateporlavida.org\/wp-content\/uploads\/2017\/12\/CGalamojatepatricia1-320x240.jpg\" alt=\"\" title=\"\"><\/div><\/div><\/div>\r\n\t\t\t\t\t<div class=\"captionPane btDarkSkin btTextCenter\">\r\n\t\t\t\t\t\t<div class=\"captionTable\">\r\n\t\t\t\t\t\t\t<div class=\"captionCell\">\r\n\t\t\t\t\t\t\t\t<div class=\"captionTxt\"><\/div>\r\n\t\t\t\t\t\t\t<\/div>\r\n\t\t\t\t\t\t<\/div>\r\n\t\t\t\t\t<\/div><\/div><\/div><div class = \"btSingleLatestPostContent\">\n\t\t\t\t\t\t<header class=\"header btClear small\" ><div class=\"dash\"><h4><span class=\"headline\"><a href=\"https:\/\/mojateporlavida.org\/?p=6709\" target=\"_self\">Premio inicativa solidaria 2018<\/a><\/span><\/h4><\/div><div class=\"btSubTitle\"><span class=\"btArticleDate\">2 febrero, 2019<\/span><a href=\"https:\/\/mojateporlavida.org\/?author=1\" class=\"btArticleAuthor\">by A70siete-<\/a><\/div><\/header>\n\t\t\t\t<p class=\"btLatestPostContent\">&nbsp; \ud83c\udfca\u200d\u2640\ufe0f\ud83c\udfca\u200d\u2642\ufe0fEste reconocimiento se lo dedicamos a todas y cada una de las personas que se han mojado con nosotros y que nos han apoyado en esta locura: GRACIAS!!! #TodosSomosCris [&hellip;]<\/p>\n\t\t\t\t\t<\/div>\n\t\t\t\t<\/div>\n\t\t\t\t<div class=\"btSingleLatestPost col-sm-12 col-ms-12  inherit\"><div class=\"btSingleLatestPostImage btTextCenter\"><div class=\"bpgPhoto \" > \r\n\t\t\t\t\t<a href=\"https:\/\/mojateporlavida.org\/?p=6491\" target=\"_self\" title=\"\"><\/a>\r\n\t\t\t\t\t<div class=\"boldPhotoBox\"><div class=\"bpbItem\"><div class = \"btImage\"><img src=\"https:\/\/mojateporlavida.org\/wp-content\/uploads\/2018\/07\/La-Paz-planta-8-web2-320x240.jpg\" alt=\"\" title=\"\"><\/div><\/div><\/div>\r\n\t\t\t\t\t<div class=\"captionPane btDarkSkin btTextCenter\">\r\n\t\t\t\t\t\t<div class=\"captionTable\">\r\n\t\t\t\t\t\t\t<div class=\"captionCell\">\r\n\t\t\t\t\t\t\t\t<div class=\"captionTxt\"><\/div>\r\n\t\t\t\t\t\t\t<\/div>\r\n\t\t\t\t\t\t<\/div>\r\n\t\t\t\t\t<\/div><\/div><\/div><div class = \"btSingleLatestPostContent\">\n\t\t\t\t\t\t<header class=\"header btClear small\" ><div class=\"dash\"><h4><span class=\"headline\"><a href=\"https:\/\/mojateporlavida.org\/?p=6491\" target=\"_self\">Inauguraci\u00f3n de la Unidad Cris en el Hospital de La Paz<\/a><\/span><\/h4><\/div><div class=\"btSubTitle\"><span class=\"btArticleDate\">20 julio, 2018<\/span><a href=\"https:\/\/mojateporlavida.org\/?author=1\" class=\"btArticleAuthor\">by A70siete-<\/a><\/div><\/header>\n\t\t\t\t<p class=\"btLatestPostContent\">Se cumple un sue\u00f1o, la inauguraci\u00f3n de la Unidad Cris en la Planta 8 del Hospital de la Paz de Madrid.<\/p>\n\t\t\t\t\t<\/div>\n\t\t\t\t<\/div>\n\t\t\t\t<div class=\"btSingleLatestPost col-sm-12 col-ms-12  inherit\"><div class=\"btSingleLatestPostImage btTextCenter\"><div class=\"bpgPhoto \" > \r\n\t\t\t\t\t<a href=\"https:\/\/mojateporlavida.org\/?p=6685\" target=\"_self\" title=\"\"><\/a>\r\n\t\t\t\t\t<div class=\"boldPhotoBox\"><div class=\"bpbItem\"><div class = \"btImage\"><img src=\"https:\/\/mojateporlavida.org\/wp-content\/uploads\/2018\/05\/cartel-presentacion-toledo-320x240.jpg\" alt=\"\" title=\"\"><\/div><\/div><\/div>\r\n\t\t\t\t\t<div class=\"captionPane btDarkSkin btTextCenter\">\r\n\t\t\t\t\t\t<div class=\"captionTable\">\r\n\t\t\t\t\t\t\t<div class=\"captionCell\">\r\n\t\t\t\t\t\t\t\t<div class=\"captionTxt\"><\/div>\r\n\t\t\t\t\t\t\t<\/div>\r\n\t\t\t\t\t\t<\/div>\r\n\t\t\t\t\t<\/div><\/div><\/div><div class = \"btSingleLatestPostContent\">\n\t\t\t\t\t\t<header class=\"header btClear small\" ><div class=\"dash\"><h4><span class=\"headline\"><a href=\"https:\/\/mojateporlavida.org\/?p=6685\" target=\"_self\">La \u00abLuz Azul\u00bb inunda  Toledo.<\/a><\/span><\/h4><\/div><div class=\"btSubTitle\"><span class=\"btArticleDate\">30 abril, 2018<\/span><a href=\"https:\/\/mojateporlavida.org\/?author=1\" class=\"btArticleAuthor\">by A70siete-<\/a><\/div><\/header>\n\t\t\t\t<p class=\"btLatestPostContent\">El Documental \u00abLuz Azul, un mar de vida\u00bb se presenta en la Universidad de Toledo<\/p>\n\t\t\t\t\t<\/div>\n\t\t\t\t<\/div>\n\t\t\t\t<div class=\"btSingleLatestPost col-sm-12 col-ms-12  inherit\"><div class=\"btSingleLatestPostImage btTextCenter\"><div class=\"bpgPhoto \" > \r\n\t\t\t\t\t<a href=\"https:\/\/mojateporlavida.org\/?p=6817\" target=\"_self\" title=\"\"><\/a>\r\n\t\t\t\t\t<div class=\"boldPhotoBox\"><div class=\"bpbItem\"><div class = \"btImage\"><img src=\"https:\/\/mojateporlavida.org\/wp-content\/uploads\/2019\/03\/Romanilla.png\" alt=\"\" title=\"\"><\/div><\/div><\/div>\r\n\t\t\t\t\t<div class=\"captionPane btDarkSkin btTextCenter\">\r\n\t\t\t\t\t\t<div class=\"captionTable\">\r\n\t\t\t\t\t\t\t<div class=\"captionCell\">\r\n\t\t\t\t\t\t\t\t<div class=\"captionTxt\"><\/div>\r\n\t\t\t\t\t\t\t<\/div>\r\n\t\t\t\t\t\t<\/div>\r\n\t\t\t\t\t<\/div><\/div><\/div><div class = \"btSingleLatestPostContent\">\n\t\t\t\t\t\t<header class=\"header btClear small\" ><div class=\"dash\"><h4><span class=\"headline\"><a href=\"https:\/\/mojateporlavida.org\/?p=6817\" target=\"_self\">Luz Azul  en el CEIP La Romanilla de Roquetas de Mar<\/a><\/span><\/h4><\/div><div class=\"btSubTitle\"><span class=\"btArticleDate\">30 abril, 2018<\/span><a href=\"https:\/\/mojateporlavida.org\/?author=1\" class=\"btArticleAuthor\">by A70siete-<\/a><\/div><\/header>\n\t\t\t\t<p class=\"btLatestPostContent\">Presentaci\u00f3n del Luz Azul, Un Mar de Vida en el CEIP La Romanilla de Roquetas de Mar.<\/p>\n\t\t\t\t\t<\/div>\n\t\t\t\t<\/div><\/div><div class=\"btClear btSeparator topSemiSpaced bottomSemiSpaced noBorder\" ><hr><\/div><\/div><\/div><\/div><\/div><\/div><\/div><\/div><\/section>","protected":false},"excerpt":{"rendered":"","protected":false},"author":2,"featured_media":3902,"parent":1997,"menu_order":0,"comment_status":"closed","ping_status":"closed","template":"","meta":[],"_links":{"self":[{"href":"https:\/\/mojateporlavida.org\/index.php?rest_route=\/wp\/v2\/pages\/2422"}],"collection":[{"href":"https:\/\/mojateporlavida.org\/index.php?rest_route=\/wp\/v2\/pages"}],"about":[{"href":"https:\/\/mojateporlavida.org\/index.php?rest_route=\/wp\/v2\/types\/page"}],"author":[{"embeddable":true,"href":"https:\/\/mojateporlavida.org\/index.php?rest_route=\/wp\/v2\/users\/2"}],"replies":[{"embeddable":true,"href":"https:\/\/mojateporlavida.org\/index.php?rest_route=%2Fwp%2Fv2%2Fcomments&post=2422"}],"version-history":[{"count":39,"href":"https:\/\/mojateporlavida.org\/index.php?rest_route=\/wp\/v2\/pages\/2422\/revisions"}],"predecessor-version":[{"id":6865,"href":"https:\/\/mojateporlavida.org\/index.php?rest_route=\/wp\/v2\/pages\/2422\/revisions\/6865"}],"up":[{"embeddable":true,"href":"https:\/\/mojateporlavida.org\/index.php?rest_route=\/wp\/v2\/pages\/1997"}],"wp:featuredmedia":[{"embeddable":true,"href":"https:\/\/mojateporlavida.org\/index.php?rest_route=\/wp\/v2\/media\/3902"}],"wp:attachment":[{"href":"https:\/\/mojateporlavida.org\/index.php?rest_route=%2Fwp%2Fv2%2Fmedia&parent=2422"}],"curies":[{"name":"wp","href":"https:\/\/api.w.org\/{rel}","templated":true}]}}