{"id":2418,"date":"2017-03-16T08:00:51","date_gmt":"2017-03-16T07:00:51","guid":{"rendered":"http:\/\/kids-club.omnicom-dev.com\/main-demo\/?page_id=2418"},"modified":"2017-03-16T17:15:43","modified_gmt":"2017-03-16T16:15:43","slug":"sasibarroso","status":"publish","type":"page","link":"https:\/\/mojateporlavida.org\/?page_id=2418","title":{"rendered":"Sasi Barroso"},"content":{"rendered":"<section id=\"bt_section69f0b98c682be\" data-parallax=\"0\" data-parallax-offset=\"0\" class=\"boldSection topSpaced bottomSemiSpaced btDarkSkin gutter inherit btParallax wBackground cover btBackgroundOverlay btSolidDarkBackground\" style=\"background-image:url('https:\/\/mojateporlavida.org\/wp-content\/uploads\/2016\/11\/SASIMAR.jpg');\"><div class=\"port\"><div class=\"boldCell\"><div class=\"boldCellInner\"><div class=\"boldRow \" ><div class=\"boldRowInner\"><div class=\"rowItem col-md-3 col-sm-6 col-ms-12 btTextLeft animate animate-fadein animate-moveup btMiddleVertical\"  data-width=\"3\"><div class=\"rowItemContent\" ><div class=\"bpgPhoto  btRoundedImage\" ><div class = \"btImage\"><img src=\"https:\/\/mojateporlavida.org\/wp-content\/uploads\/2016\/11\/SASI.jpg\" alt=\"\" title=\"Sasi Barroso\"><\/div><\/div><div class=\"btClear btSeparator bottomSemiSpaced noBorder\" ><hr><\/div><\/div><\/div><div class=\"rowItem col-md-6 col-sm-12 btTextLeft animate animate-fadein animate-moveup btMiddleVertical\"  data-width=\"6\"><div class=\"rowItemContent\" ><header class=\"header btClear large  btHeaderAccent3\" ><div class=\"btSuperTitle\"><span>NADADORA<\/span><\/div><div class=\"dash\"><h2><span class=\"headline\">SASI BARROSO<\/span><\/h2><\/div><\/header><div class=\"btText\" ><p>Sasi Barroso es\u00a0 un referente por su solidaridad, capacidad de superaci\u00f3n y de trabajo. Implicada con la defensa del Medio Ambiente y enamorada del Parque Natural de Cabo de Gata-N\u00edjar.\u00a0 Consigue tiempo para implicarse en muchas asociaciones en defensa de la naturaleza, musicales, de vecinos, ni\u00f1os y ni\u00f1as con dificultades, etc. Estamos orgullosos de tenerla entre nuestras nadadoras.<\/p>\n<\/div><div class=\"btIconImageRow\" style=\"padding: 1em 0;\"><span class=\"btIco btIcoFilledType btIcoSmallSize btAccent1Icon\"><a href=\"https:\/\/www.facebook.com\/mariaisabel.barrosoalba?fref=ts\"  target=\"no_target\" data-ico-fa=\"&#xf09a;\" class=\"btIcoHolder\"><\/a><\/span><span class=\"btIco btIcoFilledType btIcoSmallSize btAccent2Icon\"><a href=\"http:\/\/www.twitter.com\"  target=\"no_target\" data-ico-fa=\"&#xf099;\" class=\"btIcoHolder\"><\/a><\/span><span class=\"btIco btIcoFilledType btIcoSmallSize btAccent3Icon\"><a href=\"http:\/\/www.instagram.com\"  target=\"no_target\" data-ico-fa=\"&#xf16d;\" class=\"btIcoHolder\"><\/a><\/span><\/div><div class=\"btClear btSeparator bottomSemiSpaced noBorder\" ><hr><\/div><\/div><\/div><div class=\"rowItem col-md-3 col-sm-6 col-ms-12 btTextLeft animate animate-fadein animate-moveup btMiddleVertical btDoublePadding\"  data-width=\"3\"><div class=\"rowItemContent\" ><div class=\"btClear btSeparator bottomSemiSpaced noBorder\" ><hr><\/div><a href=\"mailto:sasi@mojateporlavida.org\" class=\"btBtn btBtn btnOutlineStyle btndefaultColor btnSmall btnFullWidth btnRightPosition btnIco\" ><span class=\"btnInnerText\">CONTACTO<\/span><span class=\"btIco \"><span  data-ico-fa=\"&#xf003;\" class=\"btIcoHolder\"><\/span><\/span><\/a><div class=\"btClear btSeparator topSmallSpaced noBorder\" ><hr><\/div><a href=\"https:\/\/solidarios.criscancer.org\/fundraisers\/cabo-de-gata-swim-project-mojate-por-la-vida\" class=\"btBtn btBtn btnOutlineStyle btndefaultColor btnMedium btnFullWidth btnRightPosition btnIco\" ><span class=\"btnInnerText\">METROS SASI<\/span><span class=\"btIco \"><span  data-ico-fa=\"&#xf016;\" class=\"btIcoHolder\"><\/span><\/span><\/a><div class=\"btClear btSeparator bottomSemiSpaced noBorder\" ><hr><\/div><\/div><\/div><\/div><\/div><\/div><\/div><\/div><\/section><section id=\"bt_section69f0b98c690eb\"  class=\"boldSection topSpaced bottomSpaced gutter inherit\" ><div class=\"port\"><div class=\"boldCell\"><div class=\"boldCellInner\"><div class=\"boldRow \" ><div class=\"boldRowInner\"><div class=\"rowItem btRightBorder col-md-12 col-ms-12  btTextLeft animate animate-fadein btTopVertical\"  data-width=\"12\"><div class=\"rowItemContent\" ><header class=\"header btClear large  btHeaderAccent4\" ><div class=\"dash\"><h2><span class=\"headline\">BIOGRAF\u00cdA<\/span><\/h2><\/div><\/header><div class=\"btText\" ><p>Soy madre de 3 hijas y a los 38 a\u00f1os, me diagnosticaron 2 hernias de disco.<\/p>\n<p>El sobrepeso, la vida sedentaria y los 3 embarazos pasaban factura y mi estado an\u00edmico era lamentable al verme limitada f\u00edsicamente y vivir siempre con dolor.<\/p>\n<p>Tras varias sesiones de fisioterapia y medicaci\u00f3n durante 2 a\u00f1os y teniendo cita con el neurocirujano para operarme, decid\u00ed seguir los consejos de mis fisioterapeutas, F\u00e9lix y Cristina y comenc\u00e9 a nadar y a perder peso. En 4 meses hab\u00eda dejado toda la medicaci\u00f3n y no ten\u00eda dolores y en un a\u00f1o ya hab\u00eda dejado 20 kg y consegu\u00eda nadar 1500 m en 1 hora. Y por supuesto, no me oper\u00e9.<\/p>\n<p>Como pod\u00eda, y con el apoyo de la familia, sacaba tiempo y ganas para ir 3, 4 d\u00edas a nadar, haciendo encaje de bolillos con los horarios del trabajo y la familia.<\/p>\n<p>En 2008 comenc\u00e9 no solo a nadar, sino a entrenar y competir con el equipo Master del CDNW Roquetas de Mar. Y me saqu\u00e9 el t\u00edtulo de socorrista y monitora de nataci\u00f3n, y entre otras cosas, de vez en cuando me dedico a ense\u00f1ar nataci\u00f3n a ni\u00f1os y adultos.<\/p>\n<p>Poco a poco, me inici\u00e9 tambi\u00e9n en las traves\u00edas, mi gran pasi\u00f3n, nadar en el mar, y tras varios altibajos por temas laborales, en 2015 mis esfuerzos se comenzaron a centrar en prepararme para largas distancias, despu\u00e9s de conocer a Antonio Aroca.<\/p>\n<p>Ese mismo a\u00f1o, mi amiga Ainhoa se enganchaba a la nataci\u00f3n con nosotros y la verdad, sentirme acompa\u00f1ada fue un aliciente muy importante para apuntarme a todas las traves\u00edas que pod\u00eda.<\/p>\n<p>La confianza que adquir\u00ed por el tes\u00f3n y empuje de Antonio y Ainhoa, y las ganas de seguir luchando tras una endometriosis de la cual sal\u00ed airosa, me hicieron creer que nunca es tarde para luchar por cualquier reto y menos a\u00fan si estas en un equipo de gente valiente, comprometida y trabajadora.<\/p>\n<p>El verano de 2016, cuando Antonio y sus amigos Carlos, Angel y Javi cruzaron el estrecho, fue uno de los momentos m\u00e1s emocionante que he vivido en este deporte. Nos hicieron vibrar y nadar a su lado. Muy emocionante. Lo mismo que con las cr\u00f3nicas y fotos que mi amiga Ainhoa y su hermana Arancha, cuando en verano hicieron juntas un mont\u00f3n de traves\u00edas del norte.<\/p>\n<p>Ese mismo verano, trabajamos muy duro tambi\u00e9n en la Traves\u00eda de Los Puert8s, una traves\u00eda solidaria cuya repercusi\u00f3n ha sido incre\u00edble. Los amigos de Antonio que cruzaron el estrecho, Gaby, Arancha y Sagrario, nadaron los Puert8s, nos conocimos y as\u00ed empez\u00f3 la aventura de \u201c<b>Mojarse por la vida<\/b><b>\u201d<\/b><\/p>\n<p>Ahora no entreno sola siempre. Muchos d\u00edas coincido con Ainhoa, Antonio y Gaby, el m\u00e1s nuevo y valiente del grupo. Gaby en unos meses ha pasado de hacer snorkel a hacer traves\u00edas de 5 y 10 km. Su forma de progresar, su voluntad y la forma de enfrentar los entrenos, me hace verle como el ni\u00f1o grande del grupo, con una ilusi\u00f3n desbordante.<br \/>\nEste a\u00f1o, la protagonista de las historias de verano llenas de emoci\u00f3n y entusiasmo sobre traves\u00edas, ser\u00e9 yo, nadando al lado de las personas que me han contagiado esta pasi\u00f3n de las aguas abiertas, en el espacio natural que m\u00e1s me gusta, Cabo de Gata-N\u00edjar, gracias al esfuerzo de mucha gente, y sobre todo de mi familia y mis amigos. Y lo haremos por otros, nos mojaremos por CRIS, para ayudar a muchas personas a luchar contra el c\u00e1ncer.<\/p>\n<\/div><div class=\"btClear btSeparator topSmallSpaced bottomSmallSpaced noBorder\" ><hr><\/div><div class=\"servicesItem  btServicesAccent4 btIcoLargeSizeIcon \"><div class=\"sIcon\"><span class=\"btIco btIcoLargeSize btIcoDefaultType btAccent4Icon\"><span  data-ico-od=\"&#xe9d9;\" class=\"btIcoHolder\"><\/span><\/span><\/div><div class=\"sTxt\"><header class=\"header btClear small\" ><div class=\"dash\"><h4><span class=\"headline\">AFICIONES<\/span><\/h4><\/div><div class=\"btSubTitle\">A Sasi le gustan muchas cosas. La m\u00fasica, la naturaleza, dibujar (es la creadora de Gaby), las manualidades, la cer\u00e1mica&#8230;. Mezcla como poca gente, la rama cient\u00edfica, propia de su formaci\u00f3n con la art\u00edstica.<\/div><\/header><\/div><\/div><div class=\"btClear btSeparator topSmallSpaced bottomSmallSpaced noBorder\" ><hr><\/div><div class=\"btTabs tabsHorizontal\"><ul class=\"tabsHeader\"><li><span>FORMACI\u00d3N<\/span><\/li><li><span>CC DEPORTIVO<\/span><\/li><li><span>TRABAJO<\/span><\/li><\/ul><div class=\"tabPanes tabPanesTabs\"><div class=\"tabPane\">\n\t\t\t<div class=\"tabAccordionContent\"><div class=\"btText\" ><ul>\n<li>Ingenier\u00eda T\u00e9cnica Agr\u00edcola en la Universiad de Almer\u00eda.<\/li>\n<li>\n<div class=\"gmail_default\">Educadora ambiental<\/div>\n<\/li>\n<li>Curso de Adaptaci\u00f3n a la Pedagog\u00eda. Universidad de Almer\u00eda<\/li>\n<li>\n<div class=\"gmail_default\">Guia ambiental de \u00e1reas marinas protegidas.<\/div>\n<\/li>\n<li>\n<div class=\"gmail_default\">Buceadora 2 estrellas FEDAS.<\/div>\n<\/li>\n<li>\n<div class=\"gmail_default\">Monitora de senderismo y snorkel.<\/div>\n<\/li>\n<li>\n<div class=\"gmail_default\">Curso de marinero pescador y formaci\u00f3n b\u00e1sica para poder ir de gu\u00eda interpretativa en embarcaciones.<\/div>\n<\/li>\n<li>\n<div class=\"gmail_default\">Socorrismo Acu\u00e1tico.<\/div>\n<\/li>\n<li>\n<div class=\"gmail_default\">Monitora de nataci\u00f3n, aquagym, nataci\u00f3n terap\u00e9utica, para embarazadas y bebes .<\/div>\n<\/li>\n<\/ul>\n<\/div><\/div>\n\t\t<\/div><div class=\"tabPane\">\n\t\t\t<div class=\"tabAccordionContent\"><div class=\"btText\" ><p>PRUEBAS \/ TRAVES\u00cdAS REALIZADAS EN MAR ABIERTO<\/p>\n<p>2016<\/p>\n<ul>\n<li>TRAVESIA A NADO de Altea, \u201cMediterranean Coast Challenge\u201d. 5,5 km<\/li>\n<li>Traves\u00eda III Timoncap \u2013 Cabo Palos \u2013 Cartagena &#8211; Murcia. 3,5 km<\/li>\n<li>Traves\u00eda Los Puert8s \u2013 Roquetas de Mar \u2013 Aguadulce &#8211; Almer\u00eda. 8 km<\/li>\n<li>Traves\u00eda Almerimar \u2013 El Ejido \u2013 Almer\u00eda. 5 km<\/li>\n<li>Traves\u00eda \u201cSanta Ana\u201d de Roquetas de Mar (Almer\u00eda) 1,5 km<\/li>\n<\/ul>\n<p>2015<\/p>\n<ul>\n<li>Traves\u00eda \u201cIsla de Terreros\u201d. San Juan de los Terreros (Almer\u00eda) 1,6 km<\/li>\n<li>V Circuito Traves\u00edas AT- SPORT. Garrucha\/Moj\u00e1car\/San Jos\u00e9 (Almer\u00eda).Distancia de cada traves\u00eda: 2,5 km<\/li>\n<li>III Traves\u00eda \u201cPlaya de Balerma\u201d 1,5 km<\/li>\n<li>Traves\u00eda \u201cSanta Ana\u201d de Roquetas de Mar (Almer\u00eda) 1,5 km<\/li>\n<\/ul>\n<p>2013<\/p>\n<ul>\n<li>Traves\u00eda \u201cSanta Ana\u201d de Roquetas de Mar (Almer\u00eda) 1,5 km<\/li>\n<\/ul>\n<p>2012<\/p>\n<ul>\n<li>I Milla N\u00e1utica \u201cSanta Ana\u201d de Roquetas de Mar (Almer\u00eda) 1,5 km<\/li>\n<li>Traves\u00eda a nado \u201cCiudad de Adra\u201d 1,5 km2011<\/li>\n<li>Traves\u00eda \u201cSanta Ana\u201d de Roquetas de Mar (Almer\u00eda) 1,5 km<\/li>\n<li>II Traves\u00eda a nado Playa Aguamarga 1,5 km<\/li>\n<li>XI Traves\u00eda a nado Almerimar 1,5 km<\/li>\n<\/ul>\n<p>2009<\/p>\n<ul>\n<li>Traves\u00eda \u201cSanta Ana\u201d de Roquetas de Mar (Almer\u00eda) 1,5 km<\/li>\n<\/ul>\n<p>PRUEBAS REALIZADAS EN PISCINA:<\/p>\n<p>FAN 2016 .Circuito Andaluc\u00eda, en las siguientes localidades y piscinas:<\/p>\n<ul>\n<li>INACUA- M\u00e1lagaC.N Almer\u00eda- Almer\u00eda<\/li>\n<li>FAN 2016 y 2017 Circuito Andaluc\u00eda, en las siguientes localidades: Ja\u00e9n y C\u00f3rdoba<\/li>\n<li>Campeonato Andaluc\u00eda Invierno\u00a0 Ja\u00e9n. Diciembre de 2015.<\/li>\n<li>JJDDMM Almer\u00eda en los a\u00f1os: 2009, 2013, 2014, 2015, 2016, 2017<\/li>\n<li>100 horas de deporte de Roquetas de Mar en los a\u00f1os: 2009, 2010, 2011<\/li>\n<li>Campeonato Andaluc\u00eda Invierno Torre del Mar (M\u00e1laga). Diciembre 2016.<\/li>\n<li>Campeonato de Andaluc\u00eda de Invierno 2008 Almer\u00eda<\/li>\n<\/ul>\n<\/div><\/div>\n\t\t<\/div><div class=\"tabPane\">\n\t\t\t<div class=\"tabAccordionContent\"><div class=\"btText\" ><p>Sasi, realiza actividades de educaci\u00f3n ambiental, tanto con adultos como con ni\u00f1os, charlas en colegios, rutas, tanto con Naturavidasub, como con otras empresas.<\/p>\n<ul>\n<li>Coordinadora de actividades de educaci\u00f3n y voluntariado ambiental en diferentes proyectos de la Consejer\u00eda de Agricultura, Pesca y Medio Ambiente (Restauraci\u00f3n de zonas de nidificaci\u00f3n de tortugas marinas en el litoral Andaluz 2011y 2012; Limpiezas y restauraciones vegetales de espacios naturales en 2012, 2013 y 2014; Ecocampus 2014;<br \/>\nPosidonia-Life Andaluc\u00eda 2014).<\/li>\n<li>Coordinadora y trabajadora en la campa\u00f1a de concienciaci\u00f3n sobre el consumo de inmaduros 2013, 2014 y 2015 de La Consejer\u00eda de Agricultura, Pesca y Medio Ambiente de la Junta de Andaluc\u00eda.<\/li>\n<li>Profesora del curso de Educaci\u00f3n Medioambiental Espacios Naturales Protegidos:<br \/>\n\u201cplanificaci\u00f3n y gesti\u00f3n\u201d, del programa DEMETER 2014, impartido por EUROFORMAC<br \/>\nCoordinadora de actividades en el Jard\u00edn Bot\u00e1nico \u201cEl Albardinal\u201d del proyecto\u00a0 CONHABIT de la Red Natura 2000<\/li>\n<\/ul>\n<\/div><\/div>\n\t\t<\/div><\/div><\/div><div class=\"btClear btSeparator topSemiSpaced noBorder\" ><hr><\/div><\/div><\/div><\/div><\/div><\/div><\/div><\/div><\/section><section id=\"bt_section69f0b98c69d7e\"  class=\"boldSection bottomSpaced gutter inherit\" style=\"background-color:#f1f1f1;\"><div class=\"port\"><div class=\"boldCell\"><div class=\"boldCellInner\"><div class=\"boldRow \" style=\"margin-top: -40px;\"><div class=\"boldRowInner\"><div class=\"rowItem col-md-12 col-ms-12  btTextCenter animate animate-fadein animate-moveup inherit\"  data-width=\"12\"><div class=\"rowItemContent\" ><div class=\"btIconImageRow\" ><span class=\"btIco btIcoFilledType btIcoLargeSize btAccent1Icon\"><span  data-ico-od=\"&#xe9d6;\" class=\"btIcoHolder\"><\/span><\/span><\/div><div class=\"btClear btSeparator topSpaced noBorder\" ><hr><\/div><\/div><\/div><\/div><\/div><\/div><\/div><\/div><\/section><section id=\"bt_section69f0b98c6a026\"  class=\"boldSection gutter\" ><div class=\"port\"><div class=\"boldCell\"><div class=\"boldCellInner\"><div class=\"boldRow \" ><div class=\"boldRowInner\"><div class=\"rowItem col-md-8 col-ms-12 btTextLeft\"  data-width=\"8\"><div class=\"rowItemContent\" ><div class=\"btTabs tabsHorizontal\"><ul class=\"tabsHeader\"><li><span>Metros para Sasi<\/span><\/li><\/ul><div class=\"tabPanes tabPanesTabs\"><div class=\"tabPane\">\n\t\t\t<div class=\"tabAccordionContent\"><div class=\"btText\" ><p>Cada nadador y nadadora recorrer\u00e1 un m\u00ednimo de 60 km en su recorrido a nado por la costa de Cabo de Gata-N\u00edjar en agosto. Como el objetivo principal del reto deportivo, es recaudar fondos para la Unidad Cris del Hospital de la Paz, han decidido que todo el que quiera apoyarles personalmente en su reto, puede colaborar con 1\u20ac cada 10 metros. Esta es una forma de demostrarles, que todos nos mojamos por su causa, y que aunque sean ellas las que est\u00e1n en el agua, todos nos salpicamos de solidaridad. M\u00e1ndale mensajes de apoyo en las redes sociales, con el #mojateporlavida y #memojoconsasi<\/p>\n<p>Busca a tu nadadora y ap\u00f3yale con metros solidarios.<\/p>\n<\/div><\/div>\n\t\t<\/div><\/div><\/div><div class=\"btClear btSeparator topSpaced bottomSpaced noBorder\" ><hr><\/div><\/div><\/div><div class=\"rowItem col-md-4 col-ms-12 btTextLeft\"  data-width=\"4\"><div class=\"rowItemContent\" ><div class=\"bpgPhoto  btHasTitles\" > \r\n\t\t\t\t\t<a href=\"https:\/\/solidarios.criscancer.org\/fundraisers\/cabo-de-gata-swim-project-mojate-por-la-vida\" target=\"_self\" title=\"Ayuda a Sasi\"><\/a>\r\n\t\t\t\t\t<div class=\"boldPhotoBox\"><div class=\"bpbItem\"><div class = \"btImage\"><img src=\"https:\/\/mojateporlavida.org\/wp-content\/uploads\/2017\/03\/metros-sasi.png\" alt=\"\" title=\"Ayuda a Sasi\"><\/div><\/div><\/div>\r\n\t\t\t\t\t<div class=\"captionPane btDarkSkin btTextCenter\">\r\n\t\t\t\t\t\t<div class=\"captionTable\">\r\n\t\t\t\t\t\t\t<div class=\"captionCell\">\r\n\t\t\t\t\t\t\t\t<div class=\"captionTxt\"><header class=\"header btClear extrasmall\" ><div class=\"btSuperTitle\"><span>metros solidarios<\/span><\/div><div class=\"dash\"><h4><span class=\"headline\">Ayuda a Sasi<\/span><\/h4><\/div><\/header><\/div>\r\n\t\t\t\t\t\t\t<\/div>\r\n\t\t\t\t\t\t<\/div>\r\n\t\t\t\t\t<\/div>\r\n\t\t\t\t\t\t<div class=\"btShowTitle\">\r\n\t\t\t\t\t\t\t<div class=\"btShowTitleCaptionTxt\"><header class=\"header btClear small\" ><div class=\"btSuperTitle\"><span>metros solidarios<\/span><\/div><div class=\"dash\"><h4><span class=\"headline\">Ayuda a Sasi<\/span><\/h4><\/div><\/header><\/div>\r\n\t\t\t\t\t\t<\/div><\/div><div class=\"btClear btSeparator topSmallSpaced bottomSmallSpaced noBorder\" ><hr><\/div><div class=\"btText\" ><p>Metros solidarios conseguidos por Sasi<\/p>\n<\/div><div class=\"btCounterHolder  btCounterLargeSize\"><span class=\"btCounter animate\" data-digit-length=\"3\"><span class=\"onedigit p3 d1\" data-digit=\"1\"><span class=\"n0\">0<\/span><span class=\"n1\">1<\/span><span class=\"n2\">2<\/span><span class=\"n3\">3<\/span><span class=\"n4\">4<\/span><span class=\"n5\">5<\/span><span class=\"n6\">6<\/span><span class=\"n7\">7<\/span><span class=\"n8\">8<\/span><span class=\"n9\">9<\/span><span class=\"n0\">0<\/span><\/span><span class=\"onedigit p2 d0\" data-digit=\"0\"><span class=\"n0\">0<\/span><span class=\"n1\">1<\/span><span class=\"n2\">2<\/span><span class=\"n3\">3<\/span><span class=\"n4\">4<\/span><span class=\"n5\">5<\/span><span class=\"n6\">6<\/span><span class=\"n7\">7<\/span><span class=\"n8\">8<\/span><span class=\"n9\">9<\/span><span class=\"n0\">0<\/span><\/span><span class=\"onedigit p1 d0\" data-digit=\"0\"><span class=\"n0\">0<\/span><span class=\"n1\">1<\/span><span class=\"n2\">2<\/span><span class=\"n3\">3<\/span><span class=\"n4\">4<\/span><span class=\"n5\">5<\/span><span class=\"n6\">6<\/span><span class=\"n7\">7<\/span><span class=\"n8\">8<\/span><span class=\"n9\">9<\/span><span class=\"n0\">0<\/span><\/span><\/span><\/div><\/div><\/div><\/div><\/div><div class=\"boldRow \" ><div class=\"boldRowInner\"><div class=\"rowItem col-md-12 col-ms-12  btTextLeft animate animate-fadein inherit\"  data-width=\"12\"><div class=\"rowItemContent\" ><header class=\"header btClear large  btHeaderAccent3\" ><div class=\"dash\"><h2><span class=\"headline\">Noticias en las que aparece Sasi<\/span><\/h2><\/div><\/header><div class=\"btClear btSeparator bottomSmallSpaced noBorder\" ><hr><\/div><div class=\"btLatestPostsContainer verticalPosts \" >\n\t\t\t\t<div class=\"btSingleLatestPost col-sm-12 col-ms-12  inherit\"><div class=\"btSingleLatestPostImage btTextCenter\"><div class=\"bpgPhoto \" > \r\n\t\t\t\t\t<a href=\"https:\/\/mojateporlavida.org\/?p=6817\" target=\"_self\" title=\"\"><\/a>\r\n\t\t\t\t\t<div class=\"boldPhotoBox\"><div class=\"bpbItem\"><div class = \"btImage\"><img src=\"https:\/\/mojateporlavida.org\/wp-content\/uploads\/2019\/03\/Romanilla.png\" alt=\"\" title=\"\"><\/div><\/div><\/div>\r\n\t\t\t\t\t<div class=\"captionPane btDarkSkin btTextCenter\">\r\n\t\t\t\t\t\t<div class=\"captionTable\">\r\n\t\t\t\t\t\t\t<div class=\"captionCell\">\r\n\t\t\t\t\t\t\t\t<div class=\"captionTxt\"><\/div>\r\n\t\t\t\t\t\t\t<\/div>\r\n\t\t\t\t\t\t<\/div>\r\n\t\t\t\t\t<\/div><\/div><\/div><div class = \"btSingleLatestPostContent\">\n\t\t\t\t\t\t<header class=\"header btClear small\" ><div class=\"dash\"><h4><span class=\"headline\"><a href=\"https:\/\/mojateporlavida.org\/?p=6817\" target=\"_self\">Luz Azul  en el CEIP La Romanilla de Roquetas de Mar<\/a><\/span><\/h4><\/div><div class=\"btSubTitle\"><span class=\"btArticleDate\">30 abril, 2018<\/span><a href=\"https:\/\/mojateporlavida.org\/?author=2\" class=\"btArticleAuthor\">by Agust\u00edn Ram\u00edrez<\/a><\/div><\/header>\n\t\t\t\t<p class=\"btLatestPostContent\">Presentaci\u00f3n del Luz Azul, Un Mar de Vida en el CEIP La Romanilla de Roquetas de Mar.<\/p>\n\t\t\t\t\t<\/div>\n\t\t\t\t<\/div>\n\t\t\t\t<div class=\"btSingleLatestPost col-sm-12 col-ms-12  inherit\"><div class=\"btSingleLatestPostImage btTextCenter\"><div class=\"bpgPhoto \" > \r\n\t\t\t\t\t<a href=\"https:\/\/mojateporlavida.org\/?p=6156\" target=\"_self\" title=\"\"><\/a>\r\n\t\t\t\t\t<div class=\"boldPhotoBox\"><div class=\"bpbItem\"><div class = \"btImage\"><img src=\"https:\/\/mojateporlavida.org\/wp-content\/uploads\/2017\/09\/E5IMG_0754L-320x240.jpg\" alt=\"\" title=\"\"><\/div><\/div><\/div>\r\n\t\t\t\t\t<div class=\"captionPane btDarkSkin btTextCenter\">\r\n\t\t\t\t\t\t<div class=\"captionTable\">\r\n\t\t\t\t\t\t\t<div class=\"captionCell\">\r\n\t\t\t\t\t\t\t\t<div class=\"captionTxt\"><\/div>\r\n\t\t\t\t\t\t\t<\/div>\r\n\t\t\t\t\t\t<\/div>\r\n\t\t\t\t\t<\/div><\/div><\/div><div class = \"btSingleLatestPostContent\">\n\t\t\t\t\t\t<header class=\"header btClear small\" ><div class=\"dash\"><h4><span class=\"headline\"><a href=\"https:\/\/mojateporlavida.org\/?p=6156\" target=\"_self\">Quinta Etapa. San Jos\u00e9-San Miguel de Cabo de Gata.<\/a><\/span><\/h4><\/div><div class=\"btSubTitle\"><span class=\"btArticleDate\">26 agosto, 2017<\/span><a href=\"https:\/\/mojateporlavida.org\/?author=2\" class=\"btArticleAuthor\">by Agust\u00edn Ram\u00edrez<\/a><\/div><\/header>\n\t\t\t\t<p class=\"btLatestPostContent\">5\u00aa y \u00faltima etapa del Reto: 10 personas normales nadan la franja costera del Parque Natural Cabo de Gata \u2013 N\u00efjar por la investigaci\u00f3n contra el c\u00e1ncer infantil.<\/p>\n\t\t\t\t\t<\/div>\n\t\t\t\t<\/div>\n\t\t\t\t<div class=\"btSingleLatestPost col-sm-12 col-ms-12  inherit\"><div class=\"btSingleLatestPostImage btTextCenter\"><div class=\"bpgPhoto \" > \r\n\t\t\t\t\t<a href=\"https:\/\/mojateporlavida.org\/?p=6074\" target=\"_self\" title=\"\"><\/a>\r\n\t\t\t\t\t<div class=\"boldPhotoBox\"><div class=\"bpbItem\"><div class = \"btImage\"><img src=\"https:\/\/mojateporlavida.org\/wp-content\/uploads\/2017\/09\/E4angelA-320x240.jpg\" alt=\"\" title=\"\"><\/div><\/div><\/div>\r\n\t\t\t\t\t<div class=\"captionPane btDarkSkin btTextCenter\">\r\n\t\t\t\t\t\t<div class=\"captionTable\">\r\n\t\t\t\t\t\t\t<div class=\"captionCell\">\r\n\t\t\t\t\t\t\t\t<div class=\"captionTxt\"><\/div>\r\n\t\t\t\t\t\t\t<\/div>\r\n\t\t\t\t\t\t<\/div>\r\n\t\t\t\t\t<\/div><\/div><\/div><div class = \"btSingleLatestPostContent\">\n\t\t\t\t\t\t<header class=\"header btClear small\" ><div class=\"dash\"><h4><span class=\"headline\"><a href=\"https:\/\/mojateporlavida.org\/?p=6074\" target=\"_self\">Cuarta Etapa. Isleta del Moro- San Jos\u00e9.<\/a><\/span><\/h4><\/div><div class=\"btSubTitle\"><span class=\"btArticleDate\">25 agosto, 2017<\/span><a href=\"https:\/\/mojateporlavida.org\/?author=2\" class=\"btArticleAuthor\">by Agust\u00edn Ram\u00edrez<\/a><\/div><\/header>\n\t\t\t\t<p class=\"btLatestPostContent\">4\u00aa Etapa. La Etapa m\u00e1s complicada superada con \u00e9xito.<\/p>\n\t\t\t\t\t<\/div>\n\t\t\t\t<\/div>\n\t\t\t\t<div class=\"btSingleLatestPost col-sm-12 col-ms-12  inherit\"><div class=\"btSingleLatestPostImage btTextCenter\"><div class=\"bpgPhoto \" > \r\n\t\t\t\t\t<a href=\"https:\/\/mojateporlavida.org\/?p=6009\" target=\"_self\" title=\"\"><\/a>\r\n\t\t\t\t\t<div class=\"boldPhotoBox\"><div class=\"bpbItem\"><div class = \"btImage\"><img src=\"https:\/\/mojateporlavida.org\/wp-content\/uploads\/2017\/08\/E2Todosbanderas-320x240.jpg\" alt=\"\" title=\"\"><\/div><\/div><\/div>\r\n\t\t\t\t\t<div class=\"captionPane btDarkSkin btTextCenter\">\r\n\t\t\t\t\t\t<div class=\"captionTable\">\r\n\t\t\t\t\t\t\t<div class=\"captionCell\">\r\n\t\t\t\t\t\t\t\t<div class=\"captionTxt\"><\/div>\r\n\t\t\t\t\t\t\t<\/div>\r\n\t\t\t\t\t\t<\/div>\r\n\t\t\t\t\t<\/div><\/div><\/div><div class = \"btSingleLatestPostContent\">\n\t\t\t\t\t\t<header class=\"header btClear small\" ><div class=\"dash\"><h4><span class=\"headline\"><a href=\"https:\/\/mojateporlavida.org\/?p=6009\" target=\"_self\">Segunda Etapa. Ruta de piratas en aguas abiertas por el c\u00e1ncer infantil<\/a><\/span><\/h4><\/div><div class=\"btSubTitle\"><span class=\"btArticleDate\">23 agosto, 2017<\/span><a href=\"https:\/\/mojateporlavida.org\/?author=2\" class=\"btArticleAuthor\">by Agust\u00edn Ram\u00edrez<\/a><\/div><\/header>\n\t\t\t\t<p class=\"btLatestPostContent\">Cr\u00f3nica de la 2\u00aa Etapa. Agua Amarga &#8211; Las Negras. Ruta de piratas en aguas abiertas por el c\u00e1ncer infantil<\/p>\n\t\t\t\t\t<\/div>\n\t\t\t\t<\/div><\/div><div class=\"btClear btSeparator topExtraSpaced bottomExtraSpaced noBorder\" ><hr><\/div><div class=\"btClear btSeparator topExtraSpaced bottomExtraSpaced noBorder\" ><hr><\/div><\/div><\/div><\/div><\/div><\/div><\/div><\/div><\/section>","protected":false},"excerpt":{"rendered":"","protected":false},"author":1,"featured_media":4422,"parent":1997,"menu_order":0,"comment_status":"closed","ping_status":"closed","template":"","meta":[],"_links":{"self":[{"href":"https:\/\/mojateporlavida.org\/index.php?rest_route=\/wp\/v2\/pages\/2418"}],"collection":[{"href":"https:\/\/mojateporlavida.org\/index.php?rest_route=\/wp\/v2\/pages"}],"about":[{"href":"https:\/\/mojateporlavida.org\/index.php?rest_route=\/wp\/v2\/types\/page"}],"author":[{"embeddable":true,"href":"https:\/\/mojateporlavida.org\/index.php?rest_route=\/wp\/v2\/users\/1"}],"replies":[{"embeddable":true,"href":"https:\/\/mojateporlavida.org\/index.php?rest_route=%2Fwp%2Fv2%2Fcomments&post=2418"}],"version-history":[{"count":30,"href":"https:\/\/mojateporlavida.org\/index.php?rest_route=\/wp\/v2\/pages\/2418\/revisions"}],"predecessor-version":[{"id":4528,"href":"https:\/\/mojateporlavida.org\/index.php?rest_route=\/wp\/v2\/pages\/2418\/revisions\/4528"}],"up":[{"embeddable":true,"href":"https:\/\/mojateporlavida.org\/index.php?rest_route=\/wp\/v2\/pages\/1997"}],"wp:featuredmedia":[{"embeddable":true,"href":"https:\/\/mojateporlavida.org\/index.php?rest_route=\/wp\/v2\/media\/4422"}],"wp:attachment":[{"href":"https:\/\/mojateporlavida.org\/index.php?rest_route=%2Fwp%2Fv2%2Fmedia&parent=2418"}],"curies":[{"name":"wp","href":"https:\/\/api.w.org\/{rel}","templated":true}]}}