{"id":2416,"date":"2016-11-16T14:22:30","date_gmt":"2016-11-16T13:22:30","guid":{"rendered":"http:\/\/kids-club.omnicom-dev.com\/main-demo\/?page_id=2416"},"modified":"2017-03-22T00:29:18","modified_gmt":"2017-03-21T23:29:18","slug":"aroca","status":"publish","type":"page","link":"https:\/\/mojateporlavida.org\/?page_id=2416","title":{"rendered":"Antonio Aroca"},"content":{"rendered":"<section id=\"bt_section69ef7b3147efe\" data-parallax=\"0\" data-parallax-offset=\"0\" class=\"boldSection topSpaced bottomSemiSpaced btDarkSkin gutter inherit btParallax wBackground cover btBackgroundOverlay btSolidDarkBackground\" style=\"background-image:url('https:\/\/mojateporlavida.org\/wp-content\/uploads\/2016\/11\/AROCA3.jpg');\"><div class=\"port\"><div class=\"boldCell\"><div class=\"boldCellInner\"><div class=\"boldRow \" ><div class=\"boldRowInner\"><div class=\"rowItem col-md-3 col-sm-6 col-ms-12 btTextLeft animate animate-fadein animate-moveup btMiddleVertical\"  data-width=\"3\"><div class=\"rowItemContent\" ><div class=\"bpgPhoto  btRoundedImage\" ><div class = \"btImage\"><img src=\"https:\/\/mojateporlavida.org\/wp-content\/uploads\/2016\/11\/DSC_0168-copia.jpg\" alt=\"\" title=\"\"><\/div><\/div><div class=\"btClear btSeparator bottomSemiSpaced noBorder\" ><hr><\/div><\/div><\/div><div class=\"rowItem col-md-6 col-sm-12 btTextLeft animate animate-fadein animate-moveup btMiddleVertical\"  data-width=\"6\"><div class=\"rowItemContent\" ><header class=\"header btClear large  btHeaderAccent3\" ><div class=\"btSuperTitle\"><span>NADADOR <\/span><\/div><div class=\"dash\"><h2><span class=\"headline\">Antonio Aroca<\/span><\/h2><\/div><\/header><div class=\"btText\" ><p>Antonio es un trabajador incansable, amigo de sus amigos. Enorme capacidad organizativa, inteligente y muy responsable. En general, una gran persona, al que todo el mundo querr\u00eda tener como amigo. Puede parecer herm\u00e9tico, pero detr\u00e1s de la armadura, hay un coraz\u00f3n noble y generoso.<\/p>\n<p>Como nadador y deportista, siempre quiere mejorar e intenta conseguir nuevos retos, a la vez que intenta que sus amigos mejoren con \u00e9l y lo acompa\u00f1en. No le gusta ser el protagonista, cede ese puesto a los dem\u00e1s.<\/p>\n<\/div><div class=\"btIconImageRow\" style=\"padding: 1em 0;\"><span class=\"btIco btIcoFilledType btIcoSmallSize btAccent1Icon\"><a href=\"https:\/\/www.facebook.com\/AAROCAH?fref=ts\"  target=\"no_target\" data-ico-fa=\"&#xf09a;\" class=\"btIcoHolder\"><\/a><\/span><span class=\"btIco btIcoFilledType btIcoSmallSize btAccent2Icon\"><a href=\"http:\/\/www.twitter.com\/@aarocah\"  target=\"no_target\" data-ico-fa=\"&#xf099;\" class=\"btIcoHolder\"><\/a><\/span><\/div><div class=\"btClear btSeparator bottomSemiSpaced noBorder\" ><hr><\/div><\/div><\/div><div class=\"rowItem col-md-3 col-sm-6 col-ms-12 btTextLeft animate animate-fadein animate-moveup btMiddleVertical btDoublePadding\"  data-width=\"3\"><div class=\"rowItemContent\" ><div class=\"btClear btSeparator bottomSemiSpaced noBorder\" ><hr><\/div><a href=\"mailto:antonio@mojateporlavida.org\" class=\"btBtn btBtn btnOutlineStyle btndefaultColor btnSmall btnFullWidth btnRightPosition btnIco\" ><span class=\"btnInnerText\">CONTACT<\/span><span class=\"btIco \"><span  data-ico-fa=\"&#xf003;\" class=\"btIcoHolder\"><\/span><\/span><\/a><div class=\"btClear btSeparator topSmallSpaced noBorder\" ><hr><\/div><a href=\"https:\/\/solidarios.criscancer.org\/fundraisers\/cabo-de-gata-swim-project-mojate-por-la-vida\" class=\"btBtn btBtn btnOutlineStyle btndefaultColor btnMedium btnFullWidth btnRightPosition btnIco\" ><span class=\"btnInnerText\">METROS ANTONIO<\/span><span class=\"btIco \"><span  data-ico-fa=\"&#xf016;\" class=\"btIcoHolder\"><\/span><\/span><\/a><div class=\"btClear btSeparator bottomSemiSpaced noBorder\" ><hr><\/div><\/div><\/div><\/div><\/div><\/div><\/div><\/div><\/section><section id=\"bt_section69ef7b3148ba4\"  class=\"boldSection topSpaced bottomSpaced gutter inherit\" ><div class=\"port\"><div class=\"boldCell\"><div class=\"boldCellInner\"><div class=\"boldRow \" ><div class=\"boldRowInner\"><div class=\"rowItem btRightBorder col-md-12 col-ms-12  btTextLeft animate animate-fadein btTopVertical\"  data-width=\"12\"><div class=\"rowItemContent\" ><header class=\"header btClear large  btHeaderAccent4\" ><div class=\"dash\"><h2><span class=\"headline\">BIOGRAF\u00cdA<\/span><\/h2><\/div><\/header><div class=\"btText\" ><p>Escribir unas l\u00edneas sobre el por qu\u00e9 llevar a cabo todo este proyecto no resulta complicado cuando miro a mi alrededor y veo el Equipo de personas que estamos llev\u00e1ndolo a cabo. Desde un principio, quiero resaltar los valores morales que envuelven a todos los que estamos desarrollando este Reto: Amor, Amistad, Respeto, Bondad, Humildad, Dignidad, Solidaridad, Esperanza, Esfuerzo, Lealtad y Perseverancia.<\/p>\n<p>Tampoco resulta complicado entender los motivos que hacen que me \u201cmoje\u201d a favor de la investigaci\u00f3n del c\u00e1ncer infantil. Por desgracia, todos hemos vivido de cerca esta dura enfermedad de alguna u otra forma, todos hemos tenido o tenemos un familiar, un amigo, un conocido que ha pasado o est\u00e1 pasando por este trance.<\/p>\n<p>Soy padre de dos ni\u00f1as, una de 6 a\u00f1os y otra de a\u00f1o y medio, y por cuya felicidad y bienestar dar\u00eda mi vida. El mero hecho de pensar que puedo contribuir, con mi tiempo y conocimientos, a que investigadores y doctores puedan tener m\u00e1s medios para poder trabajar en mejores condiciones para los dem\u00e1s me hace sentirme totalmente reconfortado y \u00fatil en mi d\u00eda a d\u00eda.<\/p>\n<p>No tengo palabras suficientes para dar las gracias a todos los que est\u00e1n creyendo en esta causa: desde los que empezamos a trabajar conjuntamente en la organizaci\u00f3n de la primera Traves\u00eda de los Puert<span style=\"color: #ff0000;\">8<\/span>s hasta las nuevas incorporaciones que se han unido este a\u00f1o simplemente por creer en una idea y apostar por la VIDA.<\/p>\n<p style=\"text-align: center;\"><cite>As\u00ed que yo \u00ab<span style=\"color: #00ccff;\">me mojo<\/span>\u00ab.<\/cite><\/p>\n<\/div><div class=\"btClear btSeparator topSmallSpaced bottomSmallSpaced noBorder\" ><hr><\/div><div class=\"bpgPhoto \" ><div class = \"btImage\"><img src=\"https:\/\/mojateporlavida.org\/wp-content\/uploads\/2016\/11\/CRUCE2016-320x240.jpg\" alt=\"\" title=\"\"><\/div><\/div><div class=\"servicesItem  btServicesAccent4 btIcoLargeSizeIcon \"><div class=\"sIcon\"><span class=\"btIco btIcoLargeSize btIcoDefaultType btAccent4Icon\"><span  data-ico-od=\"&#xe9d9;\" class=\"btIcoHolder\"><\/span><\/span><\/div><div class=\"sTxt\"><header class=\"header btClear small\" ><div class=\"dash\"><h4><span class=\"headline\">AFICIONES<\/span><\/h4><\/div><div class=\"btSubTitle\">Voleibol, nataci\u00f3n, lectura, cine y alg\u00fan homenaje culinario&#8230;<\/div><\/header><\/div><\/div><div class=\"btClear btSeparator topSmallSpaced bottomSmallSpaced noBorder\" ><hr><\/div><div class=\"btClear btSeparator topSmallSpaced bottomSmallSpaced noBorder\" ><hr><\/div><div class=\"btText\" ><\/div><div class=\"btClear btSeparator topSemiSpaced noBorder\" ><hr><\/div><div class=\"btTabs tabsHorizontal\"><ul class=\"tabsHeader\"><li><span>FORMACI\u00d3N<\/span><\/li><li><span>CC DEPORTIVO<\/span><\/li><li><span>TRABAJO<\/span><\/li><\/ul><div class=\"tabPanes tabPanesTabs\"><div class=\"tabPane\">\n\t\t\t<div class=\"tabAccordionContent\"><div class=\"btText\" ><ul>\n<li>WOLTERS KLUWER Programa Ejecutivo Avanzado Control de Gesti\u00f3n, Control de Gesti\u00f3n, CCA\u00ae (Chartered Controller Analysts)<\/li>\n<li>UNIVERSIDAD DE ALMERIA.\u00a0 M\u00e1ster en Gesti\u00f3n y Econom\u00eda de la Empresa.<\/li>\n<li>INSTITUTO DE EMPRESA (MADRID) M\u00e1ster en Direcci\u00f3n y Administraci\u00f3n de Empresas &#8211; MBA 2002-2003 SOUTHAMPTON INSTITUTE (INGLATERRA).<\/li>\n<li>BA International Business \u2013 Beca Erasmus.<\/li>\n<li>UNIVERSIDAD DE M\u00c1LAGA. FACULTAD DE CIENCIAS ECON\u00d3MICAS Y EMPRESARIALES Licenciatura en Econom\u00eda (1.997-2.001).<\/li>\n<li>(Enero, 2011- Actualmente) Universidad de Almer\u00eda (Almer\u00eda) \u2013 Docente- Investigador.<\/li>\n<\/ul>\n<\/div><\/div>\n\t\t<\/div><div class=\"tabPane\">\n\t\t\t<div class=\"tabAccordionContent\"><div class=\"btText\" ><h2>Pruebas \/ Traves\u00edas Realizadas en Mar Abierto:<\/h2>\n<h3>Temporada 2015\/16:<\/h3>\n<ul>\n<li>Traves\u00eda III Timoncap \u2013 Cabo Palos \u2013 Cartagena &#8211; Murcia. Tiempo 1:04 horas sin neopreno. Fecha 09\/10\/2016. Puesto 62o de la general y 8\u00ba en mi categor\u00eda.<\/li>\n<li>Traves\u00eda Los Puert<span style=\"color: #ff0000;\">8<\/span>s \u2013 Roquetas de Mar \u2013 Aguadulce &#8211; Almer\u00eda. Tiempo 2:35 horas sin neopreno. Fecha 04\/09\/2016. Puesto 40\u00ba de la general y 18o\u00ba en mi categor\u00eda.<\/li>\n<li>Traves\u00eda Cruce del Estrecho de Gibraltar 16,76 km \u2013 Isla Tarifa (Espa\u00f1a) \u2013 Punta Cires (Marruecos). Tiempo 4:12 Horas con neopreno. Fecha 18\/08\/2016. Temperatura del agua 16o &#8211; 17,5o.<\/li>\n<li>Traves\u00eda 1,6 km Isla de Terreros \u2013 San Juan de los Terreros \u2013 Almer\u00eda. Tiempo: 25:10 min. sin neopreno. Fecha: 30\/07\/2015. Puesto 8\u00ba de la general y 2\u00ba en mi categor\u00eda.<\/li>\n<li>Circuito de Traves\u00edas AT- SPORT 2016 \u2013 Garrucha \u2013 Moj\u00e1car y San Jos\u00e9 \u2013 Almer\u00eda. Distancia 2 \u2013 2,5 km cada una.<\/li>\n<li>Moj\u00e1car 31\/07\/2016: Tiempo: 32:11min. sin neopreno. Puesto 3\u00ba de 22 en mi categor\u00eda.<\/li>\n<li>Garrucha 06\/08\/2015: Tiempo: 37:15 min. sin neopreno. Puesto 5\u00ba de 32 en mi categor\u00eda. Traves\u00eda 10 km Almerimar \u2013 El Ejido \u2013 Almer\u00eda. Tiempo: 2:43 horas sin neopreno. Fecha: 10\/07\/2016. Puesto 4\u00ba general y 1o Sin neopreno.<\/li>\n<li>Traves\u00eda 15 km El Port\u00fas\u2013 Murcia. Tiempo: 5:06 horas con neopreno. Fecha: 25\/06\/2016. Puesto 15o general.<\/li>\n<li>Traves\u00eda 12 km Cabo Palos \u2013 Murcia. Tiempo: 3:43 horas con neopreno. Fecha: 05\/06\/2016. Puesto 19\u00ba general y 18\u00ba Categor\u00eda.<\/li>\n<li>Traves\u00eda 10 km Isla Grosa \u2013 Murcia. Tiempo: 2:39 horas con neopreno. Fecha: 22\/05\/2016. Puesto 19\u00ba general y 15\u00ba Categor\u00eda.<\/li>\n<li>Traves\u00eda 9 km Santa Faz \u2013 San Juan \u2013 Alicante. Con neopreno. Tiempo 2:10 horas. Fecha: 10\/04\/2016.<\/li>\n<\/ul>\n<h3>Pruebas Realizadas en Piscina:<\/h3>\n<p>Temporada 2015\/16:<\/p>\n<ul>\n<li>FAN 12-03-2016 INACUA- M\u00e1laga. Fase del Circuito Andaluc\u00eda.\n<ul>\n<li>3\u00ba en 800 metros libres.<\/li>\n<li>6\u00ba en 100 metros libres.<\/li>\n<\/ul>\n<\/li>\n<li>FAN 23-01-2016 Motril &#8211; Granada. Fase del Circuito Andaluc\u00eda.\n<ul>\n<li>2\u00baen 1.500 metros libres.<\/li>\n<li>7\u00ba en 200 metros libres.<\/li>\n<\/ul>\n<\/li>\n<li>Campeonato Andaluc\u00eda Invierno Pisc 25 m Ja\u00e9n 11,12 y 13 de Diciembre de 2015.\n<ul>\n<li>4\u00ba en 800 metros libres.<\/li>\n<li>10\u00ba en 200 metros libres.<\/li>\n<li>19\u00ba en 100 metros libres.<\/li>\n<li>16\u00ba en 50 metros libres.<\/li>\n<\/ul>\n<\/li>\n<\/ul>\n<ul>\n<li>FAN 31-10-2015 Almer\u00eda. Fase del Circuito Andaluc\u00eda.\n<ul>\n<li>3\u00ba en 800 metros libres.<\/li>\n<li>6\u00ba en 100 metros estilos.<\/li>\n<li>3\u00ba en 50 metros braza<\/li>\n<\/ul>\n<\/li>\n<\/ul>\n<h3>Pruebas \/ Traves\u00edas Realizadas en Mar Abierto:<\/h3>\n<p>Temporada 2014\/15:<\/p>\n<ul>\n<li>Traves\u00eda 10 km Almerimar \u2013 El Ejido \u2013 Almer\u00eda. Tiempo: 2:57 horas sin neopreno. Fecha: 19\/07\/2015. Puesto 6\u00ba general y 2\u00ba Sin neopreno.<\/li>\n<li>Traves\u00eda 6,3 km Tabarca \u2013 Santa Pola \u2013 Alicante. Tiempo: 1:50 horas sin neopreno. Fecha: 05\/07\/2015. Puesto 138\u00ba de 1.400 y 45\u00ba de 500 en mi categor\u00eda.<\/li>\n<li>Traves\u00eda 1,6 km Isla de Terreros \u2013 San Juan de los Terreros \u2013 Almer\u00eda. Tiempo: 28:31 min. sin neopreno. Fecha: 25\/07\/2015. Puesto 7\u00ba de 50 y 3\u00ba en mi categor\u00eda.<\/li>\n<li>Traves\u00eda 1,5 km Playa Poniente \u2013 \u00c1guilas \u2013 Murcia. Tiempo: 20:57 min. sin neopreno. Fecha: 26\/07\/2015. Puesto 50\u00ba de 125 y 9\u00ba de 25 en mi categor\u00eda.<\/li>\n<li>Circuito de Traves\u00edas AT- SPORT 2015 \u2013 Garrucha \u2013 Moj\u00e1car y San Jos\u00e9 \u2013 Almer\u00eda. Distancia 2 \u2013 2,5 km cada una. 4\u00ba Clasificado del Circuito.\n<ul>\n<li>Garrucha 01\/08\/2015: Tiempo: 32:35 min. sin neopreno. Puesto 18\u00ba de 98 y 4\u00ba de 32 en mi categor\u00eda.<\/li>\n<li>Moj\u00e1car 09\/08\/2015: Tiempo: 31:06 min. sin neopreno. Puesto 22\u00ba de 83 y 8\u00ba de 27 en mi categor\u00eda.<\/li>\n<li>San Jos\u00e9 23\/08\/2015: Tiempo: 38:49 min. sin neopreno. Puesto 14o\u00bade 94o y 6\u00ba de 36 en mi categor\u00eda.<br \/>\n<h3>Pruebas Realizadas en Piscina:<\/h3>\n<\/li>\n<\/ul>\n<\/li>\n<\/ul>\n<h3>Temporada 2014\/15:<\/h3>\n<ul>\n<li>Campeonato Andaluc\u00eda Verano Pisc 50 m INACUA &#8211; M\u00e1laga 26, 27 y 28 de junio de 2015.\n<ul>\n<li>6\u00ba en 1.500 metros libres.<\/li>\n<li>9\u00ba en 400 metros libres.<\/li>\n<li>7\u00ba en 200 metros libres.<\/li>\n<li>12\u00ba en 100 metros libres.<\/li>\n<li>9\u00ba en 50 metros libres.<\/li>\n<\/ul>\n<\/li>\n<li>JJDDMM 25-04-2015 Almer\u00eda. Campe\u00f3n Juegos Deportivos Municipales con el CDNW. Roquetas de Mar. Pruebas disputadas:\n<ul>\n<li>50 metros mariposa.<\/li>\n<li>200 metros estilos.<\/li>\n<li>50 metros libres.<\/li>\n<\/ul>\n<\/li>\n<li>FAN 11-04-2015 Fuengirola &#8211; M\u00e1laga. Fase del Circuito Andaluc\u00eda.\n<ul>\n<li>3 en 800 metros libres.<\/li>\n<li>3 en 100 metros libres.<\/li>\n<\/ul>\n<\/li>\n<li>FAN 24-01-2015 Motril &#8211; Granada. Fase del Circuito Andaluc\u00eda.\n<ul>\n<li>4 en 1.500 metros libres.<\/li>\n<li>2\u00ba en 200 metros libres.<\/li>\n<\/ul>\n<\/li>\n<\/ul>\n<h2>Pruebas \/ Traves\u00edas Realizadas en Mar Abierto:<\/h2>\n<p>Temporada 2013\/14:<\/p>\n<ul>\n<li>Traves\u00eda 10 km Santa Faz \u2013 San Juan \u2013 Alicante. Con neopreno. Fecha: 04\/05\/2014. Traves\u00eda 10 km Cartagena \u2013 El Port\u00fas \u2013 Murcia. Tiempo: 4:11 horas sin neopreno. Fecha: 15\/08\/2014. Seleccionados 50 nadadores y acabaron laprueba 32. Muy duras condiciones clim\u00e1ticas.<\/li>\n<li>Traves\u00eda 10 km Desaf\u00edo Cullera \u2013 Cullera \u2013 Valencia. Tiempo: 3:50 horas. Sin neopreno. Fecha: 30\/08\/2014. Puesto 1o en mi categor\u00eda.<\/li>\n<li>Traves\u00eda 11 km Arenales del Sol &#8211; Tabarca \u2013 Alicante. Tiempo: 3:50 horas. sin neopreno. Fecha: 01\/06\/2014. Puesto 73o de 131 y 14o de 27 en mi categor\u00eda.<\/li>\n<li>Traves\u00eda 1,5 km Playa Poniente \u2013 \u00c1guilas \u2013 Murcia. Tiempo: 19:37 min. sin neopreno. Fecha: 27\/07\/2014. Puesto 56o de 125 y 6o en mi categor\u00eda.<\/li>\n<li>Circuito de Traves\u00edas AT- SPORT 2014 \u2013 Garrucha \u2013 Moj\u00e1car \u2013 Almer\u00eda. Distancia 1,5 \u2013 2,5 km cada una.\n<ul>\n<li>Garrucha 02\/08\/2014: Tiempo: 26:00 min. sin neopreno. Puesto 28\u00ba de 78 y 11\u00ba de 25 en mi categor\u00eda.<\/li>\n<li>Moj\u00e1car 10\/08\/2014: Tiempo: 36:52 min. sin neopreno. Puesto 25\u00ba de 74o y 12\u00ba de 24 en mi categor\u00eda.<\/li>\n<\/ul>\n<\/li>\n<li>Traves\u00eda 2 km Puerto de Almer\u00eda \u2013 Almer\u00eda. Tiempo: 30 min. sin neopreno. Fecha: 24\/08\/2014. Puesto 3\u00ba de la general.<\/li>\n<li>Traves\u00eda 1,5 km San Juan de los Terreros \u2013 Almer\u00eda. Sin neopreno. Fecha: 02\/08\/2014. Puesto 1\u00ba de la general.<br \/>\n<h3>Pruebas Realizadas en Piscina:<\/h3>\n<h3>Temporada 2013\/14:<\/h3>\n<\/li>\n<li>Campeonato Andaluc\u00eda Invierno Pisc 25 m Motril &#8211; Granada 12,13 y 14 de Diciembre de 2014.\n<ul>\n<li>5o en 400 metros libres.<\/li>\n<li>7o en 200 metros libres.<\/li>\n<li>12o en 100 metros libres.<\/li>\n<li>14o en 50 metros libres.<br \/>\n<h3>Pruebas \/ Traves\u00edas Realizadas en Mar Abierto:<\/h3>\n<h3>Temporada 2012\/13:<\/h3>\n<\/li>\n<\/ul>\n<\/li>\n<li>Traves\u00eda 8,5 km Pe\u00f1\u00edscola \u2013 Benicarl\u00f3 \u2013 Valencia. Tiempo: 3:01 horas. sin neopreno. Fecha: 14\/07\/2013. Puesto 53\u00bade 66 y 29\u00ba en mi categor\u00eda.<\/li>\n<li>Traves\u00eda 7 km Isla Perdiguera \u2013 Los Alc\u00e1zares \u2013 Murcia. Tiempo: 1:49<\/li>\n<li>horas. sin neopreno. Fecha: 15\/09\/2013. Puesto 10\u00ba de 55.<\/li>\n<li>Traves\u00eda 11 km Arenales del Sol &#8211; Tabarca \u2013 Alicante. Tiempo: 3:40 horas.<\/li>\n<li>sin neopreno. Fecha: 16\/06\/2013. Puesto 67\u00ba de 85<\/li>\n<li>Traves\u00eda 1,5 km Playa Poniente \u2013 \u00c1guilas \u2013 Murcia. Tiempo: 21:33 min. sin neopreno. Fecha: 28\/07\/2013. Puesto 62\u00ba de 141 y 17\u00ba de 31 en mi categor\u00eda.<\/li>\n<li>Circuito de Traves\u00edas AT- SPORT 2013 \u2013 Garrucha \u2013 Moj\u00e1car \u2013 Almer\u00eda. Distancia 2 \u2013 2,5 km cada una.\n<ul>\n<li>Garrucha 03\/08\/2013: Tiempo: 32:12 min. sin neopreno. Puesto 27\u00ba de 82 y 9\u00ba de 27 en mi categor\u00eda.<\/li>\n<li>Moj\u00e1car 11\/08\/2013: Tiempo: 36:52 min. sin neopreno. Puesto 37\u00ba de 98o y 17\u00ba de 33 en mi categor\u00eda.<\/li>\n<\/ul>\n<\/li>\n<\/ul>\n<\/div><\/div>\n\t\t<\/div><div class=\"tabPane\">\n\t\t\t<div class=\"tabAccordionContent\"><div class=\"btText\" ><p>(Abril. 2013 &#8211; Actualmente) Briseis, S.A. (Almer\u00eda) \u2013 Director Financiero &#8211; Controller.<\/p>\n<\/div><\/div>\n\t\t<\/div><\/div><\/div><div class=\"btClear btSeparator topSemiSpaced noBorder\" ><hr><\/div><\/div><\/div><\/div><\/div><\/div><\/div><\/div><\/section><section id=\"bt_section69ef7b314a0a8\"  class=\"boldSection bottomSpaced gutter inherit\" style=\"background-color:#f1f1f1;\"><div class=\"port\"><div class=\"boldCell\"><div class=\"boldCellInner\"><div class=\"boldRow \" style=\"margin-top: -40px;\"><div class=\"boldRowInner\"><div class=\"rowItem col-md-12 col-ms-12  btTextCenter animate animate-fadein animate-moveup inherit\"  data-width=\"12\"><div class=\"rowItemContent\" ><div class=\"btIconImageRow\" ><span class=\"btIco btIcoFilledType btIcoLargeSize btAccent1Icon\"><span  data-ico-od=\"&#xe9d6;\" class=\"btIcoHolder\"><\/span><\/span><\/div><div class=\"btClear btSeparator topSpaced noBorder\" ><hr><\/div><\/div><\/div><\/div><\/div><\/div><\/div><\/div><\/section><section id=\"bt_section69ef7b314a33b\"  class=\"boldSection gutter\" ><div class=\"port\"><div class=\"boldCell\"><div class=\"boldCellInner\"><div class=\"boldRow \" ><div class=\"boldRowInner\"><div class=\"rowItem col-md-8 col-ms-12 btTextLeft\"  data-width=\"8\"><div class=\"rowItemContent\" ><div class=\"btTabs tabsHorizontal\"><ul class=\"tabsHeader\"><li><span>Metros para Antonio<\/span><\/li><\/ul><div class=\"tabPanes tabPanesTabs\"><div class=\"tabPane\">\n\t\t\t<div class=\"tabAccordionContent\"><div class=\"btText\" ><p>Cada nadador y nadadora recorrer\u00e1 un m\u00ednimo de 60 km en su recorrido a nado por la costa de Cabo de Gata-N\u00edjar en agosto. Como el objetivo principal del reto deportivo, es recaudar fondos para la Unidad Cris del Hospital de la Paz, han decidido que todo el que quiera apoyarles personalmente en su reto, puede colaborar con 1\u20ac cada 10 metros. Esta es una forma de demostrarles, que todos nos mojamos por su causa, y que aunque sean ellas las que est\u00e1n en el agua, todos nos salpicamos de solidaridad. M\u00e1ndale mensajes de apoyo en las redes sociales, con el <span style=\"color: #00ccff;\">#<\/span>mojateporlavida y <span style=\"color: #00ccff;\">#<\/span>memojoconantonio<\/p>\n<p>Busca a tu nadador y ap\u00f3yale con metros solidarios.<\/p>\n<\/div><\/div>\n\t\t<\/div><\/div><\/div><div class=\"btClear btSeparator topSpaced bottomSpaced noBorder\" ><hr><\/div><\/div><\/div><div class=\"rowItem col-md-4 col-ms-12 btTextLeft\"  data-width=\"4\"><div class=\"rowItemContent\" ><div class=\"bpgPhoto  btHasTitles\" > \r\n\t\t\t\t\t<a href=\"https:\/\/solidarios.criscancer.org\/fundraisers\/cabo-de-gata-swim-project-mojate-por-la-vida\" target=\"_self\" title=\"Ayuda a Antonio\"><\/a>\r\n\t\t\t\t\t<div class=\"boldPhotoBox\"><div class=\"bpbItem\"><div class = \"btImage\"><img src=\"https:\/\/mojateporlavida.org\/wp-content\/uploads\/2017\/03\/metros-antonio.png\" alt=\"\" title=\"Ayuda a Antonio\"><\/div><\/div><\/div>\r\n\t\t\t\t\t<div class=\"captionPane btDarkSkin btTextCenter\">\r\n\t\t\t\t\t\t<div class=\"captionTable\">\r\n\t\t\t\t\t\t\t<div class=\"captionCell\">\r\n\t\t\t\t\t\t\t\t<div class=\"captionTxt\"><header class=\"header btClear extrasmall\" ><div class=\"btSuperTitle\"><span>metros solidarios<\/span><\/div><div class=\"dash\"><h4><span class=\"headline\">Ayuda a Antonio<\/span><\/h4><\/div><\/header><\/div>\r\n\t\t\t\t\t\t\t<\/div>\r\n\t\t\t\t\t\t<\/div>\r\n\t\t\t\t\t<\/div>\r\n\t\t\t\t\t\t<div class=\"btShowTitle\">\r\n\t\t\t\t\t\t\t<div class=\"btShowTitleCaptionTxt\"><header class=\"header btClear small\" ><div class=\"btSuperTitle\"><span>metros solidarios<\/span><\/div><div class=\"dash\"><h4><span class=\"headline\">Ayuda a Antonio<\/span><\/h4><\/div><\/header><\/div>\r\n\t\t\t\t\t\t<\/div><\/div><div class=\"btClear btSeparator topSmallSpaced bottomSmallSpaced noBorder\" ><hr><\/div><div class=\"btText\" ><p>Metros solidarios conseguidos por Antonio<\/p>\n<\/div><div class=\"btCounterHolder  btCounterLargeSize\"><span class=\"btCounter animate\" data-digit-length=\"3\"><span class=\"onedigit p3 d6\" data-digit=\"6\"><span class=\"n0\">0<\/span><span class=\"n1\">1<\/span><span class=\"n2\">2<\/span><span class=\"n3\">3<\/span><span class=\"n4\">4<\/span><span class=\"n5\">5<\/span><span class=\"n6\">6<\/span><span class=\"n7\">7<\/span><span class=\"n8\">8<\/span><span class=\"n9\">9<\/span><span class=\"n0\">0<\/span><\/span><span class=\"onedigit p2 d2\" data-digit=\"2\"><span class=\"n0\">0<\/span><span class=\"n1\">1<\/span><span class=\"n2\">2<\/span><span class=\"n3\">3<\/span><span class=\"n4\">4<\/span><span class=\"n5\">5<\/span><span class=\"n6\">6<\/span><span class=\"n7\">7<\/span><span class=\"n8\">8<\/span><span class=\"n9\">9<\/span><span class=\"n0\">0<\/span><\/span><span class=\"onedigit p1 d5\" data-digit=\"5\"><span class=\"n0\">0<\/span><span class=\"n1\">1<\/span><span class=\"n2\">2<\/span><span class=\"n3\">3<\/span><span class=\"n4\">4<\/span><span class=\"n5\">5<\/span><span class=\"n6\">6<\/span><span class=\"n7\">7<\/span><span class=\"n8\">8<\/span><span class=\"n9\">9<\/span><span class=\"n0\">0<\/span><\/span><\/span><\/div><\/div><\/div><\/div><\/div><div class=\"boldRow \" ><div class=\"boldRowInner\"><div class=\"rowItem col-md-12 col-ms-12  btTextLeft animate animate-fadein inherit\"  data-width=\"12\"><div class=\"rowItemContent\" ><header class=\"header btClear large  btHeaderAccent3\" ><div class=\"dash\"><h2><span class=\"headline\">Noticias en las que aparece Antonio<\/span><\/h2><\/div><\/header><div class=\"btClear btSeparator bottomSmallSpaced noBorder\" ><hr><\/div><div class=\"btLatestPostsContainer verticalPosts \" >\n\t\t\t\t<div class=\"btSingleLatestPost col-sm-12 col-ms-12  inherit\"><div class=\"btSingleLatestPostImage btTextCenter\"><div class=\"bpgPhoto \" > \r\n\t\t\t\t\t<a href=\"https:\/\/mojateporlavida.org\/?p=6156\" target=\"_self\" title=\"\"><\/a>\r\n\t\t\t\t\t<div class=\"boldPhotoBox\"><div class=\"bpbItem\"><div class = \"btImage\"><img src=\"https:\/\/mojateporlavida.org\/wp-content\/uploads\/2017\/09\/E5IMG_0754L-320x240.jpg\" alt=\"\" title=\"\"><\/div><\/div><\/div>\r\n\t\t\t\t\t<div class=\"captionPane btDarkSkin btTextCenter\">\r\n\t\t\t\t\t\t<div class=\"captionTable\">\r\n\t\t\t\t\t\t\t<div class=\"captionCell\">\r\n\t\t\t\t\t\t\t\t<div class=\"captionTxt\"><\/div>\r\n\t\t\t\t\t\t\t<\/div>\r\n\t\t\t\t\t\t<\/div>\r\n\t\t\t\t\t<\/div><\/div><\/div><div class = \"btSingleLatestPostContent\">\n\t\t\t\t\t\t<header class=\"header btClear small\" ><div class=\"dash\"><h4><span class=\"headline\"><a href=\"https:\/\/mojateporlavida.org\/?p=6156\" target=\"_self\">Quinta Etapa. San Jos\u00e9-San Miguel de Cabo de Gata.<\/a><\/span><\/h4><\/div><div class=\"btSubTitle\"><span class=\"btArticleDate\">26 agosto, 2017<\/span><a href=\"https:\/\/mojateporlavida.org\/?author=2\" class=\"btArticleAuthor\">by Agust\u00edn Ram\u00edrez<\/a><\/div><\/header>\n\t\t\t\t<p class=\"btLatestPostContent\">5\u00aa y \u00faltima etapa del Reto: 10 personas normales nadan la franja costera del Parque Natural Cabo de Gata \u2013 N\u00efjar por la investigaci\u00f3n contra el c\u00e1ncer infantil.<\/p>\n\t\t\t\t\t<\/div>\n\t\t\t\t<\/div>\n\t\t\t\t<div class=\"btSingleLatestPost col-sm-12 col-ms-12  inherit\"><div class=\"btSingleLatestPostImage btTextCenter\"><div class=\"bpgPhoto \" > \r\n\t\t\t\t\t<a href=\"https:\/\/mojateporlavida.org\/?p=6074\" target=\"_self\" title=\"\"><\/a>\r\n\t\t\t\t\t<div class=\"boldPhotoBox\"><div class=\"bpbItem\"><div class = \"btImage\"><img src=\"https:\/\/mojateporlavida.org\/wp-content\/uploads\/2017\/09\/E4angelA-320x240.jpg\" alt=\"\" title=\"\"><\/div><\/div><\/div>\r\n\t\t\t\t\t<div class=\"captionPane btDarkSkin btTextCenter\">\r\n\t\t\t\t\t\t<div class=\"captionTable\">\r\n\t\t\t\t\t\t\t<div class=\"captionCell\">\r\n\t\t\t\t\t\t\t\t<div class=\"captionTxt\"><\/div>\r\n\t\t\t\t\t\t\t<\/div>\r\n\t\t\t\t\t\t<\/div>\r\n\t\t\t\t\t<\/div><\/div><\/div><div class = \"btSingleLatestPostContent\">\n\t\t\t\t\t\t<header class=\"header btClear small\" ><div class=\"dash\"><h4><span class=\"headline\"><a href=\"https:\/\/mojateporlavida.org\/?p=6074\" target=\"_self\">Cuarta Etapa. Isleta del Moro- San Jos\u00e9.<\/a><\/span><\/h4><\/div><div class=\"btSubTitle\"><span class=\"btArticleDate\">25 agosto, 2017<\/span><a href=\"https:\/\/mojateporlavida.org\/?author=2\" class=\"btArticleAuthor\">by Agust\u00edn Ram\u00edrez<\/a><\/div><\/header>\n\t\t\t\t<p class=\"btLatestPostContent\">4\u00aa Etapa. La Etapa m\u00e1s complicada superada con \u00e9xito.<\/p>\n\t\t\t\t\t<\/div>\n\t\t\t\t<\/div>\n\t\t\t\t<div class=\"btSingleLatestPost col-sm-12 col-ms-12  inherit\"><div class=\"btSingleLatestPostImage btTextCenter\"><div class=\"bpgPhoto \" > \r\n\t\t\t\t\t<a href=\"https:\/\/mojateporlavida.org\/?p=6040\" target=\"_self\" title=\"\"><\/a>\r\n\t\t\t\t\t<div class=\"boldPhotoBox\"><div class=\"bpbItem\"><div class = \"btImage\"><img src=\"https:\/\/mojateporlavida.org\/wp-content\/uploads\/2017\/08\/E3equipolostroncos-320x240.jpg\" alt=\"\" title=\"\"><\/div><\/div><\/div>\r\n\t\t\t\t\t<div class=\"captionPane btDarkSkin btTextCenter\">\r\n\t\t\t\t\t\t<div class=\"captionTable\">\r\n\t\t\t\t\t\t\t<div class=\"captionCell\">\r\n\t\t\t\t\t\t\t\t<div class=\"captionTxt\"><\/div>\r\n\t\t\t\t\t\t\t<\/div>\r\n\t\t\t\t\t\t<\/div>\r\n\t\t\t\t\t<\/div><\/div><\/div><div class = \"btSingleLatestPostContent\">\n\t\t\t\t\t\t<header class=\"header btClear small\" ><div class=\"dash\"><h4><span class=\"headline\"><a href=\"https:\/\/mojateporlavida.org\/?p=6040\" target=\"_self\">Tercera Etapa. Las Negras-Isleta del Moro<\/a><\/span><\/h4><\/div><div class=\"btSubTitle\"><span class=\"btArticleDate\">24 agosto, 2017<\/span><a href=\"https:\/\/mojateporlavida.org\/?author=2\" class=\"btArticleAuthor\">by Agust\u00edn Ram\u00edrez<\/a><\/div><\/header>\n\t\t\t\t<p class=\"btLatestPostContent\">Tercera Etapa del Reto. Ecuador de la traves\u00eda en La Isleta del Moro: el desembarco de la solidaridad<\/p>\n\t\t\t\t\t<\/div>\n\t\t\t\t<\/div>\n\t\t\t\t<div class=\"btSingleLatestPost col-sm-12 col-ms-12  inherit\"><div class=\"btSingleLatestPostImage btTextCenter\"><div class=\"bpgPhoto \" > \r\n\t\t\t\t\t<a href=\"https:\/\/mojateporlavida.org\/?p=6009\" target=\"_self\" title=\"\"><\/a>\r\n\t\t\t\t\t<div class=\"boldPhotoBox\"><div class=\"bpbItem\"><div class = \"btImage\"><img src=\"https:\/\/mojateporlavida.org\/wp-content\/uploads\/2017\/08\/E2Todosbanderas-320x240.jpg\" alt=\"\" title=\"\"><\/div><\/div><\/div>\r\n\t\t\t\t\t<div class=\"captionPane btDarkSkin btTextCenter\">\r\n\t\t\t\t\t\t<div class=\"captionTable\">\r\n\t\t\t\t\t\t\t<div class=\"captionCell\">\r\n\t\t\t\t\t\t\t\t<div class=\"captionTxt\"><\/div>\r\n\t\t\t\t\t\t\t<\/div>\r\n\t\t\t\t\t\t<\/div>\r\n\t\t\t\t\t<\/div><\/div><\/div><div class = \"btSingleLatestPostContent\">\n\t\t\t\t\t\t<header class=\"header btClear small\" ><div class=\"dash\"><h4><span class=\"headline\"><a href=\"https:\/\/mojateporlavida.org\/?p=6009\" target=\"_self\">Segunda Etapa. Ruta de piratas en aguas abiertas por el c\u00e1ncer infantil<\/a><\/span><\/h4><\/div><div class=\"btSubTitle\"><span class=\"btArticleDate\">23 agosto, 2017<\/span><a href=\"https:\/\/mojateporlavida.org\/?author=2\" class=\"btArticleAuthor\">by Agust\u00edn Ram\u00edrez<\/a><\/div><\/header>\n\t\t\t\t<p class=\"btLatestPostContent\">Cr\u00f3nica de la 2\u00aa Etapa. Agua Amarga &#8211; Las Negras. Ruta de piratas en aguas abiertas por el c\u00e1ncer infantil<\/p>\n\t\t\t\t\t<\/div>\n\t\t\t\t<\/div>\n\t\t\t\t<div class=\"btSingleLatestPost col-sm-12 col-ms-12  inherit\"><div class=\"btSingleLatestPostImage btTextCenter\"><div class=\"bpgPhoto \" > \r\n\t\t\t\t\t<a href=\"https:\/\/mojateporlavida.org\/?p=5989\" target=\"_self\" title=\"\"><\/a>\r\n\t\t\t\t\t<div class=\"boldPhotoBox\"><div class=\"bpbItem\"><div class = \"btImage\"><img src=\"https:\/\/mojateporlavida.org\/wp-content\/uploads\/2017\/08\/salida-320x240.jpg\" alt=\"\" title=\"\"><\/div><\/div><\/div>\r\n\t\t\t\t\t<div class=\"captionPane btDarkSkin btTextCenter\">\r\n\t\t\t\t\t\t<div class=\"captionTable\">\r\n\t\t\t\t\t\t\t<div class=\"captionCell\">\r\n\t\t\t\t\t\t\t\t<div class=\"captionTxt\"><\/div>\r\n\t\t\t\t\t\t\t<\/div>\r\n\t\t\t\t\t\t<\/div>\r\n\t\t\t\t\t<\/div><\/div><\/div><div class = \"btSingleLatestPostContent\">\n\t\t\t\t\t\t<header class=\"header btClear small\" ><div class=\"dash\"><h4><span class=\"headline\"><a href=\"https:\/\/mojateporlavida.org\/?p=5989\" target=\"_self\">Primera etapa de la Traves\u00eda por la Investigaci\u00f3n contra el c\u00e1ncer infantil<\/a><\/span><\/h4><\/div><div class=\"btSubTitle\"><span class=\"btArticleDate\">22 agosto, 2017<\/span><a href=\"https:\/\/mojateporlavida.org\/?author=2\" class=\"btArticleAuthor\">by Agust\u00edn Ram\u00edrez<\/a><\/div><\/header>\n\t\t\t\t<p class=\"btLatestPostContent\">1\u00aa Etapa de la traves\u00eda. Carboneras-Agua Amarga<\/p>\n\t\t\t\t\t<\/div>\n\t\t\t\t<\/div>\n\t\t\t\t<div class=\"btSingleLatestPost col-sm-12 col-ms-12  inherit\"><div class=\"btSingleLatestPostImage btTextCenter\"><div class=\"bpgPhoto \" > \r\n\t\t\t\t\t<a href=\"https:\/\/mojateporlavida.org\/?p=5841\" target=\"_self\" title=\"\"><\/a>\r\n\t\t\t\t\t<div class=\"boldPhotoBox\"><div class=\"bpbItem\"><div class = \"btImage\"><img src=\"https:\/\/mojateporlavida.org\/wp-content\/uploads\/2017\/05\/DSC_1665-320x240.jpg\" alt=\"\" title=\"\"><\/div><\/div><\/div>\r\n\t\t\t\t\t<div class=\"captionPane btDarkSkin btTextCenter\">\r\n\t\t\t\t\t\t<div class=\"captionTable\">\r\n\t\t\t\t\t\t\t<div class=\"captionCell\">\r\n\t\t\t\t\t\t\t\t<div class=\"captionTxt\"><\/div>\r\n\t\t\t\t\t\t\t<\/div>\r\n\t\t\t\t\t\t<\/div>\r\n\t\t\t\t\t<\/div><\/div><\/div><div class = \"btSingleLatestPostContent\">\n\t\t\t\t\t\t<header class=\"header btClear small\" ><div class=\"dash\"><h4><span class=\"headline\"><a href=\"https:\/\/mojateporlavida.org\/?p=5841\" target=\"_self\">Nuestros nadadores a un mes de nadar en Cabo de Gata-N\u00edjar<\/a><\/span><\/h4><\/div><div class=\"btSubTitle\"><span class=\"btArticleDate\">22 julio, 2017<\/span><a href=\"https:\/\/mojateporlavida.org\/?author=2\" class=\"btArticleAuthor\">by Agust\u00edn Ram\u00edrez<\/a><\/div><\/header>\n\t\t\t\t<p class=\"btLatestPostContent\">A un mes de comoenzar el reto a nado por Cabo de Gata-N\u00edjar, nuestros nadadores y nadadoras, nos dan su impresiones sobre el reto.<\/p>\n\t\t\t\t\t<\/div>\n\t\t\t\t<\/div><\/div><div class=\"btClear btSeparator topExtraSpaced bottomExtraSpaced noBorder\" ><hr><\/div><div class=\"btClear btSeparator topExtraSpaced bottomExtraSpaced noBorder\" ><hr><\/div><\/div><\/div><\/div><\/div><\/div><\/div><\/div><\/section>","protected":false},"excerpt":{"rendered":"","protected":false},"author":1,"featured_media":0,"parent":1997,"menu_order":0,"comment_status":"closed","ping_status":"closed","template":"","meta":[],"_links":{"self":[{"href":"https:\/\/mojateporlavida.org\/index.php?rest_route=\/wp\/v2\/pages\/2416"}],"collection":[{"href":"https:\/\/mojateporlavida.org\/index.php?rest_route=\/wp\/v2\/pages"}],"about":[{"href":"https:\/\/mojateporlavida.org\/index.php?rest_route=\/wp\/v2\/types\/page"}],"author":[{"embeddable":true,"href":"https:\/\/mojateporlavida.org\/index.php?rest_route=\/wp\/v2\/users\/1"}],"replies":[{"embeddable":true,"href":"https:\/\/mojateporlavida.org\/index.php?rest_route=%2Fwp%2Fv2%2Fcomments&post=2416"}],"version-history":[{"count":14,"href":"https:\/\/mojateporlavida.org\/index.php?rest_route=\/wp\/v2\/pages\/2416\/revisions"}],"predecessor-version":[{"id":4720,"href":"https:\/\/mojateporlavida.org\/index.php?rest_route=\/wp\/v2\/pages\/2416\/revisions\/4720"}],"up":[{"embeddable":true,"href":"https:\/\/mojateporlavida.org\/index.php?rest_route=\/wp\/v2\/pages\/1997"}],"wp:attachment":[{"href":"https:\/\/mojateporlavida.org\/index.php?rest_route=%2Fwp%2Fv2%2Fmedia&parent=2416"}],"curies":[{"name":"wp","href":"https:\/\/api.w.org\/{rel}","templated":true}]}}