{"id":4559,"date":"2017-03-19T00:34:46","date_gmt":"2017-03-18T23:34:46","guid":{"rendered":"http:\/\/mojateporlavida.org\/?page_id=4559"},"modified":"2017-03-19T09:33:11","modified_gmt":"2017-03-19T08:33:11","slug":"angel-garijo","status":"publish","type":"page","link":"http:\/\/mojateporlavida.org\/?page_id=4559","title":{"rendered":"\u00c1ngel Garijo"},"content":{"rendered":"<section id=\"bt_section69f047368716a\"  class=\"boldSection gutter\" ><div class=\"port\"><div class=\"boldCell\"><div class=\"boldCellInner\"><\/div><\/div><\/div><\/section><section id=\"bt_section69f047368745d\" data-parallax=\"0\" data-parallax-offset=\"0\" class=\"boldSection topSpaced bottomSemiSpaced btDarkSkin gutter inherit btParallax wBackground cover btBackgroundOverlay btSolidDarkBackground\" style=\"background-image:url('http:\/\/mojateporlavida.org\/wp-content\/uploads\/2017\/03\/2017-03-18-PHOTO-00009542.jpg');\"><div class=\"port\"><div class=\"boldCell\"><div class=\"boldCellInner\"><div class=\"boldRow \" ><div class=\"boldRowInner\"><div class=\"rowItem col-md-3 col-sm-6 col-ms-12 btTextLeft animate animate-fadein animate-moveup btMiddleVertical\"  data-width=\"3\"><div class=\"rowItemContent\" ><div class=\"bpgPhoto  btRoundedImage\" ><div class = \"btImage\"><img src=\"http:\/\/mojateporlavida.org\/wp-content\/uploads\/2017\/03\/A\u0301ngel.jpg\" alt=\"\" title=\"\u00c1ngel Garijo\"><\/div><\/div><div class=\"btClear btSeparator bottomSemiSpaced noBorder\" ><hr><\/div><\/div><\/div><div class=\"rowItem col-md-6 col-sm-12 btTextLeft animate animate-fadein animate-moveup btMiddleVertical\"  data-width=\"6\"><div class=\"rowItemContent\" ><header class=\"header btClear large  btHeaderAccent3\" ><div class=\"btSuperTitle\"><span>NADADOR<\/span><\/div><div class=\"dash\"><h2><span class=\"headline\">\u00c1NGEL GARIJO<\/span><\/h2><\/div><\/header><div class=\"btText\" ><p>Persona alegre, amigo de sus amigos, con un gran don de gentes. Se amolda a todas las circunstancias y ofrece siempre soluciones y facilidades a los dem\u00e1s.<\/p>\n<p>Es entusiata, intr\u00e9pido y aventurero. Lleno de energ\u00eda y vitalidad. Le gusta retarse a s\u00ed mismo. Una enciclopedia andante que todo lo sabe. Su pasi\u00f3n es la bici, puede tirarse horar y horas pedaleando. En el agua es su propio entrenador y el que te da geles para que te hidrates. Nada bien y se fija mucho en la t\u00e9cnica. Es muy perfecionista.<\/p>\n<\/div><div class=\"btIconImageRow\" style=\"padding: 1em 0;\"><span class=\"btIco btIcoFilledType btIcoSmallSize btAccent1Icon\"><a href=\"https:\/\/www.facebook.com\/angelluis.garijo?fref=ts\"  target=\"no_target\" data-ico-fa=\"&#xf09a;\" class=\"btIcoHolder\"><\/a><\/span><span class=\"btIco btIcoFilledType btIcoSmallSize btAccent2Icon\"><a href=\"https:\/\/twitter.com\/garijospuknik\"  target=\"no_target\" data-ico-fa=\"&#xf099;\" class=\"btIcoHolder\"><\/a><\/span><\/div><div class=\"btClear btSeparator bottomSemiSpaced noBorder\" ><hr><\/div><\/div><\/div><div class=\"rowItem col-md-3 col-sm-6 col-ms-12 btTextLeft animate animate-fadein animate-moveup btMiddleVertical btDoublePadding\"  data-width=\"3\"><div class=\"rowItemContent\" ><div class=\"btClear btSeparator bottomSemiSpaced noBorder\" ><hr><\/div><a href=\"mailto:angel@mojateporlavida.org\" class=\"btBtn btBtn btnOutlineStyle btndefaultColor btnSmall btnFullWidth btnRightPosition btnIco\" ><span class=\"btnInnerText\">CONTACTO<\/span><span class=\"btIco \"><span  data-ico-fa=\"&#xf003;\" class=\"btIcoHolder\"><\/span><\/span><\/a><div class=\"btClear btSeparator topSmallSpaced noBorder\" ><hr><\/div><a href=\"https:\/\/solidarios.criscancer.org\/fundraisers\/cabo-de-gata-swim-project-mojate-por-la-vida\" class=\"btBtn btBtn btnOutlineStyle btndefaultColor btnMedium btnFullWidth btnRightPosition btnIco\" ><span class=\"btnInnerText\">METROS \u00c1NGEL<\/span><span class=\"btIco \"><span  data-ico-fa=\"&#xf016;\" class=\"btIcoHolder\"><\/span><\/span><\/a><div class=\"btClear btSeparator bottomSemiSpaced noBorder\" ><hr><\/div><\/div><\/div><\/div><\/div><\/div><\/div><\/div><\/section><section id=\"bt_section69f047368809b\"  class=\"boldSection gutter\" ><div class=\"port\"><div class=\"boldCell\"><div class=\"boldCellInner\"><\/div><\/div><\/div><\/section><section id=\"bt_section69f04736880f0\"  class=\"boldSection topSpaced bottomSpaced gutter inherit\" ><div class=\"port\"><div class=\"boldCell\"><div class=\"boldCellInner\"><div class=\"boldRow \" ><div class=\"boldRowInner\"><div class=\"rowItem btRightBorder col-md-12 col-ms-12  btTextLeft animate animate-fadein btTopVertical\"  data-width=\"12\"><div class=\"rowItemContent\" ><header class=\"header btClear large  btHeaderAccent4\" ><div class=\"dash\"><h2><span class=\"headline\">BIOGRAF\u00cdA<\/span><\/h2><\/div><\/header><div class=\"btText\" ><p>Tras varias etapas que tenemos en la vida, vas apreciando peque\u00f1os detalles, momentos, situaciones que pueden irse facilmente y es donde ves que un ni\u00f1o sin apenas haber aprendido a vivir, puede que por culpa de esta terrible enfermedad, no llegue a experimentarlas.<\/p>\n<p><img decoding=\"async\" loading=\"lazy\" class=\"wp-image-4617 aligncenter\" src=\"http:\/\/mojateporlavida.org\/wp-content\/uploads\/2017\/03\/angel-y-carlos-en-la-plaza-2-640x426.jpg\" alt=\"\" width=\"308\" height=\"205\" srcset=\"http:\/\/mojateporlavida.org\/wp-content\/uploads\/2017\/03\/angel-y-carlos-en-la-plaza-2.jpg 640w, http:\/\/mojateporlavida.org\/wp-content\/uploads\/2017\/03\/angel-y-carlos-en-la-plaza-2-320x213.jpg 320w\" sizes=\"(max-width: 308px) 100vw, 308px\" \/><\/p>\n<p>Por mi trabajo, he visto situaciones de ni\u00f1os que, nunca podr\u00edan tener acceso a un hospital o medicina moderna como la que tenemos.\u00a0 Una medicina, que muchas veces por intereses econ\u00f3micos, otras pol\u00edticos no se desarrollan.<\/p>\n<p>Bien, pues por eso, me uno al reto. Para poner mi parte peque\u00f1a, y ponerla en un mar que puede ser muy duro, como el reto, como la lucha de los ni\u00f1os y ni\u00f1as a los que va destinado este proyecto.<\/p>\n<p>Con mucha humildad por mi parte, aprendiendo de mis compa\u00f1eros de viaje, sin los que por muchas brazadas que diese no servir\u00eda de nada. As\u00ed que por mi parte lo hago porque estoy convencido de su utilidad.<\/p>\n<p>El proyecto adem\u00e1s es \u00fanico en cuanto al formato.<\/p>\n<p>\u00a1Yo me mojo! \u00bfY t\u00fa?<\/p>\n<\/div><div class=\"btClear btSeparator topSmallSpaced bottomSmallSpaced noBorder\" ><hr><\/div><div class=\"servicesItem  btServicesAccent4 btIcoLargeSizeIcon \"><div class=\"sIcon\"><span class=\"btIco btIcoLargeSize btIcoDefaultType btAccent4Icon\"><span  data-ico-od=\"&#xe9d9;\" class=\"btIcoHolder\"><\/span><\/span><\/div><div class=\"sTxt\"><header class=\"header btClear small\" ><div class=\"dash\"><h4><span class=\"headline\">AFICIONES<\/span><\/h4><\/div><div class=\"btSubTitle\">A \u00c1ngel le gustan las carreras de triathl\u00f3n de larga distancia, carreras de monta\u00f1a, medias maratones, maratones btt, senderismo, escalada&#8230; Siempre en contacto con la naturaleza.\r<br \/>Sobre todo le gusta el ciclismo. Su pasi\u00f3n por este deporte es comparable a la que siente por las aguas abiertas.<\/div><\/header><\/div><\/div><div class=\"btClear btSeparator topSmallSpaced bottomSmallSpaced noBorder\" ><hr><\/div><div class=\"btTabs tabsHorizontal\"><ul class=\"tabsHeader\"><li><span>FORMACI\u00d3N<\/span><\/li><li><span>CC DEPORTIVO<\/span><\/li><li><span>TRABAJO<\/span><\/li><\/ul><div class=\"tabPanes tabPanesTabs\"><div class=\"tabPane\">\n\t\t\t<div class=\"tabAccordionContent\"><div class=\"btText\" ><p>\u00c1ngel tiene formaci\u00f3n militar.<\/p>\n<\/div><\/div>\n\t\t<\/div><div class=\"tabPane\">\n\t\t\t<div class=\"tabAccordionContent\"><div class=\"btText\" ><h2>Pruebas \/ Traves\u00edas Realizadas en Mar Abierto:<\/h2>\n<h3>Temporada 2016:<\/h3>\n<ul>\n<li>Traves\u00eda III Timoncap \u2013 Cabo Palos \u2013 Cartagena &#8211; Murcia.<\/li>\n<li>Traves\u00eda Los Puert8s \u2013 Roquetas de Mar \u2013 Aguadulce \u2013 Almer\u00eda.<\/li>\n<li>Traves\u00eda Cruce del Estrecho de Gibraltar 16,76 km \u2013 Isla Tarifa (Espa\u00f1a) \u2013Punta Cires (Marruecos).<\/li>\n<li>Travesia 11 km de Cofrentes- Cofrentes.Traves\u00eda 10 km Almerimar \u2013 El Ejido-Almer\u00eda.Traves\u00eda 15 km El Port\u00fas\u2013 La Azohia-Murcia.<\/li>\n<li>Traves\u00eda 12 km Cabo Palos- Isla Hormiga-Murcia.Traves\u00eda 10 km Isla Grosa \u2013 Isla Hormiga-Murcia.<\/li>\n<li>Traves\u00eda 9 km Santa Faz \u2013 San Juan-Alicante.Travesia 8 km La azohia-Puerto de Mazarron- Murcia.<\/li>\n<\/ul>\n<h3>Temporada 2015:<\/h3>\n<ul>\n<li>Traves\u00eda 9 km Santa Faz \u2013 San Juan-Alicante.<\/li>\n<li>Travesia 7km Flysch beltza- Mutriku.<\/li>\n<li>Traves\u00eda 7 km Isla del Farall\u00f3n \u2013 Los Alc\u00e1zares \u2013 Murcia.<\/li>\n<li>Travesia 3 km San Silvestre a nado Arenales del Sol-Alicante.<\/li>\n<\/ul>\n<h3>Temporada 2014:<\/h3>\n<ul>\n<li>Traves\u00eda 10 km Santa Faz \u2013 San Juan \u2013 Alicante.<\/li>\n<li>Traves\u00eda 7 km Isla Perdiguera \u2013 Los Alc\u00e1zares \u2013 Murcia.<\/li>\n<li>Travesia 7km Flysch beltza- Mutriku.<\/li>\n<li>Travesia 7km Vuelta a la escollera de Alicante.<\/li>\n<li>Travesia I Timoncap Cabo de Palos- Caratagena \u2013 Murcia.<\/li>\n<li>Travesia 3 km San Silvestre a nado Arenales del Sol-Alicante.<\/li>\n<li>Travesia 3km Playa de San Juan- Alicante.<\/li>\n<\/ul>\n<h3>Temporada 2013:<\/h3>\n<ul>\n<li>Traves\u00eda 9 km Santa Faz \u2013 San Juan-Alicante.<\/li>\n<li>Travesia 7km Vuelta a la escollera de Alicante.<\/li>\n<li>Travesia 2,5 km Playa de Urbanova-Alicante.<\/li>\n<li>Travesia 3km Puerto La Torre Pilar de la Horadada.<\/li>\n<li>Travesia 3 km San Silvestre a nado Arenales del Sol-Alicante.<\/li>\n<\/ul>\n<h3>Temporada 2012:<\/h3>\n<ul>\n<li>Travesia 3km Naucotur Campello- Alicante.<\/li>\n<li>Travesia 6km Tabarca- Santa Pola-Alicante.<\/li>\n<\/ul>\n<\/div><\/div>\n\t\t<\/div><div class=\"tabPane\">\n\t\t\t<div class=\"tabAccordionContent\"><div class=\"btText\" ><p>\u00c1ngel ha sido militar y actualmente es Polic\u00eda Nacional.<\/p>\n<\/div><\/div>\n\t\t<\/div><\/div><\/div><div class=\"btClear btSeparator topSemiSpaced noBorder\" ><hr><\/div><\/div><\/div><\/div><\/div><\/div><\/div><\/div><\/section><section id=\"bt_section69f0473688b5a\"  class=\"boldSection gutter\" ><div class=\"port\"><div class=\"boldCell\"><div class=\"boldCellInner\"><\/div><\/div><\/div><\/section><section id=\"bt_section69f0473688baa\"  class=\"boldSection bottomSpaced gutter inherit\" style=\"background-color:#f1f1f1;\"><div class=\"port\"><div class=\"boldCell\"><div class=\"boldCellInner\"><div class=\"boldRow \" style=\"margin-top: -40px;\"><div class=\"boldRowInner\"><div class=\"rowItem col-md-12 col-ms-12  btTextCenter animate animate-fadein animate-moveup inherit\"  data-width=\"12\"><div class=\"rowItemContent\" ><div class=\"btIconImageRow\" ><span class=\"btIco btIcoFilledType btIcoLargeSize btAccent1Icon\"><span  data-ico-od=\"&#xe9d6;\" class=\"btIcoHolder\"><\/span><\/span><\/div><div class=\"btClear btSeparator topSpaced noBorder\" ><hr><\/div><\/div><\/div><\/div><\/div><\/div><\/div><\/div><\/section><section id=\"bt_section69f0473688e04\"  class=\"boldSection gutter\" ><div class=\"port\"><div class=\"boldCell\"><div class=\"boldCellInner\"><\/div><\/div><\/div><\/section><section id=\"bt_section69f0473688e3b\"  class=\"boldSection gutter\" ><div class=\"port\"><div class=\"boldCell\"><div class=\"boldCellInner\"><div class=\"boldRow \" ><div class=\"boldRowInner\"><div class=\"rowItem col-md-8 col-ms-12 btTextLeft\"  data-width=\"8\"><div class=\"rowItemContent\" ><div class=\"btTabs tabsHorizontal\"><ul class=\"tabsHeader\"><li><span>Metros para \u00c1ngel<\/span><\/li><\/ul><div class=\"tabPanes tabPanesTabs\"><div class=\"tabPane\">\n\t\t\t<div class=\"tabAccordionContent\"><div class=\"btText\" ><p>Cada nadador y nadadora recorrer\u00e1 un m\u00ednimo de 60 km en su recorrido a nado por la costa de Cabo de Gata-N\u00edjar en agosto. Como el objetivo principal del reto deportivo, es recaudar fondos para la Unidad Cris del Hospital de la Paz, han decidido que todo el que quiera apoyarles personalmente en su reto, puede colaborar con 1\u20ac cada 10 metros. Esta es una forma de demostrarles, que todos nos mojamos por su causa, y que aunque sean ellas las que est\u00e1n en el agua, todos nos salpicamos de solidaridad. M\u00e1ndale mensajes de apoyo en las redes sociales, con el #mojateporlavida y #memojoconangel<\/p>\n<p>Busca a tu nadador y ap\u00f3yale con metros solidarios.<\/p>\n<\/div><\/div>\n\t\t<\/div><\/div><\/div><div class=\"btClear btSeparator topSpaced bottomSpaced noBorder\" ><hr><\/div><\/div><\/div><div class=\"rowItem col-md-4 col-ms-12 btTextLeft\"  data-width=\"4\"><div class=\"rowItemContent\" ><div class=\"bpgPhoto  btHasTitles\" > \r\n\t\t\t\t\t<a href=\"https:\/\/solidarios.criscancer.org\/fundraisers\/cabo-de-gata-swim-project-mojate-por-la-vida\" target=\"_self\" title=\"Ayuda a \u00c1ngel\"><\/a>\r\n\t\t\t\t\t<div class=\"boldPhotoBox\"><div class=\"bpbItem\"><div class = \"btImage\"><img src=\"http:\/\/mojateporlavida.org\/wp-content\/uploads\/2017\/03\/metros-angel.png\" alt=\"\" title=\"Ayuda a \u00c1ngel\"><\/div><\/div><\/div>\r\n\t\t\t\t\t<div class=\"captionPane btDarkSkin btTextCenter\">\r\n\t\t\t\t\t\t<div class=\"captionTable\">\r\n\t\t\t\t\t\t\t<div class=\"captionCell\">\r\n\t\t\t\t\t\t\t\t<div class=\"captionTxt\"><header class=\"header btClear extrasmall\" ><div class=\"btSuperTitle\"><span>metros solidarios<\/span><\/div><div class=\"dash\"><h4><span class=\"headline\">Ayuda a \u00c1ngel<\/span><\/h4><\/div><\/header><\/div>\r\n\t\t\t\t\t\t\t<\/div>\r\n\t\t\t\t\t\t<\/div>\r\n\t\t\t\t\t<\/div>\r\n\t\t\t\t\t\t<div class=\"btShowTitle\">\r\n\t\t\t\t\t\t\t<div class=\"btShowTitleCaptionTxt\"><header class=\"header btClear small\" ><div class=\"btSuperTitle\"><span>metros solidarios<\/span><\/div><div class=\"dash\"><h4><span class=\"headline\">Ayuda a \u00c1ngel<\/span><\/h4><\/div><\/header><\/div>\r\n\t\t\t\t\t\t<\/div><\/div><div class=\"btClear btSeparator topSmallSpaced bottomSmallSpaced noBorder\" ><hr><\/div><div class=\"btText\" ><p>Metros solidarios conseguidos por \u00c1ngel.<\/p>\n<\/div><div class=\"btCounterHolder  btCounterLargeSize\"><span class=\"btCounter animate\" data-digit-length=\"3\"><span class=\"onedigit p3 d1\" data-digit=\"1\"><span class=\"n0\">0<\/span><span class=\"n1\">1<\/span><span class=\"n2\">2<\/span><span class=\"n3\">3<\/span><span class=\"n4\">4<\/span><span class=\"n5\">5<\/span><span class=\"n6\">6<\/span><span class=\"n7\">7<\/span><span class=\"n8\">8<\/span><span class=\"n9\">9<\/span><span class=\"n0\">0<\/span><\/span><span class=\"onedigit p2 d7\" data-digit=\"7\"><span class=\"n0\">0<\/span><span class=\"n1\">1<\/span><span class=\"n2\">2<\/span><span class=\"n3\">3<\/span><span class=\"n4\">4<\/span><span class=\"n5\">5<\/span><span class=\"n6\">6<\/span><span class=\"n7\">7<\/span><span class=\"n8\">8<\/span><span class=\"n9\">9<\/span><span class=\"n0\">0<\/span><\/span><span class=\"onedigit p1 d5\" data-digit=\"5\"><span class=\"n0\">0<\/span><span class=\"n1\">1<\/span><span class=\"n2\">2<\/span><span class=\"n3\">3<\/span><span class=\"n4\">4<\/span><span class=\"n5\">5<\/span><span class=\"n6\">6<\/span><span class=\"n7\">7<\/span><span class=\"n8\">8<\/span><span class=\"n9\">9<\/span><span class=\"n0\">0<\/span><\/span><\/span><\/div><\/div><\/div><\/div><\/div><div class=\"boldRow \" ><div class=\"boldRowInner\"><div class=\"rowItem col-md-12 col-ms-12  btTextLeft animate animate-fadein inherit\"  data-width=\"12\"><div class=\"rowItemContent\" ><header class=\"header btClear large  btHeaderAccent3\" ><div class=\"dash\"><h2><span class=\"headline\">Noticias en las que aparece \u00c1ngel<\/span><\/h2><\/div><\/header><div class=\"btClear btSeparator bottomSmallSpaced noBorder\" ><hr><\/div><div class=\"btLatestPostsContainer verticalPosts \" >\n\t\t\t\t<div class=\"btSingleLatestPost col-sm-12 col-ms-12  inherit\"><div class=\"btSingleLatestPostImage btTextCenter\"><div class=\"bpgPhoto \" > \r\n\t\t\t\t\t<a href=\"http:\/\/mojateporlavida.org\/?p=6685\" target=\"_self\" title=\"\"><\/a>\r\n\t\t\t\t\t<div class=\"boldPhotoBox\"><div class=\"bpbItem\"><div class = \"btImage\"><img src=\"http:\/\/mojateporlavida.org\/wp-content\/uploads\/2018\/05\/cartel-presentacion-toledo-320x240.jpg\" alt=\"\" title=\"\"><\/div><\/div><\/div>\r\n\t\t\t\t\t<div class=\"captionPane btDarkSkin btTextCenter\">\r\n\t\t\t\t\t\t<div class=\"captionTable\">\r\n\t\t\t\t\t\t\t<div class=\"captionCell\">\r\n\t\t\t\t\t\t\t\t<div class=\"captionTxt\"><\/div>\r\n\t\t\t\t\t\t\t<\/div>\r\n\t\t\t\t\t\t<\/div>\r\n\t\t\t\t\t<\/div><\/div><\/div><div class = \"btSingleLatestPostContent\">\n\t\t\t\t\t\t<header class=\"header btClear small\" ><div class=\"dash\"><h4><span class=\"headline\"><a href=\"http:\/\/mojateporlavida.org\/?p=6685\" target=\"_self\">La \u00abLuz Azul\u00bb inunda  Toledo.<\/a><\/span><\/h4><\/div><div class=\"btSubTitle\"><span class=\"btArticleDate\">30 abril, 2018<\/span><a href=\"http:\/\/mojateporlavida.org\/?author=2\" class=\"btArticleAuthor\">by Agust\u00edn Ram\u00edrez<\/a><\/div><\/header>\n\t\t\t\t<p class=\"btLatestPostContent\">El Documental \u00abLuz Azul, un mar de vida\u00bb se presenta en la Universidad de Toledo<\/p>\n\t\t\t\t\t<\/div>\n\t\t\t\t<\/div>\n\t\t\t\t<div class=\"btSingleLatestPost col-sm-12 col-ms-12  inherit\"><div class=\"btSingleLatestPostImage btTextCenter\"><div class=\"bpgPhoto \" > \r\n\t\t\t\t\t<a href=\"http:\/\/mojateporlavida.org\/?p=6156\" target=\"_self\" title=\"\"><\/a>\r\n\t\t\t\t\t<div class=\"boldPhotoBox\"><div class=\"bpbItem\"><div class = \"btImage\"><img src=\"http:\/\/mojateporlavida.org\/wp-content\/uploads\/2017\/09\/E5IMG_0754L-320x240.jpg\" alt=\"\" title=\"\"><\/div><\/div><\/div>\r\n\t\t\t\t\t<div class=\"captionPane btDarkSkin btTextCenter\">\r\n\t\t\t\t\t\t<div class=\"captionTable\">\r\n\t\t\t\t\t\t\t<div class=\"captionCell\">\r\n\t\t\t\t\t\t\t\t<div class=\"captionTxt\"><\/div>\r\n\t\t\t\t\t\t\t<\/div>\r\n\t\t\t\t\t\t<\/div>\r\n\t\t\t\t\t<\/div><\/div><\/div><div class = \"btSingleLatestPostContent\">\n\t\t\t\t\t\t<header class=\"header btClear small\" ><div class=\"dash\"><h4><span class=\"headline\"><a href=\"http:\/\/mojateporlavida.org\/?p=6156\" target=\"_self\">Quinta Etapa. San Jos\u00e9-San Miguel de Cabo de Gata.<\/a><\/span><\/h4><\/div><div class=\"btSubTitle\"><span class=\"btArticleDate\">26 agosto, 2017<\/span><a href=\"http:\/\/mojateporlavida.org\/?author=2\" class=\"btArticleAuthor\">by Agust\u00edn Ram\u00edrez<\/a><\/div><\/header>\n\t\t\t\t<p class=\"btLatestPostContent\">5\u00aa y \u00faltima etapa del Reto: 10 personas normales nadan la franja costera del Parque Natural Cabo de Gata \u2013 N\u00efjar por la investigaci\u00f3n contra el c\u00e1ncer infantil.<\/p>\n\t\t\t\t\t<\/div>\n\t\t\t\t<\/div>\n\t\t\t\t<div class=\"btSingleLatestPost col-sm-12 col-ms-12  inherit\"><div class=\"btSingleLatestPostImage btTextCenter\"><div class=\"bpgPhoto \" > \r\n\t\t\t\t\t<a href=\"http:\/\/mojateporlavida.org\/?p=6074\" target=\"_self\" title=\"\"><\/a>\r\n\t\t\t\t\t<div class=\"boldPhotoBox\"><div class=\"bpbItem\"><div class = \"btImage\"><img src=\"http:\/\/mojateporlavida.org\/wp-content\/uploads\/2017\/09\/E4angelA-320x240.jpg\" alt=\"\" title=\"\"><\/div><\/div><\/div>\r\n\t\t\t\t\t<div class=\"captionPane btDarkSkin btTextCenter\">\r\n\t\t\t\t\t\t<div class=\"captionTable\">\r\n\t\t\t\t\t\t\t<div class=\"captionCell\">\r\n\t\t\t\t\t\t\t\t<div class=\"captionTxt\"><\/div>\r\n\t\t\t\t\t\t\t<\/div>\r\n\t\t\t\t\t\t<\/div>\r\n\t\t\t\t\t<\/div><\/div><\/div><div class = \"btSingleLatestPostContent\">\n\t\t\t\t\t\t<header class=\"header btClear small\" ><div class=\"dash\"><h4><span class=\"headline\"><a href=\"http:\/\/mojateporlavida.org\/?p=6074\" target=\"_self\">Cuarta Etapa. Isleta del Moro- San Jos\u00e9.<\/a><\/span><\/h4><\/div><div class=\"btSubTitle\"><span class=\"btArticleDate\">25 agosto, 2017<\/span><a href=\"http:\/\/mojateporlavida.org\/?author=2\" class=\"btArticleAuthor\">by Agust\u00edn Ram\u00edrez<\/a><\/div><\/header>\n\t\t\t\t<p class=\"btLatestPostContent\">4\u00aa Etapa. La Etapa m\u00e1s complicada superada con \u00e9xito.<\/p>\n\t\t\t\t\t<\/div>\n\t\t\t\t<\/div>\n\t\t\t\t<div class=\"btSingleLatestPost col-sm-12 col-ms-12  inherit\"><div class=\"btSingleLatestPostImage btTextCenter\"><div class=\"bpgPhoto \" > \r\n\t\t\t\t\t<a href=\"http:\/\/mojateporlavida.org\/?p=6040\" target=\"_self\" title=\"\"><\/a>\r\n\t\t\t\t\t<div class=\"boldPhotoBox\"><div class=\"bpbItem\"><div class = \"btImage\"><img src=\"http:\/\/mojateporlavida.org\/wp-content\/uploads\/2017\/08\/E3equipolostroncos-320x240.jpg\" alt=\"\" title=\"\"><\/div><\/div><\/div>\r\n\t\t\t\t\t<div class=\"captionPane btDarkSkin btTextCenter\">\r\n\t\t\t\t\t\t<div class=\"captionTable\">\r\n\t\t\t\t\t\t\t<div class=\"captionCell\">\r\n\t\t\t\t\t\t\t\t<div class=\"captionTxt\"><\/div>\r\n\t\t\t\t\t\t\t<\/div>\r\n\t\t\t\t\t\t<\/div>\r\n\t\t\t\t\t<\/div><\/div><\/div><div class = \"btSingleLatestPostContent\">\n\t\t\t\t\t\t<header class=\"header btClear small\" ><div class=\"dash\"><h4><span class=\"headline\"><a href=\"http:\/\/mojateporlavida.org\/?p=6040\" target=\"_self\">Tercera Etapa. Las Negras-Isleta del Moro<\/a><\/span><\/h4><\/div><div class=\"btSubTitle\"><span class=\"btArticleDate\">24 agosto, 2017<\/span><a href=\"http:\/\/mojateporlavida.org\/?author=2\" class=\"btArticleAuthor\">by Agust\u00edn Ram\u00edrez<\/a><\/div><\/header>\n\t\t\t\t<p class=\"btLatestPostContent\">Tercera Etapa del Reto. Ecuador de la traves\u00eda en La Isleta del Moro: el desembarco de la solidaridad<\/p>\n\t\t\t\t\t<\/div>\n\t\t\t\t<\/div><\/div><div class=\"btClear btSeparator topExtraSpaced bottomExtraSpaced noBorder\" ><hr><\/div><div class=\"btClear btSeparator topExtraSpaced bottomExtraSpaced noBorder\" ><hr><\/div><\/div><\/div><\/div><\/div><\/div><\/div><\/div><\/section><section id=\"bt_section69f047368d7b7\"  class=\"boldSection gutter\" ><div class=\"port\"><div class=\"boldCell\"><div class=\"boldCellInner\"><div class=\"boldRow \" ><div class=\"boldRowInner\"><div class=\"rowItem col-md-12 col-ms-12  btTextLeft animate animate-fadein inherit\"  data-width=\"12\"><div class=\"rowItemContent\" ><header class=\"header btClear large  btHeaderAccent3\" ><div class=\"dash\"><h2><span class=\"headline\">Noticias en las que aparece \u00c1ngel<\/span><\/h2><\/div><\/header><div class=\"btClear btSeparator bottomSmallSpaced noBorder\" ><hr><\/div><div class=\"btLatestPostsContainer verticalPosts \" >\n\t\t\t\t<div class=\"btSingleLatestPost col-sm-12 col-ms-12  inherit\"><div class=\"btSingleLatestPostImage btTextCenter\"><div class=\"bpgPhoto \" > \r\n\t\t\t\t\t<a href=\"http:\/\/mojateporlavida.org\/?p=6685\" target=\"_self\" title=\"\"><\/a>\r\n\t\t\t\t\t<div class=\"boldPhotoBox\"><div class=\"bpbItem\"><div class = \"btImage\"><img src=\"http:\/\/mojateporlavida.org\/wp-content\/uploads\/2018\/05\/cartel-presentacion-toledo-320x240.jpg\" alt=\"\" title=\"\"><\/div><\/div><\/div>\r\n\t\t\t\t\t<div class=\"captionPane btDarkSkin btTextCenter\">\r\n\t\t\t\t\t\t<div class=\"captionTable\">\r\n\t\t\t\t\t\t\t<div class=\"captionCell\">\r\n\t\t\t\t\t\t\t\t<div class=\"captionTxt\"><\/div>\r\n\t\t\t\t\t\t\t<\/div>\r\n\t\t\t\t\t\t<\/div>\r\n\t\t\t\t\t<\/div><\/div><\/div><div class = \"btSingleLatestPostContent\">\n\t\t\t\t\t\t<header class=\"header btClear small\" ><div class=\"dash\"><h4><span class=\"headline\"><a href=\"http:\/\/mojateporlavida.org\/?p=6685\" target=\"_self\">La \u00abLuz Azul\u00bb inunda  Toledo.<\/a><\/span><\/h4><\/div><div class=\"btSubTitle\"><span class=\"btArticleDate\">30 abril, 2018<\/span><a href=\"http:\/\/mojateporlavida.org\/?author=2\" class=\"btArticleAuthor\">by Agust\u00edn Ram\u00edrez<\/a><\/div><\/header>\n\t\t\t\t<p class=\"btLatestPostContent\">El Documental \u00abLuz Azul, un mar de vida\u00bb se presenta en la Universidad de Toledo<\/p>\n\t\t\t\t\t<\/div>\n\t\t\t\t<\/div>\n\t\t\t\t<div class=\"btSingleLatestPost col-sm-12 col-ms-12  inherit\"><div class=\"btSingleLatestPostImage btTextCenter\"><div class=\"bpgPhoto \" > \r\n\t\t\t\t\t<a href=\"http:\/\/mojateporlavida.org\/?p=6156\" target=\"_self\" title=\"\"><\/a>\r\n\t\t\t\t\t<div class=\"boldPhotoBox\"><div class=\"bpbItem\"><div class = \"btImage\"><img src=\"http:\/\/mojateporlavida.org\/wp-content\/uploads\/2017\/09\/E5IMG_0754L-320x240.jpg\" alt=\"\" title=\"\"><\/div><\/div><\/div>\r\n\t\t\t\t\t<div class=\"captionPane btDarkSkin btTextCenter\">\r\n\t\t\t\t\t\t<div class=\"captionTable\">\r\n\t\t\t\t\t\t\t<div class=\"captionCell\">\r\n\t\t\t\t\t\t\t\t<div class=\"captionTxt\"><\/div>\r\n\t\t\t\t\t\t\t<\/div>\r\n\t\t\t\t\t\t<\/div>\r\n\t\t\t\t\t<\/div><\/div><\/div><div class = \"btSingleLatestPostContent\">\n\t\t\t\t\t\t<header class=\"header btClear small\" ><div class=\"dash\"><h4><span class=\"headline\"><a href=\"http:\/\/mojateporlavida.org\/?p=6156\" target=\"_self\">Quinta Etapa. San Jos\u00e9-San Miguel de Cabo de Gata.<\/a><\/span><\/h4><\/div><div class=\"btSubTitle\"><span class=\"btArticleDate\">26 agosto, 2017<\/span><a href=\"http:\/\/mojateporlavida.org\/?author=2\" class=\"btArticleAuthor\">by Agust\u00edn Ram\u00edrez<\/a><\/div><\/header>\n\t\t\t\t<p class=\"btLatestPostContent\">5\u00aa y \u00faltima etapa del Reto: 10 personas normales nadan la franja costera del Parque Natural Cabo de Gata \u2013 N\u00efjar por la investigaci\u00f3n contra el c\u00e1ncer infantil.<\/p>\n\t\t\t\t\t<\/div>\n\t\t\t\t<\/div>\n\t\t\t\t<div class=\"btSingleLatestPost col-sm-12 col-ms-12  inherit\"><div class=\"btSingleLatestPostImage btTextCenter\"><div class=\"bpgPhoto \" > \r\n\t\t\t\t\t<a href=\"http:\/\/mojateporlavida.org\/?p=6074\" target=\"_self\" title=\"\"><\/a>\r\n\t\t\t\t\t<div class=\"boldPhotoBox\"><div class=\"bpbItem\"><div class = \"btImage\"><img src=\"http:\/\/mojateporlavida.org\/wp-content\/uploads\/2017\/09\/E4angelA-320x240.jpg\" alt=\"\" title=\"\"><\/div><\/div><\/div>\r\n\t\t\t\t\t<div class=\"captionPane btDarkSkin btTextCenter\">\r\n\t\t\t\t\t\t<div class=\"captionTable\">\r\n\t\t\t\t\t\t\t<div class=\"captionCell\">\r\n\t\t\t\t\t\t\t\t<div class=\"captionTxt\"><\/div>\r\n\t\t\t\t\t\t\t<\/div>\r\n\t\t\t\t\t\t<\/div>\r\n\t\t\t\t\t<\/div><\/div><\/div><div class = \"btSingleLatestPostContent\">\n\t\t\t\t\t\t<header class=\"header btClear small\" ><div class=\"dash\"><h4><span class=\"headline\"><a href=\"http:\/\/mojateporlavida.org\/?p=6074\" target=\"_self\">Cuarta Etapa. Isleta del Moro- San Jos\u00e9.<\/a><\/span><\/h4><\/div><div class=\"btSubTitle\"><span class=\"btArticleDate\">25 agosto, 2017<\/span><a href=\"http:\/\/mojateporlavida.org\/?author=2\" class=\"btArticleAuthor\">by Agust\u00edn Ram\u00edrez<\/a><\/div><\/header>\n\t\t\t\t<p class=\"btLatestPostContent\">4\u00aa Etapa. La Etapa m\u00e1s complicada superada con \u00e9xito.<\/p>\n\t\t\t\t\t<\/div>\n\t\t\t\t<\/div>\n\t\t\t\t<div class=\"btSingleLatestPost col-sm-12 col-ms-12  inherit\"><div class=\"btSingleLatestPostImage btTextCenter\"><div class=\"bpgPhoto \" > \r\n\t\t\t\t\t<a href=\"http:\/\/mojateporlavida.org\/?p=6040\" target=\"_self\" title=\"\"><\/a>\r\n\t\t\t\t\t<div class=\"boldPhotoBox\"><div class=\"bpbItem\"><div class = \"btImage\"><img src=\"http:\/\/mojateporlavida.org\/wp-content\/uploads\/2017\/08\/E3equipolostroncos-320x240.jpg\" alt=\"\" title=\"\"><\/div><\/div><\/div>\r\n\t\t\t\t\t<div class=\"captionPane btDarkSkin btTextCenter\">\r\n\t\t\t\t\t\t<div class=\"captionTable\">\r\n\t\t\t\t\t\t\t<div class=\"captionCell\">\r\n\t\t\t\t\t\t\t\t<div class=\"captionTxt\"><\/div>\r\n\t\t\t\t\t\t\t<\/div>\r\n\t\t\t\t\t\t<\/div>\r\n\t\t\t\t\t<\/div><\/div><\/div><div class = \"btSingleLatestPostContent\">\n\t\t\t\t\t\t<header class=\"header btClear small\" ><div class=\"dash\"><h4><span class=\"headline\"><a href=\"http:\/\/mojateporlavida.org\/?p=6040\" target=\"_self\">Tercera Etapa. Las Negras-Isleta del Moro<\/a><\/span><\/h4><\/div><div class=\"btSubTitle\"><span class=\"btArticleDate\">24 agosto, 2017<\/span><a href=\"http:\/\/mojateporlavida.org\/?author=2\" class=\"btArticleAuthor\">by Agust\u00edn Ram\u00edrez<\/a><\/div><\/header>\n\t\t\t\t<p class=\"btLatestPostContent\">Tercera Etapa del Reto. Ecuador de la traves\u00eda en La Isleta del Moro: el desembarco de la solidaridad<\/p>\n\t\t\t\t\t<\/div>\n\t\t\t\t<\/div><\/div><div class=\"btClear btSeparator topExtraSpaced bottomExtraSpaced noBorder\" ><hr><\/div><div class=\"btClear btSeparator topExtraSpaced bottomExtraSpaced noBorder\" ><hr><\/div><\/div><\/div><\/div><\/div><\/div><\/div><\/div><\/section><section id=\"bt_section69f047368fb6d\"  class=\"boldSection gutter\" ><div class=\"port\"><div class=\"boldCell\"><div class=\"boldCellInner\"><\/div><\/div><\/div><\/section>","protected":false},"excerpt":{"rendered":"","protected":false},"author":1,"featured_media":0,"parent":1997,"menu_order":0,"comment_status":"closed","ping_status":"closed","template":"","meta":[],"_links":{"self":[{"href":"http:\/\/mojateporlavida.org\/index.php?rest_route=\/wp\/v2\/pages\/4559"}],"collection":[{"href":"http:\/\/mojateporlavida.org\/index.php?rest_route=\/wp\/v2\/pages"}],"about":[{"href":"http:\/\/mojateporlavida.org\/index.php?rest_route=\/wp\/v2\/types\/page"}],"author":[{"embeddable":true,"href":"http:\/\/mojateporlavida.org\/index.php?rest_route=\/wp\/v2\/users\/1"}],"replies":[{"embeddable":true,"href":"http:\/\/mojateporlavida.org\/index.php?rest_route=%2Fwp%2Fv2%2Fcomments&post=4559"}],"version-history":[{"count":17,"href":"http:\/\/mojateporlavida.org\/index.php?rest_route=\/wp\/v2\/pages\/4559\/revisions"}],"predecessor-version":[{"id":4626,"href":"http:\/\/mojateporlavida.org\/index.php?rest_route=\/wp\/v2\/pages\/4559\/revisions\/4626"}],"up":[{"embeddable":true,"href":"http:\/\/mojateporlavida.org\/index.php?rest_route=\/wp\/v2\/pages\/1997"}],"wp:attachment":[{"href":"http:\/\/mojateporlavida.org\/index.php?rest_route=%2Fwp%2Fv2%2Fmedia&parent=4559"}],"curies":[{"name":"wp","href":"https:\/\/api.w.org\/{rel}","templated":true}]}}