{"id":4412,"date":"2017-03-12T22:19:41","date_gmt":"2017-03-12T21:19:41","guid":{"rendered":"http:\/\/mojateporlavida.org\/?page_id=4412"},"modified":"2017-04-02T12:28:48","modified_gmt":"2017-04-02T11:28:48","slug":"carlos-gomez","status":"publish","type":"page","link":"http:\/\/mojateporlavida.org\/?page_id=4412","title":{"rendered":"Carlos G\u00f3mez"},"content":{"rendered":"<section id=\"bt_section69f41c3f6e1ea\" data-parallax=\"0\" data-parallax-offset=\"0\" class=\"boldSection topSpaced bottomSemiSpaced btDarkSkin gutter inherit btParallax wBackground cover btBackgroundOverlay btSolidDarkBackground\" style=\"background-image:url('http:\/\/mojateporlavida.org\/wp-content\/uploads\/2017\/03\/carlos-agua.jpg');\"><div class=\"port\"><div class=\"boldCell\"><div class=\"boldCellInner\"><div class=\"boldRow \" ><div class=\"boldRowInner\"><div class=\"rowItem col-md-3 col-sm-6 col-ms-12 btTextLeft animate animate-fadein animate-moveup btMiddleVertical\"  data-width=\"3\"><div class=\"rowItemContent\" ><div class=\"bpgPhoto  btRoundedImage\" ><div class = \"btImage\"><img src=\"http:\/\/mojateporlavida.org\/wp-content\/uploads\/2017\/03\/2017-03-20-PHOTO-00000028.jpg\" alt=\"\" title=\"Sasi Barroso\"><\/div><\/div><div class=\"btClear btSeparator bottomSemiSpaced noBorder\" ><hr><\/div><\/div><\/div><div class=\"rowItem col-md-6 col-sm-12 btTextLeft animate animate-fadein animate-moveup btMiddleVertical\"  data-width=\"6\"><div class=\"rowItemContent\" ><header class=\"header btClear large  btHeaderAccent3\" ><div class=\"btSuperTitle\"><span>NADADOR<\/span><\/div><div class=\"dash\"><h2><span class=\"headline\">CARLOS<\/span><\/h2><\/div><\/header><div class=\"btText\" ><p>Carlos es trabajador incansable y responsable. Su cabeza siempre busca nuevos horizontes, nuevas aspiraciones profesionales y personales, que su obstinaci\u00f3n, su tes\u00f3n y su constancia convierte en \u00e9xitos. No hay camino f\u00e1cil y \u00e9l lo sabe, caminarlo y nadarlo a su lado tambi\u00e9n requiere paciencia, pero tambi\u00e9n la certeza de que te acompa\u00f1a un amigo leal con el que tienes unas risas aseguradas.<\/p>\n<\/div><div class=\"btIconImageRow\" style=\"padding: 1em 0;\"><span class=\"btIco btIcoFilledType btIcoSmallSize btAccent1Icon\"><a href=\"https:\/\/www.facebook.com\/carlos.gomezcollado\"  target=\"no_target\" data-ico-fa=\"&#xf09a;\" class=\"btIcoHolder\"><\/a><\/span><\/div><div class=\"btClear btSeparator bottomSemiSpaced noBorder\" ><hr><\/div><\/div><\/div><div class=\"rowItem col-md-3 col-sm-6 col-ms-12 btTextLeft animate animate-fadein animate-moveup btMiddleVertical btDoublePadding\"  data-width=\"3\"><div class=\"rowItemContent\" ><div class=\"btClear btSeparator bottomSemiSpaced noBorder\" ><hr><\/div><a href=\"mailto:carlos@mojateporlavida.org\" class=\"btBtn btBtn btnOutlineStyle btndefaultColor btnSmall btnFullWidth btnRightPosition btnIco\" ><span class=\"btnInnerText\">CONTACTO<\/span><span class=\"btIco \"><span  data-ico-fa=\"&#xf003;\" class=\"btIcoHolder\"><\/span><\/span><\/a><div class=\"btClear btSeparator topSmallSpaced noBorder\" ><hr><\/div><a href=\"https:\/\/solidarios.criscancer.org\/fundraisers\/cabo-de-gata-swim-project-mojate-por-la-vida\" class=\"btBtn btBtn btnOutlineStyle btndefaultColor btnMedium btnFullWidth btnRightPosition btnIco\" ><span class=\"btnInnerText\">METROS CARLOS<\/span><span class=\"btIco \"><span  data-ico-fa=\"&#xf016;\" class=\"btIcoHolder\"><\/span><\/span><\/a><\/div><\/div><\/div><\/div><\/div><\/div><\/div><\/section><section id=\"bt_section69f41c3f6eee4\"  class=\"boldSection gutter\" ><div class=\"port\"><div class=\"boldCell\"><div class=\"boldCellInner\"><div class=\"boldRow \" ><div class=\"boldRowInner\"><div class=\"rowItem btRightBorder col-md-12 col-ms-12  btTextLeft animate animate-fadein btTopVertical\"  data-width=\"12\"><div class=\"rowItemContent\" ><header class=\"header btClear large  btHeaderAccent4\" ><div class=\"dash\"><h2><span class=\"headline\">BIOGRAF\u00cdA<\/span><\/h2><\/div><\/header><div class=\"btText\" ><p>Oir la combinaci\u00f3n de palabras c\u00e1ncer y ni\u00f1o es desgarrador, sobran las palabras y motivos por los que plantearse este gran viaje acompa\u00f1ado de personas extraordinarias<\/p>\n<p style=\"text-align: center;\"><cite>As\u00ed que yo \u00ab<span style=\"color: #00ccff;\">me mojo<\/span>\u00ab.<br \/>\n<\/cite><\/p>\n<\/div><div class=\"btClear btSeparator topSemiSpaced noBorder\" ><hr><\/div><\/div><\/div><\/div><\/div><\/div><\/div><\/div><\/section><section id=\"bt_section69f41c3f6f1dc\"  class=\"boldSection topSpaced bottomSpaced gutter inherit\" ><div class=\"port\"><div class=\"boldCell\"><div class=\"boldCellInner\"><div class=\"boldRow \" ><div class=\"boldRowInner\"><div class=\"rowItem col-md-6 col-sm-12 btTextLeft\"  data-width=\"6\"><div class=\"rowItemContent\" ><div class=\"bpgPhoto \" ><div class = \"btImage\"><img src=\"http:\/\/mojateporlavida.org\/wp-content\/uploads\/2016\/11\/CRUCE2016-320x240.jpg\" alt=\"\" title=\"\"><\/div><\/div><\/div><\/div><div class=\"rowItem col-md-6 col-sm-12 btTextLeft\"  data-width=\"6\"><div class=\"rowItemContent\" ><div class=\"bpgPhoto \" ><div class = \"btImage\"><img src=\"http:\/\/mojateporlavida.org\/wp-content\/uploads\/2017\/03\/carlos-barco.jpg\" alt=\"\" title=\"\"><\/div><\/div><\/div><\/div><\/div><\/div><\/div><\/div><\/div><\/section><section id=\"bt_section69f41c3f6f8db\"  class=\"boldSection gutter\" ><div class=\"port\"><div class=\"boldCell\"><div class=\"boldCellInner\"><div class=\"boldRow \" ><div class=\"boldRowInner\"><div class=\"rowItem col-md-12 col-ms-12  btTextLeft\"  data-width=\"12\"><div class=\"rowItemContent\" ><div class=\"servicesItem  btServicesAccent4 btIcoLargeSizeIcon \"><div class=\"sIcon\"><span class=\"btIco btIcoLargeSize btIcoDefaultType btAccent4Icon\"><span  data-ico-od=\"&#xe9d9;\" class=\"btIcoHolder\"><\/span><\/span><\/div><div class=\"sTxt\"><header class=\"header btClear small\" ><div class=\"dash\"><h4><span class=\"headline\">AFICIONES<\/span><\/h4><\/div><div class=\"btSubTitle\">Sus aficiones son: Barbacoa, La acampada, la lectura, escribir, la buena m\u00fasica y todo lo relacionado con el mar.<\/div><\/header><\/div><\/div><div class=\"btClear btSeparator topSmallSpaced bottomSmallSpaced noBorder\" ><hr><\/div><div class=\"btText\" ><\/div><div class=\"btClear btSeparator topSemiSpaced noBorder\" ><hr><\/div><div class=\"btTabs tabsHorizontal\"><ul class=\"tabsHeader\"><li><span>FORMACI\u00d3N<\/span><\/li><li><span>CC DEPORTIVO<\/span><\/li><li><span>TRABAJO<\/span><\/li><\/ul><div class=\"tabPanes tabPanesTabs\"><div class=\"tabPane\">\n\t\t\t<div class=\"tabAccordionContent\"><div class=\"btText\" ><p>Ingeniero T\u00e9cnico Industrial por la Universidad de Castilla la Mancha.<\/p>\n<\/div><\/div>\n\t\t<\/div><div class=\"tabPane\">\n\t\t\t<div class=\"tabAccordionContent\"><div class=\"btText\" ><table cellspacing=\"0\" cellpadding=\"0\">\n<tbody>\n<tr>\n<td colspan=\"4\" valign=\"top\">\n<p align=\"center\"><span style=\"color: #000000; font-family: Trebuchet MS; font-size: medium;\"><b>A\u00d1O 2016<\/b><\/span><\/p>\n<\/td>\n<\/tr>\n<tr>\n<td valign=\"top\">\n<p align=\"center\"><span style=\"color: #000000; font-family: Trebuchet MS; font-size: medium;\"><b>Descripci\u00f3n<\/b><\/span><\/p>\n<\/td>\n<td valign=\"top\">\n<p align=\"center\"><span style=\"color: #000000; font-family: Trebuchet MS; font-size: medium;\"><b>Distancia <\/b><\/span><\/p>\n<p align=\"center\"><span style=\"color: #000000; font-family: Trebuchet MS; font-size: medium;\"><b>(km)<\/b><\/span><\/p>\n<\/td>\n<td valign=\"top\">\n<p align=\"center\"><span style=\"color: #000000; font-family: Trebuchet MS; font-size: medium;\"><b>Con \/ Sin <\/b><\/span><\/p>\n<p align=\"center\"><span style=\"color: #000000; font-family: Trebuchet MS; font-size: medium;\"><b>Neopreno<\/b><\/span><\/p>\n<\/td>\n<td valign=\"top\">\n<p align=\"center\"><span style=\"color: #000000; font-family: Trebuchet MS; font-size: medium;\"><b>Ritmo Promedio<\/b><\/span><\/p>\n<p align=\"center\"><span style=\"color: #000000; font-family: Trebuchet MS; font-size: medium;\"><b>(km\/h)<\/b><\/span><\/p>\n<\/td>\n<\/tr>\n<tr>\n<td valign=\"top\"><span style=\"color: #000000; font-family: Trebuchet MS; font-size: medium;\"><b>Cruce a nado del Estrecho de Gibraltar<\/b><\/span><\/td>\n<td valign=\"top\"><span style=\"color: #000000; font-family: Trebuchet MS; font-size: medium;\"><b>16,8<\/b><\/span><\/td>\n<td valign=\"top\"><span style=\"color: #000000; font-family: Trebuchet MS; font-size: medium;\"><b>Sin<\/b><\/span><\/td>\n<td valign=\"top\"><span style=\"color: #000000; font-family: Trebuchet MS; font-size: medium;\"><b>4<\/b><\/span><\/td>\n<\/tr>\n<tr>\n<td valign=\"top\"><span style=\"color: #000000; font-family: Trebuchet MS; font-size: medium;\">Altafulla. Tarragona <\/span><\/td>\n<td valign=\"top\"><span style=\"color: #000000; font-family: Trebuchet MS; font-size: medium;\">4,5<\/span><\/td>\n<td valign=\"top\"><span style=\"color: #000000; font-family: Trebuchet MS; font-size: medium;\">Con<\/span><\/td>\n<td valign=\"top\"><span style=\"color: #000000; font-family: Trebuchet MS; font-size: medium;\">4 <\/span><\/td>\n<\/tr>\n<tr>\n<td valign=\"top\"><span style=\"color: #000000; font-family: Trebuchet MS; font-size: medium;\">Masnou. Tarragona<\/span><\/td>\n<td valign=\"top\"><span style=\"color: #000000; font-family: Trebuchet MS; font-size: medium;\">7<\/span><\/td>\n<td valign=\"top\"><span style=\"color: #000000; font-family: Trebuchet MS; font-size: medium;\">Con<\/span><\/td>\n<td valign=\"top\"><span style=\"color: #000000; font-family: Trebuchet MS; font-size: medium;\">3,8<\/span><\/td>\n<\/tr>\n<tr>\n<td valign=\"top\"><span style=\"color: #000000; font-family: Trebuchet MS; font-size: medium;\">Santa Faz. Alicante<\/span><\/td>\n<td valign=\"top\"><span style=\"color: #000000; font-family: Trebuchet MS; font-size: medium;\">9<\/span><\/td>\n<td valign=\"top\"><span style=\"color: #000000; font-family: Trebuchet MS; font-size: medium;\">Con<\/span><\/td>\n<td valign=\"top\"><span style=\"color: #000000; font-family: Trebuchet MS; font-size: medium;\">3,1<\/span><\/td>\n<\/tr>\n<tr>\n<td valign=\"top\"><span style=\"color: #000000; font-family: Trebuchet MS; font-size: medium;\">La Azoh\u00eda \u2013 Mazarr\u00f3n. Murcia<\/span><\/td>\n<td valign=\"top\"><span style=\"color: #000000; font-family: Trebuchet MS; font-size: medium;\">8<\/span><\/td>\n<td valign=\"top\"><span style=\"color: #000000; font-family: Trebuchet MS; font-size: medium;\">Sin<\/span><\/td>\n<td valign=\"top\"><span style=\"color: #000000; font-family: Trebuchet MS; font-size: medium;\">3,5<\/span><\/td>\n<\/tr>\n<tr>\n<td valign=\"top\"><span style=\"color: #000000; font-family: Trebuchet MS; font-size: medium;\">Islote del Farall\u00f3n. Murcia<\/span><\/td>\n<td valign=\"top\"><span style=\"color: #000000; font-family: Trebuchet MS; font-size: medium;\">8<\/span><\/td>\n<td valign=\"top\"><span style=\"color: #000000; font-family: Trebuchet MS; font-size: medium;\">Sin <\/span><\/td>\n<td valign=\"top\"><span style=\"color: #000000; font-family: Trebuchet MS; font-size: medium;\">3,2<\/span><\/td>\n<\/tr>\n<tr>\n<td valign=\"top\"><span style=\"color: #000000; font-family: Trebuchet MS; font-size: medium;\">Isla Grosa \u2013 Isla Hormiga<\/span><\/td>\n<td valign=\"top\"><span style=\"color: #000000; font-family: Trebuchet MS; font-size: medium;\">10<\/span><\/td>\n<td valign=\"top\"><span style=\"color: #000000; font-family: Trebuchet MS; font-size: medium;\">Sin <\/span><\/td>\n<td valign=\"top\"><span style=\"color: #000000; font-family: Trebuchet MS; font-size: medium;\">3,2<\/span><\/td>\n<\/tr>\n<tr>\n<td valign=\"top\"><span style=\"color: #000000; font-family: Trebuchet MS; font-size: medium;\">Isla Hormiga <\/span><\/td>\n<td valign=\"top\"><span style=\"color: #000000; font-family: Trebuchet MS; font-size: medium;\">12<\/span><\/td>\n<td valign=\"top\"><span style=\"color: #000000; font-family: Trebuchet MS; font-size: medium;\">Sin<\/span><\/td>\n<td valign=\"top\"><span style=\"color: #000000; font-family: Trebuchet MS; font-size: medium;\">3,5<\/span><\/td>\n<\/tr>\n<tr>\n<td valign=\"top\"><span style=\"color: #000000; font-family: Trebuchet MS; font-size: medium;\">Marat\u00f3n swim in Menorca. Menorca<\/span><\/td>\n<td valign=\"top\"><span style=\"color: #000000; font-family: Trebuchet MS; font-size: medium;\">25<\/span><\/td>\n<td valign=\"top\"><span style=\"color: #000000; font-family: Trebuchet MS; font-size: medium;\">Sin<\/span><\/td>\n<td valign=\"top\"><span style=\"color: #000000; font-family: Trebuchet MS; font-size: medium;\">3<\/span><\/td>\n<\/tr>\n<tr>\n<td valign=\"top\"><span style=\"color: #000000; font-family: Trebuchet MS; font-size: medium;\">El Portus \u2013 La Azoh\u00eda. Murcia<\/span><\/td>\n<td valign=\"top\"><span style=\"color: #000000; font-family: Trebuchet MS; font-size: medium;\">14<\/span><\/td>\n<td valign=\"top\"><span style=\"color: #000000; font-family: Trebuchet MS; font-size: medium;\">Sin<\/span><\/td>\n<td valign=\"top\"><span style=\"color: #000000; font-family: Trebuchet MS; font-size: medium;\">3,2<\/span><\/td>\n<\/tr>\n<tr>\n<td valign=\"top\"><span style=\"color: #000000; font-family: Trebuchet MS; font-size: medium;\">Tabarca Santa Pola <\/span><\/td>\n<td valign=\"top\"><span style=\"color: #000000; font-family: Trebuchet MS; font-size: medium;\">6<\/span><\/td>\n<td valign=\"top\"><span style=\"color: #000000; font-family: Trebuchet MS; font-size: medium;\">Sin<\/span><\/td>\n<td valign=\"top\"><span style=\"color: #000000; font-family: Trebuchet MS; font-size: medium;\">3,8<\/span><\/td>\n<\/tr>\n<tr>\n<td valign=\"top\"><span style=\"color: #000000; font-family: Trebuchet MS; font-size: medium;\">Escollera de Alicante<\/span><\/td>\n<td valign=\"top\"><span style=\"color: #000000; font-family: Trebuchet MS; font-size: medium;\">4<\/span><\/td>\n<td valign=\"top\"><span style=\"color: #000000; font-family: Trebuchet MS; font-size: medium;\">Sin<\/span><\/td>\n<td valign=\"top\"><span style=\"color: #000000; font-family: Trebuchet MS; font-size: medium;\">3,7<\/span><\/td>\n<\/tr>\n<tr>\n<td valign=\"top\"><span style=\"color: #000000; font-family: Trebuchet MS; font-size: medium;\">Pantano de Cofrentes<\/span><\/td>\n<td valign=\"top\"><span style=\"color: #000000; font-family: Trebuchet MS; font-size: medium;\">10 <\/span><\/td>\n<td valign=\"top\"><span style=\"color: #000000; font-family: Trebuchet MS; font-size: medium;\">Sin <\/span><\/td>\n<td valign=\"top\"><span style=\"color: #000000; font-family: Trebuchet MS; font-size: medium;\">3,4<\/span><\/td>\n<\/tr>\n<\/tbody>\n<\/table>\n<table cellspacing=\"0\" cellpadding=\"0\">\n<tbody>\n<tr>\n<td colspan=\"4\" valign=\"top\">\n<p align=\"center\"><span style=\"color: #000000; font-family: Trebuchet MS; font-size: medium;\"><b>A\u00d1O 2015<\/b><\/span><\/p>\n<\/td>\n<\/tr>\n<tr>\n<td valign=\"top\">\n<p align=\"center\"><span style=\"color: #000000; font-family: Trebuchet MS; font-size: medium;\"><b>Descripci\u00f3n<\/b><\/span><\/p>\n<\/td>\n<td valign=\"top\">\n<p align=\"center\"><span style=\"color: #000000; font-family: Trebuchet MS; font-size: medium;\"><b>Distancia <\/b><\/span><\/p>\n<p align=\"center\"><span style=\"color: #000000; font-family: Trebuchet MS; font-size: medium;\"><b>(km)<\/b><\/span><\/p>\n<\/td>\n<td valign=\"top\">\n<p align=\"center\"><span style=\"color: #000000; font-family: Trebuchet MS; font-size: medium;\"><b>Con \/ Sin <\/b><\/span><\/p>\n<p align=\"center\"><span style=\"color: #000000; font-family: Trebuchet MS; font-size: medium;\"><b>Neopreno<\/b><\/span><\/p>\n<\/td>\n<td valign=\"top\">\n<p align=\"center\"><span style=\"color: #000000; font-family: Trebuchet MS; font-size: medium;\"><b>Ritmo Promedio<\/b><\/span><\/p>\n<p align=\"center\"><span style=\"color: #000000; font-family: Trebuchet MS; font-size: medium;\"><b>(km\/h)<\/b><\/span><\/p>\n<\/td>\n<\/tr>\n<tr>\n<td valign=\"top\"><span style=\"color: #000000; font-family: Trebuchet MS; font-size: medium;\">Santa Faz. Alicante<\/span><\/td>\n<td valign=\"top\"><span style=\"color: #000000; font-family: Trebuchet MS; font-size: medium;\">9<\/span><\/td>\n<td valign=\"top\"><span style=\"color: #000000; font-family: Trebuchet MS; font-size: medium;\">Con<\/span><\/td>\n<td valign=\"top\"><span style=\"color: #000000; font-family: Trebuchet MS; font-size: medium;\">3<\/span><\/td>\n<\/tr>\n<tr>\n<td valign=\"top\"><span style=\"color: #000000; font-family: Trebuchet MS; font-size: medium;\">Islote del Farall\u00f3n. Murcia<\/span><\/td>\n<td valign=\"top\"><span style=\"color: #000000; font-family: Trebuchet MS; font-size: medium;\">8<\/span><\/td>\n<td valign=\"top\"><span style=\"color: #000000; font-family: Trebuchet MS; font-size: medium;\">Con<\/span><\/td>\n<td valign=\"top\"><span style=\"color: #000000; font-family: Trebuchet MS; font-size: medium;\">3,2<\/span><\/td>\n<\/tr>\n<tr>\n<td valign=\"top\"><span style=\"color: #000000; font-family: Trebuchet MS; font-size: medium;\">Isla Grosa \u2013 Isla Hormiga<\/span><\/td>\n<td valign=\"top\"><span style=\"color: #000000; font-family: Trebuchet MS; font-size: medium;\">10<\/span><\/td>\n<td valign=\"top\"><span style=\"color: #000000; font-family: Trebuchet MS; font-size: medium;\">Con <\/span><\/td>\n<td valign=\"top\"><span style=\"color: #000000; font-family: Trebuchet MS; font-size: medium;\">3,5<\/span><\/td>\n<\/tr>\n<tr>\n<td valign=\"top\"><span style=\"color: #000000; font-family: Trebuchet MS; font-size: medium;\">Isla Hormiga <\/span><\/td>\n<td valign=\"top\"><span style=\"color: #000000; font-family: Trebuchet MS; font-size: medium;\">12<\/span><\/td>\n<td valign=\"top\"><span style=\"color: #000000; font-family: Trebuchet MS; font-size: medium;\">Con<\/span><\/td>\n<td valign=\"top\"><span style=\"color: #000000; font-family: Trebuchet MS; font-size: medium;\">3,7<\/span><\/td>\n<\/tr>\n<tr>\n<td valign=\"top\"><span style=\"color: #000000; font-family: Trebuchet MS; font-size: medium;\">El Portus \u2013 La Azoh\u00eda. Murcia<\/span><\/td>\n<td valign=\"top\"><span style=\"color: #000000; font-family: Trebuchet MS; font-size: medium;\">14<\/span><\/td>\n<td valign=\"top\"><span style=\"color: #000000; font-family: Trebuchet MS; font-size: medium;\">Sin<\/span><\/td>\n<td valign=\"top\"><span style=\"color: #000000; font-family: Trebuchet MS; font-size: medium;\">3,6<\/span><\/td>\n<\/tr>\n<tr>\n<td valign=\"top\"><span style=\"color: #000000; font-family: Trebuchet MS; font-size: medium;\">Escollera de Alicante<\/span><\/td>\n<td valign=\"top\"><span style=\"color: #000000; font-family: Trebuchet MS; font-size: medium;\">4<\/span><\/td>\n<td valign=\"top\"><span style=\"color: #000000; font-family: Trebuchet MS; font-size: medium;\">Sin<\/span><\/td>\n<td valign=\"top\"><span style=\"color: #000000; font-family: Trebuchet MS; font-size: medium;\">3,5<\/span><\/td>\n<\/tr>\n<tr>\n<td valign=\"top\"><span style=\"color: #000000; font-family: Trebuchet MS; font-size: medium;\">Cullera. Valencia<\/span><\/td>\n<td valign=\"top\"><span style=\"color: #000000; font-family: Trebuchet MS; font-size: medium;\">10 <\/span><\/td>\n<td valign=\"top\"><span style=\"color: #000000; font-family: Trebuchet MS; font-size: medium;\">Sin <\/span><\/td>\n<td valign=\"top\"><span style=\"color: #000000; font-family: Trebuchet MS; font-size: medium;\">3,2<\/span><\/td>\n<\/tr>\n<\/tbody>\n<\/table>\n<ul>\n<li>Otros datos y traves\u00edas:<br \/>\nRealizando traves\u00edas desde el a\u00f1o 2008<br \/>\n5 ediciones traves\u00eda Tabarca Santa Pola (6 km)<br \/>\n3 ediciones traves\u00eda la Escollera de Alicante (4 km)<br \/>\n2 ediciones traves\u00eda Isla Perdiguera ( 6 km)<br \/>\nAproximadamente una veintena de traves\u00edas comprendidas entre las distancias de 1 a 3 km, realizadas desde el a\u00f1o 2008<br \/>\nDurante este a\u00f1o 2016, he nadado sin neopreno a partir del mes de abril, con temperaturas del agua comprendidas entre 16\u00baC y 20\u00ba<\/li>\n<\/ul>\n<\/div><\/div>\n\t\t<\/div><div class=\"tabPane\">\n\t\t\t<div class=\"tabAccordionContent\"><div class=\"btText\" ><p>Carlos tiene su propio estudio de Ingenier\u00eda. Hace redacci\u00f3n de proyectos y direcciones de obra en \u00e1mbito nacional.<\/p>\n<p><img decoding=\"async\" loading=\"lazy\" class=\"aligncenter wp-image-4724\" src=\"http:\/\/mojateporlavida.org\/wp-content\/uploads\/2017\/03\/COLLADO-INGENIERIA-logo-horizontal_positv-640x285.png\" alt=\"\" width=\"449\" height=\"200\" srcset=\"http:\/\/mojateporlavida.org\/wp-content\/uploads\/2017\/03\/COLLADO-INGENIERIA-logo-horizontal_positv-640x285.png 640w, http:\/\/mojateporlavida.org\/wp-content\/uploads\/2017\/03\/COLLADO-INGENIERIA-logo-horizontal_positv-768x342.png 768w, http:\/\/mojateporlavida.org\/wp-content\/uploads\/2017\/03\/COLLADO-INGENIERIA-logo-horizontal_positv-1280x571.png 1280w, http:\/\/mojateporlavida.org\/wp-content\/uploads\/2017\/03\/COLLADO-INGENIERIA-logo-horizontal_positv-320x143.png 320w\" sizes=\"(max-width: 449px) 100vw, 449px\" \/><\/p>\n<\/div><\/div>\n\t\t<\/div><\/div><\/div><\/div><\/div><\/div><\/div><\/div><\/div><\/div><\/section><section id=\"bt_section69f41c3f70fec\"  class=\"boldSection bottomSpaced gutter inherit\" style=\"background-color:#f1f1f1;\"><div class=\"port\"><div class=\"boldCell\"><div class=\"boldCellInner\"><div class=\"boldRow \" style=\"margin-top: -40px;\"><div class=\"boldRowInner\"><div class=\"rowItem col-md-12 col-ms-12  btTextCenter animate animate-fadein animate-moveup inherit\"  data-width=\"12\"><div class=\"rowItemContent\" ><div class=\"btIconImageRow\" ><span class=\"btIco btIcoFilledType btIcoLargeSize btAccent1Icon\"><span  data-ico-od=\"&#xe9d6;\" class=\"btIcoHolder\"><\/span><\/span><\/div><div class=\"btClear btSeparator topSpaced noBorder\" ><hr><\/div><\/div><\/div><\/div><\/div><\/div><\/div><\/div><\/section><section id=\"bt_section69f41c3f7128a\"  class=\"boldSection gutter\" ><div class=\"port\"><div class=\"boldCell\"><div class=\"boldCellInner\"><div class=\"boldRow \" ><div class=\"boldRowInner\"><div class=\"rowItem col-md-8 col-ms-12 btTextLeft\"  data-width=\"8\"><div class=\"rowItemContent\" ><div class=\"btTabs tabsHorizontal\"><ul class=\"tabsHeader\"><li><span>Metros para Carlos<\/span><\/li><\/ul><div class=\"tabPanes tabPanesTabs\"><div class=\"tabPane\">\n\t\t\t<div class=\"tabAccordionContent\"><div class=\"btText\" ><p>Cada nadador y nadadora recorrer\u00e1 un m\u00ednimo de 60 km en su recorrido a nado por la costa de Cabo de Gata-N\u00edjar en agosto. Como el objetivo principal del reto deportivo, es recaudar fondos para la Unidad Cris del Hospital de la Paz, han decidido que todo el que quiera apoyarles personalmente en su reto, puede colaborar con 1\u20ac cada 10 metros. Esta es una forma de demostrarles, que todos nos mojamos por su causa, y que aunque sean ellas las que est\u00e1n en el agua, todos nos salpicamos de solidaridad. M\u00e1ndale mensajes de apoyo en las redes sociales, con el <span style=\"color: #00ccff;\">#<\/span>mojateporlavida y <span style=\"color: #00ccff;\">#<\/span>memojoconcarlos<\/p>\n<p>Busca a tu nadador y ap\u00f3yale con metros solidarios.<\/p>\n<\/div><\/div>\n\t\t<\/div><\/div><\/div><div class=\"btClear btSeparator topSpaced bottomSpaced noBorder\" ><hr><\/div><\/div><\/div><div class=\"rowItem col-md-4 col-ms-12 btTextLeft\"  data-width=\"4\"><div class=\"rowItemContent\" ><div class=\"bpgPhoto  btHasTitles\" > \r\n\t\t\t\t\t<a href=\"https:\/\/solidarios.criscancer.org\/fundraisers\/cabo-de-gata-swim-project-mojate-por-la-vida\" target=\"_self\" title=\"Ayuda a Carlos\"><\/a>\r\n\t\t\t\t\t<div class=\"boldPhotoBox\"><div class=\"bpbItem\"><div class = \"btImage\"><img src=\"http:\/\/mojateporlavida.org\/wp-content\/uploads\/2017\/03\/metros-carlos.png\" alt=\"\" title=\"Ayuda a Carlos\"><\/div><\/div><\/div>\r\n\t\t\t\t\t<div class=\"captionPane btDarkSkin btTextCenter\">\r\n\t\t\t\t\t\t<div class=\"captionTable\">\r\n\t\t\t\t\t\t\t<div class=\"captionCell\">\r\n\t\t\t\t\t\t\t\t<div class=\"captionTxt\"><header class=\"header btClear extrasmall\" ><div class=\"btSuperTitle\"><span>metros solidarios<\/span><\/div><div class=\"dash\"><h4><span class=\"headline\">Ayuda a Carlos<\/span><\/h4><\/div><\/header><\/div>\r\n\t\t\t\t\t\t\t<\/div>\r\n\t\t\t\t\t\t<\/div>\r\n\t\t\t\t\t<\/div>\r\n\t\t\t\t\t\t<div class=\"btShowTitle\">\r\n\t\t\t\t\t\t\t<div class=\"btShowTitleCaptionTxt\"><header class=\"header btClear small\" ><div class=\"btSuperTitle\"><span>metros solidarios<\/span><\/div><div class=\"dash\"><h4><span class=\"headline\">Ayuda a Carlos<\/span><\/h4><\/div><\/header><\/div>\r\n\t\t\t\t\t\t<\/div><\/div><div class=\"btClear btSeparator topSmallSpaced bottomSmallSpaced noBorder\" ><hr><\/div><div class=\"btText\" ><p>Metros solidarios conseguidos por Carlos<\/p>\n<\/div><div class=\"btCounterHolder  btCounterLargeSize\"><span class=\"btCounter animate\" data-digit-length=\"3\"><span class=\"onedigit p3 d5\" data-digit=\"5\"><span class=\"n0\">0<\/span><span class=\"n1\">1<\/span><span class=\"n2\">2<\/span><span class=\"n3\">3<\/span><span class=\"n4\">4<\/span><span class=\"n5\">5<\/span><span class=\"n6\">6<\/span><span class=\"n7\">7<\/span><span class=\"n8\">8<\/span><span class=\"n9\">9<\/span><span class=\"n0\">0<\/span><\/span><span class=\"onedigit p2 d0\" data-digit=\"0\"><span class=\"n0\">0<\/span><span class=\"n1\">1<\/span><span class=\"n2\">2<\/span><span class=\"n3\">3<\/span><span class=\"n4\">4<\/span><span class=\"n5\">5<\/span><span class=\"n6\">6<\/span><span class=\"n7\">7<\/span><span class=\"n8\">8<\/span><span class=\"n9\">9<\/span><span class=\"n0\">0<\/span><\/span><span class=\"onedigit p1 d0\" data-digit=\"0\"><span class=\"n0\">0<\/span><span class=\"n1\">1<\/span><span class=\"n2\">2<\/span><span class=\"n3\">3<\/span><span class=\"n4\">4<\/span><span class=\"n5\">5<\/span><span class=\"n6\">6<\/span><span class=\"n7\">7<\/span><span class=\"n8\">8<\/span><span class=\"n9\">9<\/span><span class=\"n0\">0<\/span><\/span><\/span><\/div><\/div><\/div><\/div><\/div><div class=\"boldRow \" ><div class=\"boldRowInner\"><div class=\"rowItem col-md-12 col-ms-12  btTextLeft animate animate-fadein inherit\"  data-width=\"12\"><div class=\"rowItemContent\" ><header class=\"header btClear large  btHeaderAccent3\" ><div class=\"dash\"><h2><span class=\"headline\">Noticias en las que aparece Carlos<\/span><\/h2><\/div><\/header><div class=\"btClear btSeparator bottomSmallSpaced noBorder\" ><hr><\/div><div class=\"btLatestPostsContainer verticalPosts \" >\n\t\t\t\t<div class=\"btSingleLatestPost col-sm-12 col-ms-12  inherit\"><div class=\"btSingleLatestPostImage btTextCenter\"><div class=\"bpgPhoto \" > \r\n\t\t\t\t\t<a href=\"http:\/\/mojateporlavida.org\/?p=6685\" target=\"_self\" title=\"\"><\/a>\r\n\t\t\t\t\t<div class=\"boldPhotoBox\"><div class=\"bpbItem\"><div class = \"btImage\"><img src=\"http:\/\/mojateporlavida.org\/wp-content\/uploads\/2018\/05\/cartel-presentacion-toledo-320x240.jpg\" alt=\"\" title=\"\"><\/div><\/div><\/div>\r\n\t\t\t\t\t<div class=\"captionPane btDarkSkin btTextCenter\">\r\n\t\t\t\t\t\t<div class=\"captionTable\">\r\n\t\t\t\t\t\t\t<div class=\"captionCell\">\r\n\t\t\t\t\t\t\t\t<div class=\"captionTxt\"><\/div>\r\n\t\t\t\t\t\t\t<\/div>\r\n\t\t\t\t\t\t<\/div>\r\n\t\t\t\t\t<\/div><\/div><\/div><div class = \"btSingleLatestPostContent\">\n\t\t\t\t\t\t<header class=\"header btClear small\" ><div class=\"dash\"><h4><span class=\"headline\"><a href=\"http:\/\/mojateporlavida.org\/?p=6685\" target=\"_self\">La \u00abLuz Azul\u00bb inunda  Toledo.<\/a><\/span><\/h4><\/div><div class=\"btSubTitle\"><span class=\"btArticleDate\">30 abril, 2018<\/span><a href=\"http:\/\/mojateporlavida.org\/?author=3\" class=\"btArticleAuthor\">by M Luz Arr\u00e1ez<\/a><\/div><\/header>\n\t\t\t\t<p class=\"btLatestPostContent\">El Documental \u00abLuz Azul, un mar de vida\u00bb se presenta en la Universidad de Toledo<\/p>\n\t\t\t\t\t<\/div>\n\t\t\t\t<\/div>\n\t\t\t\t<div class=\"btSingleLatestPost col-sm-12 col-ms-12  inherit\"><div class=\"btSingleLatestPostImage btTextCenter\"><div class=\"bpgPhoto \" > \r\n\t\t\t\t\t<a href=\"http:\/\/mojateporlavida.org\/?p=6156\" target=\"_self\" title=\"\"><\/a>\r\n\t\t\t\t\t<div class=\"boldPhotoBox\"><div class=\"bpbItem\"><div class = \"btImage\"><img src=\"http:\/\/mojateporlavida.org\/wp-content\/uploads\/2017\/09\/E5IMG_0754L-320x240.jpg\" alt=\"\" title=\"\"><\/div><\/div><\/div>\r\n\t\t\t\t\t<div class=\"captionPane btDarkSkin btTextCenter\">\r\n\t\t\t\t\t\t<div class=\"captionTable\">\r\n\t\t\t\t\t\t\t<div class=\"captionCell\">\r\n\t\t\t\t\t\t\t\t<div class=\"captionTxt\"><\/div>\r\n\t\t\t\t\t\t\t<\/div>\r\n\t\t\t\t\t\t<\/div>\r\n\t\t\t\t\t<\/div><\/div><\/div><div class = \"btSingleLatestPostContent\">\n\t\t\t\t\t\t<header class=\"header btClear small\" ><div class=\"dash\"><h4><span class=\"headline\"><a href=\"http:\/\/mojateporlavida.org\/?p=6156\" target=\"_self\">Quinta Etapa. San Jos\u00e9-San Miguel de Cabo de Gata.<\/a><\/span><\/h4><\/div><div class=\"btSubTitle\"><span class=\"btArticleDate\">26 agosto, 2017<\/span><a href=\"http:\/\/mojateporlavida.org\/?author=3\" class=\"btArticleAuthor\">by M Luz Arr\u00e1ez<\/a><\/div><\/header>\n\t\t\t\t<p class=\"btLatestPostContent\">5\u00aa y \u00faltima etapa del Reto: 10 personas normales nadan la franja costera del Parque Natural Cabo de Gata \u2013 N\u00efjar por la investigaci\u00f3n contra el c\u00e1ncer infantil.<\/p>\n\t\t\t\t\t<\/div>\n\t\t\t\t<\/div>\n\t\t\t\t<div class=\"btSingleLatestPost col-sm-12 col-ms-12  inherit\"><div class=\"btSingleLatestPostImage btTextCenter\"><div class=\"bpgPhoto \" > \r\n\t\t\t\t\t<a href=\"http:\/\/mojateporlavida.org\/?p=6074\" target=\"_self\" title=\"\"><\/a>\r\n\t\t\t\t\t<div class=\"boldPhotoBox\"><div class=\"bpbItem\"><div class = \"btImage\"><img src=\"http:\/\/mojateporlavida.org\/wp-content\/uploads\/2017\/09\/E4angelA-320x240.jpg\" alt=\"\" title=\"\"><\/div><\/div><\/div>\r\n\t\t\t\t\t<div class=\"captionPane btDarkSkin btTextCenter\">\r\n\t\t\t\t\t\t<div class=\"captionTable\">\r\n\t\t\t\t\t\t\t<div class=\"captionCell\">\r\n\t\t\t\t\t\t\t\t<div class=\"captionTxt\"><\/div>\r\n\t\t\t\t\t\t\t<\/div>\r\n\t\t\t\t\t\t<\/div>\r\n\t\t\t\t\t<\/div><\/div><\/div><div class = \"btSingleLatestPostContent\">\n\t\t\t\t\t\t<header class=\"header btClear small\" ><div class=\"dash\"><h4><span class=\"headline\"><a href=\"http:\/\/mojateporlavida.org\/?p=6074\" target=\"_self\">Cuarta Etapa. Isleta del Moro- San Jos\u00e9.<\/a><\/span><\/h4><\/div><div class=\"btSubTitle\"><span class=\"btArticleDate\">25 agosto, 2017<\/span><a href=\"http:\/\/mojateporlavida.org\/?author=3\" class=\"btArticleAuthor\">by M Luz Arr\u00e1ez<\/a><\/div><\/header>\n\t\t\t\t<p class=\"btLatestPostContent\">4\u00aa Etapa. La Etapa m\u00e1s complicada superada con \u00e9xito.<\/p>\n\t\t\t\t\t<\/div>\n\t\t\t\t<\/div>\n\t\t\t\t<div class=\"btSingleLatestPost col-sm-12 col-ms-12  inherit\"><div class=\"btSingleLatestPostImage btTextCenter\"><div class=\"bpgPhoto \" > \r\n\t\t\t\t\t<a href=\"http:\/\/mojateporlavida.org\/?p=6040\" target=\"_self\" title=\"\"><\/a>\r\n\t\t\t\t\t<div class=\"boldPhotoBox\"><div class=\"bpbItem\"><div class = \"btImage\"><img src=\"http:\/\/mojateporlavida.org\/wp-content\/uploads\/2017\/08\/E3equipolostroncos-320x240.jpg\" alt=\"\" title=\"\"><\/div><\/div><\/div>\r\n\t\t\t\t\t<div class=\"captionPane btDarkSkin btTextCenter\">\r\n\t\t\t\t\t\t<div class=\"captionTable\">\r\n\t\t\t\t\t\t\t<div class=\"captionCell\">\r\n\t\t\t\t\t\t\t\t<div class=\"captionTxt\"><\/div>\r\n\t\t\t\t\t\t\t<\/div>\r\n\t\t\t\t\t\t<\/div>\r\n\t\t\t\t\t<\/div><\/div><\/div><div class = \"btSingleLatestPostContent\">\n\t\t\t\t\t\t<header class=\"header btClear small\" ><div class=\"dash\"><h4><span class=\"headline\"><a href=\"http:\/\/mojateporlavida.org\/?p=6040\" target=\"_self\">Tercera Etapa. Las Negras-Isleta del Moro<\/a><\/span><\/h4><\/div><div class=\"btSubTitle\"><span class=\"btArticleDate\">24 agosto, 2017<\/span><a href=\"http:\/\/mojateporlavida.org\/?author=3\" class=\"btArticleAuthor\">by M Luz Arr\u00e1ez<\/a><\/div><\/header>\n\t\t\t\t<p class=\"btLatestPostContent\">Tercera Etapa del Reto. Ecuador de la traves\u00eda en La Isleta del Moro: el desembarco de la solidaridad<\/p>\n\t\t\t\t\t<\/div>\n\t\t\t\t<\/div>\n\t\t\t\t<div class=\"btSingleLatestPost col-sm-12 col-ms-12  inherit\"><div class=\"btSingleLatestPostImage btTextCenter\"><div class=\"bpgPhoto \" > \r\n\t\t\t\t\t<a href=\"http:\/\/mojateporlavida.org\/?p=6009\" target=\"_self\" title=\"\"><\/a>\r\n\t\t\t\t\t<div class=\"boldPhotoBox\"><div class=\"bpbItem\"><div class = \"btImage\"><img src=\"http:\/\/mojateporlavida.org\/wp-content\/uploads\/2017\/08\/E2Todosbanderas-320x240.jpg\" alt=\"\" title=\"\"><\/div><\/div><\/div>\r\n\t\t\t\t\t<div class=\"captionPane btDarkSkin btTextCenter\">\r\n\t\t\t\t\t\t<div class=\"captionTable\">\r\n\t\t\t\t\t\t\t<div class=\"captionCell\">\r\n\t\t\t\t\t\t\t\t<div class=\"captionTxt\"><\/div>\r\n\t\t\t\t\t\t\t<\/div>\r\n\t\t\t\t\t\t<\/div>\r\n\t\t\t\t\t<\/div><\/div><\/div><div class = \"btSingleLatestPostContent\">\n\t\t\t\t\t\t<header class=\"header btClear small\" ><div class=\"dash\"><h4><span class=\"headline\"><a href=\"http:\/\/mojateporlavida.org\/?p=6009\" target=\"_self\">Segunda Etapa. Ruta de piratas en aguas abiertas por el c\u00e1ncer infantil<\/a><\/span><\/h4><\/div><div class=\"btSubTitle\"><span class=\"btArticleDate\">23 agosto, 2017<\/span><a href=\"http:\/\/mojateporlavida.org\/?author=3\" class=\"btArticleAuthor\">by M Luz Arr\u00e1ez<\/a><\/div><\/header>\n\t\t\t\t<p class=\"btLatestPostContent\">Cr\u00f3nica de la 2\u00aa Etapa. Agua Amarga &#8211; Las Negras. Ruta de piratas en aguas abiertas por el c\u00e1ncer infantil<\/p>\n\t\t\t\t\t<\/div>\n\t\t\t\t<\/div>\n\t\t\t\t<div class=\"btSingleLatestPost col-sm-12 col-ms-12  inherit\"><div class=\"btSingleLatestPostImage btTextCenter\"><div class=\"bpgPhoto \" > \r\n\t\t\t\t\t<a href=\"http:\/\/mojateporlavida.org\/?p=5989\" target=\"_self\" title=\"\"><\/a>\r\n\t\t\t\t\t<div class=\"boldPhotoBox\"><div class=\"bpbItem\"><div class = \"btImage\"><img src=\"http:\/\/mojateporlavida.org\/wp-content\/uploads\/2017\/08\/salida-320x240.jpg\" alt=\"\" title=\"\"><\/div><\/div><\/div>\r\n\t\t\t\t\t<div class=\"captionPane btDarkSkin btTextCenter\">\r\n\t\t\t\t\t\t<div class=\"captionTable\">\r\n\t\t\t\t\t\t\t<div class=\"captionCell\">\r\n\t\t\t\t\t\t\t\t<div class=\"captionTxt\"><\/div>\r\n\t\t\t\t\t\t\t<\/div>\r\n\t\t\t\t\t\t<\/div>\r\n\t\t\t\t\t<\/div><\/div><\/div><div class = \"btSingleLatestPostContent\">\n\t\t\t\t\t\t<header class=\"header btClear small\" ><div class=\"dash\"><h4><span class=\"headline\"><a href=\"http:\/\/mojateporlavida.org\/?p=5989\" target=\"_self\">Primera etapa de la Traves\u00eda por la Investigaci\u00f3n contra el c\u00e1ncer infantil<\/a><\/span><\/h4><\/div><div class=\"btSubTitle\"><span class=\"btArticleDate\">22 agosto, 2017<\/span><a href=\"http:\/\/mojateporlavida.org\/?author=3\" class=\"btArticleAuthor\">by M Luz Arr\u00e1ez<\/a><\/div><\/header>\n\t\t\t\t<p class=\"btLatestPostContent\">1\u00aa Etapa de la traves\u00eda. Carboneras-Agua Amarga<\/p>\n\t\t\t\t\t<\/div>\n\t\t\t\t<\/div><\/div><div class=\"btClear btSeparator topExtraSpaced bottomExtraSpaced noBorder\" ><hr><\/div><div class=\"btClear btSeparator topExtraSpaced bottomExtraSpaced noBorder\" ><hr><\/div><\/div><\/div><\/div><\/div><\/div><\/div><\/div><\/section><section id=\"bt_section69f41c3f7734e\"  class=\"boldSection gutter\" ><div class=\"port\"><div class=\"boldCell\"><div class=\"boldCellInner\"><\/div><\/div><\/div><\/section>","protected":false},"excerpt":{"rendered":"","protected":false},"author":2,"featured_media":0,"parent":1997,"menu_order":0,"comment_status":"closed","ping_status":"closed","template":"","meta":[],"_links":{"self":[{"href":"http:\/\/mojateporlavida.org\/index.php?rest_route=\/wp\/v2\/pages\/4412"}],"collection":[{"href":"http:\/\/mojateporlavida.org\/index.php?rest_route=\/wp\/v2\/pages"}],"about":[{"href":"http:\/\/mojateporlavida.org\/index.php?rest_route=\/wp\/v2\/types\/page"}],"author":[{"embeddable":true,"href":"http:\/\/mojateporlavida.org\/index.php?rest_route=\/wp\/v2\/users\/2"}],"replies":[{"embeddable":true,"href":"http:\/\/mojateporlavida.org\/index.php?rest_route=%2Fwp%2Fv2%2Fcomments&post=4412"}],"version-history":[{"count":19,"href":"http:\/\/mojateporlavida.org\/index.php?rest_route=\/wp\/v2\/pages\/4412\/revisions"}],"predecessor-version":[{"id":4752,"href":"http:\/\/mojateporlavida.org\/index.php?rest_route=\/wp\/v2\/pages\/4412\/revisions\/4752"}],"up":[{"embeddable":true,"href":"http:\/\/mojateporlavida.org\/index.php?rest_route=\/wp\/v2\/pages\/1997"}],"wp:attachment":[{"href":"http:\/\/mojateporlavida.org\/index.php?rest_route=%2Fwp%2Fv2%2Fmedia&parent=4412"}],"curies":[{"name":"wp","href":"https:\/\/api.w.org\/{rel}","templated":true}]}}