{"id":4410,"date":"2017-03-19T22:11:11","date_gmt":"2017-03-19T21:11:11","guid":{"rendered":"http:\/\/mojateporlavida.org\/?page_id=4410"},"modified":"2017-03-20T22:16:07","modified_gmt":"2017-03-20T21:16:07","slug":"sagrario-carrion","status":"publish","type":"page","link":"http:\/\/mojateporlavida.org\/?page_id=4410","title":{"rendered":"Sagrario Carri\u00f3n"},"content":{"rendered":"<section id=\"bt_section69f383399e713\" data-parallax=\"0\" data-parallax-offset=\"0\" class=\"boldSection topSpaced bottomSemiSpaced btDarkSkin gutter inherit btParallax wBackground cover btBackgroundOverlay btSolidDarkBackground\" style=\"background-image:url('http:\/\/mojateporlavida.org\/wp-content\/uploads\/2017\/03\/TZ010222.jpg');\"><div class=\"port\"><div class=\"boldCell\"><div class=\"boldCellInner\"><div class=\"boldRow \" ><div class=\"boldRowInner\"><div class=\"rowItem col-md-3 col-sm-6 col-ms-12 btTextLeft animate animate-fadein animate-moveup btMiddleVertical\"  data-width=\"3\"><div class=\"rowItemContent\" ><div class=\"bpgPhoto  btRoundedImage\" ><div class = \"btImage\"><img src=\"http:\/\/mojateporlavida.org\/wp-content\/uploads\/2016\/11\/Sagrario.jpg\" alt=\"\" title=\"Sagrario Carri\u00f3n\"><\/div><\/div><div class=\"btClear btSeparator bottomSemiSpaced noBorder\" ><hr><\/div><\/div><\/div><div class=\"rowItem col-md-6 col-sm-12 btTextLeft animate animate-fadein animate-moveup btMiddleVertical\"  data-width=\"6\"><div class=\"rowItemContent\" ><header class=\"header btClear large  btHeaderAccent3\" ><div class=\"btSuperTitle\"><span>NADADORA<\/span><\/div><div class=\"dash\"><h2><span class=\"headline\">SAGRARIO CARRI\u00d3N<\/span><\/h2><\/div><\/header><div class=\"btText\" ><p>Dulce y c\u00e1ndida, introvertida pero interesante cuando se abre, nunca se enfadar\u00e1 con nadie, siempre ayudando y facilitando todo a los dem\u00e1s. Nadando es\u00a0 pura clase, testaruda, valiente como ella sola, pasi\u00f3n por el mar.<\/p>\n<\/div><div class=\"btIconImageRow\" style=\"padding: 1em 0;\"><span class=\"btIco btIcoFilledType btIcoSmallSize btAccent1Icon\"><a href=\"https:\/\/www.facebook.com\/mariaisabel.barrosoalba?fref=ts\"  target=\"no_target\" data-ico-fa=\"&#xf09a;\" class=\"btIcoHolder\"><\/a><\/span><span class=\"btIco btIcoFilledType btIcoSmallSize btAccent2Icon\"><a href=\"http:\/\/www.twitter.com\/@sacrys31\"  target=\"no_target\" data-ico-fa=\"&#xf099;\" class=\"btIcoHolder\"><\/a><\/span><span class=\"btIco btIcoFilledType btIcoSmallSize btAccent3Icon\"><a href=\"http:\/\/www.instagram.com\"  target=\"no_target\" data-ico-fa=\"&#xf16d;\" class=\"btIcoHolder\"><\/a><\/span><\/div><div class=\"btClear btSeparator bottomSemiSpaced noBorder\" ><hr><\/div><\/div><\/div><div class=\"rowItem col-md-3 col-sm-6 col-ms-12 btTextLeft animate animate-fadein animate-moveup btMiddleVertical btDoublePadding\"  data-width=\"3\"><div class=\"rowItemContent\" ><div class=\"btClear btSeparator bottomSemiSpaced noBorder\" ><hr><\/div><a href=\"mailto:sasi@mojateporlavida.org\" class=\"btBtn btBtn btnOutlineStyle btndefaultColor btnSmall btnFullWidth btnRightPosition btnIco\" ><span class=\"btnInnerText\">CONTACTO<\/span><span class=\"btIco \"><span  data-ico-fa=\"&#xf003;\" class=\"btIcoHolder\"><\/span><\/span><\/a><div class=\"btClear btSeparator topSmallSpaced noBorder\" ><hr><\/div><a href=\"https:\/\/solidarios.criscancer.org\/fundraisers\/cabo-de-gata-swim-project-mojate-por-la-vida\" class=\"btBtn btBtn btnOutlineStyle btndefaultColor btnMedium btnFullWidth btnRightPosition btnIco\" ><span class=\"btnInnerText\">METROS SAGRARIO<\/span><span class=\"btIco \"><span  data-ico-fa=\"&#xf016;\" class=\"btIcoHolder\"><\/span><\/span><\/a><div class=\"btClear btSeparator bottomSemiSpaced noBorder\" ><hr><\/div><\/div><\/div><\/div><\/div><\/div><\/div><\/div><\/section><section id=\"bt_section69f383399f6d7\"  class=\"boldSection topSpaced bottomSpaced gutter inherit\" ><div class=\"port\"><div class=\"boldCell\"><div class=\"boldCellInner\"><div class=\"boldRow \" ><div class=\"boldRowInner\"><div class=\"rowItem btRightBorder col-md-12 col-ms-12  btTextLeft animate animate-fadein btTopVertical\"  data-width=\"12\"><div class=\"rowItemContent\" ><header class=\"header btClear large  btHeaderAccent4\" ><div class=\"dash\"><h2><span class=\"headline\">BIOGRAF\u00cdA<\/span><\/h2><\/div><\/header><div class=\"btText\" ><p><img decoding=\"async\" loading=\"lazy\" class=\"alignleft wp-image-4601\" src=\"http:\/\/mojateporlavida.org\/wp-content\/uploads\/2017\/03\/2017-03-18-PHOTO-00000027-640x521.jpg\" alt=\"\" width=\"204\" height=\"166\" \/>Soy Virgo. T\u00edmida, tranquila, reservada, disreta; con los pies clavados en la tierra. Enamoradiza. Valoro mucho los peque\u00f1os detalles, los gestos de amor, de cari\u00f1o, de roce, una sonrisa :). Soy una persona fiel y leal a mis amigos. Voy a muerte con ellos. Con los que de verdad se lo merecen. Aunque se me vea muy tranquila, soy puro nervio. Soy positiva y no me gusta la gente negativa. Fuerte f\u00edsica y mentalmente. Si me propongo algo, por muy dif\u00edcil que sea lo hago, aunque me cueste la vida.<\/p>\n<p>Dedico muchas horas a mi trabajo. Me gustan las cosas claras y decirlas. Soy muy sensible. Pese a estar haciendo mil cosas a la vez estoy atenta a todo.<\/p>\n<p>Me encantan los entrenamientos, disfruto mucho del tiempo que paso en el agua, de mis compa\u00f1eros del Albacete M\u00e1ster y sus entrenadores. <img decoding=\"async\" loading=\"lazy\" class=\"alignleft size-full wp-image-4655\" src=\"http:\/\/mojateporlavida.org\/wp-content\/uploads\/2017\/03\/Sagrario-master.jpg\" alt=\"\" width=\"320\" height=\"180\" \/><\/p>\n<p>Lo pasamos \u00abpipa\u00bb, nos re\u00edmos mucho, eso es muy importante. Siempre propongo hacer cosas diferentes, ir a traves\u00edas, hacer quedadas en el mar. Me siento muy valorada por mis compa\u00f1eros y yo les valoro a ellos.<\/p>\n<p>Me siento totalmente identificada con este reto y con la causa solidaria que apoya.<\/p>\n<p style=\"text-align: center;\"><cite>As\u00ed que yo \u00abme mojo\u00bb.<\/cite><\/p>\n<\/div><div class=\"btClear btSeparator topSmallSpaced bottomSmallSpaced noBorder\" ><hr><\/div><div class=\"bpgPhoto \" ><div class = \"btImage\"><img src=\"http:\/\/mojateporlavida.org\/wp-content\/uploads\/2017\/03\/2017-03-18-PHOTO-00000023-320x240.jpg\" alt=\"\" title=\"\"><\/div><\/div><div class=\"servicesItem  btServicesAccent4 btIcoLargeSizeIcon \"><div class=\"sIcon\"><span class=\"btIco btIcoLargeSize btIcoDefaultType btAccent4Icon\"><span  data-ico-od=\"&#xe9d9;\" class=\"btIcoHolder\"><\/span><\/span><\/div><div class=\"sTxt\"><header class=\"header btClear small\" ><div class=\"dash\"><h4><span class=\"headline\">AFICIONES<\/span><\/h4><\/div><div class=\"btSubTitle\">A Sagrario le gusta bailar, escuchar m\u00fasica, la fotograf\u00eda, leer, pintar, viajar, la playa&#8230;&#8230;..<\/div><\/header><\/div><\/div><div class=\"btClear btSeparator topSmallSpaced bottomSmallSpaced noBorder\" ><hr><\/div><div class=\"btClear btSeparator topSmallSpaced bottomSmallSpaced noBorder\" ><hr><\/div><div class=\"btText\" ><\/div><div class=\"btClear btSeparator topSemiSpaced noBorder\" ><hr><\/div><div class=\"btTabs tabsHorizontal\"><ul class=\"tabsHeader\"><li><span>FORMACI\u00d3N<\/span><\/li><li><span>CC DEPORTIVO<\/span><\/li><li><span>TRABAJO<\/span><\/li><\/ul><div class=\"tabPanes tabPanesTabs\"><div class=\"tabPane\">\n\t\t\t<div class=\"tabAccordionContent\"><div class=\"btText\" ><ul>\n<li>FPII TECNICO SUPERIOR ADMINISTRATIVO &amp; COMERCIAL, Administraci\u00f3n y gesti\u00f3n de empresas.<\/li>\n<\/ul>\n<h3>Cursos espec\u00edficos:<\/h3>\n<ul>\n<li>BASE DE DATOS NIVEL AVANZADO<\/li>\n<li>SECRETARIADO DE DIRECCI\u00d3N<\/li>\n<li>GESTION MARKETING PARA PYMES<\/li>\n<li>PREVENCION RIESGOS LABORALES<\/li>\n<li>ADMINISTRATIVO CONTABLE<\/li>\n<li>SECRETARIA DE DIRECCION<\/li>\n<li>OFIMATICA<\/li>\n<\/ul>\n<\/div><\/div>\n\t\t<\/div><div class=\"tabPane\">\n\t\t\t<div class=\"tabAccordionContent\"><div class=\"btText\" ><p><b>TEMPORADA 2015<\/b><\/p>\n<p><b>11\/07\/201: Traves\u00eda a nado Tabarca-Santa Pola 2015<\/b><\/p>\n<p>Distancia:5,5 km<\/p>\n<p>Posici\u00f3n categor\u00eda:9 (m\u00e1ster 3)<\/p>\n<p>Tiempo: 1:10:44<\/p>\n<p><b>26\/07\/15:<\/b> <b>86 Vuelta A La Escollera \u00a02015 \u00a0<\/b><\/p>\n<p>Distancia: 4,3km<\/p>\n<p>Posici\u00f3n categor\u00eda: 5 \u2013 trofeo 3\u00aa clasificada M\u00e1ster A<\/p>\n<p>Tiempo: 1:11:14<\/p>\n<p><b>Octubre- 2015 II TIMONCAP TRAVESIA INTERNACIONAL MASTER DE OTO\u00d1O A NADO C PALOS<\/b><\/p>\n<p>Distancia: 3km<\/p>\n<p>Posici\u00f3n categor\u00eda: 9 \u2013 M\u00e1ster 3<\/p>\n<p>Tiempo: 1:10:44<\/p>\n<p><b>TEMPORADA 2016<\/b><\/p>\n<p><b>22\/05\/2016: ISLA GROSA &#8211; ISLA HORMIGA 2016 <\/b><\/p>\n<p>Distancia:10 km<\/p>\n<p>Posici\u00f3n categor\u00eda:5<\/p>\n<p>Tiempo: 2:50:28<\/p>\n<p><b>05\/06\/2016: <\/b><b>CABO DE PALOS-ISLA HORMIGA-PLAYA DE LEVANTE 2016<\/b><\/p>\n<p>Distancia:12 km<\/p>\n<p>Posici\u00f3n categor\u00eda:2<\/p>\n<p>Tiempo: 3:55:54<\/p>\n<p><b>24\/07\/2016: <\/b><b>Vuelta A La Escollera \u00a02016 \u00a0<\/b><\/p>\n<p>Distancia:4,3 km<\/p>\n<p>Posici\u00f3n categor\u00eda:12<\/p>\n<p>Tiempo: 1:17:32<\/p>\n<p><b>06\/08\/2016: <\/b><b>Travesia A Nado De Cofrentes <\/b><\/p>\n<p>Distancia:11,5 km<\/p>\n<p>Posici\u00f3n categor\u00eda:4<\/p>\n<p>Tiempo: 4:07:32<\/p>\n<p><b>04\/09\/2016: <\/b><b>I TRAVES\u00cdA A NADO LOS PUERT8S<\/b><\/p>\n<p>Distancia:8 km<\/p>\n<p>Posici\u00f3n categor\u00eda:5<\/p>\n<p>Tiempo: 2:45:03<\/p>\n<p><b>10\/10\/2016<\/b>: <b>III TIMONCAP TRAVESIA INTERN. MASTER DE OTO\u00d1O A NADO C PALOS<\/b><\/p>\n<p>Distancia:3 km<\/p>\n<p>Posici\u00f3n categor\u00eda:6<\/p>\n<p>Tiempo: 1:10:14<\/p>\n<\/div><\/div>\n\t\t<\/div><div class=\"tabPane\">\n\t\t\t<div class=\"tabAccordionContent\"><div class=\"btText\" ><p><img decoding=\"async\" loading=\"lazy\" class=\"alignleft wp-image-4592\" src=\"http:\/\/mojateporlavida.org\/wp-content\/uploads\/2017\/03\/2017-03-18-PHOTO-00000024-640x756.jpg\" alt=\"\" width=\"164\" height=\"193\" srcset=\"http:\/\/mojateporlavida.org\/wp-content\/uploads\/2017\/03\/2017-03-18-PHOTO-00000024-640x756.jpg 640w, http:\/\/mojateporlavida.org\/wp-content\/uploads\/2017\/03\/2017-03-18-PHOTO-00000024-768x907.jpg 768w, http:\/\/mojateporlavida.org\/wp-content\/uploads\/2017\/03\/2017-03-18-PHOTO-00000024-1280x1511.jpg 1280w, http:\/\/mojateporlavida.org\/wp-content\/uploads\/2017\/03\/2017-03-18-PHOTO-00000024-320x378.jpg 320w, http:\/\/mojateporlavida.org\/wp-content\/uploads\/2017\/03\/2017-03-18-PHOTO-00000024.jpg 1355w\" sizes=\"(max-width: 164px) 100vw, 164px\" \/><\/p>\n<p>Sagrario tiene ampia experiencia de Administraci\u00f3n en distintas empresas.<\/p>\n<p>Actualmente trabaja en Alcampo en el departamento de Control de Gesti\u00f3n.<\/p>\n<\/div><\/div>\n\t\t<\/div><\/div><\/div><div class=\"btClear btSeparator topSemiSpaced noBorder\" ><hr><\/div><\/div><\/div><\/div><\/div><\/div><\/div><\/div><\/section><section id=\"bt_section69f38339a0738\"  class=\"boldSection bottomSpaced gutter inherit\" style=\"background-color:#f1f1f1;\"><div class=\"port\"><div class=\"boldCell\"><div class=\"boldCellInner\"><div class=\"boldRow \" style=\"margin-top: -40px;\"><div class=\"boldRowInner\"><div class=\"rowItem col-md-12 col-ms-12  btTextCenter animate animate-fadein animate-moveup inherit\"  data-width=\"12\"><div class=\"rowItemContent\" ><div class=\"btIconImageRow\" ><span class=\"btIco btIcoFilledType btIcoLargeSize btAccent1Icon\"><span  data-ico-od=\"&#xe9d6;\" class=\"btIcoHolder\"><\/span><\/span><\/div><div class=\"btClear btSeparator topSpaced noBorder\" ><hr><\/div><\/div><\/div><\/div><\/div><\/div><\/div><\/div><\/section><section id=\"bt_section69f38339a097d\"  class=\"boldSection gutter\" ><div class=\"port\"><div class=\"boldCell\"><div class=\"boldCellInner\"><div class=\"boldRow \" ><div class=\"boldRowInner\"><div class=\"rowItem col-md-8 col-ms-12 btTextLeft\"  data-width=\"8\"><div class=\"rowItemContent\" ><div class=\"btTabs tabsHorizontal\"><ul class=\"tabsHeader\"><li><span>Metros para Sagrario<\/span><\/li><\/ul><div class=\"tabPanes tabPanesTabs\"><div class=\"tabPane\">\n\t\t\t<div class=\"tabAccordionContent\"><div class=\"btText\" ><p>Cada nadador y nadadora recorrer\u00e1 un m\u00ednimo de 60 km en su recorrido a nado por la costa de Cabo de Gata-N\u00edjar en agosto. Como el objetivo principal del reto deportivo, es recaudar fondos para la Unidad Cris del Hospital de la Paz, han decidido que todo el que quiera apoyarles personalmente en su reto, puede colaborar con 1\u20ac cada 10 metros. Esta es una forma de demostrarles, que todos nos mojamos por su causa, y que aunque sean ellas las que est\u00e1n en el agua, todos nos salpicamos de solidaridad. M\u00e1ndale mensajes de apoyo en las redes sociales, con el #mojateporlavida y #memojoconsagrario<\/p>\n<p>Busca a tu nadadora y ap\u00f3yale con metros solidarios.<\/p>\n<\/div><\/div>\n\t\t<\/div><\/div><\/div><div class=\"btClear btSeparator topSpaced bottomSpaced noBorder\" ><hr><\/div><\/div><\/div><div class=\"rowItem col-md-4 col-ms-12 btTextLeft\"  data-width=\"4\"><div class=\"rowItemContent\" ><div class=\"bpgPhoto  btHasTitles\" > \r\n\t\t\t\t\t<a href=\"https:\/\/solidarios.criscancer.org\/fundraisers\/cabo-de-gata-swim-project-mojate-por-la-vida\" target=\"_self\" title=\"Ayuda a Sagrario\"><\/a>\r\n\t\t\t\t\t<div class=\"boldPhotoBox\"><div class=\"bpbItem\"><div class = \"btImage\"><img src=\"http:\/\/mojateporlavida.org\/wp-content\/uploads\/2017\/03\/metros-sagrario.png\" alt=\"\" title=\"Ayuda a Sagrario\"><\/div><\/div><\/div>\r\n\t\t\t\t\t<div class=\"captionPane btDarkSkin btTextCenter\">\r\n\t\t\t\t\t\t<div class=\"captionTable\">\r\n\t\t\t\t\t\t\t<div class=\"captionCell\">\r\n\t\t\t\t\t\t\t\t<div class=\"captionTxt\"><header class=\"header btClear extrasmall\" ><div class=\"btSuperTitle\"><span>metros solidarios<\/span><\/div><div class=\"dash\"><h4><span class=\"headline\">Ayuda a Sagrario<\/span><\/h4><\/div><\/header><\/div>\r\n\t\t\t\t\t\t\t<\/div>\r\n\t\t\t\t\t\t<\/div>\r\n\t\t\t\t\t<\/div>\r\n\t\t\t\t\t\t<div class=\"btShowTitle\">\r\n\t\t\t\t\t\t\t<div class=\"btShowTitleCaptionTxt\"><header class=\"header btClear small\" ><div class=\"btSuperTitle\"><span>metros solidarios<\/span><\/div><div class=\"dash\"><h4><span class=\"headline\">Ayuda a Sagrario<\/span><\/h4><\/div><\/header><\/div>\r\n\t\t\t\t\t\t<\/div><\/div><div class=\"btClear btSeparator topSmallSpaced bottomSmallSpaced noBorder\" ><hr><\/div><div class=\"btText\" ><p>Metros solidarios conseguidos por Sagrario<\/p>\n<\/div><div class=\"btCounterHolder  btCounterLargeSize\"><span class=\"btCounter animate\" data-digit-length=\"3\"><span class=\"onedigit p3 d2\" data-digit=\"2\"><span class=\"n0\">0<\/span><span class=\"n1\">1<\/span><span class=\"n2\">2<\/span><span class=\"n3\">3<\/span><span class=\"n4\">4<\/span><span class=\"n5\">5<\/span><span class=\"n6\">6<\/span><span class=\"n7\">7<\/span><span class=\"n8\">8<\/span><span class=\"n9\">9<\/span><span class=\"n0\">0<\/span><\/span><span class=\"onedigit p2 d5\" data-digit=\"5\"><span class=\"n0\">0<\/span><span class=\"n1\">1<\/span><span class=\"n2\">2<\/span><span class=\"n3\">3<\/span><span class=\"n4\">4<\/span><span class=\"n5\">5<\/span><span class=\"n6\">6<\/span><span class=\"n7\">7<\/span><span class=\"n8\">8<\/span><span class=\"n9\">9<\/span><span class=\"n0\">0<\/span><\/span><span class=\"onedigit p1 d0\" data-digit=\"0\"><span class=\"n0\">0<\/span><span class=\"n1\">1<\/span><span class=\"n2\">2<\/span><span class=\"n3\">3<\/span><span class=\"n4\">4<\/span><span class=\"n5\">5<\/span><span class=\"n6\">6<\/span><span class=\"n7\">7<\/span><span class=\"n8\">8<\/span><span class=\"n9\">9<\/span><span class=\"n0\">0<\/span><\/span><\/span><\/div><\/div><\/div><\/div><\/div><div class=\"boldRow \" ><div class=\"boldRowInner\"><div class=\"rowItem col-md-12 col-ms-12  btTextLeft animate animate-fadein inherit\"  data-width=\"12\"><div class=\"rowItemContent\" ><header class=\"header btClear large  btHeaderAccent3\" ><div class=\"dash\"><h2><span class=\"headline\">Noticias en las que aparece Sagrario<\/span><\/h2><\/div><\/header><div class=\"btClear btSeparator bottomSmallSpaced noBorder\" ><hr><\/div><div class=\"btLatestPostsContainer verticalPosts \" >\n\t\t\t\t<div class=\"btSingleLatestPost col-sm-12 col-ms-12  inherit\"><div class=\"btSingleLatestPostImage btTextCenter\"><div class=\"bpgPhoto \" > \r\n\t\t\t\t\t<a href=\"http:\/\/mojateporlavida.org\/?p=6156\" target=\"_self\" title=\"\"><\/a>\r\n\t\t\t\t\t<div class=\"boldPhotoBox\"><div class=\"bpbItem\"><div class = \"btImage\"><img src=\"http:\/\/mojateporlavida.org\/wp-content\/uploads\/2017\/09\/E5IMG_0754L-320x240.jpg\" alt=\"\" title=\"\"><\/div><\/div><\/div>\r\n\t\t\t\t\t<div class=\"captionPane btDarkSkin btTextCenter\">\r\n\t\t\t\t\t\t<div class=\"captionTable\">\r\n\t\t\t\t\t\t\t<div class=\"captionCell\">\r\n\t\t\t\t\t\t\t\t<div class=\"captionTxt\"><\/div>\r\n\t\t\t\t\t\t\t<\/div>\r\n\t\t\t\t\t\t<\/div>\r\n\t\t\t\t\t<\/div><\/div><\/div><div class = \"btSingleLatestPostContent\">\n\t\t\t\t\t\t<header class=\"header btClear small\" ><div class=\"dash\"><h4><span class=\"headline\"><a href=\"http:\/\/mojateporlavida.org\/?p=6156\" target=\"_self\">Quinta Etapa. San Jos\u00e9-San Miguel de Cabo de Gata.<\/a><\/span><\/h4><\/div><div class=\"btSubTitle\"><span class=\"btArticleDate\">26 agosto, 2017<\/span><a href=\"http:\/\/mojateporlavida.org\/?author=2\" class=\"btArticleAuthor\">by Agust\u00edn Ram\u00edrez<\/a><\/div><\/header>\n\t\t\t\t<p class=\"btLatestPostContent\">5\u00aa y \u00faltima etapa del Reto: 10 personas normales nadan la franja costera del Parque Natural Cabo de Gata \u2013 N\u00efjar por la investigaci\u00f3n contra el c\u00e1ncer infantil.<\/p>\n\t\t\t\t\t<\/div>\n\t\t\t\t<\/div>\n\t\t\t\t<div class=\"btSingleLatestPost col-sm-12 col-ms-12  inherit\"><div class=\"btSingleLatestPostImage btTextCenter\"><div class=\"bpgPhoto \" > \r\n\t\t\t\t\t<a href=\"http:\/\/mojateporlavida.org\/?p=6074\" target=\"_self\" title=\"\"><\/a>\r\n\t\t\t\t\t<div class=\"boldPhotoBox\"><div class=\"bpbItem\"><div class = \"btImage\"><img src=\"http:\/\/mojateporlavida.org\/wp-content\/uploads\/2017\/09\/E4angelA-320x240.jpg\" alt=\"\" title=\"\"><\/div><\/div><\/div>\r\n\t\t\t\t\t<div class=\"captionPane btDarkSkin btTextCenter\">\r\n\t\t\t\t\t\t<div class=\"captionTable\">\r\n\t\t\t\t\t\t\t<div class=\"captionCell\">\r\n\t\t\t\t\t\t\t\t<div class=\"captionTxt\"><\/div>\r\n\t\t\t\t\t\t\t<\/div>\r\n\t\t\t\t\t\t<\/div>\r\n\t\t\t\t\t<\/div><\/div><\/div><div class = \"btSingleLatestPostContent\">\n\t\t\t\t\t\t<header class=\"header btClear small\" ><div class=\"dash\"><h4><span class=\"headline\"><a href=\"http:\/\/mojateporlavida.org\/?p=6074\" target=\"_self\">Cuarta Etapa. Isleta del Moro- San Jos\u00e9.<\/a><\/span><\/h4><\/div><div class=\"btSubTitle\"><span class=\"btArticleDate\">25 agosto, 2017<\/span><a href=\"http:\/\/mojateporlavida.org\/?author=2\" class=\"btArticleAuthor\">by Agust\u00edn Ram\u00edrez<\/a><\/div><\/header>\n\t\t\t\t<p class=\"btLatestPostContent\">4\u00aa Etapa. La Etapa m\u00e1s complicada superada con \u00e9xito.<\/p>\n\t\t\t\t\t<\/div>\n\t\t\t\t<\/div>\n\t\t\t\t<div class=\"btSingleLatestPost col-sm-12 col-ms-12  inherit\"><div class=\"btSingleLatestPostImage btTextCenter\"><div class=\"bpgPhoto \" > \r\n\t\t\t\t\t<a href=\"http:\/\/mojateporlavida.org\/?p=6040\" target=\"_self\" title=\"\"><\/a>\r\n\t\t\t\t\t<div class=\"boldPhotoBox\"><div class=\"bpbItem\"><div class = \"btImage\"><img src=\"http:\/\/mojateporlavida.org\/wp-content\/uploads\/2017\/08\/E3equipolostroncos-320x240.jpg\" alt=\"\" title=\"\"><\/div><\/div><\/div>\r\n\t\t\t\t\t<div class=\"captionPane btDarkSkin btTextCenter\">\r\n\t\t\t\t\t\t<div class=\"captionTable\">\r\n\t\t\t\t\t\t\t<div class=\"captionCell\">\r\n\t\t\t\t\t\t\t\t<div class=\"captionTxt\"><\/div>\r\n\t\t\t\t\t\t\t<\/div>\r\n\t\t\t\t\t\t<\/div>\r\n\t\t\t\t\t<\/div><\/div><\/div><div class = \"btSingleLatestPostContent\">\n\t\t\t\t\t\t<header class=\"header btClear small\" ><div class=\"dash\"><h4><span class=\"headline\"><a href=\"http:\/\/mojateporlavida.org\/?p=6040\" target=\"_self\">Tercera Etapa. Las Negras-Isleta del Moro<\/a><\/span><\/h4><\/div><div class=\"btSubTitle\"><span class=\"btArticleDate\">24 agosto, 2017<\/span><a href=\"http:\/\/mojateporlavida.org\/?author=2\" class=\"btArticleAuthor\">by Agust\u00edn Ram\u00edrez<\/a><\/div><\/header>\n\t\t\t\t<p class=\"btLatestPostContent\">Tercera Etapa del Reto. Ecuador de la traves\u00eda en La Isleta del Moro: el desembarco de la solidaridad<\/p>\n\t\t\t\t\t<\/div>\n\t\t\t\t<\/div>\n\t\t\t\t<div class=\"btSingleLatestPost col-sm-12 col-ms-12  inherit\"><div class=\"btSingleLatestPostImage btTextCenter\"><div class=\"bpgPhoto \" > \r\n\t\t\t\t\t<a href=\"http:\/\/mojateporlavida.org\/?p=6009\" target=\"_self\" title=\"\"><\/a>\r\n\t\t\t\t\t<div class=\"boldPhotoBox\"><div class=\"bpbItem\"><div class = \"btImage\"><img src=\"http:\/\/mojateporlavida.org\/wp-content\/uploads\/2017\/08\/E2Todosbanderas-320x240.jpg\" alt=\"\" title=\"\"><\/div><\/div><\/div>\r\n\t\t\t\t\t<div class=\"captionPane btDarkSkin btTextCenter\">\r\n\t\t\t\t\t\t<div class=\"captionTable\">\r\n\t\t\t\t\t\t\t<div class=\"captionCell\">\r\n\t\t\t\t\t\t\t\t<div class=\"captionTxt\"><\/div>\r\n\t\t\t\t\t\t\t<\/div>\r\n\t\t\t\t\t\t<\/div>\r\n\t\t\t\t\t<\/div><\/div><\/div><div class = \"btSingleLatestPostContent\">\n\t\t\t\t\t\t<header class=\"header btClear small\" ><div class=\"dash\"><h4><span class=\"headline\"><a href=\"http:\/\/mojateporlavida.org\/?p=6009\" target=\"_self\">Segunda Etapa. Ruta de piratas en aguas abiertas por el c\u00e1ncer infantil<\/a><\/span><\/h4><\/div><div class=\"btSubTitle\"><span class=\"btArticleDate\">23 agosto, 2017<\/span><a href=\"http:\/\/mojateporlavida.org\/?author=2\" class=\"btArticleAuthor\">by Agust\u00edn Ram\u00edrez<\/a><\/div><\/header>\n\t\t\t\t<p class=\"btLatestPostContent\">Cr\u00f3nica de la 2\u00aa Etapa. Agua Amarga &#8211; Las Negras. Ruta de piratas en aguas abiertas por el c\u00e1ncer infantil<\/p>\n\t\t\t\t\t<\/div>\n\t\t\t\t<\/div><\/div><div class=\"btClear btSeparator topExtraSpaced bottomExtraSpaced noBorder\" ><hr><\/div><div class=\"btClear btSeparator topExtraSpaced bottomExtraSpaced noBorder\" ><hr><\/div><\/div><\/div><\/div><\/div><\/div><\/div><\/div><\/section><section id=\"bt_section69f38339a520f\"  class=\"boldSection gutter\" ><div class=\"port\"><div class=\"boldCell\"><div class=\"boldCellInner\"><\/div><\/div><\/div><\/section><section id=\"bt_section69f38339a5272\"  class=\"boldSection gutter\" ><div class=\"port\"><div class=\"boldCell\"><div class=\"boldCellInner\"><\/div><\/div><\/div><\/section>","protected":false},"excerpt":{"rendered":"","protected":false},"author":2,"featured_media":0,"parent":1997,"menu_order":0,"comment_status":"closed","ping_status":"closed","template":"","meta":[],"_links":{"self":[{"href":"http:\/\/mojateporlavida.org\/index.php?rest_route=\/wp\/v2\/pages\/4410"}],"collection":[{"href":"http:\/\/mojateporlavida.org\/index.php?rest_route=\/wp\/v2\/pages"}],"about":[{"href":"http:\/\/mojateporlavida.org\/index.php?rest_route=\/wp\/v2\/types\/page"}],"author":[{"embeddable":true,"href":"http:\/\/mojateporlavida.org\/index.php?rest_route=\/wp\/v2\/users\/2"}],"replies":[{"embeddable":true,"href":"http:\/\/mojateporlavida.org\/index.php?rest_route=%2Fwp%2Fv2%2Fcomments&post=4410"}],"version-history":[{"count":21,"href":"http:\/\/mojateporlavida.org\/index.php?rest_route=\/wp\/v2\/pages\/4410\/revisions"}],"predecessor-version":[{"id":4659,"href":"http:\/\/mojateporlavida.org\/index.php?rest_route=\/wp\/v2\/pages\/4410\/revisions\/4659"}],"up":[{"embeddable":true,"href":"http:\/\/mojateporlavida.org\/index.php?rest_route=\/wp\/v2\/pages\/1997"}],"wp:attachment":[{"href":"http:\/\/mojateporlavida.org\/index.php?rest_route=%2Fwp%2Fv2%2Fmedia&parent=4410"}],"curies":[{"name":"wp","href":"https:\/\/api.w.org\/{rel}","templated":true}]}}