{"id":1007,"date":"2017-01-20T10:21:29","date_gmt":"2017-01-20T09:21:29","guid":{"rendered":"http:\/\/finance.omnicom-dev.com\/main-demo\/?page_id=1007"},"modified":"2019-02-17T21:50:06","modified_gmt":"2019-02-17T20:50:06","slug":"diario-de-nuestro-reto","status":"publish","type":"page","link":"http:\/\/mojateporlavida.org\/?page_id=1007","title":{"rendered":"Diario de nuestro reto"},"content":{"rendered":"<section id=\"bt_section69f046f93c972\"  class=\"boldSection topSemiSpaced bottomSpaced gutter inherit\" ><div class=\"port\"><div class=\"boldCell\"><div class=\"boldCellInner\"><div class=\"boldRow \" ><div class=\"boldRowInner\"><div class=\"rowItem col-md-12 col-ms-12  btTextLeft\"  data-width=\"12\"><div class=\"rowItemContent\" ><div class=\"boldRow \" ><div class=\"boldRowInner\"><div class=\"rowItem rowInnerItem col-lg-12  btTextLeft\"  ><div class=\"rowItemContent\"><div class=\"btLatestPostsContainer verticalPosts \" >\n\t\t\t\t<div class=\"btSingleLatestPost col-sm-12 col-ms-12  inherit\"><div class=\"btSingleLatestPostImage btTextCenter\"><div class=\"bpgPhoto \" > \r\n\t\t\t\t\t<a href=\"http:\/\/mojateporlavida.org\/?p=6709\" target=\"_self\" title=\"\"><\/a>\r\n\t\t\t\t\t<div class=\"boldPhotoBox\"><div class=\"bpbItem\"><div class = \"btImage\"><img src=\"http:\/\/mojateporlavida.org\/wp-content\/uploads\/2017\/12\/CGalamojatepatricia1-320x240.jpg\" alt=\"\" title=\"\"><\/div><\/div><\/div>\r\n\t\t\t\t\t<div class=\"captionPane btDarkSkin btTextCenter\">\r\n\t\t\t\t\t\t<div class=\"captionTable\">\r\n\t\t\t\t\t\t\t<div class=\"captionCell\">\r\n\t\t\t\t\t\t\t\t<div class=\"captionTxt\"><\/div>\r\n\t\t\t\t\t\t\t<\/div>\r\n\t\t\t\t\t\t<\/div>\r\n\t\t\t\t\t<\/div><\/div><\/div><div class = \"btSingleLatestPostContent\">\n\t\t\t\t\t\t<header class=\"header btClear small\" ><div class=\"dash\"><h4><span class=\"headline\"><a href=\"http:\/\/mojateporlavida.org\/?p=6709\" target=\"_self\">Premio inicativa solidaria 2018<\/a><\/span><\/h4><\/div><div class=\"btSubTitle\"><span class=\"btArticleDate\">2 febrero, 2019<\/span><a href=\"http:\/\/mojateporlavida.org\/?author=1\" class=\"btArticleAuthor\">by A70siete-<\/a><\/div><\/header>\n\t\t\t\t<p class=\"btLatestPostContent\">&nbsp; \ud83c\udfca\u200d\u2640\ufe0f\ud83c\udfca\u200d\u2642\ufe0fEste reconocimiento se lo dedicamos a todas y cada una de las personas que se han mojado con nosotros y que nos han apoyado en esta locura: GRACIAS!!! #TodosSomosCris [&hellip;]<\/p>\n\t\t\t\t\t<\/div>\n\t\t\t\t<\/div>\n\t\t\t\t<div class=\"btSingleLatestPost col-sm-12 col-ms-12  inherit\"><div class=\"btSingleLatestPostImage btTextCenter\"><div class=\"bpgPhoto \" > \r\n\t\t\t\t\t<a href=\"http:\/\/mojateporlavida.org\/?p=6721\" target=\"_self\" title=\"\"><\/a>\r\n\t\t\t\t\t<div class=\"boldPhotoBox\"><div class=\"bpbItem\"><div class = \"btImage\"><img src=\"http:\/\/mojateporlavida.org\/wp-content\/uploads\/2017\/02\/Mojatelogocuadradoblanco-b-320x240.png\" alt=\"\" title=\"\"><\/div><\/div><\/div>\r\n\t\t\t\t\t<div class=\"captionPane btDarkSkin btTextCenter\">\r\n\t\t\t\t\t\t<div class=\"captionTable\">\r\n\t\t\t\t\t\t\t<div class=\"captionCell\">\r\n\t\t\t\t\t\t\t\t<div class=\"captionTxt\"><\/div>\r\n\t\t\t\t\t\t\t<\/div>\r\n\t\t\t\t\t\t<\/div>\r\n\t\t\t\t\t<\/div><\/div><\/div><div class = \"btSingleLatestPostContent\">\n\t\t\t\t\t\t<header class=\"header btClear small\" ><div class=\"dash\"><h4><span class=\"headline\"><a href=\"http:\/\/mojateporlavida.org\/?p=6721\" target=\"_self\">\ud83d\udc9648.056 gotas de solidaridad!!!<\/a><\/span><\/h4><\/div><div class=\"btSubTitle\"><span class=\"btArticleDate\">24 enero, 2019<\/span><a href=\"http:\/\/mojateporlavida.org\/?author=1\" class=\"btArticleAuthor\">by A70siete-<\/a><\/div><\/header>\n\t\t\t\t<p class=\"btLatestPostContent\">I Reto de M\u00f3jate por la Vida completado.<\/p>\n\t\t\t\t\t<\/div>\n\t\t\t\t<\/div>\n\t\t\t\t<div class=\"btSingleLatestPost col-sm-12 col-ms-12  inherit\"><div class=\"btSingleLatestPostImage btTextCenter\"><div class=\"bpgPhoto \" > \r\n\t\t\t\t\t<a href=\"http:\/\/mojateporlavida.org\/?p=6678\" target=\"_self\" title=\"\"><\/a>\r\n\t\t\t\t\t<div class=\"boldPhotoBox\"><div class=\"bpbItem\"><div class = \"btImage\"><img src=\"http:\/\/mojateporlavida.org\/wp-content\/uploads\/2018\/07\/CARTEL-MARCHA-NORDICA-PRUEBA-320x240.jpg\" alt=\"\" title=\"\"><\/div><\/div><\/div>\r\n\t\t\t\t\t<div class=\"captionPane btDarkSkin btTextCenter\">\r\n\t\t\t\t\t\t<div class=\"captionTable\">\r\n\t\t\t\t\t\t\t<div class=\"captionCell\">\r\n\t\t\t\t\t\t\t\t<div class=\"captionTxt\"><\/div>\r\n\t\t\t\t\t\t\t<\/div>\r\n\t\t\t\t\t\t<\/div>\r\n\t\t\t\t\t<\/div><\/div><\/div><div class = \"btSingleLatestPostContent\">\n\t\t\t\t\t\t<header class=\"header btClear small\" ><div class=\"dash\"><h4><span class=\"headline\"><a href=\"http:\/\/mojateporlavida.org\/?p=6678\" target=\"_self\">I Marcha N\u00f3rdica \u00abM\u00f3jate por la Vida\u00bb<\/a><\/span><\/h4><\/div><div class=\"btSubTitle\"><span class=\"btArticleDate\">30 julio, 2018<\/span><a href=\"http:\/\/mojateporlavida.org\/?author=1\" class=\"btArticleAuthor\">by A70siete-<\/a><\/div><\/header>\n\t\t\t\t<p class=\"btLatestPostContent\">El CD TurAniAnA organiza la I Marcha N\u00f3rdica \u00abM\u00f3jate por la Vida\u00bb. Prueba solidaria de Marcha N\u00f3rdica, perteneciente a la Copa Andaluza de Marcha N\u00f3rdica.<\/p>\n\t\t\t\t\t<\/div>\n\t\t\t\t<\/div>\n\t\t\t\t<div class=\"btSingleLatestPost col-sm-12 col-ms-12  inherit\"><div class=\"btSingleLatestPostImage btTextCenter\"><div class=\"bpgPhoto \" > \r\n\t\t\t\t\t<a href=\"http:\/\/mojateporlavida.org\/?p=6491\" target=\"_self\" title=\"\"><\/a>\r\n\t\t\t\t\t<div class=\"boldPhotoBox\"><div class=\"bpbItem\"><div class = \"btImage\"><img src=\"http:\/\/mojateporlavida.org\/wp-content\/uploads\/2018\/07\/La-Paz-planta-8-web2-320x240.jpg\" alt=\"\" title=\"\"><\/div><\/div><\/div>\r\n\t\t\t\t\t<div class=\"captionPane btDarkSkin btTextCenter\">\r\n\t\t\t\t\t\t<div class=\"captionTable\">\r\n\t\t\t\t\t\t\t<div class=\"captionCell\">\r\n\t\t\t\t\t\t\t\t<div class=\"captionTxt\"><\/div>\r\n\t\t\t\t\t\t\t<\/div>\r\n\t\t\t\t\t\t<\/div>\r\n\t\t\t\t\t<\/div><\/div><\/div><div class = \"btSingleLatestPostContent\">\n\t\t\t\t\t\t<header class=\"header btClear small\" ><div class=\"dash\"><h4><span class=\"headline\"><a href=\"http:\/\/mojateporlavida.org\/?p=6491\" target=\"_self\">Inauguraci\u00f3n de la Unidad Cris en el Hospital de La Paz<\/a><\/span><\/h4><\/div><div class=\"btSubTitle\"><span class=\"btArticleDate\">20 julio, 2018<\/span><a href=\"http:\/\/mojateporlavida.org\/?author=1\" class=\"btArticleAuthor\">by A70siete-<\/a><\/div><\/header>\n\t\t\t\t<p class=\"btLatestPostContent\">Se cumple un sue\u00f1o, la inauguraci\u00f3n de la Unidad Cris en la Planta 8 del Hospital de la Paz de Madrid.<\/p>\n\t\t\t\t\t<\/div>\n\t\t\t\t<\/div>\n\t\t\t\t<div class=\"btSingleLatestPost col-sm-12 col-ms-12  inherit\"><div class=\"btSingleLatestPostImage btTextCenter\"><div class=\"bpgPhoto \" > \r\n\t\t\t\t\t<a href=\"http:\/\/mojateporlavida.org\/?p=6711\" target=\"_self\" title=\"\"><\/a>\r\n\t\t\t\t\t<div class=\"boldPhotoBox\"><div class=\"bpbItem\"><div class = \"btImage\"><img src=\"http:\/\/mojateporlavida.org\/wp-content\/uploads\/2019\/02\/Luz-azul-mediterranean-320x240.jpg\" alt=\"\" title=\"\"><\/div><\/div><\/div>\r\n\t\t\t\t\t<div class=\"captionPane btDarkSkin btTextCenter\">\r\n\t\t\t\t\t\t<div class=\"captionTable\">\r\n\t\t\t\t\t\t\t<div class=\"captionCell\">\r\n\t\t\t\t\t\t\t\t<div class=\"captionTxt\"><\/div>\r\n\t\t\t\t\t\t\t<\/div>\r\n\t\t\t\t\t\t<\/div>\r\n\t\t\t\t\t<\/div><\/div><\/div><div class = \"btSingleLatestPostContent\">\n\t\t\t\t\t\t<header class=\"header btClear small\" ><div class=\"dash\"><h4><span class=\"headline\"><a href=\"http:\/\/mojateporlavida.org\/?p=6711\" target=\"_self\">Luz Azul en la Meditertanean Coast Challenge 2018.<\/a><\/span><\/h4><\/div><div class=\"btSubTitle\"><span class=\"btArticleDate\">19 mayo, 2018<\/span><a href=\"http:\/\/mojateporlavida.org\/?author=1\" class=\"btArticleAuthor\">by A70siete-<\/a><\/div><\/header>\n\t\t\t\t<p class=\"btLatestPostContent\">Luz Azul, Un Mar de Vida en la Mediterranean Coast Challenge 2018. <\/p>\n\t\t\t\t\t<\/div>\n\t\t\t\t<\/div>\n\t\t\t\t<div class=\"btSingleLatestPost col-sm-12 col-ms-12  inherit\"><div class=\"btSingleLatestPostImage btTextCenter\"><div class=\"bpgPhoto \" > \r\n\t\t\t\t\t<a href=\"http:\/\/mojateporlavida.org\/?p=6685\" target=\"_self\" title=\"\"><\/a>\r\n\t\t\t\t\t<div class=\"boldPhotoBox\"><div class=\"bpbItem\"><div class = \"btImage\"><img src=\"http:\/\/mojateporlavida.org\/wp-content\/uploads\/2018\/05\/cartel-presentacion-toledo-320x240.jpg\" alt=\"\" title=\"\"><\/div><\/div><\/div>\r\n\t\t\t\t\t<div class=\"captionPane btDarkSkin btTextCenter\">\r\n\t\t\t\t\t\t<div class=\"captionTable\">\r\n\t\t\t\t\t\t\t<div class=\"captionCell\">\r\n\t\t\t\t\t\t\t\t<div class=\"captionTxt\"><\/div>\r\n\t\t\t\t\t\t\t<\/div>\r\n\t\t\t\t\t\t<\/div>\r\n\t\t\t\t\t<\/div><\/div><\/div><div class = \"btSingleLatestPostContent\">\n\t\t\t\t\t\t<header class=\"header btClear small\" ><div class=\"dash\"><h4><span class=\"headline\"><a href=\"http:\/\/mojateporlavida.org\/?p=6685\" target=\"_self\">La \u00abLuz Azul\u00bb inunda  Toledo.<\/a><\/span><\/h4><\/div><div class=\"btSubTitle\"><span class=\"btArticleDate\">30 abril, 2018<\/span><a href=\"http:\/\/mojateporlavida.org\/?author=1\" class=\"btArticleAuthor\">by A70siete-<\/a><\/div><\/header>\n\t\t\t\t<p class=\"btLatestPostContent\">El Documental \u00abLuz Azul, un mar de vida\u00bb se presenta en la Universidad de Toledo<\/p>\n\t\t\t\t\t<\/div>\n\t\t\t\t<\/div>\n\t\t\t\t<div class=\"btSingleLatestPost col-sm-12 col-ms-12  inherit\"><div class=\"btSingleLatestPostImage btTextCenter\"><div class=\"bpgPhoto \" > \r\n\t\t\t\t\t<a href=\"http:\/\/mojateporlavida.org\/?p=6817\" target=\"_self\" title=\"\"><\/a>\r\n\t\t\t\t\t<div class=\"boldPhotoBox\"><div class=\"bpbItem\"><div class = \"btImage\"><img src=\"http:\/\/mojateporlavida.org\/wp-content\/uploads\/2019\/03\/Romanilla.png\" alt=\"\" title=\"\"><\/div><\/div><\/div>\r\n\t\t\t\t\t<div class=\"captionPane btDarkSkin btTextCenter\">\r\n\t\t\t\t\t\t<div class=\"captionTable\">\r\n\t\t\t\t\t\t\t<div class=\"captionCell\">\r\n\t\t\t\t\t\t\t\t<div class=\"captionTxt\"><\/div>\r\n\t\t\t\t\t\t\t<\/div>\r\n\t\t\t\t\t\t<\/div>\r\n\t\t\t\t\t<\/div><\/div><\/div><div class = \"btSingleLatestPostContent\">\n\t\t\t\t\t\t<header class=\"header btClear small\" ><div class=\"dash\"><h4><span class=\"headline\"><a href=\"http:\/\/mojateporlavida.org\/?p=6817\" target=\"_self\">Luz Azul  en el CEIP La Romanilla de Roquetas de Mar<\/a><\/span><\/h4><\/div><div class=\"btSubTitle\"><span class=\"btArticleDate\">30 abril, 2018<\/span><a href=\"http:\/\/mojateporlavida.org\/?author=1\" class=\"btArticleAuthor\">by A70siete-<\/a><\/div><\/header>\n\t\t\t\t<p class=\"btLatestPostContent\">Presentaci\u00f3n del Luz Azul, Un Mar de Vida en el CEIP La Romanilla de Roquetas de Mar.<\/p>\n\t\t\t\t\t<\/div>\n\t\t\t\t<\/div>\n\t\t\t\t<div class=\"btSingleLatestPost col-sm-12 col-ms-12  inherit\"><div class=\"btSingleLatestPostImage btTextCenter\"><div class=\"bpgPhoto \" > \r\n\t\t\t\t\t<a href=\"http:\/\/mojateporlavida.org\/?p=6469\" target=\"_self\" title=\"\"><\/a>\r\n\t\t\t\t\t<div class=\"boldPhotoBox\"><div class=\"bpbItem\"><div class = \"btImage\"><img src=\"http:\/\/mojateporlavida.org\/wp-content\/uploads\/2018\/04\/Museo-de-ALmeria-320x240.jpg\" alt=\"\" title=\"\"><\/div><\/div><\/div>\r\n\t\t\t\t\t<div class=\"captionPane btDarkSkin btTextCenter\">\r\n\t\t\t\t\t\t<div class=\"captionTable\">\r\n\t\t\t\t\t\t\t<div class=\"captionCell\">\r\n\t\t\t\t\t\t\t\t<div class=\"captionTxt\"><\/div>\r\n\t\t\t\t\t\t\t<\/div>\r\n\t\t\t\t\t\t<\/div>\r\n\t\t\t\t\t<\/div><\/div><\/div><div class = \"btSingleLatestPostContent\">\n\t\t\t\t\t\t<header class=\"header btClear small\" ><div class=\"dash\"><h4><span class=\"headline\"><a href=\"http:\/\/mojateporlavida.org\/?p=6469\" target=\"_self\">Luz Azul en el Museo de Almer\u00eda<\/a><\/span><\/h4><\/div><div class=\"btSubTitle\"><span class=\"btArticleDate\">2 febrero, 2018<\/span><a href=\"http:\/\/mojateporlavida.org\/?author=1\" class=\"btArticleAuthor\">by A70siete-<\/a><\/div><\/header>\n\t\t\t\t<p class=\"btLatestPostContent\">Presentaci\u00f3n del Documental Luz Azul. Un Mar de Vida, en el Museo de Almer\u00eda.<\/p>\n\t\t\t\t\t<\/div>\n\t\t\t\t<\/div>\n\t\t\t\t<div class=\"btSingleLatestPost col-sm-12 col-ms-12  inherit\"><div class=\"btSingleLatestPostImage btTextCenter\"><div class=\"bpgPhoto \" > \r\n\t\t\t\t\t<a href=\"http:\/\/mojateporlavida.org\/?p=6304\" target=\"_self\" title=\"\"><\/a>\r\n\t\t\t\t\t<div class=\"boldPhotoBox\"><div class=\"bpbItem\"><div class = \"btImage\"><img src=\"http:\/\/mojateporlavida.org\/wp-content\/uploads\/2017\/11\/Cena11-320x240.jpg\" alt=\"\" title=\"\"><\/div><\/div><\/div>\r\n\t\t\t\t\t<div class=\"captionPane btDarkSkin btTextCenter\">\r\n\t\t\t\t\t\t<div class=\"captionTable\">\r\n\t\t\t\t\t\t\t<div class=\"captionCell\">\r\n\t\t\t\t\t\t\t\t<div class=\"captionTxt\"><\/div>\r\n\t\t\t\t\t\t\t<\/div>\r\n\t\t\t\t\t\t<\/div>\r\n\t\t\t\t\t<\/div><\/div><\/div><div class = \"btSingleLatestPostContent\">\n\t\t\t\t\t\t<header class=\"header btClear small\" ><div class=\"dash\"><h4><span class=\"headline\"><a href=\"http:\/\/mojateporlavida.org\/?p=6304\" target=\"_self\">Cena Solidaria \u201cM\u00f3jate por la vida\u201d<\/a><\/span><\/h4><\/div><div class=\"btSubTitle\"><span class=\"btArticleDate\">13 diciembre, 2017<\/span><a href=\"http:\/\/mojateporlavida.org\/?author=1\" class=\"btArticleAuthor\">by A70siete-<\/a><\/div><\/header>\n\t\t\t\t<p class=\"btLatestPostContent\">Cena de Gala M\u00f3jate por la Vida. <\/p>\n\t\t\t\t\t<\/div>\n\t\t\t\t<\/div>\n\t\t\t\t<div class=\"btSingleLatestPost col-sm-12 col-ms-12  inherit\"><div class=\"btSingleLatestPostImage btTextCenter\"><div class=\"bpgPhoto \" > \r\n\t\t\t\t\t<a href=\"http:\/\/mojateporlavida.org\/?p=6280\" target=\"_self\" title=\"\"><\/a>\r\n\t\t\t\t\t<div class=\"boldPhotoBox\"><div class=\"bpbItem\"><div class = \"btImage\"><img src=\"http:\/\/mojateporlavida.org\/wp-content\/uploads\/2017\/10\/CARTEL-CENA-COLORESweb-320x240.jpeg\" alt=\"\" title=\"\"><\/div><\/div><\/div>\r\n\t\t\t\t\t<div class=\"captionPane btDarkSkin btTextCenter\">\r\n\t\t\t\t\t\t<div class=\"captionTable\">\r\n\t\t\t\t\t\t\t<div class=\"captionCell\">\r\n\t\t\t\t\t\t\t\t<div class=\"captionTxt\"><\/div>\r\n\t\t\t\t\t\t\t<\/div>\r\n\t\t\t\t\t\t<\/div>\r\n\t\t\t\t\t<\/div><\/div><\/div><div class = \"btSingleLatestPostContent\">\n\t\t\t\t\t\t<header class=\"header btClear small\" ><div class=\"dash\"><h4><span class=\"headline\"><a href=\"http:\/\/mojateporlavida.org\/?p=6280\" target=\"_self\">Mari Luz y Ainhoa en Interalmer\u00eda TV \u00abAbierto al Atardecer\u00bb, para presentar la Cena de Gala.<\/a><\/span><\/h4><\/div><div class=\"btSubTitle\"><span class=\"btArticleDate\">21 noviembre, 2017<\/span><a href=\"http:\/\/mojateporlavida.org\/?author=1\" class=\"btArticleAuthor\">by A70siete-<\/a><\/div><\/header>\n\t\t\t\t<p class=\"btLatestPostContent\">El pasado 20 de noviembre, nuestras compa\u00f1eras Ainhoa Ruiz De Larramendi y Mari Luz Arraez, acudieron al programa de Interalmer\u00eda TV \u00abAbierto  al atardecer\u00bb para hablar sobre la Cena de Gala del pr\u00f3ximo 25 de noviembre.<\/p>\n\t\t\t\t\t<\/div>\n\t\t\t\t<\/div>\n\t\t\t\t<div class=\"btSingleLatestPost col-sm-12 col-ms-12  inherit\"><div class=\"btSingleLatestPostImage btTextCenter\"><div class=\"bpgPhoto \" > \r\n\t\t\t\t\t<a href=\"http:\/\/mojateporlavida.org\/?p=6243\" target=\"_self\" title=\"\"><\/a>\r\n\t\t\t\t\t<div class=\"boldPhotoBox\"><div class=\"bpbItem\"><div class = \"btImage\"><img src=\"http:\/\/mojateporlavida.org\/wp-content\/uploads\/2017\/10\/E3DSC_2082-copia-320x240.jpg\" alt=\"\" title=\"\"><\/div><\/div><\/div>\r\n\t\t\t\t\t<div class=\"captionPane btDarkSkin btTextCenter\">\r\n\t\t\t\t\t\t<div class=\"captionTable\">\r\n\t\t\t\t\t\t\t<div class=\"captionCell\">\r\n\t\t\t\t\t\t\t\t<div class=\"captionTxt\"><\/div>\r\n\t\t\t\t\t\t\t<\/div>\r\n\t\t\t\t\t\t<\/div>\r\n\t\t\t\t\t<\/div><\/div><\/div><div class = \"btSingleLatestPostContent\">\n\t\t\t\t\t\t<header class=\"header btClear small\" ><div class=\"dash\"><h4><span class=\"headline\"><a href=\"http:\/\/mojateporlavida.org\/?p=6243\" target=\"_self\">Los Troncos se Mojan por la Vida. \u00bfY T\u00fa?<\/a><\/span><\/h4><\/div><div class=\"btSubTitle\"><span class=\"btArticleDate\">2 noviembre, 2017<\/span><a href=\"http:\/\/mojateporlavida.org\/?author=1\" class=\"btArticleAuthor\">by A70siete-<\/a><\/div><\/header>\n\t\t\t\t<p class=\"btLatestPostContent\">Los Troncos. Colaborador indispensable para la seguiridad en el reto.<\/p>\n\t\t\t\t\t<\/div>\n\t\t\t\t<\/div>\n\t\t\t\t<div class=\"btSingleLatestPost col-sm-12 col-ms-12  inherit\"><div class=\"btSingleLatestPostImage btTextCenter\"><div class=\"bpgPhoto \" > \r\n\t\t\t\t\t<a href=\"http:\/\/mojateporlavida.org\/?p=6205\" target=\"_self\" title=\"\"><\/a>\r\n\t\t\t\t\t<div class=\"boldPhotoBox\"><div class=\"bpbItem\"><div class = \"btImage\"><img src=\"http:\/\/mojateporlavida.org\/wp-content\/uploads\/2017\/10\/CARTEL-CENA-COLORESweb-320x240.jpeg\" alt=\"\" title=\"\"><\/div><\/div><\/div>\r\n\t\t\t\t\t<div class=\"captionPane btDarkSkin btTextCenter\">\r\n\t\t\t\t\t\t<div class=\"captionTable\">\r\n\t\t\t\t\t\t\t<div class=\"captionCell\">\r\n\t\t\t\t\t\t\t\t<div class=\"captionTxt\"><\/div>\r\n\t\t\t\t\t\t\t<\/div>\r\n\t\t\t\t\t\t<\/div>\r\n\t\t\t\t\t<\/div><\/div><\/div><div class = \"btSingleLatestPostContent\">\n\t\t\t\t\t\t<header class=\"header btClear small\" ><div class=\"dash\"><h4><span class=\"headline\"><a href=\"http:\/\/mojateporlavida.org\/?p=6205\" target=\"_self\">Cena Solidaria \u00abM\u00f3jate por la Vida\u00bb<\/a><\/span><\/h4><\/div><div class=\"btSubTitle\"><span class=\"btArticleDate\">20 octubre, 2017<\/span><a href=\"http:\/\/mojateporlavida.org\/?author=1\" class=\"btArticleAuthor\">by A70siete-<\/a><\/div><\/header>\n\t\t\t\t<p class=\"btLatestPostContent\"><\/p>\n\t\t\t\t\t<\/div>\n\t\t\t\t<\/div>\n\t\t\t\t<div class=\"btSingleLatestPost col-sm-12 col-ms-12  inherit\"><div class=\"btSingleLatestPostImage btTextCenter\"><div class=\"bpgPhoto \" > \r\n\t\t\t\t\t<a href=\"http:\/\/mojateporlavida.org\/?p=6156\" target=\"_self\" title=\"\"><\/a>\r\n\t\t\t\t\t<div class=\"boldPhotoBox\"><div class=\"bpbItem\"><div class = \"btImage\"><img src=\"http:\/\/mojateporlavida.org\/wp-content\/uploads\/2017\/09\/E5IMG_0754L-320x240.jpg\" alt=\"\" title=\"\"><\/div><\/div><\/div>\r\n\t\t\t\t\t<div class=\"captionPane btDarkSkin btTextCenter\">\r\n\t\t\t\t\t\t<div class=\"captionTable\">\r\n\t\t\t\t\t\t\t<div class=\"captionCell\">\r\n\t\t\t\t\t\t\t\t<div class=\"captionTxt\"><\/div>\r\n\t\t\t\t\t\t\t<\/div>\r\n\t\t\t\t\t\t<\/div>\r\n\t\t\t\t\t<\/div><\/div><\/div><div class = \"btSingleLatestPostContent\">\n\t\t\t\t\t\t<header class=\"header btClear small\" ><div class=\"dash\"><h4><span class=\"headline\"><a href=\"http:\/\/mojateporlavida.org\/?p=6156\" target=\"_self\">Quinta Etapa. San Jos\u00e9-San Miguel de Cabo de Gata.<\/a><\/span><\/h4><\/div><div class=\"btSubTitle\"><span class=\"btArticleDate\">26 agosto, 2017<\/span><a href=\"http:\/\/mojateporlavida.org\/?author=1\" class=\"btArticleAuthor\">by A70siete-<\/a><\/div><\/header>\n\t\t\t\t<p class=\"btLatestPostContent\">5\u00aa y \u00faltima etapa del Reto: 10 personas normales nadan la franja costera del Parque Natural Cabo de Gata \u2013 N\u00efjar por la investigaci\u00f3n contra el c\u00e1ncer infantil.<\/p>\n\t\t\t\t\t<\/div>\n\t\t\t\t<\/div>\n\t\t\t\t<div class=\"btSingleLatestPost col-sm-12 col-ms-12  inherit\"><div class=\"btSingleLatestPostImage btTextCenter\"><div class=\"bpgPhoto \" > \r\n\t\t\t\t\t<a href=\"http:\/\/mojateporlavida.org\/?p=6074\" target=\"_self\" title=\"\"><\/a>\r\n\t\t\t\t\t<div class=\"boldPhotoBox\"><div class=\"bpbItem\"><div class = \"btImage\"><img src=\"http:\/\/mojateporlavida.org\/wp-content\/uploads\/2017\/09\/E4angelA-320x240.jpg\" alt=\"\" title=\"\"><\/div><\/div><\/div>\r\n\t\t\t\t\t<div class=\"captionPane btDarkSkin btTextCenter\">\r\n\t\t\t\t\t\t<div class=\"captionTable\">\r\n\t\t\t\t\t\t\t<div class=\"captionCell\">\r\n\t\t\t\t\t\t\t\t<div class=\"captionTxt\"><\/div>\r\n\t\t\t\t\t\t\t<\/div>\r\n\t\t\t\t\t\t<\/div>\r\n\t\t\t\t\t<\/div><\/div><\/div><div class = \"btSingleLatestPostContent\">\n\t\t\t\t\t\t<header class=\"header btClear small\" ><div class=\"dash\"><h4><span class=\"headline\"><a href=\"http:\/\/mojateporlavida.org\/?p=6074\" target=\"_self\">Cuarta Etapa. Isleta del Moro- San Jos\u00e9.<\/a><\/span><\/h4><\/div><div class=\"btSubTitle\"><span class=\"btArticleDate\">25 agosto, 2017<\/span><a href=\"http:\/\/mojateporlavida.org\/?author=1\" class=\"btArticleAuthor\">by A70siete-<\/a><\/div><\/header>\n\t\t\t\t<p class=\"btLatestPostContent\">4\u00aa Etapa. La Etapa m\u00e1s complicada superada con \u00e9xito.<\/p>\n\t\t\t\t\t<\/div>\n\t\t\t\t<\/div>\n\t\t\t\t<div class=\"btSingleLatestPost col-sm-12 col-ms-12  inherit\"><div class=\"btSingleLatestPostImage btTextCenter\"><div class=\"bpgPhoto \" > \r\n\t\t\t\t\t<a href=\"http:\/\/mojateporlavida.org\/?p=6040\" target=\"_self\" title=\"\"><\/a>\r\n\t\t\t\t\t<div class=\"boldPhotoBox\"><div class=\"bpbItem\"><div class = \"btImage\"><img src=\"http:\/\/mojateporlavida.org\/wp-content\/uploads\/2017\/08\/E3equipolostroncos-320x240.jpg\" alt=\"\" title=\"\"><\/div><\/div><\/div>\r\n\t\t\t\t\t<div class=\"captionPane btDarkSkin btTextCenter\">\r\n\t\t\t\t\t\t<div class=\"captionTable\">\r\n\t\t\t\t\t\t\t<div class=\"captionCell\">\r\n\t\t\t\t\t\t\t\t<div class=\"captionTxt\"><\/div>\r\n\t\t\t\t\t\t\t<\/div>\r\n\t\t\t\t\t\t<\/div>\r\n\t\t\t\t\t<\/div><\/div><\/div><div class = \"btSingleLatestPostContent\">\n\t\t\t\t\t\t<header class=\"header btClear small\" ><div class=\"dash\"><h4><span class=\"headline\"><a href=\"http:\/\/mojateporlavida.org\/?p=6040\" target=\"_self\">Tercera Etapa. Las Negras-Isleta del Moro<\/a><\/span><\/h4><\/div><div class=\"btSubTitle\"><span class=\"btArticleDate\">24 agosto, 2017<\/span><a href=\"http:\/\/mojateporlavida.org\/?author=1\" class=\"btArticleAuthor\">by A70siete-<\/a><\/div><\/header>\n\t\t\t\t<p class=\"btLatestPostContent\">Tercera Etapa del Reto. Ecuador de la traves\u00eda en La Isleta del Moro: el desembarco de la solidaridad<\/p>\n\t\t\t\t\t<\/div>\n\t\t\t\t<\/div>\n\t\t\t\t<div class=\"btSingleLatestPost col-sm-12 col-ms-12  inherit\"><div class=\"btSingleLatestPostImage btTextCenter\"><div class=\"bpgPhoto \" > \r\n\t\t\t\t\t<a href=\"http:\/\/mojateporlavida.org\/?p=6009\" target=\"_self\" title=\"\"><\/a>\r\n\t\t\t\t\t<div class=\"boldPhotoBox\"><div class=\"bpbItem\"><div class = \"btImage\"><img src=\"http:\/\/mojateporlavida.org\/wp-content\/uploads\/2017\/08\/E2Todosbanderas-320x240.jpg\" alt=\"\" title=\"\"><\/div><\/div><\/div>\r\n\t\t\t\t\t<div class=\"captionPane btDarkSkin btTextCenter\">\r\n\t\t\t\t\t\t<div class=\"captionTable\">\r\n\t\t\t\t\t\t\t<div class=\"captionCell\">\r\n\t\t\t\t\t\t\t\t<div class=\"captionTxt\"><\/div>\r\n\t\t\t\t\t\t\t<\/div>\r\n\t\t\t\t\t\t<\/div>\r\n\t\t\t\t\t<\/div><\/div><\/div><div class = \"btSingleLatestPostContent\">\n\t\t\t\t\t\t<header class=\"header btClear small\" ><div class=\"dash\"><h4><span class=\"headline\"><a href=\"http:\/\/mojateporlavida.org\/?p=6009\" target=\"_self\">Segunda Etapa. Ruta de piratas en aguas abiertas por el c\u00e1ncer infantil<\/a><\/span><\/h4><\/div><div class=\"btSubTitle\"><span class=\"btArticleDate\">23 agosto, 2017<\/span><a href=\"http:\/\/mojateporlavida.org\/?author=1\" class=\"btArticleAuthor\">by A70siete-<\/a><\/div><\/header>\n\t\t\t\t<p class=\"btLatestPostContent\">Cr\u00f3nica de la 2\u00aa Etapa. Agua Amarga &#8211; Las Negras. Ruta de piratas en aguas abiertas por el c\u00e1ncer infantil<\/p>\n\t\t\t\t\t<\/div>\n\t\t\t\t<\/div>\n\t\t\t\t<div class=\"btSingleLatestPost col-sm-12 col-ms-12  inherit\"><div class=\"btSingleLatestPostImage btTextCenter\"><div class=\"bpgPhoto \" > \r\n\t\t\t\t\t<a href=\"http:\/\/mojateporlavida.org\/?p=5989\" target=\"_self\" title=\"\"><\/a>\r\n\t\t\t\t\t<div class=\"boldPhotoBox\"><div class=\"bpbItem\"><div class = \"btImage\"><img src=\"http:\/\/mojateporlavida.org\/wp-content\/uploads\/2017\/08\/salida-320x240.jpg\" alt=\"\" title=\"\"><\/div><\/div><\/div>\r\n\t\t\t\t\t<div class=\"captionPane btDarkSkin btTextCenter\">\r\n\t\t\t\t\t\t<div class=\"captionTable\">\r\n\t\t\t\t\t\t\t<div class=\"captionCell\">\r\n\t\t\t\t\t\t\t\t<div class=\"captionTxt\"><\/div>\r\n\t\t\t\t\t\t\t<\/div>\r\n\t\t\t\t\t\t<\/div>\r\n\t\t\t\t\t<\/div><\/div><\/div><div class = \"btSingleLatestPostContent\">\n\t\t\t\t\t\t<header class=\"header btClear small\" ><div class=\"dash\"><h4><span class=\"headline\"><a href=\"http:\/\/mojateporlavida.org\/?p=5989\" target=\"_self\">Primera etapa de la Traves\u00eda por la Investigaci\u00f3n contra el c\u00e1ncer infantil<\/a><\/span><\/h4><\/div><div class=\"btSubTitle\"><span class=\"btArticleDate\">22 agosto, 2017<\/span><a href=\"http:\/\/mojateporlavida.org\/?author=1\" class=\"btArticleAuthor\">by A70siete-<\/a><\/div><\/header>\n\t\t\t\t<p class=\"btLatestPostContent\">1\u00aa Etapa de la traves\u00eda. Carboneras-Agua Amarga<\/p>\n\t\t\t\t\t<\/div>\n\t\t\t\t<\/div>\n\t\t\t\t<div class=\"btSingleLatestPost col-sm-12 col-ms-12  inherit\"><div class=\"btSingleLatestPostImage btTextCenter\"><div class=\"bpgPhoto \" > \r\n\t\t\t\t\t<a href=\"http:\/\/mojateporlavida.org\/?p=5971\" target=\"_self\" title=\"\"><\/a>\r\n\t\t\t\t\t<div class=\"boldPhotoBox\"><div class=\"bpbItem\"><div class = \"btImage\"><img src=\"http:\/\/mojateporlavida.org\/wp-content\/uploads\/2017\/08\/lvisiedo3-copia-320x240.jpg\" alt=\"\" title=\"\"><\/div><\/div><\/div>\r\n\t\t\t\t\t<div class=\"captionPane btDarkSkin btTextCenter\">\r\n\t\t\t\t\t\t<div class=\"captionTable\">\r\n\t\t\t\t\t\t\t<div class=\"captionCell\">\r\n\t\t\t\t\t\t\t\t<div class=\"captionTxt\"><\/div>\r\n\t\t\t\t\t\t\t<\/div>\r\n\t\t\t\t\t\t<\/div>\r\n\t\t\t\t\t<\/div><\/div><\/div><div class = \"btSingleLatestPostContent\">\n\t\t\t\t\t\t<header class=\"header btClear small\" ><div class=\"dash\"><h4><span class=\"headline\"><a href=\"http:\/\/mojateporlavida.org\/?p=5971\" target=\"_self\">Luis Visiedo Lorente. Tesorero del CD TurAniAnA.<\/a><\/span><\/h4><\/div><div class=\"btSubTitle\"><span class=\"btArticleDate\">16 agosto, 2017<\/span><a href=\"http:\/\/mojateporlavida.org\/?author=1\" class=\"btArticleAuthor\">by A70siete-<\/a><\/div><\/header>\n\t\t\t\t<p class=\"btLatestPostContent\"><\/p>\n\t\t\t\t\t<\/div>\n\t\t\t\t<\/div>\n\t\t\t\t<div class=\"btSingleLatestPost col-sm-12 col-ms-12  inherit\"><div class=\"btSingleLatestPostImage btTextCenter\"><div class=\"bpgPhoto \" > \r\n\t\t\t\t\t<a href=\"http:\/\/mojateporlavida.org\/?p=5465\" target=\"_self\" title=\"\"><\/a>\r\n\t\t\t\t\t<div class=\"boldPhotoBox\"><div class=\"bpbItem\"><div class = \"btImage\"><img src=\"http:\/\/mojateporlavida.org\/wp-content\/uploads\/2017\/05\/3008semojaporlavida-320x240.jpg\" alt=\"\" title=\"\"><\/div><\/div><\/div>\r\n\t\t\t\t\t<div class=\"captionPane btDarkSkin btTextCenter\">\r\n\t\t\t\t\t\t<div class=\"captionTable\">\r\n\t\t\t\t\t\t\t<div class=\"captionCell\">\r\n\t\t\t\t\t\t\t\t<div class=\"captionTxt\"><\/div>\r\n\t\t\t\t\t\t\t<\/div>\r\n\t\t\t\t\t\t<\/div>\r\n\t\t\t\t\t<\/div><\/div><\/div><div class = \"btSingleLatestPostContent\">\n\t\t\t\t\t\t<header class=\"header btClear small\" ><div class=\"dash\"><h4><span class=\"headline\"><a href=\"http:\/\/mojateporlavida.org\/?p=5465\" target=\"_self\">Peugeot PSA Retail Almer\u00eda<\/a><\/span><\/h4><\/div><div class=\"btSubTitle\"><span class=\"btArticleDate\">11 agosto, 2017<\/span><a href=\"http:\/\/mojateporlavida.org\/?author=1\" class=\"btArticleAuthor\">by A70siete-<\/a><\/div><\/header>\n\t\t\t\t<p class=\"btLatestPostContent\">Peugeot Retail Almer\u00eda, nos acompa\u00f1a desde el principio en este sue\u00f1o.  Conoce m\u00e1s sobre su implicaci\u00f3n con M\u00f3jate por la Vida.<\/p>\n\t\t\t\t\t<\/div>\n\t\t\t\t<\/div>\n\t\t\t\t<div class=\"btSingleLatestPost col-sm-12 col-ms-12  inherit\"><div class=\"btSingleLatestPostImage btTextCenter\"><div class=\"bpgPhoto \" > \r\n\t\t\t\t\t<a href=\"http:\/\/mojateporlavida.org\/?p=5927\" target=\"_self\" title=\"\"><\/a>\r\n\t\t\t\t\t<div class=\"boldPhotoBox\"><div class=\"bpbItem\"><div class = \"btImage\"><img src=\"http:\/\/mojateporlavida.org\/wp-content\/uploads\/2017\/08\/lidia-2-320x240.jpg\" alt=\"\" title=\"\"><\/div><\/div><\/div>\r\n\t\t\t\t\t<div class=\"captionPane btDarkSkin btTextCenter\">\r\n\t\t\t\t\t\t<div class=\"captionTable\">\r\n\t\t\t\t\t\t\t<div class=\"captionCell\">\r\n\t\t\t\t\t\t\t\t<div class=\"captionTxt\"><\/div>\r\n\t\t\t\t\t\t\t<\/div>\r\n\t\t\t\t\t\t<\/div>\r\n\t\t\t\t\t<\/div><\/div><\/div><div class = \"btSingleLatestPostContent\">\n\t\t\t\t\t\t<header class=\"header btClear small\" ><div class=\"dash\"><h4><span class=\"headline\"><a href=\"http:\/\/mojateporlavida.org\/?p=5927\" target=\"_self\">\u00daltima nadadora invitada al reto. L\u00eddia Garc\u00eda. Nadadora por Almer\u00eda<\/a><\/span><\/h4><\/div><div class=\"btSubTitle\"><span class=\"btArticleDate\">9 agosto, 2017<\/span><a href=\"http:\/\/mojateporlavida.org\/?author=1\" class=\"btArticleAuthor\">by A70siete-<\/a><\/div><\/header>\n\t\t\t\t<p class=\"btLatestPostContent\">L\u00eddia Garc\u00eda Navarro es la ultima nadadora invitada al reto que os presentamos. Nadadora y organizadora de OWS. \u00bfQuieres conocer a L\u00eddia?<\/p>\n\t\t\t\t\t<\/div>\n\t\t\t\t<\/div>\n\t\t\t\t<div class=\"btSingleLatestPost col-sm-12 col-ms-12  inherit\"><div class=\"btSingleLatestPostImage btTextCenter\"><div class=\"bpgPhoto \" > \r\n\t\t\t\t\t<a href=\"http:\/\/mojateporlavida.org\/?p=5888\" target=\"_self\" title=\"\"><\/a>\r\n\t\t\t\t\t<div class=\"boldPhotoBox\"><div class=\"bpbItem\"><div class = \"btImage\"><img src=\"http:\/\/mojateporlavida.org\/wp-content\/uploads\/2017\/07\/serafin-320x240.jpg\" alt=\"\" title=\"\"><\/div><\/div><\/div>\r\n\t\t\t\t\t<div class=\"captionPane btDarkSkin btTextCenter\">\r\n\t\t\t\t\t\t<div class=\"captionTable\">\r\n\t\t\t\t\t\t\t<div class=\"captionCell\">\r\n\t\t\t\t\t\t\t\t<div class=\"captionTxt\"><\/div>\r\n\t\t\t\t\t\t\t<\/div>\r\n\t\t\t\t\t\t<\/div>\r\n\t\t\t\t\t<\/div><\/div><\/div><div class = \"btSingleLatestPostContent\">\n\t\t\t\t\t\t<header class=\"header btClear small\" ><div class=\"dash\"><h4><span class=\"headline\"><a href=\"http:\/\/mojateporlavida.org\/?p=5888\" target=\"_self\">Seraf\u00edn Jim\u00e9nez. Presidente del CD TurAniAnA<\/a><\/span><\/h4><\/div><div class=\"btSubTitle\"><span class=\"btArticleDate\">27 julio, 2017<\/span><a href=\"http:\/\/mojateporlavida.org\/?author=1\" class=\"btArticleAuthor\">by A70siete-<\/a><\/div><\/header>\n\t\t\t\t<p class=\"btLatestPostContent\">Os presentamos al Presidente del Club Deportivo TurAniAnA. Seraf\u00edn Jim\u00e9nez.<\/p>\n\t\t\t\t\t<\/div>\n\t\t\t\t<\/div>\n\t\t\t\t<div class=\"btSingleLatestPost col-sm-12 col-ms-12  inherit\"><div class=\"btSingleLatestPostImage btTextCenter\"><div class=\"bpgPhoto \" > \r\n\t\t\t\t\t<a href=\"http:\/\/mojateporlavida.org\/?p=5841\" target=\"_self\" title=\"\"><\/a>\r\n\t\t\t\t\t<div class=\"boldPhotoBox\"><div class=\"bpbItem\"><div class = \"btImage\"><img src=\"http:\/\/mojateporlavida.org\/wp-content\/uploads\/2017\/05\/DSC_1665-320x240.jpg\" alt=\"\" title=\"\"><\/div><\/div><\/div>\r\n\t\t\t\t\t<div class=\"captionPane btDarkSkin btTextCenter\">\r\n\t\t\t\t\t\t<div class=\"captionTable\">\r\n\t\t\t\t\t\t\t<div class=\"captionCell\">\r\n\t\t\t\t\t\t\t\t<div class=\"captionTxt\"><\/div>\r\n\t\t\t\t\t\t\t<\/div>\r\n\t\t\t\t\t\t<\/div>\r\n\t\t\t\t\t<\/div><\/div><\/div><div class = \"btSingleLatestPostContent\">\n\t\t\t\t\t\t<header class=\"header btClear small\" ><div class=\"dash\"><h4><span class=\"headline\"><a href=\"http:\/\/mojateporlavida.org\/?p=5841\" target=\"_self\">Nuestros nadadores a un mes de nadar en Cabo de Gata-N\u00edjar<\/a><\/span><\/h4><\/div><div class=\"btSubTitle\"><span class=\"btArticleDate\">22 julio, 2017<\/span><a href=\"http:\/\/mojateporlavida.org\/?author=1\" class=\"btArticleAuthor\">by A70siete-<\/a><\/div><\/header>\n\t\t\t\t<p class=\"btLatestPostContent\">A un mes de comoenzar el reto a nado por Cabo de Gata-N\u00edjar, nuestros nadadores y nadadoras, nos dan su impresiones sobre el reto.<\/p>\n\t\t\t\t\t<\/div>\n\t\t\t\t<\/div>\n\t\t\t\t<div class=\"btSingleLatestPost col-sm-12 col-ms-12  inherit\"><div class=\"btSingleLatestPostImage btTextCenter\"><div class=\"bpgPhoto \" > \r\n\t\t\t\t\t<a href=\"http:\/\/mojateporlavida.org\/?p=5512\" target=\"_self\" title=\"\"><\/a>\r\n\t\t\t\t\t<div class=\"boldPhotoBox\"><div class=\"bpbItem\"><div class = \"btImage\"><img src=\"http:\/\/mojateporlavida.org\/wp-content\/uploads\/2017\/06\/ATARDECER-320x240.jpg\" alt=\"\" title=\"\"><\/div><\/div><\/div>\r\n\t\t\t\t\t<div class=\"captionPane btDarkSkin btTextCenter\">\r\n\t\t\t\t\t\t<div class=\"captionTable\">\r\n\t\t\t\t\t\t\t<div class=\"captionCell\">\r\n\t\t\t\t\t\t\t\t<div class=\"captionTxt\"><\/div>\r\n\t\t\t\t\t\t\t<\/div>\r\n\t\t\t\t\t\t<\/div>\r\n\t\t\t\t\t<\/div><\/div><\/div><div class = \"btSingleLatestPostContent\">\n\t\t\t\t\t\t<header class=\"header btClear small\" ><div class=\"dash\"><h4><span class=\"headline\"><a href=\"http:\/\/mojateporlavida.org\/?p=5512\" target=\"_self\">Luis Rodr\u00edguez Rodr\u00edguez<\/a><\/span><\/h4><\/div><div class=\"btSubTitle\"><span class=\"btArticleDate\">17 julio, 2017<\/span><a href=\"http:\/\/mojateporlavida.org\/?author=1\" class=\"btArticleAuthor\">by A70siete-<\/a><\/div><\/header>\n\t\t\t\t<p class=\"btLatestPostContent\">Luis es pescador y si volviera a nacer volver\u00eda a ser pescador\u2026Ech\u00f3 los dientes debajo de un \u201cmarej\u00f3n\u201d y all\u00ed los quiere perder cuando llegue el momento. Nuestra seguridad en el Mar.<\/p>\n\t\t\t\t\t<\/div>\n\t\t\t\t<\/div>\n\t\t\t\t<div class=\"btSingleLatestPost col-sm-12 col-ms-12  inherit\"><div class=\"btSingleLatestPostImage btTextCenter\"><div class=\"bpgPhoto \" > \r\n\t\t\t\t\t<a href=\"http:\/\/mojateporlavida.org\/?p=5507\" target=\"_self\" title=\"\"><\/a>\r\n\t\t\t\t\t<div class=\"boldPhotoBox\"><div class=\"bpbItem\"><div class = \"btImage\"><img src=\"http:\/\/mojateporlavida.org\/wp-content\/uploads\/2017\/01\/PESCARTES-320x240.jpg\" alt=\"\" title=\"\"><\/div><\/div><\/div>\r\n\t\t\t\t\t<div class=\"captionPane btDarkSkin btTextCenter\">\r\n\t\t\t\t\t\t<div class=\"captionTable\">\r\n\t\t\t\t\t\t\t<div class=\"captionCell\">\r\n\t\t\t\t\t\t\t\t<div class=\"captionTxt\"><\/div>\r\n\t\t\t\t\t\t\t<\/div>\r\n\t\t\t\t\t\t<\/div>\r\n\t\t\t\t\t<\/div><\/div><\/div><div class = \"btSingleLatestPostContent\">\n\t\t\t\t\t\t<header class=\"header btClear small\" ><div class=\"dash\"><h4><span class=\"headline\"><a href=\"http:\/\/mojateporlavida.org\/?p=5507\" target=\"_self\">\u00abPESCARTES\u00bb se moja por la vida, y t\u00fa?<\/a><\/span><\/h4><\/div><div class=\"btSubTitle\"><span class=\"btArticleDate\">12 julio, 2017<\/span><a href=\"http:\/\/mojateporlavida.org\/?author=1\" class=\"btArticleAuthor\">by A70siete-<\/a><\/div><\/header>\n\t\t\t\t<p class=\"btLatestPostContent\">Pescartes es una asociaci\u00f3n de pescadores profesionales de artes menores que faenan en las aguas del Parque Natural de Cabo de Gata-Nijar. Nos acompa\u00f1ar\u00e1n en el reto con sus barcos.<\/p>\n\t\t\t\t\t<\/div>\n\t\t\t\t<\/div>\n\t\t\t\t<div class=\"btSingleLatestPost col-sm-12 col-ms-12  inherit\"><div class=\"btSingleLatestPostImage btTextCenter\"><div class=\"bpgPhoto \" > \r\n\t\t\t\t\t<a href=\"http:\/\/mojateporlavida.org\/?p=5701\" target=\"_self\" title=\"\"><\/a>\r\n\t\t\t\t\t<div class=\"boldPhotoBox\"><div class=\"bpbItem\"><div class = \"btImage\"><img src=\"http:\/\/mojateporlavida.org\/wp-content\/uploads\/2017\/06\/Logo-Bahia-320x240.jpg\" alt=\"\" title=\"\"><\/div><\/div><\/div>\r\n\t\t\t\t\t<div class=\"captionPane btDarkSkin btTextCenter\">\r\n\t\t\t\t\t\t<div class=\"captionTable\">\r\n\t\t\t\t\t\t\t<div class=\"captionCell\">\r\n\t\t\t\t\t\t\t\t<div class=\"captionTxt\"><\/div>\r\n\t\t\t\t\t\t\t<\/div>\r\n\t\t\t\t\t\t<\/div>\r\n\t\t\t\t\t<\/div><\/div><\/div><div class = \"btSingleLatestPostContent\">\n\t\t\t\t\t\t<header class=\"header btClear small\" ><div class=\"dash\"><h4><span class=\"headline\"><a href=\"http:\/\/mojateporlavida.org\/?p=5701\" target=\"_self\">CD TurAniAnA y CN M\u00e1ster Bah\u00eda de Almer\u00eda unidos contra el c\u00e1ncer infantil<\/a><\/span><\/h4><\/div><div class=\"btSubTitle\"><span class=\"btArticleDate\">10 julio, 2017<\/span><a href=\"http:\/\/mojateporlavida.org\/?author=1\" class=\"btArticleAuthor\">by A70siete-<\/a><\/div><\/header>\n\t\t\t\t<p class=\"btLatestPostContent\">7 de sus nadadores y nadadoras del Club compartir\u00e1n brazadas con nuestros compa\u00f1eros\/as, os los presentamos:<\/p>\n\t\t\t\t\t<\/div>\n\t\t\t\t<\/div>\n\t\t\t\t<div class=\"btSingleLatestPost col-sm-12 col-ms-12  inherit\"><div class=\"btSingleLatestPostImage btTextCenter\"><div class=\"bpgPhoto \" > \r\n\t\t\t\t\t<a href=\"http:\/\/mojateporlavida.org\/?p=5695\" target=\"_self\" title=\"\"><\/a>\r\n\t\t\t\t\t<div class=\"boldPhotoBox\"><div class=\"bpbItem\"><div class = \"btImage\"><img src=\"http:\/\/mojateporlavida.org\/wp-content\/uploads\/2017\/01\/logomojatecuadrado-320x240.jpg\" alt=\"\" title=\"\"><\/div><\/div><\/div>\r\n\t\t\t\t\t<div class=\"captionPane btDarkSkin btTextCenter\">\r\n\t\t\t\t\t\t<div class=\"captionTable\">\r\n\t\t\t\t\t\t\t<div class=\"captionCell\">\r\n\t\t\t\t\t\t\t\t<div class=\"captionTxt\"><\/div>\r\n\t\t\t\t\t\t\t<\/div>\r\n\t\t\t\t\t\t<\/div>\r\n\t\t\t\t\t<\/div><\/div><\/div><div class = \"btSingleLatestPostContent\">\n\t\t\t\t\t\t<header class=\"header btClear small\" ><div class=\"dash\"><h4><span class=\"headline\"><a href=\"http:\/\/mojateporlavida.org\/?p=5695\" target=\"_self\">El Parque Natural Cabo de Gata \u2013 N\u00edjar ser\u00e1 el escenario de \u201cOWS Cabo de Gata \u2013 N\u00efjar Swim Project\u201d<\/a><\/span><\/h4><\/div><div class=\"btSubTitle\"><span class=\"btArticleDate\">6 julio, 2017<\/span><a href=\"http:\/\/mojateporlavida.org\/?author=1\" class=\"btArticleAuthor\">by A70siete-<\/a><\/div><\/header>\n\t\t\t\t<p class=\"btLatestPostContent\"><\/p>\n\t\t\t\t\t<\/div>\n\t\t\t\t<\/div>\n\t\t\t\t<div class=\"btSingleLatestPost col-sm-12 col-ms-12  inherit\"><div class=\"btSingleLatestPostImage btTextCenter\"><div class=\"bpgPhoto \" > \r\n\t\t\t\t\t<a href=\"http:\/\/mojateporlavida.org\/?p=5668\" target=\"_self\" title=\"\"><\/a>\r\n\t\t\t\t\t<div class=\"boldPhotoBox\"><div class=\"bpbItem\"><div class = \"btImage\"><img src=\"http:\/\/mojateporlavida.org\/wp-content\/uploads\/2017\/07\/arantza-perfil-320x240.jpg\" alt=\"\" title=\"\"><\/div><\/div><\/div>\r\n\t\t\t\t\t<div class=\"captionPane btDarkSkin btTextCenter\">\r\n\t\t\t\t\t\t<div class=\"captionTable\">\r\n\t\t\t\t\t\t\t<div class=\"captionCell\">\r\n\t\t\t\t\t\t\t\t<div class=\"captionTxt\"><\/div>\r\n\t\t\t\t\t\t\t<\/div>\r\n\t\t\t\t\t\t<\/div>\r\n\t\t\t\t\t<\/div><\/div><\/div><div class = \"btSingleLatestPostContent\">\n\t\t\t\t\t\t<header class=\"header btClear small\" ><div class=\"dash\"><h4><span class=\"headline\"><a href=\"http:\/\/mojateporlavida.org\/?p=5668\" target=\"_self\">7\u00aa Nadadora invitada. Arantza De La Guerra. Nadadora por Madrid<\/a><\/span><\/h4><\/div><div class=\"btSubTitle\"><span class=\"btArticleDate\">6 julio, 2017<\/span><a href=\"http:\/\/mojateporlavida.org\/?author=1\" class=\"btArticleAuthor\">by A70siete-<\/a><\/div><\/header>\n\t\t\t\t<p class=\"btLatestPostContent\">Aqu\u00ed tenemos a otra nadadora invitada al reto que quiere apoyar a nuestros 10 valientes. Merece la pena conocer a nuestra invitada solidaria.<\/p>\n\t\t\t\t\t<\/div>\n\t\t\t\t<\/div>\n\t\t\t\t<div class=\"btSingleLatestPost col-sm-12 col-ms-12  inherit\"><div class=\"btSingleLatestPostImage btTextCenter\"><div class=\"bpgPhoto \" > \r\n\t\t\t\t\t<a href=\"http:\/\/mojateporlavida.org\/?p=5639\" target=\"_self\" title=\"\"><\/a>\r\n\t\t\t\t\t<div class=\"boldPhotoBox\"><div class=\"bpbItem\"><div class = \"btImage\"><img src=\"http:\/\/mojateporlavida.org\/wp-content\/uploads\/2017\/07\/uda-320x240.jpg\" alt=\"\" title=\"\"><\/div><\/div><\/div>\r\n\t\t\t\t\t<div class=\"captionPane btDarkSkin btTextCenter\">\r\n\t\t\t\t\t\t<div class=\"captionTable\">\r\n\t\t\t\t\t\t\t<div class=\"captionCell\">\r\n\t\t\t\t\t\t\t\t<div class=\"captionTxt\"><\/div>\r\n\t\t\t\t\t\t\t<\/div>\r\n\t\t\t\t\t\t<\/div>\r\n\t\t\t\t\t<\/div><\/div><\/div><div class = \"btSingleLatestPostContent\">\n\t\t\t\t\t\t<header class=\"header btClear small\" ><div class=\"dash\"><h4><span class=\"headline\"><a href=\"http:\/\/mojateporlavida.org\/?p=5639\" target=\"_self\">La UD Almeria se moja por la vida, y t\u00fa?<\/a><\/span><\/h4><\/div><div class=\"btSubTitle\"><span class=\"btArticleDate\">5 julio, 2017<\/span><a href=\"http:\/\/mojateporlavida.org\/?author=1\" class=\"btArticleAuthor\">by A70siete-<\/a><\/div><\/header>\n\t\t\t\t<p class=\"btLatestPostContent\">La Uni\u00f3n Deportiva Almer\u00eda se moja por la vida. Desde el principio nos han acogido con gran cari\u00f1o y se han implicado de forma activa en el mismo. La UD Almer\u00eda se muestra como un Club solidario y comprometido con la sociedad. Entra para ver detalles de su colaboraci\u00f3n. #UDAlmer\u00eda<\/p>\n\t\t\t\t\t<\/div>\n\t\t\t\t<\/div>\n\t\t\t\t<div class=\"btSingleLatestPost col-sm-12 col-ms-12  inherit\"><div class=\"btSingleLatestPostImage btTextCenter\"><div class=\"bpgPhoto \" > \r\n\t\t\t\t\t<a href=\"http:\/\/mojateporlavida.org\/?p=5628\" target=\"_self\" title=\"\"><\/a>\r\n\t\t\t\t\t<div class=\"boldPhotoBox\"><div class=\"bpbItem\"><div class = \"btImage\"><img src=\"http:\/\/mojateporlavida.org\/wp-content\/uploads\/2017\/06\/mofligorro1-320x240.jpg\" alt=\"\" title=\"\"><\/div><\/div><\/div>\r\n\t\t\t\t\t<div class=\"captionPane btDarkSkin btTextCenter\">\r\n\t\t\t\t\t\t<div class=\"captionTable\">\r\n\t\t\t\t\t\t\t<div class=\"captionCell\">\r\n\t\t\t\t\t\t\t\t<div class=\"captionTxt\"><\/div>\r\n\t\t\t\t\t\t\t<\/div>\r\n\t\t\t\t\t\t<\/div>\r\n\t\t\t\t\t<\/div><\/div><\/div><div class = \"btSingleLatestPostContent\">\n\t\t\t\t\t\t<header class=\"header btClear small\" ><div class=\"dash\"><h4><span class=\"headline\"><a href=\"http:\/\/mojateporlavida.org\/?p=5628\" target=\"_self\">6\u00ba Nadador invitado. Miguel \u00c1ngel Navarro \u00abMofli\u00bb. Nadador por Almer\u00eda.<\/a><\/span><\/h4><\/div><div class=\"btSubTitle\"><span class=\"btArticleDate\">27 junio, 2017<\/span><a href=\"http:\/\/mojateporlavida.org\/?author=1\" class=\"btArticleAuthor\">by A70siete-<\/a><\/div><\/header>\n\t\t\t\t<p class=\"btLatestPostContent\">Conoce a Miguel \u00c1ngel Navarro. Otro de los nadadores invitados al reto.<\/p>\n\t\t\t\t\t<\/div>\n\t\t\t\t<\/div>\n\t\t\t\t<div class=\"btSingleLatestPost col-sm-12 col-ms-12  inherit\"><div class=\"btSingleLatestPostImage btTextCenter\"><div class=\"bpgPhoto \" > \r\n\t\t\t\t\t<a href=\"http:\/\/mojateporlavida.org\/?p=5585\" target=\"_self\" title=\"\"><\/a>\r\n\t\t\t\t\t<div class=\"boldPhotoBox\"><div class=\"bpbItem\"><div class = \"btImage\"><img src=\"http:\/\/mojateporlavida.org\/wp-content\/uploads\/2017\/06\/HERNAN-CORTES-320x240.jpg\" alt=\"\" title=\"\"><\/div><\/div><\/div>\r\n\t\t\t\t\t<div class=\"captionPane btDarkSkin btTextCenter\">\r\n\t\t\t\t\t\t<div class=\"captionTable\">\r\n\t\t\t\t\t\t\t<div class=\"captionCell\">\r\n\t\t\t\t\t\t\t\t<div class=\"captionTxt\"><\/div>\r\n\t\t\t\t\t\t\t<\/div>\r\n\t\t\t\t\t\t<\/div>\r\n\t\t\t\t\t<\/div><\/div><\/div><div class = \"btSingleLatestPostContent\">\n\t\t\t\t\t\t<header class=\"header btClear small\" ><div class=\"dash\"><h4><span class=\"headline\"><a href=\"http:\/\/mojateporlavida.org\/?p=5585\" target=\"_self\">Quinto Nadador Invitado. Hern\u00e1n Cort\u00e9s. Nadador por Zafra (Badajoz).<\/a><\/span><\/h4><\/div><div class=\"btSubTitle\"><span class=\"btArticleDate\">14 junio, 2017<\/span><a href=\"http:\/\/mojateporlavida.org\/?author=1\" class=\"btArticleAuthor\">by A70siete-<\/a><\/div><\/header>\n\t\t\t\t<p class=\"btLatestPostContent\">Conoce a otro de los nadadores invitados al reto. Esta vez presentamos a Hern\u00e1n Cort\u00e9s. NAdador de Zafra.<\/p>\n\t\t\t\t\t<\/div>\n\t\t\t\t<\/div>\n\t\t\t\t<div class=\"btSingleLatestPost col-sm-12 col-ms-12  inherit\"><div class=\"btSingleLatestPostImage btTextCenter\"><div class=\"bpgPhoto \" > \r\n\t\t\t\t\t<a href=\"http:\/\/mojateporlavida.org\/?p=5536\" target=\"_self\" title=\"\"><\/a>\r\n\t\t\t\t\t<div class=\"boldPhotoBox\"><div class=\"bpbItem\"><div class = \"btImage\"><img src=\"http:\/\/mojateporlavida.org\/wp-content\/uploads\/2017\/06\/29676_030810mediterrano2-320x240.jpg\" alt=\"\" title=\"\"><\/div><\/div><\/div>\r\n\t\t\t\t\t<div class=\"captionPane btDarkSkin btTextCenter\">\r\n\t\t\t\t\t\t<div class=\"captionTable\">\r\n\t\t\t\t\t\t\t<div class=\"captionCell\">\r\n\t\t\t\t\t\t\t\t<div class=\"captionTxt\"><\/div>\r\n\t\t\t\t\t\t\t<\/div>\r\n\t\t\t\t\t\t<\/div>\r\n\t\t\t\t\t<\/div><\/div><\/div><div class = \"btSingleLatestPostContent\">\n\t\t\t\t\t\t<header class=\"header btClear small\" ><div class=\"dash\"><h4><span class=\"headline\"><a href=\"http:\/\/mojateporlavida.org\/?p=5536\" target=\"_self\">M\u00f3jate por la vida  en el Parque Natural Cabo de Gata- N\u00edjar<\/a><\/span><\/h4><\/div><div class=\"btSubTitle\"><span class=\"btArticleDate\">5 junio, 2017<\/span><a href=\"http:\/\/mojateporlavida.org\/?author=1\" class=\"btArticleAuthor\">by A70siete-<\/a><\/div><\/header>\n\t\t\t\t<p class=\"btLatestPostContent\">Seguro que has oido hablar del Cabo de Gata. Para nosotros y nosotras es un privilegio poder desarrollar nuestro reto deportivo en el Parque Natural Cabo de Gata-N\u00edjar. Coincidiendo con el D\u00eda Mundial del Medio Ambiente, hablamos sobre este espacio natural.<\/p>\n\t\t\t\t\t<\/div>\n\t\t\t\t<\/div>\n\t\t\t\t<div class=\"btSingleLatestPost col-sm-12 col-ms-12  inherit\"><div class=\"btSingleLatestPostImage btTextCenter\"><div class=\"bpgPhoto \" > \r\n\t\t\t\t\t<a href=\"http:\/\/mojateporlavida.org\/?p=5476\" target=\"_self\" title=\"\"><\/a>\r\n\t\t\t\t\t<div class=\"boldPhotoBox\"><div class=\"bpbItem\"><div class = \"btImage\"><img src=\"http:\/\/mojateporlavida.org\/wp-content\/uploads\/2017\/05\/con-ruben-mediterranean-320x240.jpg\" alt=\"\" title=\"\"><\/div><\/div><\/div>\r\n\t\t\t\t\t<div class=\"captionPane btDarkSkin btTextCenter\">\r\n\t\t\t\t\t\t<div class=\"captionTable\">\r\n\t\t\t\t\t\t\t<div class=\"captionCell\">\r\n\t\t\t\t\t\t\t\t<div class=\"captionTxt\"><\/div>\r\n\t\t\t\t\t\t\t<\/div>\r\n\t\t\t\t\t\t<\/div>\r\n\t\t\t\t\t<\/div><\/div><\/div><div class = \"btSingleLatestPostContent\">\n\t\t\t\t\t\t<header class=\"header btClear small\" ><div class=\"dash\"><h4><span class=\"headline\"><a href=\"http:\/\/mojateporlavida.org\/?p=5476\" target=\"_self\">II Edici\u00f3n de la Mediterranean  Coast Challenge (ALTEA)<\/a><\/span><\/h4><\/div><div class=\"btSubTitle\"><span class=\"btArticleDate\">29 mayo, 2017<\/span><a href=\"http:\/\/mojateporlavida.org\/?author=1\" class=\"btArticleAuthor\">by A70siete-<\/a><\/div><\/header>\n\t\t\t\t<p class=\"btLatestPostContent\"><\/p>\n\t\t\t\t\t<\/div>\n\t\t\t\t<\/div>\n\t\t\t\t<div class=\"btSingleLatestPost col-sm-12 col-ms-12  inherit\"><div class=\"btSingleLatestPostImage btTextCenter\"><div class=\"bpgPhoto \" > \r\n\t\t\t\t\t<a href=\"http:\/\/mojateporlavida.org\/?p=5459\" target=\"_self\" title=\"\"><\/a>\r\n\t\t\t\t\t<div class=\"boldPhotoBox\"><div class=\"bpbItem\"><div class = \"btImage\"><img src=\"http:\/\/mojateporlavida.org\/wp-content\/uploads\/2017\/05\/2017-04-18-PHOTO-00001683-320x240.jpg\" alt=\"\" title=\"\"><\/div><\/div><\/div>\r\n\t\t\t\t\t<div class=\"captionPane btDarkSkin btTextCenter\">\r\n\t\t\t\t\t\t<div class=\"captionTable\">\r\n\t\t\t\t\t\t\t<div class=\"captionCell\">\r\n\t\t\t\t\t\t\t\t<div class=\"captionTxt\"><\/div>\r\n\t\t\t\t\t\t\t<\/div>\r\n\t\t\t\t\t\t<\/div>\r\n\t\t\t\t\t<\/div><\/div><\/div><div class = \"btSingleLatestPostContent\">\n\t\t\t\t\t\t<header class=\"header btClear small\" ><div class=\"dash\"><h4><span class=\"headline\"><a href=\"http:\/\/mojateporlavida.org\/?p=5459\" target=\"_self\">Cuarta nadadora invitada. Yolanda Jim\u00e9nez. Nadadora por Granada.<\/a><\/span><\/h4><\/div><div class=\"btSubTitle\"><span class=\"btArticleDate\">23 mayo, 2017<\/span><a href=\"http:\/\/mojateporlavida.org\/?author=1\" class=\"btArticleAuthor\">by A70siete-<\/a><\/div><\/header>\n\t\t\t\t<p class=\"btLatestPostContent\"><\/p>\n\t\t\t\t\t<\/div>\n\t\t\t\t<\/div>\n\t\t\t\t<div class=\"btSingleLatestPost col-sm-12 col-ms-12  inherit\"><div class=\"btSingleLatestPostImage btTextCenter\"><div class=\"bpgPhoto \" > \r\n\t\t\t\t\t<a href=\"http:\/\/mojateporlavida.org\/?p=5384\" target=\"_self\" title=\"\"><\/a>\r\n\t\t\t\t\t<div class=\"boldPhotoBox\"><div class=\"bpbItem\"><div class = \"btImage\"><img src=\"http:\/\/mojateporlavida.org\/wp-content\/uploads\/2017\/05\/Jorge-crivilles-Tv1-320x240.jpg\" alt=\"\" title=\"\"><\/div><\/div><\/div>\r\n\t\t\t\t\t<div class=\"captionPane btDarkSkin btTextCenter\">\r\n\t\t\t\t\t\t<div class=\"captionTable\">\r\n\t\t\t\t\t\t\t<div class=\"captionCell\">\r\n\t\t\t\t\t\t\t\t<div class=\"captionTxt\"><\/div>\r\n\t\t\t\t\t\t\t<\/div>\r\n\t\t\t\t\t\t<\/div>\r\n\t\t\t\t\t<\/div><\/div><\/div><div class = \"btSingleLatestPostContent\">\n\t\t\t\t\t\t<header class=\"header btClear small\" ><div class=\"dash\"><h4><span class=\"headline\"><a href=\"http:\/\/mojateporlavida.org\/?p=5384\" target=\"_self\">Jorge Crivill\u00e9s se Moja por la Vida.<\/a><\/span><\/h4><\/div><div class=\"btSubTitle\"><span class=\"btArticleDate\">19 mayo, 2017<\/span><a href=\"http:\/\/mojateporlavida.org\/?author=1\" class=\"btArticleAuthor\">by A70siete-<\/a><\/div><\/header>\n\t\t\t\t<p class=\"btLatestPostContent\"><\/p>\n\t\t\t\t\t<\/div>\n\t\t\t\t<\/div>\n\t\t\t\t<div class=\"btSingleLatestPost col-sm-12 col-ms-12  inherit\"><div class=\"btSingleLatestPostImage btTextCenter\"><div class=\"bpgPhoto \" > \r\n\t\t\t\t\t<a href=\"http:\/\/mojateporlavida.org\/?p=5301\" target=\"_self\" title=\"\"><\/a>\r\n\t\t\t\t\t<div class=\"boldPhotoBox\"><div class=\"bpbItem\"><div class = \"btImage\"><img src=\"http:\/\/mojateporlavida.org\/wp-content\/uploads\/2017\/05\/DSC_1482-320x240.jpg\" alt=\"\" title=\"\"><\/div><\/div><\/div>\r\n\t\t\t\t\t<div class=\"captionPane btDarkSkin btTextCenter\">\r\n\t\t\t\t\t\t<div class=\"captionTable\">\r\n\t\t\t\t\t\t\t<div class=\"captionCell\">\r\n\t\t\t\t\t\t\t\t<div class=\"captionTxt\"><\/div>\r\n\t\t\t\t\t\t\t<\/div>\r\n\t\t\t\t\t\t<\/div>\r\n\t\t\t\t\t<\/div><\/div><\/div><div class = \"btSingleLatestPostContent\">\n\t\t\t\t\t\t<header class=\"header btClear small\" ><div class=\"dash\"><h4><span class=\"headline\"><a href=\"http:\/\/mojateporlavida.org\/?p=5301\" target=\"_self\">Mojate por la vida en la traves\u00eda de Santa Faz<\/a><\/span><\/h4><\/div><div class=\"btSubTitle\"><span class=\"btArticleDate\">16 mayo, 2017<\/span><a href=\"http:\/\/mojateporlavida.org\/?author=1\" class=\"btArticleAuthor\">by A70siete-<\/a><\/div><\/header>\n\t\t\t\t<p class=\"btLatestPostContent\"><\/p>\n\t\t\t\t\t<\/div>\n\t\t\t\t<\/div>\n\t\t\t\t<div class=\"btSingleLatestPost col-sm-12 col-ms-12  inherit\"><div class=\"btSingleLatestPostImage btTextCenter\"><div class=\"bpgPhoto \" > \r\n\t\t\t\t\t<a href=\"http:\/\/mojateporlavida.org\/?p=5303\" target=\"_self\" title=\"\"><\/a>\r\n\t\t\t\t\t<div class=\"boldPhotoBox\"><div class=\"bpbItem\"><div class = \"btImage\"><img src=\"http:\/\/mojateporlavida.org\/wp-content\/uploads\/2017\/05\/escudo_portocarrero-320x240.jpg\" alt=\"\" title=\"\"><\/div><\/div><\/div>\r\n\t\t\t\t\t<div class=\"captionPane btDarkSkin btTextCenter\">\r\n\t\t\t\t\t\t<div class=\"captionTable\">\r\n\t\t\t\t\t\t\t<div class=\"captionCell\">\r\n\t\t\t\t\t\t\t\t<div class=\"captionTxt\"><\/div>\r\n\t\t\t\t\t\t\t<\/div>\r\n\t\t\t\t\t\t<\/div>\r\n\t\t\t\t\t<\/div><\/div><\/div><div class = \"btSingleLatestPostContent\">\n\t\t\t\t\t\t<header class=\"header btClear small\" ><div class=\"dash\"><h4><span class=\"headline\"><a href=\"http:\/\/mojateporlavida.org\/?p=5303\" target=\"_self\">El Colegio Portocarrero se Moja por la vida<\/a><\/span><\/h4><\/div><div class=\"btSubTitle\"><span class=\"btArticleDate\">11 mayo, 2017<\/span><a href=\"http:\/\/mojateporlavida.org\/?author=1\" class=\"btArticleAuthor\">by A70siete-<\/a><\/div><\/header>\n\t\t\t\t<p class=\"btLatestPostContent\"><\/p>\n\t\t\t\t\t<\/div>\n\t\t\t\t<\/div>\n\t\t\t\t<div class=\"btSingleLatestPost col-sm-12 col-ms-12  inherit\"><div class=\"btSingleLatestPostImage btTextCenter\"><div class=\"bpgPhoto \" > \r\n\t\t\t\t\t<a href=\"http:\/\/mojateporlavida.org\/?p=5323\" target=\"_self\" title=\"\"><\/a>\r\n\t\t\t\t\t<div class=\"boldPhotoBox\"><div class=\"bpbItem\"><div class = \"btImage\"><img src=\"http:\/\/mojateporlavida.org\/wp-content\/uploads\/2017\/05\/Ruben-mateo-320x240.jpg\" alt=\"\" title=\"\"><\/div><\/div><\/div>\r\n\t\t\t\t\t<div class=\"captionPane btDarkSkin btTextCenter\">\r\n\t\t\t\t\t\t<div class=\"captionTable\">\r\n\t\t\t\t\t\t\t<div class=\"captionCell\">\r\n\t\t\t\t\t\t\t\t<div class=\"captionTxt\"><\/div>\r\n\t\t\t\t\t\t\t<\/div>\r\n\t\t\t\t\t\t<\/div>\r\n\t\t\t\t\t<\/div><\/div><\/div><div class = \"btSingleLatestPostContent\">\n\t\t\t\t\t\t<header class=\"header btClear small\" ><div class=\"dash\"><h4><span class=\"headline\"><a href=\"http:\/\/mojateporlavida.org\/?p=5323\" target=\"_self\">Tercer Nadador invitado. Rub\u00e9n Mateo, nadador por Alicante.<\/a><\/span><\/h4><\/div><div class=\"btSubTitle\"><span class=\"btArticleDate\">10 mayo, 2017<\/span><a href=\"http:\/\/mojateporlavida.org\/?author=1\" class=\"btArticleAuthor\">by A70siete-<\/a><\/div><\/header>\n\t\t\t\t<p class=\"btLatestPostContent\"><\/p>\n\t\t\t\t\t<\/div>\n\t\t\t\t<\/div>\n\t\t\t\t<div class=\"btSingleLatestPost col-sm-12 col-ms-12  inherit\"><div class=\"btSingleLatestPostImage btTextCenter\"><div class=\"bpgPhoto \" > \r\n\t\t\t\t\t<a href=\"http:\/\/mojateporlavida.org\/?p=5270\" target=\"_self\" title=\"\"><\/a>\r\n\t\t\t\t\t<div class=\"boldPhotoBox\"><div class=\"bpbItem\"><div class = \"btImage\"><img src=\"http:\/\/mojateporlavida.org\/wp-content\/uploads\/2017\/05\/amelia6-320x240.png\" alt=\"\" title=\"\"><\/div><\/div><\/div>\r\n\t\t\t\t\t<div class=\"captionPane btDarkSkin btTextCenter\">\r\n\t\t\t\t\t\t<div class=\"captionTable\">\r\n\t\t\t\t\t\t\t<div class=\"captionCell\">\r\n\t\t\t\t\t\t\t\t<div class=\"captionTxt\"><\/div>\r\n\t\t\t\t\t\t\t<\/div>\r\n\t\t\t\t\t\t<\/div>\r\n\t\t\t\t\t<\/div><\/div><\/div><div class = \"btSingleLatestPostContent\">\n\t\t\t\t\t\t<header class=\"header btClear small\" ><div class=\"dash\"><h4><span class=\"headline\"><a href=\"http:\/\/mojateporlavida.org\/?p=5270\" target=\"_self\">2\u00aa Nadadora invitada al reto. Amelia Torrego. Nadadora por Madrid<\/a><\/span><\/h4><\/div><div class=\"btSubTitle\"><span class=\"btArticleDate\">2 mayo, 2017<\/span><a href=\"http:\/\/mojateporlavida.org\/?author=1\" class=\"btArticleAuthor\">by A70siete-<\/a><\/div><\/header>\n\t\t\t\t<p class=\"btLatestPostContent\"><\/p>\n\t\t\t\t\t<\/div>\n\t\t\t\t<\/div>\n\t\t\t\t<div class=\"btSingleLatestPost col-sm-12 col-ms-12  inherit\"><div class=\"btSingleLatestPostImage btTextCenter\"><div class=\"bpgPhoto \" > \r\n\t\t\t\t\t<a href=\"http:\/\/mojateporlavida.org\/?p=5235\" target=\"_self\" title=\"\"><\/a>\r\n\t\t\t\t\t<div class=\"boldPhotoBox\"><div class=\"bpbItem\"><div class = \"btImage\"><img src=\"http:\/\/mojateporlavida.org\/wp-content\/uploads\/2017\/04\/cartel-teatro-web-320x240.jpg\" alt=\"\" title=\"\"><\/div><\/div><\/div>\r\n\t\t\t\t\t<div class=\"captionPane btDarkSkin btTextCenter\">\r\n\t\t\t\t\t\t<div class=\"captionTable\">\r\n\t\t\t\t\t\t\t<div class=\"captionCell\">\r\n\t\t\t\t\t\t\t\t<div class=\"captionTxt\"><\/div>\r\n\t\t\t\t\t\t\t<\/div>\r\n\t\t\t\t\t\t<\/div>\r\n\t\t\t\t\t<\/div><\/div><\/div><div class = \"btSingleLatestPostContent\">\n\t\t\t\t\t\t<header class=\"header btClear small\" ><div class=\"dash\"><h4><span class=\"headline\"><a href=\"http:\/\/mojateporlavida.org\/?p=5235\" target=\"_self\">30 de abril D\u00eda Internacional del Jazz<\/a><\/span><\/h4><\/div><div class=\"btSubTitle\"><span class=\"btArticleDate\">29 abril, 2017<\/span><a href=\"http:\/\/mojateporlavida.org\/?author=1\" class=\"btArticleAuthor\">by A70siete-<\/a><\/div><\/header>\n\t\t\t\t<p class=\"btLatestPostContent\"><\/p>\n\t\t\t\t\t<\/div>\n\t\t\t\t<\/div>\n\t\t\t\t<div class=\"btSingleLatestPost col-sm-12 col-ms-12  inherit\"><div class=\"btSingleLatestPostImage btTextCenter\"><div class=\"bpgPhoto \" > \r\n\t\t\t\t\t<a href=\"http:\/\/mojateporlavida.org\/?p=5173\" target=\"_self\" title=\"\"><\/a>\r\n\t\t\t\t\t<div class=\"boldPhotoBox\"><div class=\"bpbItem\"><div class = \"btImage\"><img src=\"http:\/\/mojateporlavida.org\/wp-content\/uploads\/2017\/04\/Alhambra_Nievas-320x240.jpg\" alt=\"\" title=\"\"><\/div><\/div><\/div>\r\n\t\t\t\t\t<div class=\"captionPane btDarkSkin btTextCenter\">\r\n\t\t\t\t\t\t<div class=\"captionTable\">\r\n\t\t\t\t\t\t\t<div class=\"captionCell\">\r\n\t\t\t\t\t\t\t\t<div class=\"captionTxt\"><\/div>\r\n\t\t\t\t\t\t\t<\/div>\r\n\t\t\t\t\t\t<\/div>\r\n\t\t\t\t\t<\/div><\/div><\/div><div class = \"btSingleLatestPostContent\">\n\t\t\t\t\t\t<header class=\"header btClear small\" ><div class=\"dash\"><h4><span class=\"headline\"><a href=\"http:\/\/mojateporlavida.org\/?p=5173\" target=\"_self\">Alhambra Nievas se Moja por la Vida<\/a><\/span><\/h4><\/div><div class=\"btSubTitle\"><span class=\"btArticleDate\">24 abril, 2017<\/span><a href=\"http:\/\/mojateporlavida.org\/?author=1\" class=\"btArticleAuthor\">by A70siete-<\/a><\/div><\/header>\n\t\t\t\t<p class=\"btLatestPostContent\"><\/p>\n\t\t\t\t\t<\/div>\n\t\t\t\t<\/div>\n\t\t\t\t<div class=\"btSingleLatestPost col-sm-12 col-ms-12  inherit\"><div class=\"btSingleLatestPostImage btTextCenter\"><div class=\"bpgPhoto \" > \r\n\t\t\t\t\t<a href=\"http:\/\/mojateporlavida.org\/?p=5211\" target=\"_self\" title=\"\"><\/a>\r\n\t\t\t\t\t<div class=\"boldPhotoBox\"><div class=\"bpbItem\"><div class = \"btImage\"><img src=\"http:\/\/mojateporlavida.org\/wp-content\/uploads\/2017\/04\/BANCOLIBROSTIJOLA-250x240.png\" alt=\"\" title=\"\"><\/div><\/div><\/div>\r\n\t\t\t\t\t<div class=\"captionPane btDarkSkin btTextCenter\">\r\n\t\t\t\t\t\t<div class=\"captionTable\">\r\n\t\t\t\t\t\t\t<div class=\"captionCell\">\r\n\t\t\t\t\t\t\t\t<div class=\"captionTxt\"><\/div>\r\n\t\t\t\t\t\t\t<\/div>\r\n\t\t\t\t\t\t<\/div>\r\n\t\t\t\t\t<\/div><\/div><\/div><div class = \"btSingleLatestPostContent\">\n\t\t\t\t\t\t<header class=\"header btClear small\" ><div class=\"dash\"><h4><span class=\"headline\"><a href=\"http:\/\/mojateporlavida.org\/?p=5211\" target=\"_self\">Nos mojamos con el Banco de Libros de T\u00edjola<\/a><\/span><\/h4><\/div><div class=\"btSubTitle\"><span class=\"btArticleDate\">23 abril, 2017<\/span><a href=\"http:\/\/mojateporlavida.org\/?author=1\" class=\"btArticleAuthor\">by A70siete-<\/a><\/div><\/header>\n\t\t\t\t<p class=\"btLatestPostContent\"><\/p>\n\t\t\t\t\t<\/div>\n\t\t\t\t<\/div>\n\t\t\t\t<div class=\"btSingleLatestPost col-sm-12 col-ms-12  inherit\"><div class=\"btSingleLatestPostImage btTextCenter\"><div class=\"bpgPhoto \" > \r\n\t\t\t\t\t<a href=\"http:\/\/mojateporlavida.org\/?p=5187\" target=\"_self\" title=\"\"><\/a>\r\n\t\t\t\t\t<div class=\"boldPhotoBox\"><div class=\"bpbItem\"><div class = \"btImage\"><img src=\"http:\/\/mojateporlavida.org\/wp-content\/uploads\/2017\/04\/151-cabecera-320x240.jpg\" alt=\"\" title=\"\"><\/div><\/div><\/div>\r\n\t\t\t\t\t<div class=\"captionPane btDarkSkin btTextCenter\">\r\n\t\t\t\t\t\t<div class=\"captionTable\">\r\n\t\t\t\t\t\t\t<div class=\"captionCell\">\r\n\t\t\t\t\t\t\t\t<div class=\"captionTxt\"><\/div>\r\n\t\t\t\t\t\t\t<\/div>\r\n\t\t\t\t\t\t<\/div>\r\n\t\t\t\t\t<\/div><\/div><\/div><div class = \"btSingleLatestPostContent\">\n\t\t\t\t\t\t<header class=\"header btClear small\" ><div class=\"dash\"><h4><span class=\"headline\"><a href=\"http:\/\/mojateporlavida.org\/?p=5187\" target=\"_self\">Carlos y Sagrario en la II Travessia Playa Les Palmeres, Sueca<\/a><\/span><\/h4><\/div><div class=\"btSubTitle\"><span class=\"btArticleDate\">23 abril, 2017<\/span><a href=\"http:\/\/mojateporlavida.org\/?author=1\" class=\"btArticleAuthor\">by A70siete-<\/a><\/div><\/header>\n\t\t\t\t<p class=\"btLatestPostContent\"><\/p>\n\t\t\t\t\t<\/div>\n\t\t\t\t<\/div>\n\t\t\t\t<div class=\"btSingleLatestPost col-sm-12 col-ms-12  inherit\"><div class=\"btSingleLatestPostImage btTextCenter\"><div class=\"bpgPhoto \" > \r\n\t\t\t\t\t<a href=\"http:\/\/mojateporlavida.org\/?p=5042\" target=\"_self\" title=\"\"><\/a>\r\n\t\t\t\t\t<div class=\"boldPhotoBox\"><div class=\"bpbItem\"><div class = \"btImage\"><img src=\"http:\/\/mojateporlavida.org\/wp-content\/uploads\/2017\/04\/Eloisa-web-320x240.jpg\" alt=\"\" title=\"\"><\/div><\/div><\/div>\r\n\t\t\t\t\t<div class=\"captionPane btDarkSkin btTextCenter\">\r\n\t\t\t\t\t\t<div class=\"captionTable\">\r\n\t\t\t\t\t\t\t<div class=\"captionCell\">\r\n\t\t\t\t\t\t\t\t<div class=\"captionTxt\"><\/div>\r\n\t\t\t\t\t\t\t<\/div>\r\n\t\t\t\t\t\t<\/div>\r\n\t\t\t\t\t<\/div><\/div><\/div><div class = \"btSingleLatestPostContent\">\n\t\t\t\t\t\t<header class=\"header btClear small\" ><div class=\"dash\"><h4><span class=\"headline\"><a href=\"http:\/\/mojateporlavida.org\/?p=5042\" target=\"_self\">Eloisa Cabrera se Moja por la Vida.<\/a><\/span><\/h4><\/div><div class=\"btSubTitle\"><span class=\"btArticleDate\">21 abril, 2017<\/span><a href=\"http:\/\/mojateporlavida.org\/?author=1\" class=\"btArticleAuthor\">by A70siete-<\/a><\/div><\/header>\n\t\t\t\t<p class=\"btLatestPostContent\"><\/p>\n\t\t\t\t\t<\/div>\n\t\t\t\t<\/div>\n\t\t\t\t<div class=\"btSingleLatestPost col-sm-12 col-ms-12  inherit\"><div class=\"btSingleLatestPostImage btTextCenter\"><div class=\"bpgPhoto \" > \r\n\t\t\t\t\t<a href=\"http:\/\/mojateporlavida.org\/?p=5052\" target=\"_self\" title=\"\"><\/a>\r\n\t\t\t\t\t<div class=\"boldPhotoBox\"><div class=\"bpbItem\"><div class = \"btImage\"><img src=\"http:\/\/mojateporlavida.org\/wp-content\/uploads\/2017\/04\/cruz-baul-baja-320x240.png\" alt=\"\" title=\"\"><\/div><\/div><\/div>\r\n\t\t\t\t\t<div class=\"captionPane btDarkSkin btTextCenter\">\r\n\t\t\t\t\t\t<div class=\"captionTable\">\r\n\t\t\t\t\t\t\t<div class=\"captionCell\">\r\n\t\t\t\t\t\t\t\t<div class=\"captionTxt\"><\/div>\r\n\t\t\t\t\t\t\t<\/div>\r\n\t\t\t\t\t\t<\/div>\r\n\t\t\t\t\t<\/div><\/div><\/div><div class = \"btSingleLatestPostContent\">\n\t\t\t\t\t\t<header class=\"header btClear small\" ><div class=\"dash\"><h4><span class=\"headline\"><a href=\"http:\/\/mojateporlavida.org\/?p=5052\" target=\"_self\">CRUZBER, SA<\/a><\/span><\/h4><\/div><div class=\"btSubTitle\"><span class=\"btArticleDate\">20 abril, 2017<\/span><a href=\"http:\/\/mojateporlavida.org\/?author=1\" class=\"btArticleAuthor\">by A70siete-<\/a><\/div><\/header>\n\t\t\t\t<p class=\"btLatestPostContent\">Empresa comprometida y solidaria, que apoya nuestro proyecto desde el principio. Conoce m\u00e1s de esta empresa Cordobesa.<\/p>\n\t\t\t\t\t<\/div>\n\t\t\t\t<\/div>\n\t\t\t\t<div class=\"btSingleLatestPost col-sm-12 col-ms-12  inherit\"><div class=\"btSingleLatestPostImage btTextCenter\"><div class=\"bpgPhoto \" > \r\n\t\t\t\t\t<a href=\"http:\/\/mojateporlavida.org\/?p=5038\" target=\"_self\" title=\"\"><\/a>\r\n\t\t\t\t\t<div class=\"boldPhotoBox\"><div class=\"bpbItem\"><div class = \"btImage\"><img src=\"http:\/\/mojateporlavida.org\/wp-content\/uploads\/2017\/04\/DSC_0637-320x240.jpg\" alt=\"\" title=\"\"><\/div><\/div><\/div>\r\n\t\t\t\t\t<div class=\"captionPane btDarkSkin btTextCenter\">\r\n\t\t\t\t\t\t<div class=\"captionTable\">\r\n\t\t\t\t\t\t\t<div class=\"captionCell\">\r\n\t\t\t\t\t\t\t\t<div class=\"captionTxt\"><\/div>\r\n\t\t\t\t\t\t\t<\/div>\r\n\t\t\t\t\t\t<\/div>\r\n\t\t\t\t\t<\/div><\/div><\/div><div class = \"btSingleLatestPostContent\">\n\t\t\t\t\t\t<header class=\"header btClear small\" ><div class=\"dash\"><h4><span class=\"headline\"><a href=\"http:\/\/mojateporlavida.org\/?p=5038\" target=\"_self\">Miles de gotas de solidaridad recaudadas con la actividad \u201cM\u00f3jate por la vida 12+1\u201d<\/a><\/span><\/h4><\/div><div class=\"btSubTitle\"><span class=\"btArticleDate\">17 abril, 2017<\/span><a href=\"http:\/\/mojateporlavida.org\/?author=1\" class=\"btArticleAuthor\">by A70siete-<\/a><\/div><\/header>\n\t\t\t\t<p class=\"btLatestPostContent\"><\/p>\n\t\t\t\t\t<\/div>\n\t\t\t\t<\/div>\n\t\t\t\t<div class=\"btSingleLatestPost col-sm-12 col-ms-12  inherit\"><div class=\"btSingleLatestPostImage btTextCenter\"><div class=\"bpgPhoto \" > \r\n\t\t\t\t\t<a href=\"http:\/\/mojateporlavida.org\/?p=5024\" target=\"_self\" title=\"\"><\/a>\r\n\t\t\t\t\t<div class=\"boldPhotoBox\"><div class=\"bpbItem\"><div class = \"btImage\"><img src=\"http:\/\/mojateporlavida.org\/wp-content\/uploads\/2017\/04\/manuel-camara-320x240.jpg\" alt=\"\" title=\"\"><\/div><\/div><\/div>\r\n\t\t\t\t\t<div class=\"captionPane btDarkSkin btTextCenter\">\r\n\t\t\t\t\t\t<div class=\"captionTable\">\r\n\t\t\t\t\t\t\t<div class=\"captionCell\">\r\n\t\t\t\t\t\t\t\t<div class=\"captionTxt\"><\/div>\r\n\t\t\t\t\t\t\t<\/div>\r\n\t\t\t\t\t\t<\/div>\r\n\t\t\t\t\t<\/div><\/div><\/div><div class = \"btSingleLatestPostContent\">\n\t\t\t\t\t\t<header class=\"header btClear small\" ><div class=\"dash\"><h4><span class=\"headline\"><a href=\"http:\/\/mojateporlavida.org\/?p=5024\" target=\"_self\">Manuel C\u00e1mara. Nadador por C\u00f3rdoba.<\/a><\/span><\/h4><\/div><div class=\"btSubTitle\"><span class=\"btArticleDate\">11 abril, 2017<\/span><a href=\"http:\/\/mojateporlavida.org\/?author=1\" class=\"btArticleAuthor\">by A70siete-<\/a><\/div><\/header>\n\t\t\t\t<p class=\"btLatestPostContent\"><\/p>\n\t\t\t\t\t<\/div>\n\t\t\t\t<\/div>\n\t\t\t\t<div class=\"btSingleLatestPost col-sm-12 col-ms-12  inherit\"><div class=\"btSingleLatestPostImage btTextCenter\"><div class=\"bpgPhoto \" > \r\n\t\t\t\t\t<a href=\"http:\/\/mojateporlavida.org\/?p=5029\" target=\"_self\" title=\"\"><\/a>\r\n\t\t\t\t\t<div class=\"boldPhotoBox\"><div class=\"bpbItem\"><div class = \"btImage\"><img src=\"http:\/\/mojateporlavida.org\/wp-content\/uploads\/2017\/04\/2017-04-10-PHOTO-00012692-320x240.jpg\" alt=\"\" title=\"\"><\/div><\/div><\/div>\r\n\t\t\t\t\t<div class=\"captionPane btDarkSkin btTextCenter\">\r\n\t\t\t\t\t\t<div class=\"captionTable\">\r\n\t\t\t\t\t\t\t<div class=\"captionCell\">\r\n\t\t\t\t\t\t\t\t<div class=\"captionTxt\"><\/div>\r\n\t\t\t\t\t\t\t<\/div>\r\n\t\t\t\t\t\t<\/div>\r\n\t\t\t\t\t<\/div><\/div><\/div><div class = \"btSingleLatestPostContent\">\n\t\t\t\t\t\t<header class=\"header btClear small\" ><div class=\"dash\"><h4><span class=\"headline\"><a href=\"http:\/\/mojateporlavida.org\/?p=5029\" target=\"_self\">Miguel Indurain se Moja por la Vida. Y t\u00fa?<\/a><\/span><\/h4><\/div><div class=\"btSubTitle\"><span class=\"btArticleDate\">10 abril, 2017<\/span><a href=\"http:\/\/mojateporlavida.org\/?author=1\" class=\"btArticleAuthor\">by A70siete-<\/a><\/div><\/header>\n\t\t\t\t<p class=\"btLatestPostContent\">Miguel Indurain es un grande entre los grandes, pero adem\u00e1s muestra siempre su lado solidario y amable. Muy grande por dentro y por fuera el Navarro. Nuestra nadadora Arancha, encantada.<\/p>\n\t\t\t\t\t<\/div>\n\t\t\t\t<\/div>\n\t\t\t\t<div class=\"btSingleLatestPost col-sm-12 col-ms-12  inherit\"><div class=\"btSingleLatestPostImage btTextCenter\"><div class=\"bpgPhoto \" > \r\n\t\t\t\t\t<a href=\"http:\/\/mojateporlavida.org\/?p=5044\" target=\"_self\" title=\"\"><\/a>\r\n\t\t\t\t\t<div class=\"boldPhotoBox\"><div class=\"bpbItem\"><div class = \"btImage\"><img src=\"http:\/\/mojateporlavida.org\/wp-content\/uploads\/2017\/04\/Rubi\u0301-web-320x240.jpg\" alt=\"\" title=\"\"><\/div><\/div><\/div>\r\n\t\t\t\t\t<div class=\"captionPane btDarkSkin btTextCenter\">\r\n\t\t\t\t\t\t<div class=\"captionTable\">\r\n\t\t\t\t\t\t\t<div class=\"captionCell\">\r\n\t\t\t\t\t\t\t\t<div class=\"captionTxt\"><\/div>\r\n\t\t\t\t\t\t\t<\/div>\r\n\t\t\t\t\t\t<\/div>\r\n\t\t\t\t\t<\/div><\/div><\/div><div class = \"btSingleLatestPostContent\">\n\t\t\t\t\t\t<header class=\"header btClear small\" ><div class=\"dash\"><h4><span class=\"headline\"><a href=\"http:\/\/mojateporlavida.org\/?p=5044\" target=\"_self\">Jos\u00e9 Juan Rub\u00ed se Moja por la Vida. Y t\u00fa?<\/a><\/span><\/h4><\/div><div class=\"btSubTitle\"><span class=\"btArticleDate\">7 abril, 2017<\/span><a href=\"http:\/\/mojateporlavida.org\/?author=1\" class=\"btArticleAuthor\">by A70siete-<\/a><\/div><\/header>\n\t\t\t\t<p class=\"btLatestPostContent\">Jos\u00e9 Juan Rub\u00ed es Concejal Delegado de Deportes del Ayuntamiento de Roquetas de Mar. Ha apostado desde el principio por #mojateporlavida<\/p>\n\t\t\t\t\t<\/div>\n\t\t\t\t<\/div>\n\t\t\t\t<div class=\"btSingleLatestPost col-sm-12 col-ms-12  inherit\"><div class=\"btSingleLatestPostImage btTextCenter\"><div class=\"bpgPhoto \" > \r\n\t\t\t\t\t<a href=\"http:\/\/mojateporlavida.org\/?p=4907\" target=\"_self\" title=\"\"><\/a>\r\n\t\t\t\t\t<div class=\"boldPhotoBox\"><div class=\"bpbItem\"><div class = \"btImage\"><img src=\"http:\/\/mojateporlavida.org\/wp-content\/uploads\/2017\/04\/cartel-teatro-web-320x240.jpg\" alt=\"\" title=\"\"><\/div><\/div><\/div>\r\n\t\t\t\t\t<div class=\"captionPane btDarkSkin btTextCenter\">\r\n\t\t\t\t\t\t<div class=\"captionTable\">\r\n\t\t\t\t\t\t\t<div class=\"captionCell\">\r\n\t\t\t\t\t\t\t\t<div class=\"captionTxt\"><\/div>\r\n\t\t\t\t\t\t\t<\/div>\r\n\t\t\t\t\t\t<\/div>\r\n\t\t\t\t\t<\/div><\/div><\/div><div class = \"btSingleLatestPostContent\">\n\t\t\t\t\t\t<header class=\"header btClear small\" ><div class=\"dash\"><h4><span class=\"headline\"><a href=\"http:\/\/mojateporlavida.org\/?p=4907\" target=\"_self\">Concierto Solidario \u201cM\u00f3jate por la vida\u201d<\/a><\/span><\/h4><\/div><div class=\"btSubTitle\"><span class=\"btArticleDate\">6 abril, 2017<\/span><a href=\"http:\/\/mojateporlavida.org\/?author=1\" class=\"btArticleAuthor\">by A70siete-<\/a><\/div><\/header>\n\t\t\t\t<p class=\"btLatestPostContent\"><\/p>\n\t\t\t\t\t<\/div>\n\t\t\t\t<\/div>\n\t\t\t\t<div class=\"btSingleLatestPost col-sm-12 col-ms-12  inherit\"><div class=\"btSingleLatestPostImage btTextCenter\"><div class=\"bpgPhoto \" > \r\n\t\t\t\t\t<a href=\"http:\/\/mojateporlavida.org\/?p=4926\" target=\"_self\" title=\"\"><\/a>\r\n\t\t\t\t\t<div class=\"boldPhotoBox\"><div class=\"bpbItem\"><div class = \"btImage\"><img src=\"http:\/\/mojateporlavida.org\/wp-content\/uploads\/2017\/04\/PORTADA-320x240.jpg\" alt=\"\" title=\"\"><\/div><\/div><\/div>\r\n\t\t\t\t\t<div class=\"captionPane btDarkSkin btTextCenter\">\r\n\t\t\t\t\t\t<div class=\"captionTable\">\r\n\t\t\t\t\t\t\t<div class=\"captionCell\">\r\n\t\t\t\t\t\t\t\t<div class=\"captionTxt\"><\/div>\r\n\t\t\t\t\t\t\t<\/div>\r\n\t\t\t\t\t\t<\/div>\r\n\t\t\t\t\t<\/div><\/div><\/div><div class = \"btSingleLatestPostContent\">\n\t\t\t\t\t\t<header class=\"header btClear small\" ><div class=\"dash\"><h4><span class=\"headline\"><a href=\"http:\/\/mojateporlavida.org\/?p=4926\" target=\"_self\">\u00bfC\u00f3mo puedes mojarte con nosotros?<\/a><\/span><\/h4><\/div><div class=\"btSubTitle\"><span class=\"btArticleDate\">4 abril, 2017<\/span><a href=\"http:\/\/mojateporlavida.org\/?author=1\" class=\"btArticleAuthor\">by A70siete-<\/a><\/div><\/header>\n\t\t\t\t<p class=\"btLatestPostContent\"><\/p>\n\t\t\t\t\t<\/div>\n\t\t\t\t<\/div>\n\t\t\t\t<div class=\"btSingleLatestPost col-sm-12 col-ms-12  inherit\"><div class=\"btSingleLatestPostImage btTextCenter\"><div class=\"bpgPhoto \" > \r\n\t\t\t\t\t<a href=\"http:\/\/mojateporlavida.org\/?p=4663\" target=\"_self\" title=\"\"><\/a>\r\n\t\t\t\t\t<div class=\"boldPhotoBox\"><div class=\"bpbItem\"><div class = \"btImage\"><img src=\"http:\/\/mojateporlavida.org\/wp-content\/uploads\/2017\/04\/17504988_1956879357873953_6225108537816102040_o-320x240.jpg\" alt=\"\" title=\"\"><\/div><\/div><\/div>\r\n\t\t\t\t\t<div class=\"captionPane btDarkSkin btTextCenter\">\r\n\t\t\t\t\t\t<div class=\"captionTable\">\r\n\t\t\t\t\t\t\t<div class=\"captionCell\">\r\n\t\t\t\t\t\t\t\t<div class=\"captionTxt\"><\/div>\r\n\t\t\t\t\t\t\t<\/div>\r\n\t\t\t\t\t\t<\/div>\r\n\t\t\t\t\t<\/div><\/div><\/div><div class = \"btSingleLatestPostContent\">\n\t\t\t\t\t\t<header class=\"header btClear small\" ><div class=\"dash\"><h4><span class=\"headline\"><a href=\"http:\/\/mojateporlavida.org\/?p=4663\" target=\"_self\">Rafa Mu\u00f1oz se moja por la vida<\/a><\/span><\/h4><\/div><div class=\"btSubTitle\"><span class=\"btArticleDate\">3 abril, 2017<\/span><a href=\"http:\/\/mojateporlavida.org\/?author=1\" class=\"btArticleAuthor\">by A70siete-<\/a><\/div><\/header>\n\t\t\t\t<p class=\"btLatestPostContent\"><\/p>\n\t\t\t\t\t<\/div>\n\t\t\t\t<\/div>\n\t\t\t\t<div class=\"btSingleLatestPost col-sm-12 col-ms-12  inherit\"><div class=\"btSingleLatestPostImage btTextCenter\"><div class=\"bpgPhoto \" > \r\n\t\t\t\t\t<a href=\"http:\/\/mojateporlavida.org\/?p=4843\" target=\"_self\" title=\"\"><\/a>\r\n\t\t\t\t\t<div class=\"boldPhotoBox\"><div class=\"bpbItem\"><div class = \"btImage\"><img src=\"http:\/\/mojateporlavida.org\/wp-content\/uploads\/2017\/04\/ajedrez-almeri\u0301a-320x240.png\" alt=\"\" title=\"\"><\/div><\/div><\/div>\r\n\t\t\t\t\t<div class=\"captionPane btDarkSkin btTextCenter\">\r\n\t\t\t\t\t\t<div class=\"captionTable\">\r\n\t\t\t\t\t\t\t<div class=\"captionCell\">\r\n\t\t\t\t\t\t\t\t<div class=\"captionTxt\"><\/div>\r\n\t\t\t\t\t\t\t<\/div>\r\n\t\t\t\t\t\t<\/div>\r\n\t\t\t\t\t<\/div><\/div><\/div><div class = \"btSingleLatestPostContent\">\n\t\t\t\t\t\t<header class=\"header btClear small\" ><div class=\"dash\"><h4><span class=\"headline\"><a href=\"http:\/\/mojateporlavida.org\/?p=4843\" target=\"_self\">El Ajedrez Almeriense se \u00abMoja por la Vida\u00bb<\/a><\/span><\/h4><\/div><div class=\"btSubTitle\"><span class=\"btArticleDate\">2 abril, 2017<\/span><a href=\"http:\/\/mojateporlavida.org\/?author=1\" class=\"btArticleAuthor\">by A70siete-<\/a><\/div><\/header>\n\t\t\t\t<p class=\"btLatestPostContent\"><\/p>\n\t\t\t\t\t<\/div>\n\t\t\t\t<\/div>\n\t\t\t\t<div class=\"btSingleLatestPost col-sm-12 col-ms-12  inherit\"><div class=\"btSingleLatestPostImage btTextCenter\"><div class=\"bpgPhoto \" > \r\n\t\t\t\t\t<a href=\"http:\/\/mojateporlavida.org\/?p=4845\" target=\"_self\" title=\"\"><\/a>\r\n\t\t\t\t\t<div class=\"boldPhotoBox\"><div class=\"bpbItem\"><div class = \"btImage\"><img src=\"http:\/\/mojateporlavida.org\/wp-content\/uploads\/2017\/04\/IMG_0025-320x240.jpg\" alt=\"\" title=\"\"><\/div><\/div><\/div>\r\n\t\t\t\t\t<div class=\"captionPane btDarkSkin btTextCenter\">\r\n\t\t\t\t\t\t<div class=\"captionTable\">\r\n\t\t\t\t\t\t\t<div class=\"captionCell\">\r\n\t\t\t\t\t\t\t\t<div class=\"captionTxt\"><\/div>\r\n\t\t\t\t\t\t\t<\/div>\r\n\t\t\t\t\t\t<\/div>\r\n\t\t\t\t\t<\/div><\/div><\/div><div class = \"btSingleLatestPostContent\">\n\t\t\t\t\t\t<header class=\"header btClear small\" ><div class=\"dash\"><h4><span class=\"headline\"><a href=\"http:\/\/mojateporlavida.org\/?p=4845\" target=\"_self\">M\u00f3jate por la Vida en la Gala del Deporte de La Ciudad de T\u00edjola<\/a><\/span><\/h4><\/div><div class=\"btSubTitle\"><span class=\"btArticleDate\">2 abril, 2017<\/span><a href=\"http:\/\/mojateporlavida.org\/?author=1\" class=\"btArticleAuthor\">by A70siete-<\/a><\/div><\/header>\n\t\t\t\t<p class=\"btLatestPostContent\">El pasado viernes 30 de abril comprobamos como T\u00edjola se \u00abmoja por la vida\u00bb #mojateporlavida tuvo el gran honor de poder presentar nuestro proyecto en la I Gala del Deporte [&hellip;]<\/p>\n\t\t\t\t\t<\/div>\n\t\t\t\t<\/div>\n\t\t\t\t<div class=\"btSingleLatestPost col-sm-12 col-ms-12  inherit\"><div class=\"btSingleLatestPostImage btTextCenter\"><div class=\"bpgPhoto \" > \r\n\t\t\t\t\t<a href=\"http:\/\/mojateporlavida.org\/?p=4767\" target=\"_self\" title=\"\"><\/a>\r\n\t\t\t\t\t<div class=\"boldPhotoBox\"><div class=\"bpbItem\"><div class = \"btImage\"><img src=\"http:\/\/mojateporlavida.org\/wp-content\/uploads\/2017\/03\/DSC_0663-WEB-320x240.jpg\" alt=\"\" title=\"\"><\/div><\/div><\/div>\r\n\t\t\t\t\t<div class=\"captionPane btDarkSkin btTextCenter\">\r\n\t\t\t\t\t\t<div class=\"captionTable\">\r\n\t\t\t\t\t\t\t<div class=\"captionCell\">\r\n\t\t\t\t\t\t\t\t<div class=\"captionTxt\"><\/div>\r\n\t\t\t\t\t\t\t<\/div>\r\n\t\t\t\t\t\t<\/div>\r\n\t\t\t\t\t<\/div><\/div><\/div><div class = \"btSingleLatestPostContent\">\n\t\t\t\t\t\t<header class=\"header btClear small\" ><div class=\"dash\"><h4><span class=\"headline\"><a href=\"http:\/\/mojateporlavida.org\/?p=4767\" target=\"_self\">130,15 kil\u00f3metros en 12+1 horas de nataci\u00f3n ininterrumpidas<\/a><\/span><\/h4><\/div><div class=\"btSubTitle\"><span class=\"btArticleDate\">29 marzo, 2017<\/span><a href=\"http:\/\/mojateporlavida.org\/?author=1\" class=\"btArticleAuthor\">by A70siete-<\/a><\/div><\/header>\n\t\t\t\t<p class=\"btLatestPostContent\"><\/p>\n\t\t\t\t\t<\/div>\n\t\t\t\t<\/div>\n\t\t\t\t<div class=\"btSingleLatestPost col-sm-12 col-ms-12  inherit\"><div class=\"btSingleLatestPostImage btTextCenter\"><div class=\"bpgPhoto \" > \r\n\t\t\t\t\t<a href=\"http:\/\/mojateporlavida.org\/?p=4759\" target=\"_self\" title=\"\"><\/a>\r\n\t\t\t\t\t<div class=\"boldPhotoBox\"><div class=\"bpbItem\"><div class = \"btImage\"><img src=\"http:\/\/mojateporlavida.org\/wp-content\/uploads\/2017\/03\/TZ010222-320x240.jpg\" alt=\"\" title=\"\"><\/div><\/div><\/div>\r\n\t\t\t\t\t<div class=\"captionPane btDarkSkin btTextCenter\">\r\n\t\t\t\t\t\t<div class=\"captionTable\">\r\n\t\t\t\t\t\t\t<div class=\"captionCell\">\r\n\t\t\t\t\t\t\t\t<div class=\"captionTxt\"><\/div>\r\n\t\t\t\t\t\t\t<\/div>\r\n\t\t\t\t\t\t<\/div>\r\n\t\t\t\t\t<\/div><\/div><\/div><div class = \"btSingleLatestPostContent\">\n\t\t\t\t\t\t<header class=\"header btClear small\" ><div class=\"dash\"><h4><span class=\"headline\"><a href=\"http:\/\/mojateporlavida.org\/?p=4759\" target=\"_self\">Javi. Nadador por Murcia<\/a><\/span><\/h4><\/div><div class=\"btSubTitle\"><span class=\"btArticleDate\">24 marzo, 2017<\/span><a href=\"http:\/\/mojateporlavida.org\/?author=1\" class=\"btArticleAuthor\">by A70siete-<\/a><\/div><\/header>\n\t\t\t\t<p class=\"btLatestPostContent\"><\/p>\n\t\t\t\t\t<\/div>\n\t\t\t\t<\/div>\n\t\t\t\t<div class=\"btSingleLatestPost col-sm-12 col-ms-12  inherit\"><div class=\"btSingleLatestPostImage btTextCenter\"><div class=\"bpgPhoto \" > \r\n\t\t\t\t\t<a href=\"http:\/\/mojateporlavida.org\/?p=5151\" target=\"_self\" title=\"\"><\/a>\r\n\t\t\t\t\t<div class=\"boldPhotoBox\"><div class=\"bpbItem\"><div class = \"btImage\"><img src=\"http:\/\/mojateporlavida.org\/wp-content\/uploads\/2017\/03\/JRamo\u0301n-320x240.jpg\" alt=\"\" title=\"\"><\/div><\/div><\/div>\r\n\t\t\t\t\t<div class=\"captionPane btDarkSkin btTextCenter\">\r\n\t\t\t\t\t\t<div class=\"captionTable\">\r\n\t\t\t\t\t\t\t<div class=\"captionCell\">\r\n\t\t\t\t\t\t\t\t<div class=\"captionTxt\"><\/div>\r\n\t\t\t\t\t\t\t<\/div>\r\n\t\t\t\t\t\t<\/div>\r\n\t\t\t\t\t<\/div><\/div><\/div><div class = \"btSingleLatestPostContent\">\n\t\t\t\t\t\t<header class=\"header btClear small\" ><div class=\"dash\"><h4><span class=\"headline\"><a href=\"http:\/\/mojateporlavida.org\/?p=5151\" target=\"_self\">Jos\u00e9 Ram\u00f3n Mart\u00ednez Teruel en Dipalme Radio<\/a><\/span><\/h4><\/div><div class=\"btSubTitle\"><span class=\"btArticleDate\">23 marzo, 2017<\/span><a href=\"http:\/\/mojateporlavida.org\/?author=1\" class=\"btArticleAuthor\">by A70siete-<\/a><\/div><\/header>\n\t\t\t\t<p class=\"btLatestPostContent\"><\/p>\n\t\t\t\t\t<\/div>\n\t\t\t\t<\/div>\n\t\t\t\t<div class=\"btSingleLatestPost col-sm-12 col-ms-12  inherit\"><div class=\"btSingleLatestPostImage btTextCenter\"><div class=\"bpgPhoto \" > \r\n\t\t\t\t\t<a href=\"http:\/\/mojateporlavida.org\/?p=4741\" target=\"_self\" title=\"\"><\/a>\r\n\t\t\t\t\t<div class=\"boldPhotoBox\"><div class=\"bpbItem\"><div class = \"btImage\"><img src=\"http:\/\/mojateporlavida.org\/wp-content\/uploads\/2016\/11\/CARLOS-320x240.jpg\" alt=\"\" title=\"\"><\/div><\/div><\/div>\r\n\t\t\t\t\t<div class=\"captionPane btDarkSkin btTextCenter\">\r\n\t\t\t\t\t\t<div class=\"captionTable\">\r\n\t\t\t\t\t\t\t<div class=\"captionCell\">\r\n\t\t\t\t\t\t\t\t<div class=\"captionTxt\"><\/div>\r\n\t\t\t\t\t\t\t<\/div>\r\n\t\t\t\t\t\t<\/div>\r\n\t\t\t\t\t<\/div><\/div><\/div><div class = \"btSingleLatestPostContent\">\n\t\t\t\t\t\t<header class=\"header btClear small\" ><div class=\"dash\"><h4><span class=\"headline\"><a href=\"http:\/\/mojateporlavida.org\/?p=4741\" target=\"_self\">Carlos. Nadador por Albacete.<\/a><\/span><\/h4><\/div><div class=\"btSubTitle\"><span class=\"btArticleDate\">23 marzo, 2017<\/span><a href=\"http:\/\/mojateporlavida.org\/?author=1\" class=\"btArticleAuthor\">by A70siete-<\/a><\/div><\/header>\n\t\t\t\t<p class=\"btLatestPostContent\"><\/p>\n\t\t\t\t\t<\/div>\n\t\t\t\t<\/div>\n\t\t\t\t<div class=\"btSingleLatestPost col-sm-12 col-ms-12  inherit\"><div class=\"btSingleLatestPostImage btTextCenter\"><div class=\"bpgPhoto \" > \r\n\t\t\t\t\t<a href=\"http:\/\/mojateporlavida.org\/?p=4986\" target=\"_self\" title=\"\"><\/a>\r\n\t\t\t\t\t<div class=\"boldPhotoBox\"><div class=\"bpbItem\"><div class = \"btImage\"><img src=\"http:\/\/mojateporlavida.org\/wp-content\/uploads\/2017\/04\/07_30_12_LogoCANAL_SUR_RADIO1-e1343648791742-307x240.jpg\" alt=\"\" title=\"\"><\/div><\/div><\/div>\r\n\t\t\t\t\t<div class=\"captionPane btDarkSkin btTextCenter\">\r\n\t\t\t\t\t\t<div class=\"captionTable\">\r\n\t\t\t\t\t\t\t<div class=\"captionCell\">\r\n\t\t\t\t\t\t\t\t<div class=\"captionTxt\"><\/div>\r\n\t\t\t\t\t\t\t<\/div>\r\n\t\t\t\t\t\t<\/div>\r\n\t\t\t\t\t<\/div><\/div><\/div><div class = \"btSingleLatestPostContent\">\n\t\t\t\t\t\t<header class=\"header btClear small\" ><div class=\"dash\"><h4><span class=\"headline\"><a href=\"http:\/\/mojateporlavida.org\/?p=4986\" target=\"_self\">Sasi y Mari Luz en  Hora Sur de Canal Sur Radio Almer\u00eda.<\/a><\/span><\/h4><\/div><div class=\"btSubTitle\"><span class=\"btArticleDate\">22 marzo, 2017<\/span><a href=\"http:\/\/mojateporlavida.org\/?author=1\" class=\"btArticleAuthor\">by A70siete-<\/a><\/div><\/header>\n\t\t\t\t<p class=\"btLatestPostContent\"><\/p>\n\t\t\t\t\t<\/div>\n\t\t\t\t<\/div>\n\t\t\t\t<div class=\"btSingleLatestPost col-sm-12 col-ms-12  inherit\"><div class=\"btSingleLatestPostImage btTextCenter\"><div class=\"bpgPhoto \" > \r\n\t\t\t\t\t<a href=\"http:\/\/mojateporlavida.org\/?p=4717\" target=\"_self\" title=\"\"><\/a>\r\n\t\t\t\t\t<div class=\"boldPhotoBox\"><div class=\"bpbItem\"><div class = \"btImage\"><img src=\"http:\/\/mojateporlavida.org\/wp-content\/uploads\/2016\/11\/ainhoa-320x240.jpg\" alt=\"\" title=\"\"><\/div><\/div><\/div>\r\n\t\t\t\t\t<div class=\"captionPane btDarkSkin btTextCenter\">\r\n\t\t\t\t\t\t<div class=\"captionTable\">\r\n\t\t\t\t\t\t\t<div class=\"captionCell\">\r\n\t\t\t\t\t\t\t\t<div class=\"captionTxt\"><\/div>\r\n\t\t\t\t\t\t\t<\/div>\r\n\t\t\t\t\t\t<\/div>\r\n\t\t\t\t\t<\/div><\/div><\/div><div class = \"btSingleLatestPostContent\">\n\t\t\t\t\t\t<header class=\"header btClear small\" ><div class=\"dash\"><h4><span class=\"headline\"><a href=\"http:\/\/mojateporlavida.org\/?p=4717\" target=\"_self\">Ainhoa. Nadadora por Navarra<\/a><\/span><\/h4><\/div><div class=\"btSubTitle\"><span class=\"btArticleDate\">22 marzo, 2017<\/span><a href=\"http:\/\/mojateporlavida.org\/?author=1\" class=\"btArticleAuthor\">by A70siete-<\/a><\/div><\/header>\n\t\t\t\t<p class=\"btLatestPostContent\"><\/p>\n\t\t\t\t\t<\/div>\n\t\t\t\t<\/div>\n\t\t\t\t<div class=\"btSingleLatestPost col-sm-12 col-ms-12  inherit\"><div class=\"btSingleLatestPostImage btTextCenter\"><div class=\"bpgPhoto \" > \r\n\t\t\t\t\t<a href=\"http:\/\/mojateporlavida.org\/?p=4677\" target=\"_self\" title=\"\"><\/a>\r\n\t\t\t\t\t<div class=\"boldPhotoBox\"><div class=\"bpbItem\"><div class = \"btImage\"><img src=\"http:\/\/mojateporlavida.org\/wp-content\/uploads\/2016\/11\/DSC_0168-copia-320x240.jpg\" alt=\"\" title=\"\"><\/div><\/div><\/div>\r\n\t\t\t\t\t<div class=\"captionPane btDarkSkin btTextCenter\">\r\n\t\t\t\t\t\t<div class=\"captionTable\">\r\n\t\t\t\t\t\t\t<div class=\"captionCell\">\r\n\t\t\t\t\t\t\t\t<div class=\"captionTxt\"><\/div>\r\n\t\t\t\t\t\t\t<\/div>\r\n\t\t\t\t\t\t<\/div>\r\n\t\t\t\t\t<\/div><\/div><\/div><div class = \"btSingleLatestPostContent\">\n\t\t\t\t\t\t<header class=\"header btClear small\" ><div class=\"dash\"><h4><span class=\"headline\"><a href=\"http:\/\/mojateporlavida.org\/?p=4677\" target=\"_self\">Antonio. Nadador por C\u00f3rdoba<\/a><\/span><\/h4><\/div><div class=\"btSubTitle\"><span class=\"btArticleDate\">21 marzo, 2017<\/span><a href=\"http:\/\/mojateporlavida.org\/?author=1\" class=\"btArticleAuthor\">by A70siete-<\/a><\/div><\/header>\n\t\t\t\t<p class=\"btLatestPostContent\"><\/p>\n\t\t\t\t\t<\/div>\n\t\t\t\t<\/div>\n\t\t\t\t<div class=\"btSingleLatestPost col-sm-12 col-ms-12  inherit\"><div class=\"btSingleLatestPostImage btTextCenter\"><div class=\"bpgPhoto \" > \r\n\t\t\t\t\t<a href=\"http:\/\/mojateporlavida.org\/?p=5076\" target=\"_self\" title=\"\"><\/a>\r\n\t\t\t\t\t<div class=\"boldPhotoBox\"><div class=\"bpbItem\"><div class = \"btImage\"><img src=\"http:\/\/mojateporlavida.org\/wp-content\/uploads\/2017\/03\/cofre-del-capitan-320x240.jpg\" alt=\"\" title=\"\"><\/div><\/div><\/div>\r\n\t\t\t\t\t<div class=\"captionPane btDarkSkin btTextCenter\">\r\n\t\t\t\t\t\t<div class=\"captionTable\">\r\n\t\t\t\t\t\t\t<div class=\"captionCell\">\r\n\t\t\t\t\t\t\t\t<div class=\"captionTxt\"><\/div>\r\n\t\t\t\t\t\t\t<\/div>\r\n\t\t\t\t\t\t<\/div>\r\n\t\t\t\t\t<\/div><\/div><\/div><div class = \"btSingleLatestPostContent\">\n\t\t\t\t\t\t<header class=\"header btClear small\" ><div class=\"dash\"><h4><span class=\"headline\"><a href=\"http:\/\/mojateporlavida.org\/?p=5076\" target=\"_self\">Arancha en El Cofre del Capit\u00e1n Morgan.<\/a><\/span><\/h4><\/div><div class=\"btSubTitle\"><span class=\"btArticleDate\">20 marzo, 2017<\/span><a href=\"http:\/\/mojateporlavida.org\/?author=1\" class=\"btArticleAuthor\">by A70siete-<\/a><\/div><\/header>\n\t\t\t\t<p class=\"btLatestPostContent\">El Cofre del Capit\u00e1n Morgan se Moja por la Vida.<\/p>\n\t\t\t\t\t<\/div>\n\t\t\t\t<\/div>\n\t\t\t\t<div class=\"btSingleLatestPost col-sm-12 col-ms-12  inherit\"><div class=\"btSingleLatestPostImage btTextCenter\"><div class=\"bpgPhoto \" > \r\n\t\t\t\t\t<a href=\"http:\/\/mojateporlavida.org\/?p=4646\" target=\"_self\" title=\"\"><\/a>\r\n\t\t\t\t\t<div class=\"boldPhotoBox\"><div class=\"bpbItem\"><div class = \"btImage\"><img src=\"http:\/\/mojateporlavida.org\/wp-content\/uploads\/2016\/11\/Sagrario-203x240.jpg\" alt=\"\" title=\"\"><\/div><\/div><\/div>\r\n\t\t\t\t\t<div class=\"captionPane btDarkSkin btTextCenter\">\r\n\t\t\t\t\t\t<div class=\"captionTable\">\r\n\t\t\t\t\t\t\t<div class=\"captionCell\">\r\n\t\t\t\t\t\t\t\t<div class=\"captionTxt\"><\/div>\r\n\t\t\t\t\t\t\t<\/div>\r\n\t\t\t\t\t\t<\/div>\r\n\t\t\t\t\t<\/div><\/div><\/div><div class = \"btSingleLatestPostContent\">\n\t\t\t\t\t\t<header class=\"header btClear small\" ><div class=\"dash\"><h4><span class=\"headline\"><a href=\"http:\/\/mojateporlavida.org\/?p=4646\" target=\"_self\">Sagrario. Nadadora por Albacete<\/a><\/span><\/h4><\/div><div class=\"btSubTitle\"><span class=\"btArticleDate\">20 marzo, 2017<\/span><a href=\"http:\/\/mojateporlavida.org\/?author=1\" class=\"btArticleAuthor\">by A70siete-<\/a><\/div><\/header>\n\t\t\t\t<p class=\"btLatestPostContent\"><\/p>\n\t\t\t\t\t<\/div>\n\t\t\t\t<\/div>\n\t\t\t\t<div class=\"btSingleLatestPost col-sm-12 col-ms-12  inherit\"><div class=\"btSingleLatestPostImage btTextCenter\"><div class=\"bpgPhoto \" > \r\n\t\t\t\t\t<a href=\"http:\/\/mojateporlavida.org\/?p=4620\" target=\"_self\" title=\"\"><\/a>\r\n\t\t\t\t\t<div class=\"boldPhotoBox\"><div class=\"bpbItem\"><div class = \"btImage\"><img src=\"http:\/\/mojateporlavida.org\/wp-content\/uploads\/2017\/03\/A\u0301ngel-320x240.jpg\" alt=\"\" title=\"\"><\/div><\/div><\/div>\r\n\t\t\t\t\t<div class=\"captionPane btDarkSkin btTextCenter\">\r\n\t\t\t\t\t\t<div class=\"captionTable\">\r\n\t\t\t\t\t\t\t<div class=\"captionCell\">\r\n\t\t\t\t\t\t\t\t<div class=\"captionTxt\"><\/div>\r\n\t\t\t\t\t\t\t<\/div>\r\n\t\t\t\t\t\t<\/div>\r\n\t\t\t\t\t<\/div><\/div><\/div><div class = \"btSingleLatestPostContent\">\n\t\t\t\t\t\t<header class=\"header btClear small\" ><div class=\"dash\"><h4><span class=\"headline\"><a href=\"http:\/\/mojateporlavida.org\/?p=4620\" target=\"_self\">\u00c1ngel. Nadador por Albacete<\/a><\/span><\/h4><\/div><div class=\"btSubTitle\"><span class=\"btArticleDate\">19 marzo, 2017<\/span><a href=\"http:\/\/mojateporlavida.org\/?author=1\" class=\"btArticleAuthor\">by A70siete-<\/a><\/div><\/header>\n\t\t\t\t<p class=\"btLatestPostContent\"><\/p>\n\t\t\t\t\t<\/div>\n\t\t\t\t<\/div>\n\t\t\t\t<div class=\"btSingleLatestPost col-sm-12 col-ms-12  inherit\"><div class=\"btSingleLatestPostImage btTextCenter\"><div class=\"bpgPhoto \" > \r\n\t\t\t\t\t<a href=\"http:\/\/mojateporlavida.org\/?p=4584\" target=\"_self\" title=\"\"><\/a>\r\n\t\t\t\t\t<div class=\"boldPhotoBox\"><div class=\"bpbItem\"><div class = \"btImage\"><img src=\"http:\/\/mojateporlavida.org\/wp-content\/uploads\/2017\/03\/TZ010825-320x240.png\" alt=\"\" title=\"\"><\/div><\/div><\/div>\r\n\t\t\t\t\t<div class=\"captionPane btDarkSkin btTextCenter\">\r\n\t\t\t\t\t\t<div class=\"captionTable\">\r\n\t\t\t\t\t\t\t<div class=\"captionCell\">\r\n\t\t\t\t\t\t\t\t<div class=\"captionTxt\"><\/div>\r\n\t\t\t\t\t\t\t<\/div>\r\n\t\t\t\t\t\t<\/div>\r\n\t\t\t\t\t<\/div><\/div><\/div><div class = \"btSingleLatestPostContent\">\n\t\t\t\t\t\t<header class=\"header btClear small\" ><div class=\"dash\"><h4><span class=\"headline\"><a href=\"http:\/\/mojateporlavida.org\/?p=4584\" target=\"_self\">Gin\u00e9s, nadador por Almer\u00eda<\/a><\/span><\/h4><\/div><div class=\"btSubTitle\"><span class=\"btArticleDate\">18 marzo, 2017<\/span><a href=\"http:\/\/mojateporlavida.org\/?author=1\" class=\"btArticleAuthor\">by A70siete-<\/a><\/div><\/header>\n\t\t\t\t<p class=\"btLatestPostContent\"><\/p>\n\t\t\t\t\t<\/div>\n\t\t\t\t<\/div>\n\t\t\t\t<div class=\"btSingleLatestPost col-sm-12 col-ms-12  inherit\"><div class=\"btSingleLatestPostImage btTextCenter\"><div class=\"bpgPhoto \" > \r\n\t\t\t\t\t<a href=\"http:\/\/mojateporlavida.org\/?p=4548\" target=\"_self\" title=\"\"><\/a>\r\n\t\t\t\t\t<div class=\"boldPhotoBox\"><div class=\"bpbItem\"><div class = \"btImage\"><img src=\"http:\/\/mojateporlavida.org\/wp-content\/uploads\/2017\/02\/aranchab-240x240.png\" alt=\"\" title=\"\"><\/div><\/div><\/div>\r\n\t\t\t\t\t<div class=\"captionPane btDarkSkin btTextCenter\">\r\n\t\t\t\t\t\t<div class=\"captionTable\">\r\n\t\t\t\t\t\t\t<div class=\"captionCell\">\r\n\t\t\t\t\t\t\t\t<div class=\"captionTxt\"><\/div>\r\n\t\t\t\t\t\t\t<\/div>\r\n\t\t\t\t\t\t<\/div>\r\n\t\t\t\t\t<\/div><\/div><\/div><div class = \"btSingleLatestPostContent\">\n\t\t\t\t\t\t<header class=\"header btClear small\" ><div class=\"dash\"><h4><span class=\"headline\"><a href=\"http:\/\/mojateporlavida.org\/?p=4548\" target=\"_self\">Arancha. Nadadora por Navarra<\/a><\/span><\/h4><\/div><div class=\"btSubTitle\"><span class=\"btArticleDate\">17 marzo, 2017<\/span><a href=\"http:\/\/mojateporlavida.org\/?author=1\" class=\"btArticleAuthor\">by A70siete-<\/a><\/div><\/header>\n\t\t\t\t<p class=\"btLatestPostContent\"><\/p>\n\t\t\t\t\t<\/div>\n\t\t\t\t<\/div>\n\t\t\t\t<div class=\"btSingleLatestPost col-sm-12 col-ms-12  inherit\"><div class=\"btSingleLatestPostImage btTextCenter\"><div class=\"bpgPhoto \" > \r\n\t\t\t\t\t<a href=\"http:\/\/mojateporlavida.org\/?p=4515\" target=\"_self\" title=\"\"><\/a>\r\n\t\t\t\t\t<div class=\"boldPhotoBox\"><div class=\"bpbItem\"><div class = \"btImage\"><img src=\"http:\/\/mojateporlavida.org\/wp-content\/uploads\/2016\/11\/SASI-320x240.jpg\" alt=\"\" title=\"\"><\/div><\/div><\/div>\r\n\t\t\t\t\t<div class=\"captionPane btDarkSkin btTextCenter\">\r\n\t\t\t\t\t\t<div class=\"captionTable\">\r\n\t\t\t\t\t\t\t<div class=\"captionCell\">\r\n\t\t\t\t\t\t\t\t<div class=\"captionTxt\"><\/div>\r\n\t\t\t\t\t\t\t<\/div>\r\n\t\t\t\t\t\t<\/div>\r\n\t\t\t\t\t<\/div><\/div><\/div><div class = \"btSingleLatestPostContent\">\n\t\t\t\t\t\t<header class=\"header btClear small\" ><div class=\"dash\"><h4><span class=\"headline\"><a href=\"http:\/\/mojateporlavida.org\/?p=4515\" target=\"_self\">Sasi. Nadadora por Madrid<\/a><\/span><\/h4><\/div><div class=\"btSubTitle\"><span class=\"btArticleDate\">16 marzo, 2017<\/span><a href=\"http:\/\/mojateporlavida.org\/?author=1\" class=\"btArticleAuthor\">by A70siete-<\/a><\/div><\/header>\n\t\t\t\t<p class=\"btLatestPostContent\"><\/p>\n\t\t\t\t\t<\/div>\n\t\t\t\t<\/div>\n\t\t\t\t<div class=\"btSingleLatestPost col-sm-12 col-ms-12  inherit\"><div class=\"btSingleLatestPostImage btTextCenter\"><div class=\"bpgPhoto \" > \r\n\t\t\t\t\t<a href=\"http:\/\/mojateporlavida.org\/?p=4489\" target=\"_self\" title=\"\"><\/a>\r\n\t\t\t\t\t<div class=\"boldPhotoBox\"><div class=\"bpbItem\"><div class = \"btImage\"><img src=\"http:\/\/mojateporlavida.org\/wp-content\/uploads\/2017\/03\/Gabi-320x240.jpg\" alt=\"\" title=\"\"><\/div><\/div><\/div>\r\n\t\t\t\t\t<div class=\"captionPane btDarkSkin btTextCenter\">\r\n\t\t\t\t\t\t<div class=\"captionTable\">\r\n\t\t\t\t\t\t\t<div class=\"captionCell\">\r\n\t\t\t\t\t\t\t\t<div class=\"captionTxt\"><\/div>\r\n\t\t\t\t\t\t\t<\/div>\r\n\t\t\t\t\t\t<\/div>\r\n\t\t\t\t\t<\/div><\/div><\/div><div class = \"btSingleLatestPostContent\">\n\t\t\t\t\t\t<header class=\"header btClear small\" ><div class=\"dash\"><h4><span class=\"headline\"><a href=\"http:\/\/mojateporlavida.org\/?p=4489\" target=\"_self\">Gaby Cruz. Nadador por Almer\u00eda<\/a><\/span><\/h4><\/div><div class=\"btSubTitle\"><span class=\"btArticleDate\">15 marzo, 2017<\/span><a href=\"http:\/\/mojateporlavida.org\/?author=1\" class=\"btArticleAuthor\">by A70siete-<\/a><\/div><\/header>\n\t\t\t\t<p class=\"btLatestPostContent\"><\/p>\n\t\t\t\t\t<\/div>\n\t\t\t\t<\/div>\n\t\t\t\t<div class=\"btSingleLatestPost col-sm-12 col-ms-12  inherit\"><div class=\"btSingleLatestPostImage btTextCenter\"><div class=\"bpgPhoto \" > \r\n\t\t\t\t\t<a href=\"http:\/\/mojateporlavida.org\/?p=4473\" target=\"_self\" title=\"\"><\/a>\r\n\t\t\t\t\t<div class=\"boldPhotoBox\"><div class=\"bpbItem\"><div class = \"btImage\"><img src=\"http:\/\/mojateporlavida.org\/wp-content\/uploads\/2017\/01\/2017-01-24-PHOTO-00005034-320x240.jpg\" alt=\"\" title=\"\"><\/div><\/div><\/div>\r\n\t\t\t\t\t<div class=\"captionPane btDarkSkin btTextCenter\">\r\n\t\t\t\t\t\t<div class=\"captionTable\">\r\n\t\t\t\t\t\t\t<div class=\"captionCell\">\r\n\t\t\t\t\t\t\t\t<div class=\"captionTxt\"><\/div>\r\n\t\t\t\t\t\t\t<\/div>\r\n\t\t\t\t\t\t<\/div>\r\n\t\t\t\t\t<\/div><\/div><\/div><div class = \"btSingleLatestPostContent\">\n\t\t\t\t\t\t<header class=\"header btClear small\" ><div class=\"dash\"><h4><span class=\"headline\"><a href=\"http:\/\/mojateporlavida.org\/?p=4473\" target=\"_self\">\u00bfQui\u00e9n es Gaby?<\/a><\/span><\/h4><\/div><div class=\"btSubTitle\"><span class=\"btArticleDate\">14 marzo, 2017<\/span><a href=\"http:\/\/mojateporlavida.org\/?author=1\" class=\"btArticleAuthor\">by A70siete-<\/a><\/div><\/header>\n\t\t\t\t<p class=\"btLatestPostContent\">Gaby es un ni\u00f1o, un adulto, una ni\u00f1a&#8230;Gaby nos representa a todos y todas. Gaby se moja por la vida. \u00bfY t\u00fa? \u00bfTe mojas? Aitor y Pablo nos hacen una [&hellip;]<\/p>\n\t\t\t\t\t<\/div>\n\t\t\t\t<\/div>\n\t\t\t\t<div class=\"btSingleLatestPost col-sm-12 col-ms-12  inherit\"><div class=\"btSingleLatestPostImage btTextCenter\"><div class=\"bpgPhoto \" > \r\n\t\t\t\t\t<a href=\"http:\/\/mojateporlavida.org\/?p=4360\" target=\"_self\" title=\"\"><\/a>\r\n\t\t\t\t\t<div class=\"boldPhotoBox\"><div class=\"bpbItem\"><div class = \"btImage\"><img src=\"http:\/\/mojateporlavida.org\/wp-content\/uploads\/2017\/03\/Gabi-en-radio-marca-320x240.jpg\" alt=\"\" title=\"\"><\/div><\/div><\/div>\r\n\t\t\t\t\t<div class=\"captionPane btDarkSkin btTextCenter\">\r\n\t\t\t\t\t\t<div class=\"captionTable\">\r\n\t\t\t\t\t\t\t<div class=\"captionCell\">\r\n\t\t\t\t\t\t\t\t<div class=\"captionTxt\"><\/div>\r\n\t\t\t\t\t\t\t<\/div>\r\n\t\t\t\t\t\t<\/div>\r\n\t\t\t\t\t<\/div><\/div><\/div><div class = \"btSingleLatestPostContent\">\n\t\t\t\t\t\t<header class=\"header btClear small\" ><div class=\"dash\"><h4><span class=\"headline\"><a href=\"http:\/\/mojateporlavida.org\/?p=4360\" target=\"_self\">Nos mojamos en Radio Marca. Minuto 92 macrobocatas-V\u00edcar<\/a><\/span><\/h4><\/div><div class=\"btSubTitle\"><span class=\"btArticleDate\">10 marzo, 2017<\/span><a href=\"http:\/\/mojateporlavida.org\/?author=1\" class=\"btArticleAuthor\">by A70siete-<\/a><\/div><\/header>\n\t\t\t\t<p class=\"btLatestPostContent\"><\/p>\n\t\t\t\t\t<\/div>\n\t\t\t\t<\/div>\n\t\t\t\t<div class=\"btSingleLatestPost col-sm-12 col-ms-12  inherit\"><div class=\"btSingleLatestPostImage btTextCenter\"><div class=\"bpgPhoto \" > \r\n\t\t\t\t\t<a href=\"http:\/\/mojateporlavida.org\/?p=4437\" target=\"_self\" title=\"\"><\/a>\r\n\t\t\t\t\t<div class=\"boldPhotoBox\"><div class=\"bpbItem\"><div class = \"btImage\"><img src=\"http:\/\/mojateporlavida.org\/wp-content\/uploads\/2017\/03\/gabydiputacion-320x240.jpg\" alt=\"\" title=\"\"><\/div><\/div><\/div>\r\n\t\t\t\t\t<div class=\"captionPane btDarkSkin btTextCenter\">\r\n\t\t\t\t\t\t<div class=\"captionTable\">\r\n\t\t\t\t\t\t\t<div class=\"captionCell\">\r\n\t\t\t\t\t\t\t\t<div class=\"captionTxt\"><\/div>\r\n\t\t\t\t\t\t\t<\/div>\r\n\t\t\t\t\t\t<\/div>\r\n\t\t\t\t\t<\/div><\/div><\/div><div class = \"btSingleLatestPostContent\">\n\t\t\t\t\t\t<header class=\"header btClear small\" ><div class=\"dash\"><h4><span class=\"headline\"><a href=\"http:\/\/mojateporlavida.org\/?p=4437\" target=\"_self\">La Diputaci\u00f3n De Almer\u00eda \u00abse moja\u00bb<\/a><\/span><\/h4><\/div><div class=\"btSubTitle\"><span class=\"btArticleDate\">9 marzo, 2017<\/span><a href=\"http:\/\/mojateporlavida.org\/?author=1\" class=\"btArticleAuthor\">by A70siete-<\/a><\/div><\/header>\n\t\t\t\t<p class=\"btLatestPostContent\"><\/p>\n\t\t\t\t\t<\/div>\n\t\t\t\t<\/div>\n\t\t\t\t<div class=\"btSingleLatestPost col-sm-12 col-ms-12  inherit\"><div class=\"btSingleLatestPostImage btTextCenter\"><div class=\"bpgPhoto \" > \r\n\t\t\t\t\t<a href=\"http:\/\/mojateporlavida.org\/?p=4321\" target=\"_self\" title=\"\"><\/a>\r\n\t\t\t\t\t<div class=\"boldPhotoBox\"><div class=\"bpbItem\"><div class = \"btImage\"><img src=\"http:\/\/mojateporlavida.org\/wp-content\/uploads\/2017\/03\/DSC_0206-320x240.jpg\" alt=\"\" title=\"\"><\/div><\/div><\/div>\r\n\t\t\t\t\t<div class=\"captionPane btDarkSkin btTextCenter\">\r\n\t\t\t\t\t\t<div class=\"captionTable\">\r\n\t\t\t\t\t\t\t<div class=\"captionCell\">\r\n\t\t\t\t\t\t\t\t<div class=\"captionTxt\"><\/div>\r\n\t\t\t\t\t\t\t<\/div>\r\n\t\t\t\t\t\t<\/div>\r\n\t\t\t\t\t<\/div><\/div><\/div><div class = \"btSingleLatestPostContent\">\n\t\t\t\t\t\t<header class=\"header btClear small\" ><div class=\"dash\"><h4><span class=\"headline\"><a href=\"http:\/\/mojateporlavida.org\/?p=4321\" target=\"_self\">La Taper\u00eda La Plaza de Arenas de San Juan \u00abse moja\u00bb con nosotros<\/a><\/span><\/h4><\/div><div class=\"btSubTitle\"><span class=\"btArticleDate\">5 marzo, 2017<\/span><a href=\"http:\/\/mojateporlavida.org\/?author=1\" class=\"btArticleAuthor\">by A70siete-<\/a><\/div><\/header>\n\t\t\t\t<p class=\"btLatestPostContent\">En Arenas de San Juan presentando m\u00f3jate por la vida<\/p>\n\t\t\t\t\t<\/div>\n\t\t\t\t<\/div>\n\t\t\t\t<div class=\"btSingleLatestPost col-sm-12 col-ms-12  inherit\"><div class = \"btSingleLatestPostContent\">\n\t\t\t\t\t\t<header class=\"header btClear small\" ><div class=\"dash\"><h4><span class=\"headline\"><a href=\"http:\/\/mojateporlavida.org\/?p=4312\" target=\"_self\">Complejo Deportivo Urbano Juan Gonz\u00e1lez Fern\u00e1ndez. Roquetas de Mar<\/a><\/span><\/h4><\/div><div class=\"btSubTitle\"><span class=\"btArticleDate\">4 marzo, 2017<\/span><a href=\"http:\/\/mojateporlavida.org\/?author=1\" class=\"btArticleAuthor\">by A70siete-<\/a><\/div><\/header>\n\t\t\t\t<p class=\"btLatestPostContent\"><\/p>\n\t\t\t\t\t<\/div>\n\t\t\t\t<\/div>\n\t\t\t\t<div class=\"btSingleLatestPost col-sm-12 col-ms-12  inherit\"><div class=\"btSingleLatestPostImage btTextCenter\"><div class=\"bpgPhoto \" > \r\n\t\t\t\t\t<a href=\"http:\/\/mojateporlavida.org\/?p=4083\" target=\"_self\" title=\"\"><\/a>\r\n\t\t\t\t\t<div class=\"boldPhotoBox\"><div class=\"bpbItem\"><div class = \"btImage\"><img src=\"http:\/\/mojateporlavida.org\/wp-content\/uploads\/2017\/02\/atendis.png\" alt=\"\" title=\"\"><\/div><\/div><\/div>\r\n\t\t\t\t\t<div class=\"captionPane btDarkSkin btTextCenter\">\r\n\t\t\t\t\t\t<div class=\"captionTable\">\r\n\t\t\t\t\t\t\t<div class=\"captionCell\">\r\n\t\t\t\t\t\t\t\t<div class=\"captionTxt\"><\/div>\r\n\t\t\t\t\t\t\t<\/div>\r\n\t\t\t\t\t\t<\/div>\r\n\t\t\t\t\t<\/div><\/div><\/div><div class = \"btSingleLatestPostContent\">\n\t\t\t\t\t\t<header class=\"header btClear small\" ><div class=\"dash\"><h4><span class=\"headline\"><a href=\"http:\/\/mojateporlavida.org\/?p=4083\" target=\"_self\">Presentaci\u00f3n de nuestro Proyecto solidario en el Colegio Altaduna<\/a><\/span><\/h4><\/div><div class=\"btSubTitle\"><span class=\"btArticleDate\">22 febrero, 2017<\/span><a href=\"http:\/\/mojateporlavida.org\/?author=1\" class=\"btArticleAuthor\">by A70siete-<\/a><\/div><\/header>\n\t\t\t\t<p class=\"btLatestPostContent\">El Colegio Altaduna, del grupo Attendis, \u00abse moja\u00bb<\/p>\n\t\t\t\t\t<\/div>\n\t\t\t\t<\/div>\n\t\t\t\t<div class=\"btSingleLatestPost col-sm-12 col-ms-12  inherit\"><div class=\"btSingleLatestPostImage btTextCenter\"><div class=\"bpgPhoto \" > \r\n\t\t\t\t\t<a href=\"http:\/\/mojateporlavida.org\/?p=4078\" target=\"_self\" title=\"\"><\/a>\r\n\t\t\t\t\t<div class=\"boldPhotoBox\"><div class=\"bpbItem\"><div class = \"btImage\"><img src=\"http:\/\/mojateporlavida.org\/wp-content\/uploads\/2017\/02\/donantes-de-sangre-320x240.jpg\" alt=\"\" title=\"\"><\/div><\/div><\/div>\r\n\t\t\t\t\t<div class=\"captionPane btDarkSkin btTextCenter\">\r\n\t\t\t\t\t\t<div class=\"captionTable\">\r\n\t\t\t\t\t\t\t<div class=\"captionCell\">\r\n\t\t\t\t\t\t\t\t<div class=\"captionTxt\"><\/div>\r\n\t\t\t\t\t\t\t<\/div>\r\n\t\t\t\t\t\t<\/div>\r\n\t\t\t\t\t<\/div><\/div><\/div><div class = \"btSingleLatestPostContent\">\n\t\t\t\t\t\t<header class=\"header btClear small\" ><div class=\"dash\"><h4><span class=\"headline\"><a href=\"http:\/\/mojateporlavida.org\/?p=4078\" target=\"_self\">Dos de nuestras nadadoras muestran su solidaridad<\/a><\/span><\/h4><\/div><div class=\"btSubTitle\"><span class=\"btArticleDate\">21 febrero, 2017<\/span><a href=\"http:\/\/mojateporlavida.org\/?author=1\" class=\"btArticleAuthor\">by A70siete-<\/a><\/div><\/header>\n\t\t\t\t<p class=\"btLatestPostContent\">Nuestras heroinas donando sangre<\/p>\n\t\t\t\t\t<\/div>\n\t\t\t\t<\/div>\n\t\t\t\t<div class=\"btSingleLatestPost col-sm-12 col-ms-12  inherit\"><div class=\"btSingleLatestPostImage btTextCenter\"><div class=\"bpgPhoto \" > \r\n\t\t\t\t\t<a href=\"http:\/\/mojateporlavida.org\/?p=4037\" target=\"_self\" title=\"\"><\/a>\r\n\t\t\t\t\t<div class=\"boldPhotoBox\"><div class=\"bpbItem\"><div class = \"btImage\"><img src=\"http:\/\/mojateporlavida.org\/wp-content\/uploads\/2017\/01\/sasimaripa8x6-320x240.jpg\" alt=\"\" title=\"\"><\/div><\/div><\/div>\r\n\t\t\t\t\t<div class=\"captionPane btDarkSkin btTextCenter\">\r\n\t\t\t\t\t\t<div class=\"captionTable\">\r\n\t\t\t\t\t\t\t<div class=\"captionCell\">\r\n\t\t\t\t\t\t\t\t<div class=\"captionTxt\"><\/div>\r\n\t\t\t\t\t\t\t<\/div>\r\n\t\t\t\t\t\t<\/div>\r\n\t\t\t\t\t<\/div><\/div><\/div><div class = \"btSingleLatestPostContent\">\n\t\t\t\t\t\t<header class=\"header btClear small\" ><div class=\"dash\"><h4><span class=\"headline\"><a href=\"http:\/\/mojateporlavida.org\/?p=4037\" target=\"_self\">La Delegaci\u00f3n de Deportes y Tiempo Libre del Ayuntamiento de Roquetas de Mar, se \u00abmoja\u00bb por la vida.<\/a><\/span><\/h4><\/div><div class=\"btSubTitle\"><span class=\"btArticleDate\">17 febrero, 2017<\/span><a href=\"http:\/\/mojateporlavida.org\/?author=1\" class=\"btArticleAuthor\">by A70siete-<\/a><\/div><\/header>\n\t\t\t\t<p class=\"btLatestPostContent\"><\/p>\n\t\t\t\t\t<\/div>\n\t\t\t\t<\/div>\n\t\t\t\t<div class=\"btSingleLatestPost col-sm-12 col-ms-12  inherit\"><div class=\"btSingleLatestPostImage btTextCenter\"><div class=\"bpgPhoto \" > \r\n\t\t\t\t\t<a href=\"http:\/\/mojateporlavida.org\/?p=3970\" target=\"_self\" title=\"\"><\/a>\r\n\t\t\t\t\t<div class=\"boldPhotoBox\"><div class=\"bpbItem\"><div class = \"btImage\"><img src=\"http:\/\/mojateporlavida.org\/wp-content\/uploads\/2017\/02\/Captua-plataformacrow-320x240.png\" alt=\"\" title=\"\"><\/div><\/div><\/div>\r\n\t\t\t\t\t<div class=\"captionPane btDarkSkin btTextCenter\">\r\n\t\t\t\t\t\t<div class=\"captionTable\">\r\n\t\t\t\t\t\t\t<div class=\"captionCell\">\r\n\t\t\t\t\t\t\t\t<div class=\"captionTxt\"><\/div>\r\n\t\t\t\t\t\t\t<\/div>\r\n\t\t\t\t\t\t<\/div>\r\n\t\t\t\t\t<\/div><\/div><\/div><div class = \"btSingleLatestPostContent\">\n\t\t\t\t\t\t<header class=\"header btClear small\" ><div class=\"dash\"><h4><span class=\"headline\"><a href=\"http:\/\/mojateporlavida.org\/?p=3970\" target=\"_self\">\u00a1Comienzan las donaciones!<\/a><\/span><\/h4><\/div><div class=\"btSubTitle\"><span class=\"btArticleDate\">4 febrero, 2017<\/span><a href=\"http:\/\/mojateporlavida.org\/?author=1\" class=\"btArticleAuthor\">by A70siete-<\/a><\/div><\/header>\n\t\t\t\t<p class=\"btLatestPostContent\">\u00a1Ya estamos en marcha! Han comenzado las donaciones a trav\u00e9s de nuestra p\u00e1gina de donaciones. Hoy, 4 de febrero, D\u00eda Mundial Contra el C\u00e1ncer, han comenzado las primeras donaciones en [&hellip;]<\/p>\n\t\t\t\t\t<\/div>\n\t\t\t\t<\/div>\n\t\t\t\t<div class=\"btSingleLatestPost col-sm-12 col-ms-12  inherit\"><div class=\"btSingleLatestPostImage btTextCenter\"><div class=\"bpgPhoto \" > \r\n\t\t\t\t\t<a href=\"http:\/\/mojateporlavida.org\/?p=2294\" target=\"_self\" title=\"\"><\/a>\r\n\t\t\t\t\t<div class=\"boldPhotoBox\"><div class=\"bpbItem\"><div class = \"btImage\"><img src=\"http:\/\/mojateporlavida.org\/wp-content\/uploads\/2016\/10\/estrella-damm-post-320x240.jpg\" alt=\"\" title=\"\"><\/div><\/div><\/div>\r\n\t\t\t\t\t<div class=\"captionPane btDarkSkin btTextCenter\">\r\n\t\t\t\t\t\t<div class=\"captionTable\">\r\n\t\t\t\t\t\t\t<div class=\"captionCell\">\r\n\t\t\t\t\t\t\t\t<div class=\"captionTxt\"><\/div>\r\n\t\t\t\t\t\t\t<\/div>\r\n\t\t\t\t\t\t<\/div>\r\n\t\t\t\t\t<\/div><\/div><\/div><div class = \"btSingleLatestPostContent\">\n\t\t\t\t\t\t<header class=\"header btClear small\" ><div class=\"dash\"><h4><span class=\"headline\"><a href=\"http:\/\/mojateporlavida.org\/?p=2294\" target=\"_self\">Cerveza Damm se moja con nosotros<\/a><\/span><\/h4><\/div><div class=\"btSubTitle\"><span class=\"btArticleDate\">28 enero, 2017<\/span><a href=\"http:\/\/mojateporlavida.org\/?author=1\" class=\"btArticleAuthor\">by A70siete-<\/a><\/div><\/header>\n\t\t\t\t<p class=\"btLatestPostContent\">Hoy hemos estado presentando nuestro proyecto a Cervezas Damm Tras la presentaci\u00f3n llevada a cabo de nuestro proyecto por parte de Antonio Aroca y de Jos\u00e9 Ram\u00f3n Mar\u00ednez Teruel, Cervezas [&hellip;]<\/p>\n\t\t\t\t\t<\/div>\n\t\t\t\t<\/div>\n\t\t\t\t<div class=\"btSingleLatestPost col-sm-12 col-ms-12  inherit\"><div class = \"btSingleLatestPostContent\">\n\t\t\t\t\t\t<header class=\"header btClear small\" ><div class=\"dash\"><h4><span class=\"headline\"><a href=\"http:\/\/mojateporlavida.org\/?p=3880\" target=\"_self\">Antonio Aroca en Radio Rute<\/a><\/span><\/h4><\/div><div class=\"btSubTitle\"><span class=\"btArticleDate\">21 enero, 2017<\/span><a href=\"http:\/\/mojateporlavida.org\/?author=1\" class=\"btArticleAuthor\">by A70siete-<\/a><\/div><\/header>\n\t\t\t\t<p class=\"btLatestPostContent\">Nuestro nadador Rute\u00f1o, Antonio Aroca, afincado en Roquetas de Mar, explica en una interesante entrevista en la radio de su localidad natal, tanto sus experiencias dentro del equipo de organizaci\u00f3n [&hellip;]<\/p>\n\t\t\t\t\t<\/div>\n\t\t\t\t<\/div><\/div><\/div><\/div><\/div><\/div><\/div><\/div><\/div><\/div><\/div><\/div><\/div><\/section>","protected":false},"excerpt":{"rendered":"<p>Seguimos apostando por la investigaci\u00f3n y nuestros\/as  profesionales.<\/p>\n","protected":false},"author":2,"featured_media":6716,"parent":0,"menu_order":0,"comment_status":"closed","ping_status":"closed","template":"","meta":[],"_links":{"self":[{"href":"http:\/\/mojateporlavida.org\/index.php?rest_route=\/wp\/v2\/pages\/1007"}],"collection":[{"href":"http:\/\/mojateporlavida.org\/index.php?rest_route=\/wp\/v2\/pages"}],"about":[{"href":"http:\/\/mojateporlavida.org\/index.php?rest_route=\/wp\/v2\/types\/page"}],"author":[{"embeddable":true,"href":"http:\/\/mojateporlavida.org\/index.php?rest_route=\/wp\/v2\/users\/2"}],"replies":[{"embeddable":true,"href":"http:\/\/mojateporlavida.org\/index.php?rest_route=%2Fwp%2Fv2%2Fcomments&post=1007"}],"version-history":[{"count":25,"href":"http:\/\/mojateporlavida.org\/index.php?rest_route=\/wp\/v2\/pages\/1007\/revisions"}],"predecessor-version":[{"id":6717,"href":"http:\/\/mojateporlavida.org\/index.php?rest_route=\/wp\/v2\/pages\/1007\/revisions\/6717"}],"wp:featuredmedia":[{"embeddable":true,"href":"http:\/\/mojateporlavida.org\/index.php?rest_route=\/wp\/v2\/media\/6716"}],"wp:attachment":[{"href":"http:\/\/mojateporlavida.org\/index.php?rest_route=%2Fwp%2Fv2%2Fmedia&parent=1007"}],"curies":[{"name":"wp","href":"https:\/\/api.w.org\/{rel}","templated":true}]}}